{"id":92313,"date":"2019-07-06T12:30:27","date_gmt":"2019-07-06T10:30:27","guid":{"rendered":"https:\/\/www.euhabitat.com\/?page_id=92313"},"modified":"2022-11-11T19:15:06","modified_gmt":"2022-11-11T18:15:06","slug":"moeblierte-wohnungen-bonn","status":"publish","type":"page","link":"https:\/\/www.euhabitat.com\/de\/moeblierte-wohnungen-bonn\/","title":{"rendered":"M\u00f6blierte Wohnungen Bonn"},"content":{"rendered":"<p><div class=\"fusion-fullwidth fullwidth-box fusion-builder-row-1 fusion-flex-container has-pattern-background has-mask-background immo-map hundred-percent-fullwidth non-hundred-percent-height-scrolling\" style=\"background-color: rgba(255,255,255,0);background-position: center center;background-repeat: no-repeat;border-width: 0px 0px 0px 0px;border-color:var(--awb-color3);border-style:solid;\" ><div class=\"fusion-builder-row fusion-row fusion-flex-align-items-flex-start\" style=\"width:104% !important;max-width:104% !important;margin-left: calc(-4% \/ 2 );margin-right: calc(-4% \/ 2 );\"><div class=\"fusion-layout-column fusion_builder_column fusion-builder-column-0 fusion_builder_column_1_1 1_1 fusion-flex-column\"><div class=\"fusion-column-wrapper fusion-flex-justify-content-flex-start fusion-content-layout-column\" style=\"background-position:left top;background-repeat:no-repeat;-webkit-background-size:cover;-moz-background-size:cover;-o-background-size:cover;background-size:cover;padding: 0px 0px 0px 0px;\"><div class=\"fusion-text fusion-text-1\"><div id=\"inx-property-map\" class=\"inx-property-map-container inx-container\">\n\t<inx-property-open-layers-map\n\t\t:lat=\"49.858784\"\n\t\t:lng=\"6.785441\"\n\t\t:zoom=\"12\"\n\t\t:auto-fit=\"true\"\n\t\tmarker-set-id=\"inx-property-map\"\n\t\tmarker-icon-url=\"https:\/\/www.euhabitat.com\/wp-content\/themes\/Avada-Child-Theme\/immonex-kickstart\/euhabitat\/images\/location-pin.png\"\n\t\tprivacy-note=\"Diese Website nutzt Kartendienste der OpenStreetMap Foundation, St John\u2019s Innovation Centre, Cowley Road, Cambridge, CB4 0WS, Gro\u00dfbritannien (kurz OSMF). Ihr Internetbrowser stellt eine Verbindung zu Servern her, die von der OSMF im Vereinigten K\u00f6nigreich und in anderen L\u00e4ndern betrieben werden. Der Betreiber dieser Website hat keine Kontrolle \u00fcber solche Verbindungen und die Verarbeitung Ihrer Daten durch die OSMF. Weitere Informationen zur Verarbeitung von Benutzerdaten durch die OSMF finden Sie in der &lt;a href=&quot;https:\/\/wiki.osmfoundation.org\/wiki\/Privacy_Policy&quot;&gt;OSMF-Datenschutzrichtlinie&lt;\/a&gt;.\"\n\t\tshow-map-button-text=\"Einverstanden, Karten anzeigen!\"\n\t\t:require-consent=\"false\"\n\t>\n\t<\/inx-property-open-layers-map>\n<\/div>\n\n<\/div><\/div><style type=\"text\/css\">.fusion-body .fusion-builder-column-0{width:100% !important;margin-top : 0px;margin-bottom : 0px;}.fusion-builder-column-0 > .fusion-column-wrapper {padding-top : 0 !important;padding-right : 0 !important;margin-right : 0;padding-bottom : 0 !important;padding-left : 0 !important;margin-left : 0;}@media only screen and (max-width:1024px) {.fusion-body .fusion-builder-column-0{width:100% !important;order : 0;}.fusion-builder-column-0 > .fusion-column-wrapper {margin-right : 0;margin-left : 0;}}@media only screen and (max-width:768px) {.fusion-body .fusion-builder-column-0{width:100% !important;order : 0;}.fusion-builder-column-0 > .fusion-column-wrapper {margin-right : 1.92%;margin-left : 1.92%;}}<\/style><\/div><\/div><style type=\"text\/css\">.fusion-body .fusion-flex-container.fusion-builder-row-1{ padding-top : 0px;margin-top : 0;padding-right : 0px;padding-bottom : 0px;margin-bottom : 0;padding-left : 0px;}<\/style><\/div><div class=\"fusion-fullwidth fullwidth-box fusion-builder-row-2 fusion-flex-container has-pattern-background has-mask-background nonhundred-percent-fullwidth non-hundred-percent-height-scrolling\" style=\"background-color: var(--awb-color5);background-position: center center;background-repeat: no-repeat;border-width: 0px 0px 0px 0px;border-color:var(--awb-color3);border-style:solid;\" ><div class=\"fusion-builder-row fusion-row fusion-flex-align-items-flex-start\" style=\"max-width:1248px;margin-left: calc(-4% \/ 2 );margin-right: calc(-4% \/ 2 );\"><div class=\"fusion-layout-column fusion_builder_column fusion-builder-column-1 fusion_builder_column_1_1 1_1 fusion-flex-column immo-search\"><div class=\"fusion-column-wrapper fusion-flex-justify-content-flex-start fusion-content-layout-column\" style=\"background-position:left top;background-repeat:no-repeat;-webkit-background-size:cover;-moz-background-size:cover;-o-background-size:cover;background-size:cover;padding: 0px 0px 0px 0px;\"><div class=\"fusion-text fusion-text-2\"><div\n\tid=\"inx-property-search\"\n\tclass=\"inx-property-search inx-container\"\n\t>\n\t<form id=\"inx-property-search-main-form\" action=\"https:\/\/www.euhabitat.com\/de\/suchergebnisse\/\" method=\"get\">\n\t\t\t\t<input type=\"hidden\" data-no-reset=\"1\" name=\"inx-sort\" value=\"\">\n\t\t\t\t\n\t\t<div class=\"inx-property-search__standard\">\n\t\t\t<div class=\"inx-property-search__elements\">\n\t\t\t\t\t\t\t<div class=\"inx-property-search__element\">\n\t\t\t\t\t<div class=\"inx-form-element inx-form-element--select\">\n\t\n\t<select\n\t\tid=\"inx-property-search_inx-search-marketing-type\"\n\t\tname=\"inx-search-marketing-type\"\n\t\tclass=\"inx-select uk-select\"\n\t\tdata-default=\"\"\t\t>\n\n\t\t\t\t<option value=\"\"\n\t\t\t\t\t>Alle St\u00e4dte<\/option>\n\t\t\n\t\t\t\t<option value=\"bonn\" selected> Bonn<\/option>\n\t\t\t\t\t\t<option value=\"cologne\"> Cologne<\/option>\n\t\t\t\t\t\t<option value=\"essen\"> Essen<\/option>\n\t\t\t\t\t\t<option value=\"frankfurt\"> Frankfurt<\/option>\n\t\t\t\t\t\t<option value=\"fuerth-en\"> Fuerth<\/option>\n\t\t\t\t\t\t<option value=\"fuerth\"> F\u00fcrth<\/option>\n\t\t\t\t\t\t<option value=\"koeln\"> K\u00f6ln<\/option>\n\t\t\t\t\t\t<option value=\"nuremberg\"> Nuremberg<\/option>\n\t\t\t\t\t\t<option value=\"nuernberg\"> N\u00fcrnberg<\/option>\n\t\t\t\t\t<\/select>\n<\/div>\n\t\t\t\t<\/div>\n\t\t\t\t\t\t\t\t\t<div class=\"inx-property-search__element\">\n\t\t\t\t\t<div class=\"inx-form-element inx-form-element--text uk-search uk-search-default uk-width-1-1\">\n\t\n\t\t<input type=\"text\"\n\t\tid=\"inx-property-search_inx-search-available-from\"\n\t\tname=\"inx-search-available-from\"\n\t\tplaceholder=\"verf\u00fcgbar ab\"\n\t\tvalue=\"\"\n\t\tclass=\"inx-search-input inx-search-input--type--date uk-search-input\">\n<\/div>\n\t\t\t\t<\/div>\n\t\t\t\t\t\t\t\t\t<div class=\"inx-property-search__element\">\n\t\t\t\t\t<div class=\"inx-form-element inx-form-element--text uk-search uk-search-default uk-width-1-1\">\n\t\n\t\t<input type=\"text\"\n\t\tid=\"inx-property-search_inx-search-min-rooms\"\n\t\tname=\"inx-search-min-rooms\"\n\t\tplaceholder=\"Anz. Zimmer\"\n\t\tvalue=\"\"\n\t\tclass=\"inx-search-input inx-search-input--type--text uk-search-input\">\n<\/div>\n\t\t\t\t<\/div>\n\t\t\t\t\t\t\t\t\t<div class=\"inx-property-search__element\">\n\t\t\t\t\t<div class=\"inx-form-element inx-form-element--range\">\n\t<inx-range-slider\n\t\t:form-index=\"0\"\n\t\tname=\"inx-search-price-range\"\n\t\tlabel=\"Preisrahmen\"\n\t\trange=\"[350,4600,350,4600,350,4600]\"\n\t\tvalue=\"[350,4600,350,4600,350,4600]\"\n\t\tstep-ranges=\"\"\n\t\tunit=\"\"\n\t\tcurrency=\"EUR\"\n\t\treplace-null=\"\"\n\t\trange-unlimited-term=\"unbegrenzt\"\n\t\tlocale=\"de-DE\"\n\t\twrap-classes=\"inx-range-slider\">\n\t<\/inx-range-slider>\n<\/div>\n\t\t\t\t<\/div>\n\t\t\t\t\t\t\t\t\t<div class=\"inx-property-search__element inx-property-search__element--is-last-grid-col\">\n\t\t\t\t\t<div class=\"inx-form-element inx-form-element--submit\">\n\n\t<inx-search-submit-button\n\t\t:form-index=\"0\"\n\t\ttitle=\"Anzeigen\"\n\t\tnom-name=\"Treffer\"\n\t\tnom-one-match=\"ein Treffer\"\n\t\tnom-no-matches=\"keine Treffer\"\n\t\twrap-classes=\"inx-search-submit-button\"\n\t\tlocale=\"de-DE\"\n\t\tbutton-classes=\"inx-button inx-button--action uk-button uk-button-primary uk-width-1-1\">\n\t<\/inx-search-submit-button>\n\n<\/div>\n\t\t\t\t<\/div>\n\t\t\t\t\t\t\t\t\t<div class=\"inx-property-search__element\">\n\t\t\t\t\t\t\t\t\t<\/div>\n\t\t\t\t\t\t\t\t<\/div>\n\t\t<\/div>\n\n\t\t\t<\/form>\n<\/div>\n\n<\/div><\/div><style type=\"text\/css\">.fusion-body .fusion-builder-column-1{width:100% !important;margin-top : 0px;margin-bottom : 0px;}.fusion-builder-column-1 > .fusion-column-wrapper {padding-top : 0 !important;padding-right : 0px !important;margin-right : 1.92%;padding-bottom : 0 !important;padding-left : 0px !important;margin-left : 1.92%;}@media only screen and (max-width:1024px) {.fusion-body .fusion-builder-column-1{width:100% !important;order : 0;}.fusion-builder-column-1 > .fusion-column-wrapper {margin-right : 1.92%;margin-left : 1.92%;}}@media only screen and (max-width:768px) {.fusion-body .fusion-builder-column-1{width:100% !important;order : 0;}.fusion-builder-column-1 > .fusion-column-wrapper {margin-right : 1.92%;margin-left : 1.92%;}}<\/style><\/div><\/div><style type=\"text\/css\">.fusion-body .fusion-flex-container.fusion-builder-row-2{ padding-top : 1.5em;margin-top : 0;padding-right : 0px;padding-bottom : 0.5em;margin-bottom : 0;padding-left : 0px;}<\/style><\/div><div class=\"fusion-fullwidth fullwidth-box fusion-builder-row-3 fusion-flex-container has-pattern-background has-mask-background nonhundred-percent-fullwidth non-hundred-percent-height-scrolling\" style=\"background-color: rgba(255,255,255,0);background-position: center center;background-repeat: no-repeat;border-width: 0px 0px 0px 0px;border-color:var(--awb-color3);border-style:solid;\" ><div class=\"fusion-builder-row fusion-row fusion-flex-align-items-flex-start\" style=\"max-width:1248px;margin-left: calc(-4% \/ 2 );margin-right: calc(-4% \/ 2 );\"><div class=\"fusion-layout-column fusion_builder_column fusion-builder-column-2 fusion_builder_column_1_1 1_1 fusion-flex-column\"><div class=\"fusion-column-wrapper fusion-flex-justify-content-flex-start fusion-content-layout-column\" style=\"background-position:left top;background-repeat:no-repeat;-webkit-background-size:cover;-moz-background-size:cover;-o-background-size:cover;background-size:cover;padding: 0px 0px 0px 0px;\"><div class=\"fusion-text fusion-text-3\"><h1>M\u00f6blierte Wohnungen in Bonn<\/h1>\n<p><strong>Bezauberndes Bonn:<\/strong> Elegante Altbauten, Altstadt mit barocken Rathaus und Marktplatz, das Poppelsdorfer Schlo\u00df und f\u00fcr \u201cS\u00fc\u00dfe\u201d: der Haribo Fabrikverkauf.<\/p>\n<p><strong>Ein wichtiger Wirtschafts- und Wissenschafts-Standort:<\/strong> Universit\u00e4t Bonn, 3 Max- Planck-Institute, Forschungszentrum Caesar sowie 3 DAX30 Konzerne<\/p>\n<p><strong>Konzertbesuch oder Wandern?<\/strong> z.B. Siebengebirge, Drachenfels oder Rheinsteig, Open-Air-Festivals in den Rheinauen oder abh\u00e4ngen im Hofgarten.<\/p>\n<\/div><\/div><style type=\"text\/css\">.fusion-body .fusion-builder-column-2{width:100% !important;margin-top : 0px;margin-bottom : 0px;}.fusion-builder-column-2 > .fusion-column-wrapper {padding-top : 0px !important;padding-right : 0px !important;margin-right : 2.88%;padding-bottom : 0px !important;padding-left : 0px !important;margin-left : 1.92%;}@media only screen and (max-width:1024px) {.fusion-body .fusion-builder-column-2{width:100% !important;}.fusion-builder-column-2 > .fusion-column-wrapper {margin-right : 2.88%;margin-left : 1.92%;}}@media only screen and (max-width:768px) {.fusion-body .fusion-builder-column-2{width:100% !important;}.fusion-builder-column-2 > .fusion-column-wrapper {margin-right : 1.92%;margin-left : 1.92%;}}<\/style><\/div><\/div><style type=\"text\/css\">.fusion-body .fusion-flex-container.fusion-builder-row-3{ padding-top : 3em;margin-top : 0px;padding-right : 0px;padding-bottom : 0px;margin-bottom : 0px;padding-left : 0px;}<\/style><\/div>\n<div class=\"fusion-fullwidth fullwidth-box fusion-builder-row-4 fusion-flex-container has-pattern-background has-mask-background nonhundred-percent-fullwidth non-hundred-percent-height-scrolling\" style=\"background-color: rgba(255,255,255,0);background-position: center center;background-repeat: no-repeat;border-width: 0px 0px 0px 0px;border-color:var(--awb-color3);border-style:solid;\" ><div class=\"fusion-builder-row fusion-row fusion-flex-align-items-flex-start\" style=\"max-width:1248px;margin-left: calc(-4% \/ 2 );margin-right: calc(-4% \/ 2 );\"><div class=\"fusion-layout-column fusion_builder_column fusion-builder-column-3 fusion_builder_column_1_1 1_1 fusion-flex-column\"><div class=\"fusion-column-wrapper fusion-flex-justify-content-flex-start fusion-content-layout-column\" style=\"background-position:left top;background-repeat:no-repeat;-webkit-background-size:cover;-moz-background-size:cover;-o-background-size:cover;background-size:cover;padding: 0px 0px 0px 0px;\"><div class=\"fusion-text fusion-text-4\"><p><div id=\"inx-property-filters\" class=\"inx-property-filters inx-container uk-padding-small\">\n\t<form action=\"https:\/\/www.euhabitat.com\/de\/wp-json\/wp\/v2\/pages\/92313\/\" method=\"get\">\n\t\t\n\t\t<div class=\"uk-flex uk-flex-right@s\">\n\t\t\t<div class=\"inx-form-element uk-width-1-1 uk-width-auto@s\">\n\t\t\t\t<select name=\"inx-sort\" class=\"uk-select\">\n\t\t\t\t\t\t\t\t\t\t<option\tvalue=\"date_desc\">\n\t\t\t\t\t\tAktuellste\t\t\t\t\t<\/option>\n\t\t\t\t\t\t\t\t\t\t<option\tvalue=\"price_asc\">\n\t\t\t\t\t\tPreis (aufsteigend)\t\t\t\t\t<\/option>\n\t\t\t\t\t\t\t\t\t\t<option\tvalue=\"price_desc\" selected>\n\t\t\t\t\t\tPreis (absteigend)\t\t\t\t\t<\/option>\n\t\t\t\t\t\t\t\t\t\t<option\tvalue=\"rooms_asc\">\n\t\t\t\t\t\tZimmer\t\t\t\t\t<\/option>\n\t\t\t\t\t\t\t\t\t<\/select>\n\t\t\t<\/div>\n\t\t<\/div>\n\t<\/form>\n<\/div>\n<div class=\"inx-cq\">\n\t<div id=\"inx-property-list\" class=\"inx-container inx-property-list\">\n\n\t\t\n\t\t<div class=\"inx-property-list__item-wrap\">\n\t\t\t\t<div class=\"inx-property-list-item inx-property-list-item--card uk-card uk-card-default uk-animation-scale-up\">\n\t\t<a href=\"https:\/\/www.euhabitat.com\/de\/moeblierte-wohnungen-bonn\/objekt-13294\/?inx-backlink-url=https%3A%2F%2Fwww.euhabitat.com%2Fde%2Fsuchergebnisse%2F\">\n\t\t<div class=\"inx-property-list-item__media-top uk-card-media-top uk-cover-container\">\n\t\t<img decoding=\"async\" width=\"1200\" height=\"797\" src=\"https:\/\/www.euhabitat.com\/wp-content\/uploads\/2026\/03\/Foto_35847.jpg\" class=\"attachment-large size-large lazyload wp-post-image\" alt=\"Zeitwohnen 1\" srcset=\"data:image\/svg+xml,%3Csvg%20xmlns%3D%27http%3A%2F%2Fwww.w3.org%2F2000%2Fsvg%27%20width%3D%271280%27%20height%3D%27850%27%20viewBox%3D%270%200%201280%20850%27%3E%3Crect%20width%3D%271280%27%20height%3D%27850%27%20fill-opacity%3D%220%22%2F%3E%3C%2Fsvg%3E\" data-orig-src=\"https:\/\/www.euhabitat.com\/wp-content\/uploads\/2026\/03\/Foto_35847.jpg\" data-srcset=\"https:\/\/www.euhabitat.com\/wp-content\/uploads\/2026\/03\/Foto_35847-200x133.jpg 200w, https:\/\/www.euhabitat.com\/wp-content\/uploads\/2026\/03\/Foto_35847-300x199.jpg 300w, https:\/\/www.euhabitat.com\/wp-content\/uploads\/2026\/03\/Foto_35847-400x266.jpg 400w, https:\/\/www.euhabitat.com\/wp-content\/uploads\/2026\/03\/Foto_35847-600x398.jpg 600w, https:\/\/www.euhabitat.com\/wp-content\/uploads\/2026\/03\/Foto_35847-768x510.jpg 768w, https:\/\/www.euhabitat.com\/wp-content\/uploads\/2026\/03\/Foto_35847-800x531.jpg 800w, https:\/\/www.euhabitat.com\/wp-content\/uploads\/2026\/03\/Foto_35847-1200x797.jpg 1200w, https:\/\/www.euhabitat.com\/wp-content\/uploads\/2026\/03\/Foto_35847.jpg 1280w\" data-sizes=\"auto\" uk-cover>\t<\/div>\n\t\t<\/a>\n\t\t<div class=\"inx-property-list-item__body uk-card-body\">\n\t\t<div class=\"inx-property-list-item__title uk-card-title\">\n\t\t\t\t\t\t<a href=\"https:\/\/www.euhabitat.com\/de\/moeblierte-wohnungen-bonn\/objekt-13294\/?inx-backlink-url=https%3A%2F%2Fwww.euhabitat.com%2Fde%2Fsuchergebnisse%2F\" class=\"inx-link inx-oi--nutzungsart--waz inx-oi--vermarktungsart--miete-pacht\">\n\t\t\t\t\t\t\tWo Urban auf Gr\u00fcn trifft: Helles Apartment in Bonn\t\t\t\t\t\t<\/a>\n\t\t\t\t\t<\/div>\n\n\t\t<div class=\"uk-margin-bottom\">\n\t\t\t\t\t\t<div class=\"inx-property-list-item__property-type\">\n\t\t\t\t<i class=\"inx-core-detail-icon flaticon-tag-1\" title=\"Apartment\"><\/i>\n\t\t\t\t<div>Apartment<\/div>\n\t\t\t<\/div>\n\t\t\t\n\t\t\t\t\t\t<div class=\"inx-property-list-item__location\" lang=\"de\">\n\t\t\t\t<i class=\"inx-core-detail-icon flaticon-placeholder\" title=\"Lage\"><\/i>\n\t\t\t\t<div>Bonn \n<br><span class=\"weitere-orte\">(Holzlar)<\/span><\/div>\n\t\t\t<\/div>\n\t\t\t\n\t\t\t<div class=\"inx-property-list-item__available-from\" lang=\"de\">\n\t\t\t\t<div class=\"show-de\" style=\"font-weight: 600;\">Bezugsfrei ab: <\/div><div class=\"show-en\" style=\"font-weight: 600;\">Available from: <\/div> 01.04.2026\t\t\t<\/div>\n\t\t\t<div class=\"inx-property-list-item__available-from\" lang=\"de\">\n\t\t\t\t<div class=\"show-de\" style=\"margin-right:0.3em;\"><strong>Objekt-ID:<\/strong><\/div><div class=\"show-en\" style=\"margin-right:0.3em;\"><strong>Object-ID: <\/strong><\/div>13294\t\t\t<\/div>\n\t\t<!--\t<div class=\"inx-property-list-item__available-from\" lang=\"de\">\n\t\t\t\t<div class=\"show-de\" style=\"font-weight: 600;\">Frei bis: <\/div><div class=\"show-en\" style=\"font-weight: 600;\">Vacant until: <\/div> \t\t\t<\/div>-->\n\t\t<\/div>\n<!--\n\t\t\t\t<p class=\"inx-property-list-item__excerpt\">Objekt-ID: 13294 Gepflegtes Einfamilienhaus<\/p>\n\t-->\n\t<\/div>\n\n\t<div class=\"inx-property-list-item__footer uk-card-footer\">\n\t\t\t\t<div class=\"inx-property-list-item__core-details uk-flex uk-flex-around\">\n\t\t\t\t\t\t<div>\n\t\t\t\t<i class=\"inx-core-detail-icon flaticon-size\" title=\"Wohnfl\u00e4che\"><\/i> 23&nbsp;m\u00b2\t\t\t<\/div>\n\t\t\t\n\t\t\t\n\t\t\t\t\t\t<div>\n\t\t\t\t<i class=\"inx-core-detail-icon flaticon-blueprint\" title=\"Zimmer\"><\/i> 1\t\t\t<\/div>\n\t\t\t\t\t<\/div>\n\t\t\n\t\t\t\t<a href=\"https:\/\/www.euhabitat.com\/de\/moeblierte-wohnungen-bonn\/objekt-13294\/?inx-backlink-url=https%3A%2F%2Fwww.euhabitat.com%2Fde%2Fsuchergebnisse%2F\" class=\"inx-property-list-item__property-price inx-property-price inx-oi--nutzungsart--waz inx-oi--vermarktungsart--miete-pacht inx-oi--inverted inx-link\">\n\t\t\t\t690&nbsp;\u20ac\t\t<\/a>\n\t\t\t\t\t<\/div>\n\n\t\t<div class=\"inx-property-list-item__labels uk-position-top-right\">\n\t\t\t\t<span class=\"inx-property-label inx-property-label--feldname--zw-region uk-label\">Bonn<\/span><br>\n\t\t\t\t<\/div>\n\t<\/div>\n\t\t<\/div>\n\n\t\t\t\t\n\t\t<div class=\"inx-property-list__item-wrap\">\n\t\t\t\t<div class=\"inx-property-list-item inx-property-list-item--card uk-card uk-card-default uk-animation-scale-up\">\n\t\t<a href=\"https:\/\/www.euhabitat.com\/de\/moeblierte-wohnungen-bonn\/objekt-17133\/?inx-backlink-url=https%3A%2F%2Fwww.euhabitat.com%2Fde%2Fsuchergebnisse%2F\">\n\t\t<div class=\"inx-property-list-item__media-top uk-card-media-top uk-cover-container\">\n\t\t<img decoding=\"async\" width=\"1200\" height=\"796\" src=\"https:\/\/www.euhabitat.com\/wp-content\/uploads\/2026\/03\/Foto_69991.jpg\" class=\"attachment-large size-large lazyload wp-post-image\" alt=\"Objekt 17133\" srcset=\"data:image\/svg+xml,%3Csvg%20xmlns%3D%27http%3A%2F%2Fwww.w3.org%2F2000%2Fsvg%27%20width%3D%271280%27%20height%3D%27849%27%20viewBox%3D%270%200%201280%20849%27%3E%3Crect%20width%3D%271280%27%20height%3D%27849%27%20fill-opacity%3D%220%22%2F%3E%3C%2Fsvg%3E\" data-orig-src=\"https:\/\/www.euhabitat.com\/wp-content\/uploads\/2026\/03\/Foto_69991.jpg\" data-srcset=\"https:\/\/www.euhabitat.com\/wp-content\/uploads\/2026\/03\/Foto_69991-200x133.jpg 200w, https:\/\/www.euhabitat.com\/wp-content\/uploads\/2026\/03\/Foto_69991-300x199.jpg 300w, https:\/\/www.euhabitat.com\/wp-content\/uploads\/2026\/03\/Foto_69991-400x265.jpg 400w, https:\/\/www.euhabitat.com\/wp-content\/uploads\/2026\/03\/Foto_69991-600x398.jpg 600w, https:\/\/www.euhabitat.com\/wp-content\/uploads\/2026\/03\/Foto_69991-768x509.jpg 768w, https:\/\/www.euhabitat.com\/wp-content\/uploads\/2026\/03\/Foto_69991-800x531.jpg 800w, https:\/\/www.euhabitat.com\/wp-content\/uploads\/2026\/03\/Foto_69991-1200x796.jpg 1200w, https:\/\/www.euhabitat.com\/wp-content\/uploads\/2026\/03\/Foto_69991.jpg 1280w\" data-sizes=\"auto\" uk-cover>\t<\/div>\n\t\t<\/a>\n\t\t<div class=\"inx-property-list-item__body uk-card-body\">\n\t\t<div class=\"inx-property-list-item__title uk-card-title\">\n\t\t\t\t\t\t<a href=\"https:\/\/www.euhabitat.com\/de\/moeblierte-wohnungen-bonn\/objekt-17133\/?inx-backlink-url=https%3A%2F%2Fwww.euhabitat.com%2Fde%2Fsuchergebnisse%2F\" class=\"inx-link inx-oi--nutzungsart--waz inx-oi--vermarktungsart--miete-pacht\">\n\t\t\t\t\t\t\tHelles Dachstudio mit Balkon in Bonn-Holzlar\t\t\t\t\t\t<\/a>\n\t\t\t\t\t<\/div>\n\n\t\t<div class=\"uk-margin-bottom\">\n\t\t\t\t\t\t<div class=\"inx-property-list-item__property-type\">\n\t\t\t\t<i class=\"inx-core-detail-icon flaticon-tag-1\" title=\"Apartment\"><\/i>\n\t\t\t\t<div>Apartment<\/div>\n\t\t\t<\/div>\n\t\t\t\n\t\t\t\t\t\t<div class=\"inx-property-list-item__location\" lang=\"de\">\n\t\t\t\t<i class=\"inx-core-detail-icon flaticon-placeholder\" title=\"Lage\"><\/i>\n\t\t\t\t<div>Bonn \n<br><span class=\"weitere-orte\">(Holzlar)<\/span><\/div>\n\t\t\t<\/div>\n\t\t\t\n\t\t\t<div class=\"inx-property-list-item__available-from\" lang=\"de\">\n\t\t\t\t<div class=\"show-de\" style=\"font-weight: 600;\">Bezugsfrei ab: <\/div><div class=\"show-en\" style=\"font-weight: 600;\">Available from: <\/div> 01.04.2026\t\t\t<\/div>\n\t\t\t<div class=\"inx-property-list-item__available-from\" lang=\"de\">\n\t\t\t\t<div class=\"show-de\" style=\"margin-right:0.3em;\"><strong>Objekt-ID:<\/strong><\/div><div class=\"show-en\" style=\"margin-right:0.3em;\"><strong>Object-ID: <\/strong><\/div>17133\t\t\t<\/div>\n\t\t<!--\t<div class=\"inx-property-list-item__available-from\" lang=\"de\">\n\t\t\t\t<div class=\"show-de\" style=\"font-weight: 600;\">Frei bis: <\/div><div class=\"show-en\" style=\"font-weight: 600;\">Vacant until: <\/div> \t\t\t<\/div>-->\n\t\t<\/div>\n<!--\n\t\t\t\t<p class=\"inx-property-list-item__excerpt\">Objekt-ID: 17133 Gepflegtes Einfamilienhaus<\/p>\n\t-->\n\t<\/div>\n\n\t<div class=\"inx-property-list-item__footer uk-card-footer\">\n\t\t\t\t<div class=\"inx-property-list-item__core-details uk-flex uk-flex-around\">\n\t\t\t\t\t\t<div>\n\t\t\t\t<i class=\"inx-core-detail-icon flaticon-size\" title=\"Wohnfl\u00e4che\"><\/i> 32&nbsp;m\u00b2\t\t\t<\/div>\n\t\t\t\n\t\t\t\n\t\t\t\t\t\t<div>\n\t\t\t\t<i class=\"inx-core-detail-icon flaticon-blueprint\" title=\"Zimmer\"><\/i> 1\t\t\t<\/div>\n\t\t\t\t\t<\/div>\n\t\t\n\t\t\t\t<a href=\"https:\/\/www.euhabitat.com\/de\/moeblierte-wohnungen-bonn\/objekt-17133\/?inx-backlink-url=https%3A%2F%2Fwww.euhabitat.com%2Fde%2Fsuchergebnisse%2F\" class=\"inx-property-list-item__property-price inx-property-price inx-oi--nutzungsart--waz inx-oi--vermarktungsart--miete-pacht inx-oi--inverted inx-link\">\n\t\t\t\t750&nbsp;\u20ac\t\t<\/a>\n\t\t\t\t\t<\/div>\n\n\t\t<div class=\"inx-property-list-item__labels uk-position-top-right\">\n\t\t\t\t<span class=\"inx-property-label inx-property-label--feldname--zw-region uk-label\">Bonn<\/span><br>\n\t\t\t\t<\/div>\n\t<\/div>\n\t\t<\/div>\n\n\t\t\t\t\n\t\t<div class=\"inx-property-list__item-wrap\">\n\t\t\t\t<div class=\"inx-property-list-item inx-property-list-item--card uk-card uk-card-default uk-animation-scale-up\">\n\t\t<a href=\"https:\/\/www.euhabitat.com\/de\/moeblierte-wohnungen-bonn\/objekt-17759\/?inx-backlink-url=https%3A%2F%2Fwww.euhabitat.com%2Fde%2Fsuchergebnisse%2F\">\n\t\t<div class=\"inx-property-list-item__media-top uk-card-media-top uk-cover-container\">\n\t\t<img decoding=\"async\" width=\"1200\" height=\"901\" src=\"https:\/\/www.euhabitat.com\/wp-content\/uploads\/2026\/02\/921a9057-6a4c-48dc-bcf5-aaa574937f35.jpg\" class=\"attachment-large size-large lazyload wp-post-image\" alt=\"Objekt_17759\" srcset=\"data:image\/svg+xml,%3Csvg%20xmlns%3D%27http%3A%2F%2Fwww.w3.org%2F2000%2Fsvg%27%20width%3D%271499%27%20height%3D%271125%27%20viewBox%3D%270%200%201499%201125%27%3E%3Crect%20width%3D%271499%27%20height%3D%271125%27%20fill-opacity%3D%220%22%2F%3E%3C%2Fsvg%3E\" data-orig-src=\"https:\/\/www.euhabitat.com\/wp-content\/uploads\/2026\/02\/921a9057-6a4c-48dc-bcf5-aaa574937f35.jpg\" data-srcset=\"https:\/\/www.euhabitat.com\/wp-content\/uploads\/2026\/02\/921a9057-6a4c-48dc-bcf5-aaa574937f35-200x150.jpg 200w, https:\/\/www.euhabitat.com\/wp-content\/uploads\/2026\/02\/921a9057-6a4c-48dc-bcf5-aaa574937f35-300x225.jpg 300w, https:\/\/www.euhabitat.com\/wp-content\/uploads\/2026\/02\/921a9057-6a4c-48dc-bcf5-aaa574937f35-400x300.jpg 400w, https:\/\/www.euhabitat.com\/wp-content\/uploads\/2026\/02\/921a9057-6a4c-48dc-bcf5-aaa574937f35-600x450.jpg 600w, https:\/\/www.euhabitat.com\/wp-content\/uploads\/2026\/02\/921a9057-6a4c-48dc-bcf5-aaa574937f35-768x576.jpg 768w, https:\/\/www.euhabitat.com\/wp-content\/uploads\/2026\/02\/921a9057-6a4c-48dc-bcf5-aaa574937f35-800x600.jpg 800w, https:\/\/www.euhabitat.com\/wp-content\/uploads\/2026\/02\/921a9057-6a4c-48dc-bcf5-aaa574937f35-1200x901.jpg 1200w, https:\/\/www.euhabitat.com\/wp-content\/uploads\/2026\/02\/921a9057-6a4c-48dc-bcf5-aaa574937f35.jpg 1499w\" data-sizes=\"auto\" uk-cover>\t<\/div>\n\t\t<\/a>\n\t\t<div class=\"inx-property-list-item__body uk-card-body\">\n\t\t<div class=\"inx-property-list-item__title uk-card-title\">\n\t\t\t\t\t\t<a href=\"https:\/\/www.euhabitat.com\/de\/moeblierte-wohnungen-bonn\/objekt-17759\/?inx-backlink-url=https%3A%2F%2Fwww.euhabitat.com%2Fde%2Fsuchergebnisse%2F\" class=\"inx-link inx-oi--nutzungsart--waz inx-oi--vermarktungsart--miete-pacht\">\n\t\t\t\t\t\t\tGro\u00dfz\u00fcgiges Souterrain - Apartment im zentrumsnahen Bonn-Buschdorf\t\t\t\t\t\t<\/a>\n\t\t\t\t\t<\/div>\n\n\t\t<div class=\"uk-margin-bottom\">\n\t\t\t\t\t\t<div class=\"inx-property-list-item__property-type\">\n\t\t\t\t<i class=\"inx-core-detail-icon flaticon-tag-1\" title=\"Apartment\"><\/i>\n\t\t\t\t<div>Apartment<\/div>\n\t\t\t<\/div>\n\t\t\t\n\t\t\t\t\t\t<div class=\"inx-property-list-item__location\" lang=\"de\">\n\t\t\t\t<i class=\"inx-core-detail-icon flaticon-placeholder\" title=\"Lage\"><\/i>\n\t\t\t\t<div>Bonn \n<br><span class=\"weitere-orte\">(Buschdorf)<\/span><\/div>\n\t\t\t<\/div>\n\t\t\t\n\t\t\t<div class=\"inx-property-list-item__available-from\" lang=\"de\">\n\t\t\t\t<div class=\"show-de\" style=\"font-weight: 600;\">Bezugsfrei ab: <\/div><div class=\"show-en\" style=\"font-weight: 600;\">Available from: <\/div> 18.03.2026\t\t\t<\/div>\n\t\t\t<div class=\"inx-property-list-item__available-from\" lang=\"de\">\n\t\t\t\t<div class=\"show-de\" style=\"margin-right:0.3em;\"><strong>Objekt-ID:<\/strong><\/div><div class=\"show-en\" style=\"margin-right:0.3em;\"><strong>Object-ID: <\/strong><\/div>17759\t\t\t<\/div>\n\t\t<!--\t<div class=\"inx-property-list-item__available-from\" lang=\"de\">\n\t\t\t\t<div class=\"show-de\" style=\"font-weight: 600;\">Frei bis: <\/div><div class=\"show-en\" style=\"font-weight: 600;\">Vacant until: <\/div> \t\t\t<\/div>-->\n\t\t<\/div>\n<!--\n\t\t\t\t<p class=\"inx-property-list-item__excerpt\">Objekt-ID: 17759 gepflegtes Mehrfamilienhaus. Separater Eingang.<\/p>\n\t-->\n\t<\/div>\n\n\t<div class=\"inx-property-list-item__footer uk-card-footer\">\n\t\t\t\t<div class=\"inx-property-list-item__core-details uk-flex uk-flex-around\">\n\t\t\t\t\t\t<div>\n\t\t\t\t<i class=\"inx-core-detail-icon flaticon-size\" title=\"Wohnfl\u00e4che\"><\/i> 37&nbsp;m\u00b2\t\t\t<\/div>\n\t\t\t\n\t\t\t\n\t\t\t\t\t\t<div>\n\t\t\t\t<i class=\"inx-core-detail-icon flaticon-blueprint\" title=\"Zimmer\"><\/i> 1,5\t\t\t<\/div>\n\t\t\t\t\t<\/div>\n\t\t\n\t\t\t\t<a href=\"https:\/\/www.euhabitat.com\/de\/moeblierte-wohnungen-bonn\/objekt-17759\/?inx-backlink-url=https%3A%2F%2Fwww.euhabitat.com%2Fde%2Fsuchergebnisse%2F\" class=\"inx-property-list-item__property-price inx-property-price inx-oi--nutzungsart--waz inx-oi--vermarktungsart--miete-pacht inx-oi--inverted inx-link\">\n\t\t\t\t930&nbsp;\u20ac\t\t<\/a>\n\t\t\t\t\t<\/div>\n\n\t\t<div class=\"inx-property-list-item__labels uk-position-top-right\">\n\t\t\t\t<span class=\"inx-property-label inx-property-label--feldname--zw-region uk-label\">Bonn<\/span><br>\n\t\t\t\t<\/div>\n\t<\/div>\n\t\t<\/div>\n\n\t\t\t\t\n\t\t<div class=\"inx-property-list__item-wrap\">\n\t\t\t\t<div class=\"inx-property-list-item inx-property-list-item--card uk-card uk-card-default uk-animation-scale-up\">\n\t\t<a href=\"https:\/\/www.euhabitat.com\/de\/moeblierte-wohnungen-bonn\/objekt-19854\/?inx-backlink-url=https%3A%2F%2Fwww.euhabitat.com%2Fde%2Fsuchergebnisse%2F\">\n\t\t<div class=\"inx-property-list-item__media-top uk-card-media-top uk-cover-container\">\n\t\t<img decoding=\"async\" width=\"1200\" height=\"900\" src=\"https:\/\/www.euhabitat.com\/wp-content\/uploads\/2026\/03\/87e86feb-c392-4f69-b92c-7691b5f553bc.jpg\" class=\"attachment-large size-large lazyload wp-post-image\" alt=\"Objekt 19854\" srcset=\"data:image\/svg+xml,%3Csvg%20xmlns%3D%27http%3A%2F%2Fwww.w3.org%2F2000%2Fsvg%27%20width%3D%271280%27%20height%3D%27960%27%20viewBox%3D%270%200%201280%20960%27%3E%3Crect%20width%3D%271280%27%20height%3D%27960%27%20fill-opacity%3D%220%22%2F%3E%3C%2Fsvg%3E\" data-orig-src=\"https:\/\/www.euhabitat.com\/wp-content\/uploads\/2026\/03\/87e86feb-c392-4f69-b92c-7691b5f553bc.jpg\" data-srcset=\"https:\/\/www.euhabitat.com\/wp-content\/uploads\/2026\/03\/87e86feb-c392-4f69-b92c-7691b5f553bc-200x150.jpg 200w, https:\/\/www.euhabitat.com\/wp-content\/uploads\/2026\/03\/87e86feb-c392-4f69-b92c-7691b5f553bc-300x225.jpg 300w, https:\/\/www.euhabitat.com\/wp-content\/uploads\/2026\/03\/87e86feb-c392-4f69-b92c-7691b5f553bc-400x300.jpg 400w, https:\/\/www.euhabitat.com\/wp-content\/uploads\/2026\/03\/87e86feb-c392-4f69-b92c-7691b5f553bc-600x450.jpg 600w, https:\/\/www.euhabitat.com\/wp-content\/uploads\/2026\/03\/87e86feb-c392-4f69-b92c-7691b5f553bc-768x576.jpg 768w, https:\/\/www.euhabitat.com\/wp-content\/uploads\/2026\/03\/87e86feb-c392-4f69-b92c-7691b5f553bc-800x600.jpg 800w, https:\/\/www.euhabitat.com\/wp-content\/uploads\/2026\/03\/87e86feb-c392-4f69-b92c-7691b5f553bc-1200x900.jpg 1200w, https:\/\/www.euhabitat.com\/wp-content\/uploads\/2026\/03\/87e86feb-c392-4f69-b92c-7691b5f553bc.jpg 1280w\" data-sizes=\"auto\" uk-cover>\t<\/div>\n\t\t<\/a>\n\t\t<div class=\"inx-property-list-item__body uk-card-body\">\n\t\t<div class=\"inx-property-list-item__title uk-card-title\">\n\t\t\t\t\t\t<a href=\"https:\/\/www.euhabitat.com\/de\/moeblierte-wohnungen-bonn\/objekt-19854\/?inx-backlink-url=https%3A%2F%2Fwww.euhabitat.com%2Fde%2Fsuchergebnisse%2F\" class=\"inx-link inx-oi--nutzungsart--waz inx-oi--vermarktungsart--miete-pacht\">\n\t\t\t\t\t\t\tRuhige Lage! Schicke Wohnung in Neuwied\t\t\t\t\t\t<\/a>\n\t\t\t\t\t<\/div>\n\n\t\t<div class=\"uk-margin-bottom\">\n\t\t\t\t\t\t<div class=\"inx-property-list-item__property-type\">\n\t\t\t\t<i class=\"inx-core-detail-icon flaticon-tag-1\" title=\"Etagenwohnung\"><\/i>\n\t\t\t\t<div>Etagenwohnung<\/div>\n\t\t\t<\/div>\n\t\t\t\n\t\t\t\t\t\t<div class=\"inx-property-list-item__location\" lang=\"de\">\n\t\t\t\t<i class=\"inx-core-detail-icon flaticon-placeholder\" title=\"Lage\"><\/i>\n\t\t\t\t<div>Heddesdorf \n<br><span class=\"weitere-orte\">(Neuwied)<\/span><\/div>\n\t\t\t<\/div>\n\t\t\t\n\t\t\t<div class=\"inx-property-list-item__available-from\" lang=\"de\">\n\t\t\t\t<div class=\"show-de\" style=\"font-weight: 600;\">Bezugsfrei ab: <\/div><div class=\"show-en\" style=\"font-weight: 600;\">Available from: <\/div> 18.03.2026\t\t\t<\/div>\n\t\t\t<div class=\"inx-property-list-item__available-from\" lang=\"de\">\n\t\t\t\t<div class=\"show-de\" style=\"margin-right:0.3em;\"><strong>Objekt-ID:<\/strong><\/div><div class=\"show-en\" style=\"margin-right:0.3em;\"><strong>Object-ID: <\/strong><\/div>19854\t\t\t<\/div>\n\t\t<!--\t<div class=\"inx-property-list-item__available-from\" lang=\"de\">\n\t\t\t\t<div class=\"show-de\" style=\"font-weight: 600;\">Frei bis: <\/div><div class=\"show-en\" style=\"font-weight: 600;\">Vacant until: <\/div> \t\t\t<\/div>-->\n\t\t<\/div>\n<!--\n\t\t\t\t<p class=\"inx-property-list-item__excerpt\">Objektnummer: 19854 gepflegtes Mehrfamilienhaus in ruhiger Lage aktuelle Fotos folgen\u2026<\/p>\n\t-->\n\t<\/div>\n\n\t<div class=\"inx-property-list-item__footer uk-card-footer\">\n\t\t\t\t<div class=\"inx-property-list-item__core-details uk-flex uk-flex-around\">\n\t\t\t\t\t\t<div>\n\t\t\t\t<i class=\"inx-core-detail-icon flaticon-size\" title=\"Wohnfl\u00e4che\"><\/i> 45&nbsp;m\u00b2\t\t\t<\/div>\n\t\t\t\n\t\t\t\n\t\t\t\t\t\t<div>\n\t\t\t\t<i class=\"inx-core-detail-icon flaticon-blueprint\" title=\"Zimmer\"><\/i> 2\t\t\t<\/div>\n\t\t\t\t\t<\/div>\n\t\t\n\t\t\t\t<a href=\"https:\/\/www.euhabitat.com\/de\/moeblierte-wohnungen-bonn\/objekt-19854\/?inx-backlink-url=https%3A%2F%2Fwww.euhabitat.com%2Fde%2Fsuchergebnisse%2F\" class=\"inx-property-list-item__property-price inx-property-price inx-oi--nutzungsart--waz inx-oi--vermarktungsart--miete-pacht inx-oi--inverted inx-link\">\n\t\t\t\t950&nbsp;\u20ac\t\t<\/a>\n\t\t\t\t\t<\/div>\n\n\t\t<div class=\"inx-property-list-item__labels uk-position-top-right\">\n\t\t\t\t<span class=\"inx-property-label inx-property-label--feldname--zw-region uk-label\">Bonn<\/span><br>\n\t\t\t\t<\/div>\n\t<\/div>\n\t\t<\/div>\n\n\t\t\t\t\n\t\t<div class=\"inx-property-list__item-wrap\">\n\t\t\t\t<div class=\"inx-property-list-item inx-property-list-item--card uk-card uk-card-default uk-animation-scale-up\">\n\t\t<a href=\"https:\/\/www.euhabitat.com\/de\/moeblierte-wohnungen-bonn\/objekt-12208\/?inx-backlink-url=https%3A%2F%2Fwww.euhabitat.com%2Fde%2Fsuchergebnisse%2F\">\n\t\t<div class=\"inx-property-list-item__media-top uk-card-media-top uk-cover-container\">\n\t\t<img decoding=\"async\" width=\"500\" height=\"332\" src=\"https:\/\/www.euhabitat.com\/wp-content\/uploads\/2026\/03\/Titelbild_10021.jpg\" class=\"attachment-large size-large lazyload wp-post-image\" alt=\"Wohnbereich.png\" srcset=\"data:image\/svg+xml,%3Csvg%20xmlns%3D%27http%3A%2F%2Fwww.w3.org%2F2000%2Fsvg%27%20width%3D%27500%27%20height%3D%27332%27%20viewBox%3D%270%200%20500%20332%27%3E%3Crect%20width%3D%27500%27%20height%3D%27332%27%20fill-opacity%3D%220%22%2F%3E%3C%2Fsvg%3E\" data-orig-src=\"https:\/\/www.euhabitat.com\/wp-content\/uploads\/2026\/03\/Titelbild_10021.jpg\" data-srcset=\"https:\/\/www.euhabitat.com\/wp-content\/uploads\/2026\/03\/Titelbild_10021-200x133.jpg 200w, https:\/\/www.euhabitat.com\/wp-content\/uploads\/2026\/03\/Titelbild_10021-300x199.jpg 300w, https:\/\/www.euhabitat.com\/wp-content\/uploads\/2026\/03\/Titelbild_10021-400x266.jpg 400w, https:\/\/www.euhabitat.com\/wp-content\/uploads\/2026\/03\/Titelbild_10021.jpg 500w\" data-sizes=\"auto\" uk-cover>\t<\/div>\n\t\t<\/a>\n\t\t<div class=\"inx-property-list-item__body uk-card-body\">\n\t\t<div class=\"inx-property-list-item__title uk-card-title\">\n\t\t\t\t\t\t<a href=\"https:\/\/www.euhabitat.com\/de\/moeblierte-wohnungen-bonn\/objekt-12208\/?inx-backlink-url=https%3A%2F%2Fwww.euhabitat.com%2Fde%2Fsuchergebnisse%2F\" class=\"inx-link inx-oi--nutzungsart--waz inx-oi--vermarktungsart--miete-pacht\">\n\t\t\t\t\t\t\tGeschmackvoll m\u00f6bliertes Business Apartment in TOP Lage\t\t\t\t\t\t<\/a>\n\t\t\t\t\t<\/div>\n\n\t\t<div class=\"uk-margin-bottom\">\n\t\t\t\t\t\t<div class=\"inx-property-list-item__property-type\">\n\t\t\t\t<i class=\"inx-core-detail-icon flaticon-tag-1\" title=\"Apartment\"><\/i>\n\t\t\t\t<div>Apartment<\/div>\n\t\t\t<\/div>\n\t\t\t\n\t\t\t\t\t\t<div class=\"inx-property-list-item__location\" lang=\"de\">\n\t\t\t\t<i class=\"inx-core-detail-icon flaticon-placeholder\" title=\"Lage\"><\/i>\n\t\t\t\t<div>Bonn \n<br><span class=\"weitere-orte\">(Zentrum)<\/span><\/div>\n\t\t\t<\/div>\n\t\t\t\n\t\t\t<div class=\"inx-property-list-item__available-from\" lang=\"de\">\n\t\t\t\t<div class=\"show-de\" style=\"font-weight: 600;\">Bezugsfrei ab: <\/div><div class=\"show-en\" style=\"font-weight: 600;\">Available from: <\/div> 18.03.2026\t\t\t<\/div>\n\t\t\t<div class=\"inx-property-list-item__available-from\" lang=\"de\">\n\t\t\t\t<div class=\"show-de\" style=\"margin-right:0.3em;\"><strong>Objekt-ID:<\/strong><\/div><div class=\"show-en\" style=\"margin-right:0.3em;\"><strong>Object-ID: <\/strong><\/div>12208\t\t\t<\/div>\n\t\t<!--\t<div class=\"inx-property-list-item__available-from\" lang=\"de\">\n\t\t\t\t<div class=\"show-de\" style=\"font-weight: 600;\">Frei bis: <\/div><div class=\"show-en\" style=\"font-weight: 600;\">Vacant until: <\/div> \t\t\t<\/div>-->\n\t\t<\/div>\n<!--\n\t\t\t\t<p class=\"inx-property-list-item__excerpt\">gepflegtes Jugendstilhaus in Schlossparkn\u00e4he mit erhaltenen Stilelementen in den Wohnungen<\/p>\n\t-->\n\t<\/div>\n\n\t<div class=\"inx-property-list-item__footer uk-card-footer\">\n\t\t\t\t<div class=\"inx-property-list-item__core-details uk-flex uk-flex-around\">\n\t\t\t\t\t\t<div>\n\t\t\t\t<i class=\"inx-core-detail-icon flaticon-size\" title=\"Wohnfl\u00e4che\"><\/i> 28&nbsp;m\u00b2\t\t\t<\/div>\n\t\t\t\n\t\t\t\n\t\t\t\t\t\t<div>\n\t\t\t\t<i class=\"inx-core-detail-icon flaticon-blueprint\" title=\"Zimmer\"><\/i> 1\t\t\t<\/div>\n\t\t\t\t\t<\/div>\n\t\t\n\t\t\t\t<a href=\"https:\/\/www.euhabitat.com\/de\/moeblierte-wohnungen-bonn\/objekt-12208\/?inx-backlink-url=https%3A%2F%2Fwww.euhabitat.com%2Fde%2Fsuchergebnisse%2F\" class=\"inx-property-list-item__property-price inx-property-price inx-oi--nutzungsart--waz inx-oi--vermarktungsart--miete-pacht inx-oi--inverted inx-link\">\n\t\t\t\t995&nbsp;\u20ac\t\t<\/a>\n\t\t\t\t\t<\/div>\n\n\t\t<div class=\"inx-property-list-item__labels uk-position-top-right\">\n\t\t\t\t<span class=\"inx-property-label inx-property-label--feldname--zw-region uk-label\">Bonn<\/span><br>\n\t\t\t\t<\/div>\n\t<\/div>\n\t\t<\/div>\n\n\t\t\t\t\n\t\t<div class=\"inx-property-list__item-wrap\">\n\t\t\t\t<div class=\"inx-property-list-item inx-property-list-item--card uk-card uk-card-default uk-animation-scale-up\">\n\t\t<a href=\"https:\/\/www.euhabitat.com\/de\/moeblierte-wohnungen-bonn\/objekt-20037\/?inx-backlink-url=https%3A%2F%2Fwww.euhabitat.com%2Fde%2Fsuchergebnisse%2F\">\n\t\t<div class=\"inx-property-list-item__media-top uk-card-media-top uk-cover-container\">\n\t\t<img decoding=\"async\" width=\"1200\" height=\"900\" src=\"https:\/\/www.euhabitat.com\/wp-content\/uploads\/2026\/02\/226f47e1-a394-4d46-8baf-9fbbef48b8a9.jpg\" class=\"attachment-large size-large lazyload wp-post-image\" alt=\"Objekt 20037\" srcset=\"data:image\/svg+xml,%3Csvg%20xmlns%3D%27http%3A%2F%2Fwww.w3.org%2F2000%2Fsvg%27%20width%3D%271280%27%20height%3D%27960%27%20viewBox%3D%270%200%201280%20960%27%3E%3Crect%20width%3D%271280%27%20height%3D%27960%27%20fill-opacity%3D%220%22%2F%3E%3C%2Fsvg%3E\" data-orig-src=\"https:\/\/www.euhabitat.com\/wp-content\/uploads\/2026\/02\/226f47e1-a394-4d46-8baf-9fbbef48b8a9.jpg\" data-srcset=\"https:\/\/www.euhabitat.com\/wp-content\/uploads\/2026\/02\/226f47e1-a394-4d46-8baf-9fbbef48b8a9-200x150.jpg 200w, https:\/\/www.euhabitat.com\/wp-content\/uploads\/2026\/02\/226f47e1-a394-4d46-8baf-9fbbef48b8a9-300x225.jpg 300w, https:\/\/www.euhabitat.com\/wp-content\/uploads\/2026\/02\/226f47e1-a394-4d46-8baf-9fbbef48b8a9-400x300.jpg 400w, https:\/\/www.euhabitat.com\/wp-content\/uploads\/2026\/02\/226f47e1-a394-4d46-8baf-9fbbef48b8a9-600x450.jpg 600w, https:\/\/www.euhabitat.com\/wp-content\/uploads\/2026\/02\/226f47e1-a394-4d46-8baf-9fbbef48b8a9-768x576.jpg 768w, https:\/\/www.euhabitat.com\/wp-content\/uploads\/2026\/02\/226f47e1-a394-4d46-8baf-9fbbef48b8a9-800x600.jpg 800w, https:\/\/www.euhabitat.com\/wp-content\/uploads\/2026\/02\/226f47e1-a394-4d46-8baf-9fbbef48b8a9-1200x900.jpg 1200w, https:\/\/www.euhabitat.com\/wp-content\/uploads\/2026\/02\/226f47e1-a394-4d46-8baf-9fbbef48b8a9.jpg 1280w\" data-sizes=\"auto\" uk-cover>\t<\/div>\n\t\t<\/a>\n\t\t<div class=\"inx-property-list-item__body uk-card-body\">\n\t\t<div class=\"inx-property-list-item__title uk-card-title\">\n\t\t\t\t\t\t<a href=\"https:\/\/www.euhabitat.com\/de\/moeblierte-wohnungen-bonn\/objekt-20037\/?inx-backlink-url=https%3A%2F%2Fwww.euhabitat.com%2Fde%2Fsuchergebnisse%2F\" class=\"inx-link inx-oi--nutzungsart--waz inx-oi--vermarktungsart--miete-pacht\">\n\t\t\t\t\t\t\tBlick ins Gr\u00fcne - Helle Einliegerwohnung mit S\u00fcdterrasse!\t\t\t\t\t\t<\/a>\n\t\t\t\t\t<\/div>\n\n\t\t<div class=\"uk-margin-bottom\">\n\t\t\t\t\t\t<div class=\"inx-property-list-item__property-type\">\n\t\t\t\t<i class=\"inx-core-detail-icon flaticon-tag-1\" title=\"Maisonette-Wohnung\"><\/i>\n\t\t\t\t<div>Maisonette-Wohnung<\/div>\n\t\t\t<\/div>\n\t\t\t\n\t\t\t\t\t\t<div class=\"inx-property-list-item__location\" lang=\"de\">\n\t\t\t\t<i class=\"inx-core-detail-icon flaticon-placeholder\" title=\"Lage\"><\/i>\n\t\t\t\t<div>Kaldauen \n<br><span class=\"weitere-orte\">(Siegburg)<\/span><\/div>\n\t\t\t<\/div>\n\t\t\t\n\t\t\t<div class=\"inx-property-list-item__available-from\" lang=\"de\">\n\t\t\t\t<div class=\"show-de\" style=\"font-weight: 600;\">Bezugsfrei ab: <\/div><div class=\"show-en\" style=\"font-weight: 600;\">Available from: <\/div> 01.10.2026\t\t\t<\/div>\n\t\t\t<div class=\"inx-property-list-item__available-from\" lang=\"de\">\n\t\t\t\t<div class=\"show-de\" style=\"margin-right:0.3em;\"><strong>Objekt-ID:<\/strong><\/div><div class=\"show-en\" style=\"margin-right:0.3em;\"><strong>Object-ID: <\/strong><\/div>20037\t\t\t<\/div>\n\t\t<!--\t<div class=\"inx-property-list-item__available-from\" lang=\"de\">\n\t\t\t\t<div class=\"show-de\" style=\"font-weight: 600;\">Frei bis: <\/div><div class=\"show-en\" style=\"font-weight: 600;\">Vacant until: <\/div> \t\t\t<\/div>-->\n\t\t<\/div>\n<!--\n\t\t\t\t<p class=\"inx-property-list-item__excerpt\">Objektnummer: 20037 Einliegerwohnung mit separatem Eingang in gepflegtem Mehrfamilienhaus<\/p>\n\t-->\n\t<\/div>\n\n\t<div class=\"inx-property-list-item__footer uk-card-footer\">\n\t\t\t\t<div class=\"inx-property-list-item__core-details uk-flex uk-flex-around\">\n\t\t\t\t\t\t<div>\n\t\t\t\t<i class=\"inx-core-detail-icon flaticon-size\" title=\"Wohnfl\u00e4che\"><\/i> 40&nbsp;m\u00b2\t\t\t<\/div>\n\t\t\t\n\t\t\t\n\t\t\t\t\t\t<div>\n\t\t\t\t<i class=\"inx-core-detail-icon flaticon-blueprint\" title=\"Zimmer\"><\/i> 2\t\t\t<\/div>\n\t\t\t\t\t<\/div>\n\t\t\n\t\t\t\t<a href=\"https:\/\/www.euhabitat.com\/de\/moeblierte-wohnungen-bonn\/objekt-20037\/?inx-backlink-url=https%3A%2F%2Fwww.euhabitat.com%2Fde%2Fsuchergebnisse%2F\" class=\"inx-property-list-item__property-price inx-property-price inx-oi--nutzungsart--waz inx-oi--vermarktungsart--miete-pacht inx-oi--inverted inx-link\">\n\t\t\t\t1.100&nbsp;\u20ac\t\t<\/a>\n\t\t\t\t\t<\/div>\n\n\t\t<div class=\"inx-property-list-item__labels uk-position-top-right\">\n\t\t\t\t<span class=\"inx-property-label inx-property-label--feldname--zw-region uk-label\">Bonn<\/span><br>\n\t\t\t\t<\/div>\n\t<\/div>\n\t\t<\/div>\n\n\t\t\t\t\n\t\t<div class=\"inx-property-list__item-wrap\">\n\t\t\t\t<div class=\"inx-property-list-item inx-property-list-item--card uk-card uk-card-default uk-animation-scale-up\">\n\t\t<a href=\"https:\/\/www.euhabitat.com\/de\/moeblierte-wohnungen-bonn\/objekt-17468\/?inx-backlink-url=https%3A%2F%2Fwww.euhabitat.com%2Fde%2Fsuchergebnisse%2F\">\n\t\t<div class=\"inx-property-list-item__media-top uk-card-media-top uk-cover-container\">\n\t\t<img decoding=\"async\" width=\"1200\" height=\"834\" src=\"https:\/\/www.euhabitat.com\/wp-content\/uploads\/2026\/02\/05cc90a8-df03-440c-9afd-e2e8360ba37e.jpg\" class=\"attachment-large size-large lazyload wp-post-image\" alt=\"Objekt 17468\" srcset=\"data:image\/svg+xml,%3Csvg%20xmlns%3D%27http%3A%2F%2Fwww.w3.org%2F2000%2Fsvg%27%20width%3D%271259%27%20height%3D%27875%27%20viewBox%3D%270%200%201259%20875%27%3E%3Crect%20width%3D%271259%27%20height%3D%27875%27%20fill-opacity%3D%220%22%2F%3E%3C%2Fsvg%3E\" data-orig-src=\"https:\/\/www.euhabitat.com\/wp-content\/uploads\/2026\/02\/05cc90a8-df03-440c-9afd-e2e8360ba37e.jpg\" data-srcset=\"https:\/\/www.euhabitat.com\/wp-content\/uploads\/2026\/02\/05cc90a8-df03-440c-9afd-e2e8360ba37e-200x139.jpg 200w, https:\/\/www.euhabitat.com\/wp-content\/uploads\/2026\/02\/05cc90a8-df03-440c-9afd-e2e8360ba37e-300x208.jpg 300w, https:\/\/www.euhabitat.com\/wp-content\/uploads\/2026\/02\/05cc90a8-df03-440c-9afd-e2e8360ba37e-400x278.jpg 400w, https:\/\/www.euhabitat.com\/wp-content\/uploads\/2026\/02\/05cc90a8-df03-440c-9afd-e2e8360ba37e-600x417.jpg 600w, https:\/\/www.euhabitat.com\/wp-content\/uploads\/2026\/02\/05cc90a8-df03-440c-9afd-e2e8360ba37e-768x534.jpg 768w, https:\/\/www.euhabitat.com\/wp-content\/uploads\/2026\/02\/05cc90a8-df03-440c-9afd-e2e8360ba37e-800x556.jpg 800w, https:\/\/www.euhabitat.com\/wp-content\/uploads\/2026\/02\/05cc90a8-df03-440c-9afd-e2e8360ba37e-1200x834.jpg 1200w, https:\/\/www.euhabitat.com\/wp-content\/uploads\/2026\/02\/05cc90a8-df03-440c-9afd-e2e8360ba37e.jpg 1259w\" data-sizes=\"auto\" uk-cover>\t<\/div>\n\t\t<\/a>\n\t\t<div class=\"inx-property-list-item__body uk-card-body\">\n\t\t<div class=\"inx-property-list-item__title uk-card-title\">\n\t\t\t\t\t\t<a href=\"https:\/\/www.euhabitat.com\/de\/moeblierte-wohnungen-bonn\/objekt-17468\/?inx-backlink-url=https%3A%2F%2Fwww.euhabitat.com%2Fde%2Fsuchergebnisse%2F\" class=\"inx-link inx-oi--nutzungsart--waz inx-oi--vermarktungsart--miete-pacht\">\n\t\t\t\t\t\t\tSch\u00f6ner Wohnen in Bad Honnef\t\t\t\t\t\t<\/a>\n\t\t\t\t\t<\/div>\n\n\t\t<div class=\"uk-margin-bottom\">\n\t\t\t\t\t\t<div class=\"inx-property-list-item__property-type\">\n\t\t\t\t<i class=\"inx-core-detail-icon flaticon-tag-1\" title=\"DG-Wohnung\"><\/i>\n\t\t\t\t<div>DG-Wohnung<\/div>\n\t\t\t<\/div>\n\t\t\t\n\t\t\t\t\t\t<div class=\"inx-property-list-item__location\" lang=\"de\">\n\t\t\t\t<i class=\"inx-core-detail-icon flaticon-placeholder\" title=\"Lage\"><\/i>\n\t\t\t\t<div>Bad Honnef<\/span><\/div>\n\t\t\t<\/div>\n\t\t\t\n\t\t\t<div class=\"inx-property-list-item__available-from\" lang=\"de\">\n\t\t\t\t<div class=\"show-de\" style=\"font-weight: 600;\">Bezugsfrei ab: <\/div><div class=\"show-en\" style=\"font-weight: 600;\">Available from: <\/div> 18.03.2026\t\t\t<\/div>\n\t\t\t<div class=\"inx-property-list-item__available-from\" lang=\"de\">\n\t\t\t\t<div class=\"show-de\" style=\"margin-right:0.3em;\"><strong>Objekt-ID:<\/strong><\/div><div class=\"show-en\" style=\"margin-right:0.3em;\"><strong>Object-ID: <\/strong><\/div>17468\t\t\t<\/div>\n\t\t<!--\t<div class=\"inx-property-list-item__available-from\" lang=\"de\">\n\t\t\t\t<div class=\"show-de\" style=\"font-weight: 600;\">Frei bis: <\/div><div class=\"show-en\" style=\"font-weight: 600;\">Vacant until: <\/div> \t\t\t<\/div>-->\n\t\t<\/div>\n<!--\n\t\t\t\t<p class=\"inx-property-list-item__excerpt\">denkmalgesch\u00fctzte Art-Deco Villa, in ruhiger Stadtlage mit Blick auf das Siebengebirge, das Rheintal und die Eifel;...<\/p>\n\t-->\n\t<\/div>\n\n\t<div class=\"inx-property-list-item__footer uk-card-footer\">\n\t\t\t\t<div class=\"inx-property-list-item__core-details uk-flex uk-flex-around\">\n\t\t\t\t\t\t<div>\n\t\t\t\t<i class=\"inx-core-detail-icon flaticon-size\" title=\"Wohnfl\u00e4che\"><\/i> 45&nbsp;m\u00b2\t\t\t<\/div>\n\t\t\t\n\t\t\t\n\t\t\t\t\t\t<div>\n\t\t\t\t<i class=\"inx-core-detail-icon flaticon-blueprint\" title=\"Zimmer\"><\/i> 1\t\t\t<\/div>\n\t\t\t\t\t<\/div>\n\t\t\n\t\t\t\t<a href=\"https:\/\/www.euhabitat.com\/de\/moeblierte-wohnungen-bonn\/objekt-17468\/?inx-backlink-url=https%3A%2F%2Fwww.euhabitat.com%2Fde%2Fsuchergebnisse%2F\" class=\"inx-property-list-item__property-price inx-property-price inx-oi--nutzungsart--waz inx-oi--vermarktungsart--miete-pacht inx-oi--inverted inx-link\">\n\t\t\t\t1.175&nbsp;\u20ac\t\t<\/a>\n\t\t\t\t\t<\/div>\n\n\t\t<div class=\"inx-property-list-item__labels uk-position-top-right\">\n\t\t\t\t<span class=\"inx-property-label inx-property-label--feldname--zw-region uk-label\">Bonn<\/span><br>\n\t\t\t\t\t<span class=\"inx-property-label inx-property-label--gruppe--filmlink uk-label\">Video<\/span><br>\n\t\t\t\t<\/div>\n\t<\/div>\n\t\t<\/div>\n\n\t\t\t\t\n\t\t<div class=\"inx-property-list__item-wrap\">\n\t\t\t\t<div class=\"inx-property-list-item inx-property-list-item--card uk-card uk-card-default uk-animation-scale-up\">\n\t\t<a href=\"https:\/\/www.euhabitat.com\/de\/moeblierte-wohnungen-bonn\/objekt-18443\/?inx-backlink-url=https%3A%2F%2Fwww.euhabitat.com%2Fde%2Fsuchergebnisse%2F\">\n\t\t<div class=\"inx-property-list-item__media-top uk-card-media-top uk-cover-container\">\n\t\t<img decoding=\"async\" width=\"1200\" height=\"800\" src=\"https:\/\/www.euhabitat.com\/wp-content\/uploads\/2026\/03\/Foto_104391.jpg\" class=\"attachment-large size-large lazyload wp-post-image\" alt=\"Objekt 18443 Wohnbereich\" srcset=\"data:image\/svg+xml,%3Csvg%20xmlns%3D%27http%3A%2F%2Fwww.w3.org%2F2000%2Fsvg%27%20width%3D%271280%27%20height%3D%27853%27%20viewBox%3D%270%200%201280%20853%27%3E%3Crect%20width%3D%271280%27%20height%3D%27853%27%20fill-opacity%3D%220%22%2F%3E%3C%2Fsvg%3E\" data-orig-src=\"https:\/\/www.euhabitat.com\/wp-content\/uploads\/2026\/03\/Foto_104391.jpg\" data-srcset=\"https:\/\/www.euhabitat.com\/wp-content\/uploads\/2026\/03\/Foto_104391-200x133.jpg 200w, https:\/\/www.euhabitat.com\/wp-content\/uploads\/2026\/03\/Foto_104391-300x200.jpg 300w, https:\/\/www.euhabitat.com\/wp-content\/uploads\/2026\/03\/Foto_104391-400x267.jpg 400w, https:\/\/www.euhabitat.com\/wp-content\/uploads\/2026\/03\/Foto_104391-600x400.jpg 600w, https:\/\/www.euhabitat.com\/wp-content\/uploads\/2026\/03\/Foto_104391-768x512.jpg 768w, https:\/\/www.euhabitat.com\/wp-content\/uploads\/2026\/03\/Foto_104391-800x533.jpg 800w, https:\/\/www.euhabitat.com\/wp-content\/uploads\/2026\/03\/Foto_104391-1200x800.jpg 1200w, https:\/\/www.euhabitat.com\/wp-content\/uploads\/2026\/03\/Foto_104391.jpg 1280w\" data-sizes=\"auto\" uk-cover>\t<\/div>\n\t\t<\/a>\n\t\t<div class=\"inx-property-list-item__body uk-card-body\">\n\t\t<div class=\"inx-property-list-item__title uk-card-title\">\n\t\t\t\t\t\t<a href=\"https:\/\/www.euhabitat.com\/de\/moeblierte-wohnungen-bonn\/objekt-18443\/?inx-backlink-url=https%3A%2F%2Fwww.euhabitat.com%2Fde%2Fsuchergebnisse%2F\" class=\"inx-link inx-oi--nutzungsart--waz inx-oi--vermarktungsart--miete-pacht\">\n\t\t\t\t\t\t\tUrban Living - Citywohnung in der Bonner Nordstadt\t\t\t\t\t\t<\/a>\n\t\t\t\t\t<\/div>\n\n\t\t<div class=\"uk-margin-bottom\">\n\t\t\t\t\t\t<div class=\"inx-property-list-item__property-type\">\n\t\t\t\t<i class=\"inx-core-detail-icon flaticon-tag-1\" title=\"Erdgeschosswohnung\"><\/i>\n\t\t\t\t<div>Erdgeschosswohnung<\/div>\n\t\t\t<\/div>\n\t\t\t\n\t\t\t\t\t\t<div class=\"inx-property-list-item__location\" lang=\"de\">\n\t\t\t\t<i class=\"inx-core-detail-icon flaticon-placeholder\" title=\"Lage\"><\/i>\n\t\t\t\t<div>Bonn \n<br><span class=\"weitere-orte\">(Nordstadt)<\/span><\/div>\n\t\t\t<\/div>\n\t\t\t\n\t\t\t<div class=\"inx-property-list-item__available-from\" lang=\"de\">\n\t\t\t\t<div class=\"show-de\" style=\"font-weight: 600;\">Bezugsfrei ab: <\/div><div class=\"show-en\" style=\"font-weight: 600;\">Available from: <\/div> 06.06.2026\t\t\t<\/div>\n\t\t\t<div class=\"inx-property-list-item__available-from\" lang=\"de\">\n\t\t\t\t<div class=\"show-de\" style=\"margin-right:0.3em;\"><strong>Objekt-ID:<\/strong><\/div><div class=\"show-en\" style=\"margin-right:0.3em;\"><strong>Object-ID: <\/strong><\/div>18443\t\t\t<\/div>\n\t\t<!--\t<div class=\"inx-property-list-item__available-from\" lang=\"de\">\n\t\t\t\t<div class=\"show-de\" style=\"font-weight: 600;\">Frei bis: <\/div><div class=\"show-en\" style=\"font-weight: 600;\">Vacant until: <\/div> \t\t\t<\/div>-->\n\t\t<\/div>\n<!--\n\t\t\t\t<p class=\"inx-property-list-item__excerpt\">Objekt-ID: 18443 gepflegtes Mehrfamilienhaus, Apartment mit direktem Gartenzugang, Fotos dienen dem ersten Eindruck<\/p>\n\t-->\n\t<\/div>\n\n\t<div class=\"inx-property-list-item__footer uk-card-footer\">\n\t\t\t\t<div class=\"inx-property-list-item__core-details uk-flex uk-flex-around\">\n\t\t\t\t\t\t<div>\n\t\t\t\t<i class=\"inx-core-detail-icon flaticon-size\" title=\"Wohnfl\u00e4che\"><\/i> 33&nbsp;m\u00b2\t\t\t<\/div>\n\t\t\t\n\t\t\t\n\t\t\t\t\t\t<div>\n\t\t\t\t<i class=\"inx-core-detail-icon flaticon-blueprint\" title=\"Zimmer\"><\/i> 2\t\t\t<\/div>\n\t\t\t\t\t<\/div>\n\t\t\n\t\t\t\t<a href=\"https:\/\/www.euhabitat.com\/de\/moeblierte-wohnungen-bonn\/objekt-18443\/?inx-backlink-url=https%3A%2F%2Fwww.euhabitat.com%2Fde%2Fsuchergebnisse%2F\" class=\"inx-property-list-item__property-price inx-property-price inx-oi--nutzungsart--waz inx-oi--vermarktungsart--miete-pacht inx-oi--inverted inx-link\">\n\t\t\t\t1.190&nbsp;\u20ac\t\t<\/a>\n\t\t\t\t\t<\/div>\n\n\t\t<div class=\"inx-property-list-item__labels uk-position-top-right\">\n\t\t\t\t<span class=\"inx-property-label inx-property-label--feldname--zw-region uk-label\">Bonn<\/span><br>\n\t\t\t\t<\/div>\n\t<\/div>\n\t\t<\/div>\n\n\t\t\t\t\n\t\t<div class=\"inx-property-list__item-wrap\">\n\t\t\t\t<div class=\"inx-property-list-item inx-property-list-item--card uk-card uk-card-default uk-animation-scale-up\">\n\t\t<a href=\"https:\/\/www.euhabitat.com\/de\/moeblierte-wohnungen-bonn\/objekt-19440\/?inx-backlink-url=https%3A%2F%2Fwww.euhabitat.com%2Fde%2Fsuchergebnisse%2F\">\n\t\t<div class=\"inx-property-list-item__media-top uk-card-media-top uk-cover-container\">\n\t\t<img decoding=\"async\" width=\"1080\" height=\"720\" src=\"https:\/\/www.euhabitat.com\/wp-content\/uploads\/2026\/03\/8274226c-28c4-4f9f-abfe-b4545b647d7b.jpg\" class=\"attachment-large size-large lazyload wp-post-image\" alt=\"Objekt 19440\" srcset=\"data:image\/svg+xml,%3Csvg%20xmlns%3D%27http%3A%2F%2Fwww.w3.org%2F2000%2Fsvg%27%20width%3D%271080%27%20height%3D%27720%27%20viewBox%3D%270%200%201080%20720%27%3E%3Crect%20width%3D%271080%27%20height%3D%27720%27%20fill-opacity%3D%220%22%2F%3E%3C%2Fsvg%3E\" data-orig-src=\"https:\/\/www.euhabitat.com\/wp-content\/uploads\/2026\/03\/8274226c-28c4-4f9f-abfe-b4545b647d7b.jpg\" data-srcset=\"https:\/\/www.euhabitat.com\/wp-content\/uploads\/2026\/03\/8274226c-28c4-4f9f-abfe-b4545b647d7b-200x133.jpg 200w, https:\/\/www.euhabitat.com\/wp-content\/uploads\/2026\/03\/8274226c-28c4-4f9f-abfe-b4545b647d7b-300x200.jpg 300w, https:\/\/www.euhabitat.com\/wp-content\/uploads\/2026\/03\/8274226c-28c4-4f9f-abfe-b4545b647d7b-400x267.jpg 400w, https:\/\/www.euhabitat.com\/wp-content\/uploads\/2026\/03\/8274226c-28c4-4f9f-abfe-b4545b647d7b-600x400.jpg 600w, https:\/\/www.euhabitat.com\/wp-content\/uploads\/2026\/03\/8274226c-28c4-4f9f-abfe-b4545b647d7b-768x512.jpg 768w, https:\/\/www.euhabitat.com\/wp-content\/uploads\/2026\/03\/8274226c-28c4-4f9f-abfe-b4545b647d7b-800x533.jpg 800w, https:\/\/www.euhabitat.com\/wp-content\/uploads\/2026\/03\/8274226c-28c4-4f9f-abfe-b4545b647d7b.jpg 1080w\" data-sizes=\"auto\" uk-cover>\t<\/div>\n\t\t<\/a>\n\t\t<div class=\"inx-property-list-item__body uk-card-body\">\n\t\t<div class=\"inx-property-list-item__title uk-card-title\">\n\t\t\t\t\t\t<a href=\"https:\/\/www.euhabitat.com\/de\/moeblierte-wohnungen-bonn\/objekt-19440\/?inx-backlink-url=https%3A%2F%2Fwww.euhabitat.com%2Fde%2Fsuchergebnisse%2F\" class=\"inx-link inx-oi--nutzungsart--waz inx-oi--vermarktungsart--miete-pacht\">\n\t\t\t\t\t\t\tKlein &amp; Stilvoll - Apartment im Herzen von Siegburg\t\t\t\t\t\t<\/a>\n\t\t\t\t\t<\/div>\n\n\t\t<div class=\"uk-margin-bottom\">\n\t\t\t\t\t\t<div class=\"inx-property-list-item__property-type\">\n\t\t\t\t<i class=\"inx-core-detail-icon flaticon-tag-1\" title=\"Apartment\"><\/i>\n\t\t\t\t<div>Apartment<\/div>\n\t\t\t<\/div>\n\t\t\t\n\t\t\t\t\t\t<div class=\"inx-property-list-item__location\" lang=\"de\">\n\t\t\t\t<i class=\"inx-core-detail-icon flaticon-placeholder\" title=\"Lage\"><\/i>\n\t\t\t\t<div>Deichhaus \n<br><span class=\"weitere-orte\">(Siegburg)<\/span><\/div>\n\t\t\t<\/div>\n\t\t\t\n\t\t\t<div class=\"inx-property-list-item__available-from\" lang=\"de\">\n\t\t\t\t<div class=\"show-de\" style=\"font-weight: 600;\">Bezugsfrei ab: <\/div><div class=\"show-en\" style=\"font-weight: 600;\">Available from: <\/div> 01.05.2026\t\t\t<\/div>\n\t\t\t<div class=\"inx-property-list-item__available-from\" lang=\"de\">\n\t\t\t\t<div class=\"show-de\" style=\"margin-right:0.3em;\"><strong>Objekt-ID:<\/strong><\/div><div class=\"show-en\" style=\"margin-right:0.3em;\"><strong>Object-ID: <\/strong><\/div>19440\t\t\t<\/div>\n\t\t<!--\t<div class=\"inx-property-list-item__available-from\" lang=\"de\">\n\t\t\t\t<div class=\"show-de\" style=\"font-weight: 600;\">Frei bis: <\/div><div class=\"show-en\" style=\"font-weight: 600;\">Vacant until: <\/div> \t\t\t<\/div>-->\n\t\t<\/div>\n<!--\n\t\t\t\t<p class=\"inx-property-list-item__excerpt\">Objektnummer: 19440 Gepflegtes Mehrfamilienhaus<\/p>\n\t-->\n\t<\/div>\n\n\t<div class=\"inx-property-list-item__footer uk-card-footer\">\n\t\t\t\t<div class=\"inx-property-list-item__core-details uk-flex uk-flex-around\">\n\t\t\t\t\t\t<div>\n\t\t\t\t<i class=\"inx-core-detail-icon flaticon-size\" title=\"Wohnfl\u00e4che\"><\/i> 30&nbsp;m\u00b2\t\t\t<\/div>\n\t\t\t\n\t\t\t\n\t\t\t\t\t\t<div>\n\t\t\t\t<i class=\"inx-core-detail-icon flaticon-blueprint\" title=\"Zimmer\"><\/i> 1\t\t\t<\/div>\n\t\t\t\t\t<\/div>\n\t\t\n\t\t\t\t<a href=\"https:\/\/www.euhabitat.com\/de\/moeblierte-wohnungen-bonn\/objekt-19440\/?inx-backlink-url=https%3A%2F%2Fwww.euhabitat.com%2Fde%2Fsuchergebnisse%2F\" class=\"inx-property-list-item__property-price inx-property-price inx-oi--nutzungsart--waz inx-oi--vermarktungsart--miete-pacht inx-oi--inverted inx-link\">\n\t\t\t\t1.250&nbsp;\u20ac\t\t<\/a>\n\t\t\t\t\t<\/div>\n\n\t\t<div class=\"inx-property-list-item__labels uk-position-top-right\">\n\t\t\t\t<span class=\"inx-property-label inx-property-label--feldname--zw-region uk-label\">Bonn<\/span><br>\n\t\t\t\t<\/div>\n\t<\/div>\n\t\t<\/div>\n\n\t\t\t\t\n\t\t<div class=\"inx-property-list__item-wrap\">\n\t\t\t\t<div class=\"inx-property-list-item inx-property-list-item--card uk-card uk-card-default uk-animation-scale-up\">\n\t\t<a href=\"https:\/\/www.euhabitat.com\/de\/moeblierte-wohnungen-bonn\/objekt-17416\/?inx-backlink-url=https%3A%2F%2Fwww.euhabitat.com%2Fde%2Fsuchergebnisse%2F\">\n\t\t<div class=\"inx-property-list-item__media-top uk-card-media-top uk-cover-container\">\n\t\t<img decoding=\"async\" width=\"1200\" height=\"676\" src=\"https:\/\/www.euhabitat.com\/wp-content\/uploads\/2026\/03\/7061486b-8975-4dc9-9de4-6f62528a5f59.jpg\" class=\"attachment-large size-large lazyload wp-post-image\" alt=\"Objekt 17416\" srcset=\"data:image\/svg+xml,%3Csvg%20xmlns%3D%27http%3A%2F%2Fwww.w3.org%2F2000%2Fsvg%27%20width%3D%271280%27%20height%3D%27721%27%20viewBox%3D%270%200%201280%20721%27%3E%3Crect%20width%3D%271280%27%20height%3D%27721%27%20fill-opacity%3D%220%22%2F%3E%3C%2Fsvg%3E\" data-orig-src=\"https:\/\/www.euhabitat.com\/wp-content\/uploads\/2026\/03\/7061486b-8975-4dc9-9de4-6f62528a5f59.jpg\" data-srcset=\"https:\/\/www.euhabitat.com\/wp-content\/uploads\/2026\/03\/7061486b-8975-4dc9-9de4-6f62528a5f59-120x68.jpg 120w, https:\/\/www.euhabitat.com\/wp-content\/uploads\/2026\/03\/7061486b-8975-4dc9-9de4-6f62528a5f59-200x113.jpg 200w, https:\/\/www.euhabitat.com\/wp-content\/uploads\/2026\/03\/7061486b-8975-4dc9-9de4-6f62528a5f59-300x169.jpg 300w, https:\/\/www.euhabitat.com\/wp-content\/uploads\/2026\/03\/7061486b-8975-4dc9-9de4-6f62528a5f59-400x225.jpg 400w, https:\/\/www.euhabitat.com\/wp-content\/uploads\/2026\/03\/7061486b-8975-4dc9-9de4-6f62528a5f59-600x338.jpg 600w, https:\/\/www.euhabitat.com\/wp-content\/uploads\/2026\/03\/7061486b-8975-4dc9-9de4-6f62528a5f59-768x433.jpg 768w, https:\/\/www.euhabitat.com\/wp-content\/uploads\/2026\/03\/7061486b-8975-4dc9-9de4-6f62528a5f59-800x451.jpg 800w, https:\/\/www.euhabitat.com\/wp-content\/uploads\/2026\/03\/7061486b-8975-4dc9-9de4-6f62528a5f59-1200x676.jpg 1200w, https:\/\/www.euhabitat.com\/wp-content\/uploads\/2026\/03\/7061486b-8975-4dc9-9de4-6f62528a5f59.jpg 1280w\" data-sizes=\"auto\" uk-cover>\t<\/div>\n\t\t<\/a>\n\t\t<div class=\"inx-property-list-item__body uk-card-body\">\n\t\t<div class=\"inx-property-list-item__title uk-card-title\">\n\t\t\t\t\t\t<a href=\"https:\/\/www.euhabitat.com\/de\/moeblierte-wohnungen-bonn\/objekt-17416\/?inx-backlink-url=https%3A%2F%2Fwww.euhabitat.com%2Fde%2Fsuchergebnisse%2F\" class=\"inx-link inx-oi--nutzungsart--waz inx-oi--vermarktungsart--miete-pacht\">\n\t\t\t\t\t\t\tGr\u00fcn wohnen: sonnige Terrassenwohnung mit Garten in Troisdorf\t\t\t\t\t\t<\/a>\n\t\t\t\t\t<\/div>\n\n\t\t<div class=\"uk-margin-bottom\">\n\t\t\t\t\t\t<div class=\"inx-property-list-item__property-type\">\n\t\t\t\t<i class=\"inx-core-detail-icon flaticon-tag-1\" title=\"Erdgeschosswohnung\"><\/i>\n\t\t\t\t<div>Erdgeschosswohnung<\/div>\n\t\t\t<\/div>\n\t\t\t\n\t\t\t\t\t\t<div class=\"inx-property-list-item__location\" lang=\"de\">\n\t\t\t\t<i class=\"inx-core-detail-icon flaticon-placeholder\" title=\"Lage\"><\/i>\n\t\t\t\t<div>Bergheim \n<br><span class=\"weitere-orte\">(Troisdorf)<\/span><\/div>\n\t\t\t<\/div>\n\t\t\t\n\t\t\t<div class=\"inx-property-list-item__available-from\" lang=\"de\">\n\t\t\t\t<div class=\"show-de\" style=\"font-weight: 600;\">Bezugsfrei ab: <\/div><div class=\"show-en\" style=\"font-weight: 600;\">Available from: <\/div> 01.05.2026\t\t\t<\/div>\n\t\t\t<div class=\"inx-property-list-item__available-from\" lang=\"de\">\n\t\t\t\t<div class=\"show-de\" style=\"margin-right:0.3em;\"><strong>Objekt-ID:<\/strong><\/div><div class=\"show-en\" style=\"margin-right:0.3em;\"><strong>Object-ID: <\/strong><\/div>17416\t\t\t<\/div>\n\t\t<!--\t<div class=\"inx-property-list-item__available-from\" lang=\"de\">\n\t\t\t\t<div class=\"show-de\" style=\"font-weight: 600;\">Frei bis: <\/div><div class=\"show-en\" style=\"font-weight: 600;\">Vacant until: <\/div> \t\t\t<\/div>-->\n\t\t<\/div>\n<!--\n\t\t\t\t<p class=\"inx-property-list-item__excerpt\">Objektnummer: 17416 Gepflegtes Zweifamilienhaus, sch\u00f6ne Einliegerwohnung im Erdgeschoss in ruhiger Wohnlage<\/p>\n\t-->\n\t<\/div>\n\n\t<div class=\"inx-property-list-item__footer uk-card-footer\">\n\t\t\t\t<div class=\"inx-property-list-item__core-details uk-flex uk-flex-around\">\n\t\t\t\t\t\t<div>\n\t\t\t\t<i class=\"inx-core-detail-icon flaticon-size\" title=\"Wohnfl\u00e4che\"><\/i> 54&nbsp;m\u00b2\t\t\t<\/div>\n\t\t\t\n\t\t\t\n\t\t\t\t\t\t<div>\n\t\t\t\t<i class=\"inx-core-detail-icon flaticon-blueprint\" title=\"Zimmer\"><\/i> 2\t\t\t<\/div>\n\t\t\t\t\t<\/div>\n\t\t\n\t\t\t\t<a href=\"https:\/\/www.euhabitat.com\/de\/moeblierte-wohnungen-bonn\/objekt-17416\/?inx-backlink-url=https%3A%2F%2Fwww.euhabitat.com%2Fde%2Fsuchergebnisse%2F\" class=\"inx-property-list-item__property-price inx-property-price inx-oi--nutzungsart--waz inx-oi--vermarktungsart--miete-pacht inx-oi--inverted inx-link\">\n\t\t\t\t1.250&nbsp;\u20ac\t\t<\/a>\n\t\t\t\t\t<\/div>\n\n\t\t<div class=\"inx-property-list-item__labels uk-position-top-right\">\n\t\t\t\t<span class=\"inx-property-label inx-property-label--feldname--zw-region uk-label\">Bonn<\/span><br>\n\t\t\t\t<\/div>\n\t<\/div>\n\t\t<\/div>\n\n\t\t\t\t\n\t\t<div class=\"inx-property-list__item-wrap\">\n\t\t\t\t<div class=\"inx-property-list-item inx-property-list-item--card uk-card uk-card-default uk-animation-scale-up\">\n\t\t<a href=\"https:\/\/www.euhabitat.com\/de\/moeblierte-wohnungen-bonn\/objekt-19439\/?inx-backlink-url=https%3A%2F%2Fwww.euhabitat.com%2Fde%2Fsuchergebnisse%2F\">\n\t\t<div class=\"inx-property-list-item__media-top uk-card-media-top uk-cover-container\">\n\t\t<img decoding=\"async\" width=\"1200\" height=\"800\" src=\"https:\/\/www.euhabitat.com\/wp-content\/uploads\/2026\/02\/bd664afe-23fb-4f2c-af7c-75738683736c.jpg\" class=\"attachment-large size-large lazyload wp-post-image\" alt=\"Objekt 19439\" srcset=\"data:image\/svg+xml,%3Csvg%20xmlns%3D%27http%3A%2F%2Fwww.w3.org%2F2000%2Fsvg%27%20width%3D%271285%27%20height%3D%27857%27%20viewBox%3D%270%200%201285%20857%27%3E%3Crect%20width%3D%271285%27%20height%3D%27857%27%20fill-opacity%3D%220%22%2F%3E%3C%2Fsvg%3E\" data-orig-src=\"https:\/\/www.euhabitat.com\/wp-content\/uploads\/2026\/02\/bd664afe-23fb-4f2c-af7c-75738683736c.jpg\" data-srcset=\"https:\/\/www.euhabitat.com\/wp-content\/uploads\/2026\/02\/bd664afe-23fb-4f2c-af7c-75738683736c-200x133.jpg 200w, https:\/\/www.euhabitat.com\/wp-content\/uploads\/2026\/02\/bd664afe-23fb-4f2c-af7c-75738683736c-300x200.jpg 300w, https:\/\/www.euhabitat.com\/wp-content\/uploads\/2026\/02\/bd664afe-23fb-4f2c-af7c-75738683736c-400x267.jpg 400w, https:\/\/www.euhabitat.com\/wp-content\/uploads\/2026\/02\/bd664afe-23fb-4f2c-af7c-75738683736c-600x400.jpg 600w, https:\/\/www.euhabitat.com\/wp-content\/uploads\/2026\/02\/bd664afe-23fb-4f2c-af7c-75738683736c-768x512.jpg 768w, https:\/\/www.euhabitat.com\/wp-content\/uploads\/2026\/02\/bd664afe-23fb-4f2c-af7c-75738683736c-800x534.jpg 800w, https:\/\/www.euhabitat.com\/wp-content\/uploads\/2026\/02\/bd664afe-23fb-4f2c-af7c-75738683736c-1200x800.jpg 1200w, https:\/\/www.euhabitat.com\/wp-content\/uploads\/2026\/02\/bd664afe-23fb-4f2c-af7c-75738683736c.jpg 1285w\" data-sizes=\"auto\" uk-cover>\t<\/div>\n\t\t<\/a>\n\t\t<div class=\"inx-property-list-item__body uk-card-body\">\n\t\t<div class=\"inx-property-list-item__title uk-card-title\">\n\t\t\t\t\t\t<a href=\"https:\/\/www.euhabitat.com\/de\/moeblierte-wohnungen-bonn\/objekt-19439\/?inx-backlink-url=https%3A%2F%2Fwww.euhabitat.com%2Fde%2Fsuchergebnisse%2F\" class=\"inx-link inx-oi--nutzungsart--waz inx-oi--vermarktungsart--miete-pacht\">\n\t\t\t\t\t\t\tCharmante Wohnung im Herzen von Siegburg\t\t\t\t\t\t<\/a>\n\t\t\t\t\t<\/div>\n\n\t\t<div class=\"uk-margin-bottom\">\n\t\t\t\t\t\t<div class=\"inx-property-list-item__property-type\">\n\t\t\t\t<i class=\"inx-core-detail-icon flaticon-tag-1\" title=\"Erdgeschosswohnung\"><\/i>\n\t\t\t\t<div>Erdgeschosswohnung<\/div>\n\t\t\t<\/div>\n\t\t\t\n\t\t\t\t\t\t<div class=\"inx-property-list-item__location\" lang=\"de\">\n\t\t\t\t<i class=\"inx-core-detail-icon flaticon-placeholder\" title=\"Lage\"><\/i>\n\t\t\t\t<div>Deichhaus \n<br><span class=\"weitere-orte\">(Siegburg)<\/span><\/div>\n\t\t\t<\/div>\n\t\t\t\n\t\t\t<div class=\"inx-property-list-item__available-from\" lang=\"de\">\n\t\t\t\t<div class=\"show-de\" style=\"font-weight: 600;\">Bezugsfrei ab: <\/div><div class=\"show-en\" style=\"font-weight: 600;\">Available from: <\/div> 18.03.2026\t\t\t<\/div>\n\t\t\t<div class=\"inx-property-list-item__available-from\" lang=\"de\">\n\t\t\t\t<div class=\"show-de\" style=\"margin-right:0.3em;\"><strong>Objekt-ID:<\/strong><\/div><div class=\"show-en\" style=\"margin-right:0.3em;\"><strong>Object-ID: <\/strong><\/div>19439\t\t\t<\/div>\n\t\t<!--\t<div class=\"inx-property-list-item__available-from\" lang=\"de\">\n\t\t\t\t<div class=\"show-de\" style=\"font-weight: 600;\">Frei bis: <\/div><div class=\"show-en\" style=\"font-weight: 600;\">Vacant until: <\/div> \t\t\t<\/div>-->\n\t\t<\/div>\n<!--\n\t\t\t\t<p class=\"inx-property-list-item__excerpt\">Objektnummer: 19439 Gepflegtes Mehrfamilienhaus<\/p>\n\t-->\n\t<\/div>\n\n\t<div class=\"inx-property-list-item__footer uk-card-footer\">\n\t\t\t\t<div class=\"inx-property-list-item__core-details uk-flex uk-flex-around\">\n\t\t\t\t\t\t<div>\n\t\t\t\t<i class=\"inx-core-detail-icon flaticon-size\" title=\"Wohnfl\u00e4che\"><\/i> 30&nbsp;m\u00b2\t\t\t<\/div>\n\t\t\t\n\t\t\t\n\t\t\t\t\t\t<div>\n\t\t\t\t<i class=\"inx-core-detail-icon flaticon-blueprint\" title=\"Zimmer\"><\/i> 2\t\t\t<\/div>\n\t\t\t\t\t<\/div>\n\t\t\n\t\t\t\t<a href=\"https:\/\/www.euhabitat.com\/de\/moeblierte-wohnungen-bonn\/objekt-19439\/?inx-backlink-url=https%3A%2F%2Fwww.euhabitat.com%2Fde%2Fsuchergebnisse%2F\" class=\"inx-property-list-item__property-price inx-property-price inx-oi--nutzungsart--waz inx-oi--vermarktungsart--miete-pacht inx-oi--inverted inx-link\">\n\t\t\t\t1.250&nbsp;\u20ac\t\t<\/a>\n\t\t\t\t\t<\/div>\n\n\t\t<div class=\"inx-property-list-item__labels uk-position-top-right\">\n\t\t\t\t<span class=\"inx-property-label inx-property-label--feldname--zw-region uk-label\">Bonn<\/span><br>\n\t\t\t\t<\/div>\n\t<\/div>\n\t\t<\/div>\n\n\t\t\t\t\n\t\t<div class=\"inx-property-list__item-wrap\">\n\t\t\t\t<div class=\"inx-property-list-item inx-property-list-item--card uk-card uk-card-default uk-animation-scale-up\">\n\t\t<a href=\"https:\/\/www.euhabitat.com\/de\/moeblierte-wohnungen-bonn\/objekt-19333\/?inx-backlink-url=https%3A%2F%2Fwww.euhabitat.com%2Fde%2Fsuchergebnisse%2F\">\n\t\t<div class=\"inx-property-list-item__media-top uk-card-media-top uk-cover-container\">\n\t\t<img decoding=\"async\" width=\"1064\" height=\"720\" src=\"https:\/\/www.euhabitat.com\/wp-content\/uploads\/2026\/02\/7a36fc99-709a-422b-bdf8-3ad6901b33d0.jpg\" class=\"attachment-large size-large lazyload wp-post-image\" alt=\"Objekt 19333\" srcset=\"data:image\/svg+xml,%3Csvg%20xmlns%3D%27http%3A%2F%2Fwww.w3.org%2F2000%2Fsvg%27%20width%3D%271064%27%20height%3D%27720%27%20viewBox%3D%270%200%201064%20720%27%3E%3Crect%20width%3D%271064%27%20height%3D%27720%27%20fill-opacity%3D%220%22%2F%3E%3C%2Fsvg%3E\" data-orig-src=\"https:\/\/www.euhabitat.com\/wp-content\/uploads\/2026\/02\/7a36fc99-709a-422b-bdf8-3ad6901b33d0.jpg\" data-srcset=\"https:\/\/www.euhabitat.com\/wp-content\/uploads\/2026\/02\/7a36fc99-709a-422b-bdf8-3ad6901b33d0-200x135.jpg 200w, https:\/\/www.euhabitat.com\/wp-content\/uploads\/2026\/02\/7a36fc99-709a-422b-bdf8-3ad6901b33d0-300x203.jpg 300w, https:\/\/www.euhabitat.com\/wp-content\/uploads\/2026\/02\/7a36fc99-709a-422b-bdf8-3ad6901b33d0-400x271.jpg 400w, https:\/\/www.euhabitat.com\/wp-content\/uploads\/2026\/02\/7a36fc99-709a-422b-bdf8-3ad6901b33d0-600x406.jpg 600w, https:\/\/www.euhabitat.com\/wp-content\/uploads\/2026\/02\/7a36fc99-709a-422b-bdf8-3ad6901b33d0-768x520.jpg 768w, https:\/\/www.euhabitat.com\/wp-content\/uploads\/2026\/02\/7a36fc99-709a-422b-bdf8-3ad6901b33d0-800x541.jpg 800w, https:\/\/www.euhabitat.com\/wp-content\/uploads\/2026\/02\/7a36fc99-709a-422b-bdf8-3ad6901b33d0.jpg 1064w\" data-sizes=\"auto\" uk-cover>\t<\/div>\n\t\t<\/a>\n\t\t<div class=\"inx-property-list-item__body uk-card-body\">\n\t\t<div class=\"inx-property-list-item__title uk-card-title\">\n\t\t\t\t\t\t<a href=\"https:\/\/www.euhabitat.com\/de\/moeblierte-wohnungen-bonn\/objekt-19333\/?inx-backlink-url=https%3A%2F%2Fwww.euhabitat.com%2Fde%2Fsuchergebnisse%2F\" class=\"inx-link inx-oi--nutzungsart--waz inx-oi--vermarktungsart--miete-pacht\">\n\t\t\t\t\t\t\tTop Business Apartment mit Terrasse - N\u00e4he Posttower und UN-Campus in Bonn\t\t\t\t\t\t<\/a>\n\t\t\t\t\t<\/div>\n\n\t\t<div class=\"uk-margin-bottom\">\n\t\t\t\t\t\t<div class=\"inx-property-list-item__property-type\">\n\t\t\t\t<i class=\"inx-core-detail-icon flaticon-tag-1\" title=\"Apartment\"><\/i>\n\t\t\t\t<div>Apartment<\/div>\n\t\t\t<\/div>\n\t\t\t\n\t\t\t\t\t\t<div class=\"inx-property-list-item__location\" lang=\"de\">\n\t\t\t\t<i class=\"inx-core-detail-icon flaticon-placeholder\" title=\"Lage\"><\/i>\n\t\t\t\t<div>Bonn \n<br><span class=\"weitere-orte\">(Plittersdorf)<\/span><\/div>\n\t\t\t<\/div>\n\t\t\t\n\t\t\t<div class=\"inx-property-list-item__available-from\" lang=\"de\">\n\t\t\t\t<div class=\"show-de\" style=\"font-weight: 600;\">Bezugsfrei ab: <\/div><div class=\"show-en\" style=\"font-weight: 600;\">Available from: <\/div> 01.04.2026\t\t\t<\/div>\n\t\t\t<div class=\"inx-property-list-item__available-from\" lang=\"de\">\n\t\t\t\t<div class=\"show-de\" style=\"margin-right:0.3em;\"><strong>Objekt-ID:<\/strong><\/div><div class=\"show-en\" style=\"margin-right:0.3em;\"><strong>Object-ID: <\/strong><\/div>19333\t\t\t<\/div>\n\t\t<!--\t<div class=\"inx-property-list-item__available-from\" lang=\"de\">\n\t\t\t\t<div class=\"show-de\" style=\"font-weight: 600;\">Frei bis: <\/div><div class=\"show-en\" style=\"font-weight: 600;\">Vacant until: <\/div> \t\t\t<\/div>-->\n\t\t<\/div>\n<!--\n\t\t\t\t<p class=\"inx-property-list-item__excerpt\">Mehrfamilienhaus Neubau\/ Erstbezug mit Aufzug, \u00fcber den Aufzug gibt es einen direkten Zugang zur Tiefgarage\u2026<\/p>\n\t-->\n\t<\/div>\n\n\t<div class=\"inx-property-list-item__footer uk-card-footer\">\n\t\t\t\t<div class=\"inx-property-list-item__core-details uk-flex uk-flex-around\">\n\t\t\t\t\t\t<div>\n\t\t\t\t<i class=\"inx-core-detail-icon flaticon-size\" title=\"Wohnfl\u00e4che\"><\/i> 30&nbsp;m\u00b2\t\t\t<\/div>\n\t\t\t\n\t\t\t\n\t\t\t\t\t\t<div>\n\t\t\t\t<i class=\"inx-core-detail-icon flaticon-blueprint\" title=\"Zimmer\"><\/i> 1\t\t\t<\/div>\n\t\t\t\t\t<\/div>\n\t\t\n\t\t\t\t<a href=\"https:\/\/www.euhabitat.com\/de\/moeblierte-wohnungen-bonn\/objekt-19333\/?inx-backlink-url=https%3A%2F%2Fwww.euhabitat.com%2Fde%2Fsuchergebnisse%2F\" class=\"inx-property-list-item__property-price inx-property-price inx-oi--nutzungsart--waz inx-oi--vermarktungsart--miete-pacht inx-oi--inverted inx-link\">\n\t\t\t\t1.290&nbsp;\u20ac\t\t<\/a>\n\t\t\t\t\t<\/div>\n\n\t\t<div class=\"inx-property-list-item__labels uk-position-top-right\">\n\t\t\t\t<span class=\"inx-property-label inx-property-label--feldname--zw-region uk-label\">Bonn<\/span><br>\n\t\t\t\t<\/div>\n\t<\/div>\n\t\t<\/div>\n\n\t\t\t\t\n\t\t<div class=\"inx-property-list__item-wrap\">\n\t\t\t\t<div class=\"inx-property-list-item inx-property-list-item--card uk-card uk-card-default uk-animation-scale-up\">\n\t\t<a href=\"https:\/\/www.euhabitat.com\/de\/moeblierte-wohnungen-bonn\/objekt-20082\/?inx-backlink-url=https%3A%2F%2Fwww.euhabitat.com%2Fde%2Fsuchergebnisse%2F\">\n\t\t<div class=\"inx-property-list-item__media-top uk-card-media-top uk-cover-container\">\n\t\t<img decoding=\"async\" width=\"1024\" height=\"678\" src=\"https:\/\/www.euhabitat.com\/wp-content\/uploads\/2026\/03\/33e299fc-8fb5-4d82-9fce-12472d2f06aa.jpg\" class=\"attachment-large size-large lazyload wp-post-image\" alt=\"Objekt 20082\" srcset=\"data:image\/svg+xml,%3Csvg%20xmlns%3D%27http%3A%2F%2Fwww.w3.org%2F2000%2Fsvg%27%20width%3D%271024%27%20height%3D%27678%27%20viewBox%3D%270%200%201024%20678%27%3E%3Crect%20width%3D%271024%27%20height%3D%27678%27%20fill-opacity%3D%220%22%2F%3E%3C%2Fsvg%3E\" data-orig-src=\"https:\/\/www.euhabitat.com\/wp-content\/uploads\/2026\/03\/33e299fc-8fb5-4d82-9fce-12472d2f06aa.jpg\" data-srcset=\"https:\/\/www.euhabitat.com\/wp-content\/uploads\/2026\/03\/33e299fc-8fb5-4d82-9fce-12472d2f06aa-200x132.jpg 200w, https:\/\/www.euhabitat.com\/wp-content\/uploads\/2026\/03\/33e299fc-8fb5-4d82-9fce-12472d2f06aa-300x199.jpg 300w, https:\/\/www.euhabitat.com\/wp-content\/uploads\/2026\/03\/33e299fc-8fb5-4d82-9fce-12472d2f06aa-400x265.jpg 400w, https:\/\/www.euhabitat.com\/wp-content\/uploads\/2026\/03\/33e299fc-8fb5-4d82-9fce-12472d2f06aa-600x397.jpg 600w, https:\/\/www.euhabitat.com\/wp-content\/uploads\/2026\/03\/33e299fc-8fb5-4d82-9fce-12472d2f06aa-768x509.jpg 768w, https:\/\/www.euhabitat.com\/wp-content\/uploads\/2026\/03\/33e299fc-8fb5-4d82-9fce-12472d2f06aa-800x530.jpg 800w, https:\/\/www.euhabitat.com\/wp-content\/uploads\/2026\/03\/33e299fc-8fb5-4d82-9fce-12472d2f06aa.jpg 1024w\" data-sizes=\"auto\" uk-cover>\t<\/div>\n\t\t<\/a>\n\t\t<div class=\"inx-property-list-item__body uk-card-body\">\n\t\t<div class=\"inx-property-list-item__title uk-card-title\">\n\t\t\t\t\t\t<a href=\"https:\/\/www.euhabitat.com\/de\/moeblierte-wohnungen-bonn\/objekt-20082\/?inx-backlink-url=https%3A%2F%2Fwww.euhabitat.com%2Fde%2Fsuchergebnisse%2F\" class=\"inx-link inx-oi--nutzungsart--waz inx-oi--vermarktungsart--miete-pacht\">\n\t\t\t\t\t\t\tK\u00f6nigswinter: Charmante 3-Zimmerwohnung am Rhein\t\t\t\t\t\t<\/a>\n\t\t\t\t\t<\/div>\n\n\t\t<div class=\"uk-margin-bottom\">\n\t\t\t\t\t\t<div class=\"inx-property-list-item__property-type\">\n\t\t\t\t<i class=\"inx-core-detail-icon flaticon-tag-1\" title=\"Etagenwohnung\"><\/i>\n\t\t\t\t<div>Etagenwohnung<\/div>\n\t\t\t<\/div>\n\t\t\t\n\t\t\t\t\t\t<div class=\"inx-property-list-item__location\" lang=\"de\">\n\t\t\t\t<i class=\"inx-core-detail-icon flaticon-placeholder\" title=\"Lage\"><\/i>\n\t\t\t\t<div>Bonn-K\u00f6nigswinter \n<br><span class=\"weitere-orte\">(K\u00f6nigswinter)<\/span><\/div>\n\t\t\t<\/div>\n\t\t\t\n\t\t\t<div class=\"inx-property-list-item__available-from\" lang=\"de\">\n\t\t\t\t<div class=\"show-de\" style=\"font-weight: 600;\">Bezugsfrei ab: <\/div><div class=\"show-en\" style=\"font-weight: 600;\">Available from: <\/div> 18.03.2026\t\t\t<\/div>\n\t\t\t<div class=\"inx-property-list-item__available-from\" lang=\"de\">\n\t\t\t\t<div class=\"show-de\" style=\"margin-right:0.3em;\"><strong>Objekt-ID:<\/strong><\/div><div class=\"show-en\" style=\"margin-right:0.3em;\"><strong>Object-ID: <\/strong><\/div>20082\t\t\t<\/div>\n\t\t<!--\t<div class=\"inx-property-list-item__available-from\" lang=\"de\">\n\t\t\t\t<div class=\"show-de\" style=\"font-weight: 600;\">Frei bis: <\/div><div class=\"show-en\" style=\"font-weight: 600;\">Vacant until: <\/div> \t\t\t<\/div>-->\n\t\t<\/div>\n<!--\n\t\t\t\t<p class=\"inx-property-list-item__excerpt\">Objekt-ID: 20082 Gepflegtes Mehrfamilienhaus in K\u00f6nigswinter<\/p>\n\t-->\n\t<\/div>\n\n\t<div class=\"inx-property-list-item__footer uk-card-footer\">\n\t\t\t\t<div class=\"inx-property-list-item__core-details uk-flex uk-flex-around\">\n\t\t\t\t\t\t<div>\n\t\t\t\t<i class=\"inx-core-detail-icon flaticon-size\" title=\"Wohnfl\u00e4che\"><\/i> 64&nbsp;m\u00b2\t\t\t<\/div>\n\t\t\t\n\t\t\t\n\t\t\t\t\t\t<div>\n\t\t\t\t<i class=\"inx-core-detail-icon flaticon-blueprint\" title=\"Zimmer\"><\/i> 3\t\t\t<\/div>\n\t\t\t\t\t<\/div>\n\t\t\n\t\t\t\t<a href=\"https:\/\/www.euhabitat.com\/de\/moeblierte-wohnungen-bonn\/objekt-20082\/?inx-backlink-url=https%3A%2F%2Fwww.euhabitat.com%2Fde%2Fsuchergebnisse%2F\" class=\"inx-property-list-item__property-price inx-property-price inx-oi--nutzungsart--waz inx-oi--vermarktungsart--miete-pacht inx-oi--inverted inx-link\">\n\t\t\t\t1.400&nbsp;\u20ac\t\t<\/a>\n\t\t\t\t\t<\/div>\n\n\t\t<div class=\"inx-property-list-item__labels uk-position-top-right\">\n\t\t\t\t<span class=\"inx-property-label inx-property-label--feldname--zw-region uk-label\">Bonn<\/span><br>\n\t\t\t\t\t<span class=\"inx-property-label inx-property-label--gruppe--filmlink uk-label\">Video<\/span><br>\n\t\t\t\t<\/div>\n\t<\/div>\n\t\t<\/div>\n\n\t\t\t\t\n\t\t<div class=\"inx-property-list__item-wrap\">\n\t\t\t\t<div class=\"inx-property-list-item inx-property-list-item--card uk-card uk-card-default uk-animation-scale-up\">\n\t\t<a href=\"https:\/\/www.euhabitat.com\/de\/moeblierte-wohnungen-bonn\/objekt-19409\/?inx-backlink-url=https%3A%2F%2Fwww.euhabitat.com%2Fde%2Fsuchergebnisse%2F\">\n\t\t<div class=\"inx-property-list-item__media-top uk-card-media-top uk-cover-container\">\n\t\t<img decoding=\"async\" width=\"1080\" height=\"720\" src=\"https:\/\/www.euhabitat.com\/wp-content\/uploads\/2026\/02\/5b744ce1-1e0b-46fe-8554-83112175d7d4.jpg\" class=\"attachment-large size-large lazyload wp-post-image\" alt=\"kJvp3nTtOMF7Lt\" srcset=\"data:image\/svg+xml,%3Csvg%20xmlns%3D%27http%3A%2F%2Fwww.w3.org%2F2000%2Fsvg%27%20width%3D%271080%27%20height%3D%27720%27%20viewBox%3D%270%200%201080%20720%27%3E%3Crect%20width%3D%271080%27%20height%3D%27720%27%20fill-opacity%3D%220%22%2F%3E%3C%2Fsvg%3E\" data-orig-src=\"https:\/\/www.euhabitat.com\/wp-content\/uploads\/2026\/02\/5b744ce1-1e0b-46fe-8554-83112175d7d4.jpg\" data-srcset=\"https:\/\/www.euhabitat.com\/wp-content\/uploads\/2026\/02\/5b744ce1-1e0b-46fe-8554-83112175d7d4-200x133.jpg 200w, https:\/\/www.euhabitat.com\/wp-content\/uploads\/2026\/02\/5b744ce1-1e0b-46fe-8554-83112175d7d4-300x200.jpg 300w, https:\/\/www.euhabitat.com\/wp-content\/uploads\/2026\/02\/5b744ce1-1e0b-46fe-8554-83112175d7d4-400x267.jpg 400w, https:\/\/www.euhabitat.com\/wp-content\/uploads\/2026\/02\/5b744ce1-1e0b-46fe-8554-83112175d7d4-600x400.jpg 600w, https:\/\/www.euhabitat.com\/wp-content\/uploads\/2026\/02\/5b744ce1-1e0b-46fe-8554-83112175d7d4-768x512.jpg 768w, https:\/\/www.euhabitat.com\/wp-content\/uploads\/2026\/02\/5b744ce1-1e0b-46fe-8554-83112175d7d4-800x533.jpg 800w, https:\/\/www.euhabitat.com\/wp-content\/uploads\/2026\/02\/5b744ce1-1e0b-46fe-8554-83112175d7d4.jpg 1080w\" data-sizes=\"auto\" uk-cover>\t<\/div>\n\t\t<\/a>\n\t\t<div class=\"inx-property-list-item__body uk-card-body\">\n\t\t<div class=\"inx-property-list-item__title uk-card-title\">\n\t\t\t\t\t\t<a href=\"https:\/\/www.euhabitat.com\/de\/moeblierte-wohnungen-bonn\/objekt-19409\/?inx-backlink-url=https%3A%2F%2Fwww.euhabitat.com%2Fde%2Fsuchergebnisse%2F\" class=\"inx-link inx-oi--nutzungsart--waz inx-oi--vermarktungsart--miete-pacht\">\n\t\t\t\t\t\t\tEinfach Ankommen - im Herzen von Siegburg\t\t\t\t\t\t<\/a>\n\t\t\t\t\t<\/div>\n\n\t\t<div class=\"uk-margin-bottom\">\n\t\t\t\t\t\t<div class=\"inx-property-list-item__property-type\">\n\t\t\t\t<i class=\"inx-core-detail-icon flaticon-tag-1\" title=\"Erdgeschosswohnung\"><\/i>\n\t\t\t\t<div>Erdgeschosswohnung<\/div>\n\t\t\t<\/div>\n\t\t\t\n\t\t\t\t\t\t<div class=\"inx-property-list-item__location\" lang=\"de\">\n\t\t\t\t<i class=\"inx-core-detail-icon flaticon-placeholder\" title=\"Lage\"><\/i>\n\t\t\t\t<div>Deichhaus \n<br><span class=\"weitere-orte\">(Siegburg)<\/span><\/div>\n\t\t\t<\/div>\n\t\t\t\n\t\t\t<div class=\"inx-property-list-item__available-from\" lang=\"de\">\n\t\t\t\t<div class=\"show-de\" style=\"font-weight: 600;\">Bezugsfrei ab: <\/div><div class=\"show-en\" style=\"font-weight: 600;\">Available from: <\/div> 18.03.2026\t\t\t<\/div>\n\t\t\t<div class=\"inx-property-list-item__available-from\" lang=\"de\">\n\t\t\t\t<div class=\"show-de\" style=\"margin-right:0.3em;\"><strong>Objekt-ID:<\/strong><\/div><div class=\"show-en\" style=\"margin-right:0.3em;\"><strong>Object-ID: <\/strong><\/div>19409\t\t\t<\/div>\n\t\t<!--\t<div class=\"inx-property-list-item__available-from\" lang=\"de\">\n\t\t\t\t<div class=\"show-de\" style=\"font-weight: 600;\">Frei bis: <\/div><div class=\"show-en\" style=\"font-weight: 600;\">Vacant until: <\/div> \t\t\t<\/div>-->\n\t\t<\/div>\n<!--\n\t\t\t\t<p class=\"inx-property-list-item__excerpt\">Objektnummer: 19409 Gepflegtes Mehrfamilienhaus<\/p>\n\t-->\n\t<\/div>\n\n\t<div class=\"inx-property-list-item__footer uk-card-footer\">\n\t\t\t\t<div class=\"inx-property-list-item__core-details uk-flex uk-flex-around\">\n\t\t\t\t\t\t<div>\n\t\t\t\t<i class=\"inx-core-detail-icon flaticon-size\" title=\"Wohnfl\u00e4che\"><\/i> 45&nbsp;m\u00b2\t\t\t<\/div>\n\t\t\t\n\t\t\t\n\t\t\t\t\t\t<div>\n\t\t\t\t<i class=\"inx-core-detail-icon flaticon-blueprint\" title=\"Zimmer\"><\/i> 2\t\t\t<\/div>\n\t\t\t\t\t<\/div>\n\t\t\n\t\t\t\t<a href=\"https:\/\/www.euhabitat.com\/de\/moeblierte-wohnungen-bonn\/objekt-19409\/?inx-backlink-url=https%3A%2F%2Fwww.euhabitat.com%2Fde%2Fsuchergebnisse%2F\" class=\"inx-property-list-item__property-price inx-property-price inx-oi--nutzungsart--waz inx-oi--vermarktungsart--miete-pacht inx-oi--inverted inx-link\">\n\t\t\t\t1.450&nbsp;\u20ac\t\t<\/a>\n\t\t\t\t\t<\/div>\n\n\t\t<div class=\"inx-property-list-item__labels uk-position-top-right\">\n\t\t\t\t<span class=\"inx-property-label inx-property-label--feldname--zw-region uk-label\">Bonn<\/span><br>\n\t\t\t\t<\/div>\n\t<\/div>\n\t\t<\/div>\n\n\t\t\t\t\n\t\t<div class=\"inx-property-list__item-wrap\">\n\t\t\t\t<div class=\"inx-property-list-item inx-property-list-item--card uk-card uk-card-default uk-animation-scale-up\">\n\t\t<a href=\"https:\/\/www.euhabitat.com\/de\/moeblierte-wohnungen-bonn\/objekt-19274\/?inx-backlink-url=https%3A%2F%2Fwww.euhabitat.com%2Fde%2Fsuchergebnisse%2F\">\n\t\t<div class=\"inx-property-list-item__media-top uk-card-media-top uk-cover-container\">\n\t\t<img decoding=\"async\" width=\"1200\" height=\"790\" src=\"https:\/\/www.euhabitat.com\/wp-content\/uploads\/2026\/02\/642d3a33-51de-43f0-abb1-fceae441c149.jpg\" class=\"attachment-large size-large lazyload wp-post-image\" alt=\"Objekt 19274\" srcset=\"data:image\/svg+xml,%3Csvg%20xmlns%3D%27http%3A%2F%2Fwww.w3.org%2F2000%2Fsvg%27%20width%3D%271280%27%20height%3D%27843%27%20viewBox%3D%270%200%201280%20843%27%3E%3Crect%20width%3D%271280%27%20height%3D%27843%27%20fill-opacity%3D%220%22%2F%3E%3C%2Fsvg%3E\" data-orig-src=\"https:\/\/www.euhabitat.com\/wp-content\/uploads\/2026\/02\/642d3a33-51de-43f0-abb1-fceae441c149.jpg\" data-srcset=\"https:\/\/www.euhabitat.com\/wp-content\/uploads\/2026\/02\/642d3a33-51de-43f0-abb1-fceae441c149-200x132.jpg 200w, https:\/\/www.euhabitat.com\/wp-content\/uploads\/2026\/02\/642d3a33-51de-43f0-abb1-fceae441c149-300x198.jpg 300w, https:\/\/www.euhabitat.com\/wp-content\/uploads\/2026\/02\/642d3a33-51de-43f0-abb1-fceae441c149-400x263.jpg 400w, https:\/\/www.euhabitat.com\/wp-content\/uploads\/2026\/02\/642d3a33-51de-43f0-abb1-fceae441c149-600x395.jpg 600w, https:\/\/www.euhabitat.com\/wp-content\/uploads\/2026\/02\/642d3a33-51de-43f0-abb1-fceae441c149-768x506.jpg 768w, https:\/\/www.euhabitat.com\/wp-content\/uploads\/2026\/02\/642d3a33-51de-43f0-abb1-fceae441c149-800x527.jpg 800w, https:\/\/www.euhabitat.com\/wp-content\/uploads\/2026\/02\/642d3a33-51de-43f0-abb1-fceae441c149-1200x790.jpg 1200w, https:\/\/www.euhabitat.com\/wp-content\/uploads\/2026\/02\/642d3a33-51de-43f0-abb1-fceae441c149.jpg 1280w\" data-sizes=\"auto\" uk-cover>\t<\/div>\n\t\t<\/a>\n\t\t<div class=\"inx-property-list-item__body uk-card-body\">\n\t\t<div class=\"inx-property-list-item__title uk-card-title\">\n\t\t\t\t\t\t<a href=\"https:\/\/www.euhabitat.com\/de\/moeblierte-wohnungen-bonn\/objekt-19274\/?inx-backlink-url=https%3A%2F%2Fwww.euhabitat.com%2Fde%2Fsuchergebnisse%2F\" class=\"inx-link inx-oi--nutzungsart--waz inx-oi--vermarktungsart--miete-pacht\">\n\t\t\t\t\t\t\tFarbenfroh - Wohnung in Bonn-Endenich - Video Online\t\t\t\t\t\t<\/a>\n\t\t\t\t\t<\/div>\n\n\t\t<div class=\"uk-margin-bottom\">\n\t\t\t\t\t\t<div class=\"inx-property-list-item__property-type\">\n\t\t\t\t<i class=\"inx-core-detail-icon flaticon-tag-1\" title=\"Etagenwohnung\"><\/i>\n\t\t\t\t<div>Etagenwohnung<\/div>\n\t\t\t<\/div>\n\t\t\t\n\t\t\t\t\t\t<div class=\"inx-property-list-item__location\" lang=\"de\">\n\t\t\t\t<i class=\"inx-core-detail-icon flaticon-placeholder\" title=\"Lage\"><\/i>\n\t\t\t\t<div>Bonn \n<br><span class=\"weitere-orte\">(Endenich)<\/span><\/div>\n\t\t\t<\/div>\n\t\t\t\n\t\t\t<div class=\"inx-property-list-item__available-from\" lang=\"de\">\n\t\t\t\t<div class=\"show-de\" style=\"font-weight: 600;\">Bezugsfrei ab: <\/div><div class=\"show-en\" style=\"font-weight: 600;\">Available from: <\/div> 18.03.2026\t\t\t<\/div>\n\t\t\t<div class=\"inx-property-list-item__available-from\" lang=\"de\">\n\t\t\t\t<div class=\"show-de\" style=\"margin-right:0.3em;\"><strong>Objekt-ID:<\/strong><\/div><div class=\"show-en\" style=\"margin-right:0.3em;\"><strong>Object-ID: <\/strong><\/div>19274\t\t\t<\/div>\n\t\t<!--\t<div class=\"inx-property-list-item__available-from\" lang=\"de\">\n\t\t\t\t<div class=\"show-de\" style=\"font-weight: 600;\">Frei bis: <\/div><div class=\"show-en\" style=\"font-weight: 600;\">Vacant until: <\/div> \t\t\t<\/div>-->\n\t\t<\/div>\n<!--\n\t\t\t\t<p class=\"inx-property-list-item__excerpt\">gepflegtes Mehrfamilienhaus in zentraler Lage<\/p>\n\t-->\n\t<\/div>\n\n\t<div class=\"inx-property-list-item__footer uk-card-footer\">\n\t\t\t\t<div class=\"inx-property-list-item__core-details uk-flex uk-flex-around\">\n\t\t\t\t\t\t<div>\n\t\t\t\t<i class=\"inx-core-detail-icon flaticon-size\" title=\"Wohnfl\u00e4che\"><\/i> 66&nbsp;m\u00b2\t\t\t<\/div>\n\t\t\t\n\t\t\t\n\t\t\t\t\t\t<div>\n\t\t\t\t<i class=\"inx-core-detail-icon flaticon-blueprint\" title=\"Zimmer\"><\/i> 2\t\t\t<\/div>\n\t\t\t\t\t<\/div>\n\t\t\n\t\t\t\t<a href=\"https:\/\/www.euhabitat.com\/de\/moeblierte-wohnungen-bonn\/objekt-19274\/?inx-backlink-url=https%3A%2F%2Fwww.euhabitat.com%2Fde%2Fsuchergebnisse%2F\" class=\"inx-property-list-item__property-price inx-property-price inx-oi--nutzungsart--waz inx-oi--vermarktungsart--miete-pacht inx-oi--inverted inx-link\">\n\t\t\t\t1.590&nbsp;\u20ac\t\t<\/a>\n\t\t\t\t\t<\/div>\n\n\t\t<div class=\"inx-property-list-item__labels uk-position-top-right\">\n\t\t\t\t<span class=\"inx-property-label inx-property-label--feldname--zw-region uk-label\">Bonn<\/span><br>\n\t\t\t\t<\/div>\n\t<\/div>\n\t\t<\/div>\n\n\t\t\t\t\n\t\t<div class=\"inx-property-list__item-wrap\">\n\t\t\t\t<div class=\"inx-property-list-item inx-property-list-item--card uk-card uk-card-default uk-animation-scale-up\">\n\t\t<a href=\"https:\/\/www.euhabitat.com\/de\/moeblierte-wohnungen-bonn\/objekt-20071\/?inx-backlink-url=https%3A%2F%2Fwww.euhabitat.com%2Fde%2Fsuchergebnisse%2F\">\n\t\t<div class=\"inx-property-list-item__media-top uk-card-media-top uk-cover-container\">\n\t\t<img decoding=\"async\" width=\"1200\" height=\"801\" src=\"https:\/\/www.euhabitat.com\/wp-content\/uploads\/2026\/03\/eff53660-5a7e-4837-8452-9daafe41a85d.jpg\" class=\"attachment-large size-large lazyload wp-post-image\" alt=\"Objekt 20071\" srcset=\"data:image\/svg+xml,%3Csvg%20xmlns%3D%27http%3A%2F%2Fwww.w3.org%2F2000%2Fsvg%27%20width%3D%271280%27%20height%3D%27854%27%20viewBox%3D%270%200%201280%20854%27%3E%3Crect%20width%3D%271280%27%20height%3D%27854%27%20fill-opacity%3D%220%22%2F%3E%3C%2Fsvg%3E\" data-orig-src=\"https:\/\/www.euhabitat.com\/wp-content\/uploads\/2026\/03\/eff53660-5a7e-4837-8452-9daafe41a85d.jpg\" data-srcset=\"https:\/\/www.euhabitat.com\/wp-content\/uploads\/2026\/03\/eff53660-5a7e-4837-8452-9daafe41a85d-200x133.jpg 200w, https:\/\/www.euhabitat.com\/wp-content\/uploads\/2026\/03\/eff53660-5a7e-4837-8452-9daafe41a85d-300x200.jpg 300w, https:\/\/www.euhabitat.com\/wp-content\/uploads\/2026\/03\/eff53660-5a7e-4837-8452-9daafe41a85d-400x267.jpg 400w, https:\/\/www.euhabitat.com\/wp-content\/uploads\/2026\/03\/eff53660-5a7e-4837-8452-9daafe41a85d-600x400.jpg 600w, https:\/\/www.euhabitat.com\/wp-content\/uploads\/2026\/03\/eff53660-5a7e-4837-8452-9daafe41a85d-768x512.jpg 768w, https:\/\/www.euhabitat.com\/wp-content\/uploads\/2026\/03\/eff53660-5a7e-4837-8452-9daafe41a85d-800x534.jpg 800w, https:\/\/www.euhabitat.com\/wp-content\/uploads\/2026\/03\/eff53660-5a7e-4837-8452-9daafe41a85d-1200x801.jpg 1200w, https:\/\/www.euhabitat.com\/wp-content\/uploads\/2026\/03\/eff53660-5a7e-4837-8452-9daafe41a85d.jpg 1280w\" data-sizes=\"auto\" uk-cover>\t<\/div>\n\t\t<\/a>\n\t\t<div class=\"inx-property-list-item__body uk-card-body\">\n\t\t<div class=\"inx-property-list-item__title uk-card-title\">\n\t\t\t\t\t\t<a href=\"https:\/\/www.euhabitat.com\/de\/moeblierte-wohnungen-bonn\/objekt-20071\/?inx-backlink-url=https%3A%2F%2Fwww.euhabitat.com%2Fde%2Fsuchergebnisse%2F\" class=\"inx-link inx-oi--nutzungsart--waz inx-oi--vermarktungsart--miete-pacht\">\n\t\t\t\t\t\t\tNeuwertige 2-Zimmer-Wohnung in Bonn mit sonniger Terrasse\t\t\t\t\t\t<\/a>\n\t\t\t\t\t<\/div>\n\n\t\t<div class=\"uk-margin-bottom\">\n\t\t\t\t\t\t<div class=\"inx-property-list-item__property-type\">\n\t\t\t\t<i class=\"inx-core-detail-icon flaticon-tag-1\" title=\"Penthouse-Wohnung\"><\/i>\n\t\t\t\t<div>Penthouse-Wohnung<\/div>\n\t\t\t<\/div>\n\t\t\t\n\t\t\t\t\t\t<div class=\"inx-property-list-item__location\" lang=\"de\">\n\t\t\t\t<i class=\"inx-core-detail-icon flaticon-placeholder\" title=\"Lage\"><\/i>\n\t\t\t\t<div>Bonn \n<br><span class=\"weitere-orte\">(Hochkreuz)<\/span><\/div>\n\t\t\t<\/div>\n\t\t\t\n\t\t\t<div class=\"inx-property-list-item__available-from\" lang=\"de\">\n\t\t\t\t<div class=\"show-de\" style=\"font-weight: 600;\">Bezugsfrei ab: <\/div><div class=\"show-en\" style=\"font-weight: 600;\">Available from: <\/div> 18.03.2026\t\t\t<\/div>\n\t\t\t<div class=\"inx-property-list-item__available-from\" lang=\"de\">\n\t\t\t\t<div class=\"show-de\" style=\"margin-right:0.3em;\"><strong>Objekt-ID:<\/strong><\/div><div class=\"show-en\" style=\"margin-right:0.3em;\"><strong>Object-ID: <\/strong><\/div>20071\t\t\t<\/div>\n\t\t<!--\t<div class=\"inx-property-list-item__available-from\" lang=\"de\">\n\t\t\t\t<div class=\"show-de\" style=\"font-weight: 600;\">Frei bis: <\/div><div class=\"show-en\" style=\"font-weight: 600;\">Vacant until: <\/div> \t\t\t<\/div>-->\n\t\t<\/div>\n<!--\n\t\t\t\t<p class=\"inx-property-list-item__excerpt\">Objekt-ID : 20071 Neubau MFH<\/p>\n\t-->\n\t<\/div>\n\n\t<div class=\"inx-property-list-item__footer uk-card-footer\">\n\t\t\t\t<div class=\"inx-property-list-item__core-details uk-flex uk-flex-around\">\n\t\t\t\t\t\t<div>\n\t\t\t\t<i class=\"inx-core-detail-icon flaticon-size\" title=\"Wohnfl\u00e4che\"><\/i> 80&nbsp;m\u00b2\t\t\t<\/div>\n\t\t\t\n\t\t\t\n\t\t\t\t\t\t<div>\n\t\t\t\t<i class=\"inx-core-detail-icon flaticon-blueprint\" title=\"Zimmer\"><\/i> 2\t\t\t<\/div>\n\t\t\t\t\t<\/div>\n\t\t\n\t\t\t\t<a href=\"https:\/\/www.euhabitat.com\/de\/moeblierte-wohnungen-bonn\/objekt-20071\/?inx-backlink-url=https%3A%2F%2Fwww.euhabitat.com%2Fde%2Fsuchergebnisse%2F\" class=\"inx-property-list-item__property-price inx-property-price inx-oi--nutzungsart--waz inx-oi--vermarktungsart--miete-pacht inx-oi--inverted inx-link\">\n\t\t\t\t1.775&nbsp;\u20ac\t\t<\/a>\n\t\t\t\t\t<\/div>\n\n\t\t<div class=\"inx-property-list-item__labels uk-position-top-right\">\n\t\t\t\t<span class=\"inx-property-label inx-property-label--feldname--zw-region uk-label\">Bonn<\/span><br>\n\t\t\t\t<\/div>\n\t<\/div>\n\t\t<\/div>\n\n\t\t\t\t\n\t\t<div class=\"inx-property-list__item-wrap\">\n\t\t\t\t<div class=\"inx-property-list-item inx-property-list-item--card uk-card uk-card-default uk-animation-scale-up\">\n\t\t<a href=\"https:\/\/www.euhabitat.com\/de\/moeblierte-wohnungen-bonn\/objekt-19328\/?inx-backlink-url=https%3A%2F%2Fwww.euhabitat.com%2Fde%2Fsuchergebnisse%2F\">\n\t\t<div class=\"inx-property-list-item__media-top uk-card-media-top uk-cover-container\">\n\t\t<img decoding=\"async\" width=\"1200\" height=\"801\" src=\"https:\/\/www.euhabitat.com\/wp-content\/uploads\/2026\/03\/8d0b8d30-ad43-4763-a5cf-96efd83b0fa2.jpg\" class=\"attachment-large size-large lazyload wp-post-image\" alt=\"Objekt 19328\" srcset=\"data:image\/svg+xml,%3Csvg%20xmlns%3D%27http%3A%2F%2Fwww.w3.org%2F2000%2Fsvg%27%20width%3D%271280%27%20height%3D%27854%27%20viewBox%3D%270%200%201280%20854%27%3E%3Crect%20width%3D%271280%27%20height%3D%27854%27%20fill-opacity%3D%220%22%2F%3E%3C%2Fsvg%3E\" data-orig-src=\"https:\/\/www.euhabitat.com\/wp-content\/uploads\/2026\/03\/8d0b8d30-ad43-4763-a5cf-96efd83b0fa2.jpg\" data-srcset=\"https:\/\/www.euhabitat.com\/wp-content\/uploads\/2026\/03\/8d0b8d30-ad43-4763-a5cf-96efd83b0fa2-200x133.jpg 200w, https:\/\/www.euhabitat.com\/wp-content\/uploads\/2026\/03\/8d0b8d30-ad43-4763-a5cf-96efd83b0fa2-300x200.jpg 300w, https:\/\/www.euhabitat.com\/wp-content\/uploads\/2026\/03\/8d0b8d30-ad43-4763-a5cf-96efd83b0fa2-400x267.jpg 400w, https:\/\/www.euhabitat.com\/wp-content\/uploads\/2026\/03\/8d0b8d30-ad43-4763-a5cf-96efd83b0fa2-600x400.jpg 600w, https:\/\/www.euhabitat.com\/wp-content\/uploads\/2026\/03\/8d0b8d30-ad43-4763-a5cf-96efd83b0fa2-768x512.jpg 768w, https:\/\/www.euhabitat.com\/wp-content\/uploads\/2026\/03\/8d0b8d30-ad43-4763-a5cf-96efd83b0fa2-800x534.jpg 800w, https:\/\/www.euhabitat.com\/wp-content\/uploads\/2026\/03\/8d0b8d30-ad43-4763-a5cf-96efd83b0fa2-1200x801.jpg 1200w, https:\/\/www.euhabitat.com\/wp-content\/uploads\/2026\/03\/8d0b8d30-ad43-4763-a5cf-96efd83b0fa2.jpg 1280w\" data-sizes=\"auto\" uk-cover>\t<\/div>\n\t\t<\/a>\n\t\t<div class=\"inx-property-list-item__body uk-card-body\">\n\t\t<div class=\"inx-property-list-item__title uk-card-title\">\n\t\t\t\t\t\t<a href=\"https:\/\/www.euhabitat.com\/de\/moeblierte-wohnungen-bonn\/objekt-19328\/?inx-backlink-url=https%3A%2F%2Fwww.euhabitat.com%2Fde%2Fsuchergebnisse%2F\" class=\"inx-link inx-oi--nutzungsart--waz inx-oi--vermarktungsart--miete-pacht\">\n\t\t\t\t\t\t\tCozy Living: m\u00f6blierte Wohnung in Bad Godesberg-Nord\t\t\t\t\t\t<\/a>\n\t\t\t\t\t<\/div>\n\n\t\t<div class=\"uk-margin-bottom\">\n\t\t\t\t\t\t<div class=\"inx-property-list-item__property-type\">\n\t\t\t\t<i class=\"inx-core-detail-icon flaticon-tag-1\" title=\"Etagenwohnung\"><\/i>\n\t\t\t\t<div>Etagenwohnung<\/div>\n\t\t\t<\/div>\n\t\t\t\n\t\t\t\t\t\t<div class=\"inx-property-list-item__location\" lang=\"de\">\n\t\t\t\t<i class=\"inx-core-detail-icon flaticon-placeholder\" title=\"Lage\"><\/i>\n\t\t\t\t<div>Bad Godesberg \n<br><span class=\"weitere-orte\">(Bonn)<\/span><\/div>\n\t\t\t<\/div>\n\t\t\t\n\t\t\t<div class=\"inx-property-list-item__available-from\" lang=\"de\">\n\t\t\t\t<div class=\"show-de\" style=\"font-weight: 600;\">Bezugsfrei ab: <\/div><div class=\"show-en\" style=\"font-weight: 600;\">Available from: <\/div> 06.06.2026\t\t\t<\/div>\n\t\t\t<div class=\"inx-property-list-item__available-from\" lang=\"de\">\n\t\t\t\t<div class=\"show-de\" style=\"margin-right:0.3em;\"><strong>Objekt-ID:<\/strong><\/div><div class=\"show-en\" style=\"margin-right:0.3em;\"><strong>Object-ID: <\/strong><\/div>19328\t\t\t<\/div>\n\t\t<!--\t<div class=\"inx-property-list-item__available-from\" lang=\"de\">\n\t\t\t\t<div class=\"show-de\" style=\"font-weight: 600;\">Frei bis: <\/div><div class=\"show-en\" style=\"font-weight: 600;\">Vacant until: <\/div> \t\t\t<\/div>-->\n\t\t<\/div>\n<!--\n\t\t\t\t<p class=\"inx-property-list-item__excerpt\">Objektnummer: 19328 gepflegtes Mehrfamilienhaus mit sehr guten Parkbedingungen vor dem Haus<\/p>\n\t-->\n\t<\/div>\n\n\t<div class=\"inx-property-list-item__footer uk-card-footer\">\n\t\t\t\t<div class=\"inx-property-list-item__core-details uk-flex uk-flex-around\">\n\t\t\t\t\t\t<div>\n\t\t\t\t<i class=\"inx-core-detail-icon flaticon-size\" title=\"Wohnfl\u00e4che\"><\/i> 80&nbsp;m\u00b2\t\t\t<\/div>\n\t\t\t\n\t\t\t\n\t\t\t\t\t\t<div>\n\t\t\t\t<i class=\"inx-core-detail-icon flaticon-blueprint\" title=\"Zimmer\"><\/i> 3\t\t\t<\/div>\n\t\t\t\t\t<\/div>\n\t\t\n\t\t\t\t<a href=\"https:\/\/www.euhabitat.com\/de\/moeblierte-wohnungen-bonn\/objekt-19328\/?inx-backlink-url=https%3A%2F%2Fwww.euhabitat.com%2Fde%2Fsuchergebnisse%2F\" class=\"inx-property-list-item__property-price inx-property-price inx-oi--nutzungsart--waz inx-oi--vermarktungsart--miete-pacht inx-oi--inverted inx-link\">\n\t\t\t\t2.200&nbsp;\u20ac\t\t<\/a>\n\t\t\t\t\t<\/div>\n\n\t\t<div class=\"inx-property-list-item__labels uk-position-top-right\">\n\t\t\t\t<span class=\"inx-property-label inx-property-label--feldname--zw-region uk-label\">Bonn<\/span><br>\n\t\t\t\t<\/div>\n\t<\/div>\n\t\t<\/div>\n\n\t\t\t\t\n\t\t<div class=\"inx-property-list__item-wrap\">\n\t\t\t\t<div class=\"inx-property-list-item inx-property-list-item--card uk-card uk-card-default uk-animation-scale-up\">\n\t\t<a href=\"https:\/\/www.euhabitat.com\/de\/moeblierte-wohnungen-bonn\/objekt-19766\/?inx-backlink-url=https%3A%2F%2Fwww.euhabitat.com%2Fde%2Fsuchergebnisse%2F\">\n\t\t<div class=\"inx-property-list-item__media-top uk-card-media-top uk-cover-container\">\n\t\t<img decoding=\"async\" width=\"1024\" height=\"683\" src=\"https:\/\/www.euhabitat.com\/wp-content\/uploads\/2026\/02\/9f5ac798-2103-4bc9-b3e3-7e3259095d9e.jpg\" class=\"attachment-large size-large lazyload wp-post-image\" alt=\"Objekt 19766\" srcset=\"data:image\/svg+xml,%3Csvg%20xmlns%3D%27http%3A%2F%2Fwww.w3.org%2F2000%2Fsvg%27%20width%3D%271024%27%20height%3D%27683%27%20viewBox%3D%270%200%201024%20683%27%3E%3Crect%20width%3D%271024%27%20height%3D%27683%27%20fill-opacity%3D%220%22%2F%3E%3C%2Fsvg%3E\" data-orig-src=\"https:\/\/www.euhabitat.com\/wp-content\/uploads\/2026\/02\/9f5ac798-2103-4bc9-b3e3-7e3259095d9e.jpg\" data-srcset=\"https:\/\/www.euhabitat.com\/wp-content\/uploads\/2026\/02\/9f5ac798-2103-4bc9-b3e3-7e3259095d9e-200x133.jpg 200w, https:\/\/www.euhabitat.com\/wp-content\/uploads\/2026\/02\/9f5ac798-2103-4bc9-b3e3-7e3259095d9e-300x200.jpg 300w, https:\/\/www.euhabitat.com\/wp-content\/uploads\/2026\/02\/9f5ac798-2103-4bc9-b3e3-7e3259095d9e-400x267.jpg 400w, https:\/\/www.euhabitat.com\/wp-content\/uploads\/2026\/02\/9f5ac798-2103-4bc9-b3e3-7e3259095d9e-600x400.jpg 600w, https:\/\/www.euhabitat.com\/wp-content\/uploads\/2026\/02\/9f5ac798-2103-4bc9-b3e3-7e3259095d9e-768x512.jpg 768w, https:\/\/www.euhabitat.com\/wp-content\/uploads\/2026\/02\/9f5ac798-2103-4bc9-b3e3-7e3259095d9e-800x534.jpg 800w, https:\/\/www.euhabitat.com\/wp-content\/uploads\/2026\/02\/9f5ac798-2103-4bc9-b3e3-7e3259095d9e.jpg 1024w\" data-sizes=\"auto\" uk-cover>\t<\/div>\n\t\t<\/a>\n\t\t<div class=\"inx-property-list-item__body uk-card-body\">\n\t\t<div class=\"inx-property-list-item__title uk-card-title\">\n\t\t\t\t\t\t<a href=\"https:\/\/www.euhabitat.com\/de\/moeblierte-wohnungen-bonn\/objekt-19766\/?inx-backlink-url=https%3A%2F%2Fwww.euhabitat.com%2Fde%2Fsuchergebnisse%2F\" class=\"inx-link inx-oi--nutzungsart--waz inx-oi--vermarktungsart--miete-pacht\">\n\t\t\t\t\t\t\tGro\u00dfz\u00fcgige Wohnung mit Balkon und Garage in Troisdorf\t\t\t\t\t\t<\/a>\n\t\t\t\t\t<\/div>\n\n\t\t<div class=\"uk-margin-bottom\">\n\t\t\t\t\t\t<div class=\"inx-property-list-item__property-type\">\n\t\t\t\t<i class=\"inx-core-detail-icon flaticon-tag-1\" title=\"Etagenwohnung\"><\/i>\n\t\t\t\t<div>Etagenwohnung<\/div>\n\t\t\t<\/div>\n\t\t\t\n\t\t\t\t\t\t<div class=\"inx-property-list-item__location\" lang=\"de\">\n\t\t\t\t<i class=\"inx-core-detail-icon flaticon-placeholder\" title=\"Lage\"><\/i>\n\t\t\t\t<div>Altenrath \n<br><span class=\"weitere-orte\">(Troisdorf)<\/span><\/div>\n\t\t\t<\/div>\n\t\t\t\n\t\t\t<div class=\"inx-property-list-item__available-from\" lang=\"de\">\n\t\t\t\t<div class=\"show-de\" style=\"font-weight: 600;\">Bezugsfrei ab: <\/div><div class=\"show-en\" style=\"font-weight: 600;\">Available from: <\/div> 18.03.2026\t\t\t<\/div>\n\t\t\t<div class=\"inx-property-list-item__available-from\" lang=\"de\">\n\t\t\t\t<div class=\"show-de\" style=\"margin-right:0.3em;\"><strong>Objekt-ID:<\/strong><\/div><div class=\"show-en\" style=\"margin-right:0.3em;\"><strong>Object-ID: <\/strong><\/div>19766\t\t\t<\/div>\n\t\t<!--\t<div class=\"inx-property-list-item__available-from\" lang=\"de\">\n\t\t\t\t<div class=\"show-de\" style=\"font-weight: 600;\">Frei bis: <\/div><div class=\"show-en\" style=\"font-weight: 600;\">Vacant until: <\/div> \t\t\t<\/div>-->\n\t\t<\/div>\n<!--\n\t\t\t\t<p class=\"inx-property-list-item__excerpt\">Objektnummer: 19766 gepflegtes Zweifamilienhaus in ruhiger Lage<\/p>\n\t-->\n\t<\/div>\n\n\t<div class=\"inx-property-list-item__footer uk-card-footer\">\n\t\t\t\t<div class=\"inx-property-list-item__core-details uk-flex uk-flex-around\">\n\t\t\t\t\t\t<div>\n\t\t\t\t<i class=\"inx-core-detail-icon flaticon-size\" title=\"Wohnfl\u00e4che\"><\/i> 80&nbsp;m\u00b2\t\t\t<\/div>\n\t\t\t\n\t\t\t\n\t\t\t\t\t\t<div>\n\t\t\t\t<i class=\"inx-core-detail-icon flaticon-blueprint\" title=\"Zimmer\"><\/i> 2\t\t\t<\/div>\n\t\t\t\t\t<\/div>\n\t\t\n\t\t\t\t<a href=\"https:\/\/www.euhabitat.com\/de\/moeblierte-wohnungen-bonn\/objekt-19766\/?inx-backlink-url=https%3A%2F%2Fwww.euhabitat.com%2Fde%2Fsuchergebnisse%2F\" class=\"inx-property-list-item__property-price inx-property-price inx-oi--nutzungsart--waz inx-oi--vermarktungsart--miete-pacht inx-oi--inverted inx-link\">\n\t\t\t\t2.200&nbsp;\u20ac\t\t<\/a>\n\t\t\t\t\t<\/div>\n\n\t\t<div class=\"inx-property-list-item__labels uk-position-top-right\">\n\t\t\t\t<span class=\"inx-property-label inx-property-label--feldname--zw-region uk-label\">Bonn<\/span><br>\n\t\t\t\t<\/div>\n\t<\/div>\n\t\t<\/div>\n\n\t\t\t\t\t<\/div>\n<\/div>\n<\/p>\n<\/div><div class=\"fusion-text fusion-text-5\"><div class=\"inx-pagination uk-margin-top\">\n\t<\/div>\n\n<\/div><\/div><style type=\"text\/css\">.fusion-body .fusion-builder-column-3{width:100% !important;margin-top : 0px;margin-bottom : 20px;}.fusion-builder-column-3 > .fusion-column-wrapper {padding-top : 0px !important;padding-right : 0px !important;margin-right : 1.92%;padding-bottom : 0px !important;padding-left : 0px !important;margin-left : 1.92%;}@media only screen and (max-width:1024px) {.fusion-body .fusion-builder-column-3{width:100% !important;order : 0;}.fusion-builder-column-3 > .fusion-column-wrapper {margin-right : 1.92%;margin-left : 1.92%;}}@media only screen and (max-width:768px) {.fusion-body .fusion-builder-column-3{width:100% !important;order : 0;}.fusion-builder-column-3 > .fusion-column-wrapper {margin-right : 1.92%;margin-left : 1.92%;}}<\/style><\/div><\/div><style type=\"text\/css\">.fusion-body .fusion-flex-container.fusion-builder-row-4{ padding-top : 0px;margin-top : 0px;padding-right : 0px;padding-bottom : 0px;margin-bottom : 0px;padding-left : 0px;}<\/style><\/div><div class=\"fusion-fullwidth fullwidth-box fusion-builder-row-5 fusion-flex-container has-pattern-background has-mask-background nonhundred-percent-fullwidth non-hundred-percent-height-scrolling\" style=\"background-color: rgba(255,255,255,0);background-position: center center;background-repeat: no-repeat;border-width: 0px 0px 0px 0px;border-color:var(--awb-color3);border-style:solid;\" ><div class=\"fusion-builder-row fusion-row fusion-flex-align-items-flex-start\" style=\"max-width:1248px;margin-left: calc(-4% \/ 2 );margin-right: calc(-4% \/ 2 );\"><div class=\"fusion-layout-column fusion_builder_column fusion-builder-column-4 fusion_builder_column_1_1 1_1 fusion-flex-column\"><div class=\"fusion-column-wrapper fusion-flex-justify-content-flex-start fusion-content-layout-column\" style=\"background-position:left top;background-repeat:no-repeat;-webkit-background-size:cover;-moz-background-size:cover;-o-background-size:cover;background-size:cover;padding: 0px 0px 0px 0px;\"><div class=\"fusion-text fusion-text-6\"><h5>Haben Sie Ihren Favoriten in Bonn gefunden?<\/h5>\n<p><strong>So funktioniert\u2019s:<\/strong><\/p>\n<p>&#8211; das favorisierte Objekt aussuchen und anfragen<br \/>\n&#8211; besichtigen oder direkt buchen<br \/>\n&#8211; ab 1 Monat bis zu mehreren Jahren<\/p>\n<p>Nichts gefunden? <a href=\"https:\/\/www.euhabitat.com\/de\/individuelle-anfrage\/individuelle-anfrage-bonn\/\"><strong>Bitte hier klicken<\/strong><\/a><\/p>\n<p><strong>Beliebte Stadtteile<\/strong> M\u00f6blierte Apartments und Wohnungen in Bonn Zentrum, S\u00fcdstadt, Altstadt, Dottendorf, Kessenich, Musikerviertel, Bad Godesberg, Beuel, Poppelsdorf, Oberkassel, Endenich, Ippendorf, Weststadt, Plittersdorf, Bonn linksrheinisch, rechtsrheinisch, City, S\u00fcden, Westen, Norden, Osten, Flughafen<\/p>\n<\/div><\/div><style type=\"text\/css\">.fusion-body .fusion-builder-column-4{width:100% !important;margin-top : 0px;margin-bottom : 20px;}.fusion-builder-column-4 > .fusion-column-wrapper {padding-top : 0px !important;padding-right : 0px !important;margin-right : 1.92%;padding-bottom : 0px !important;padding-left : 0px !important;margin-left : 1.92%;}@media only screen and (max-width:1024px) {.fusion-body .fusion-builder-column-4{width:100% !important;order : 0;}.fusion-builder-column-4 > .fusion-column-wrapper {margin-right : 1.92%;margin-left : 1.92%;}}@media only screen and (max-width:768px) {.fusion-body .fusion-builder-column-4{width:100% !important;order : 0;}.fusion-builder-column-4 > .fusion-column-wrapper {margin-right : 1.92%;margin-left : 1.92%;}}<\/style><\/div><\/div><style type=\"text\/css\">.fusion-body .fusion-flex-container.fusion-builder-row-5{ padding-top : 2em;margin-top : 0px;padding-right : 0px;padding-bottom : 3em;margin-bottom : 0px;padding-left : 0px;}<\/style><\/div><\/p>\n","protected":false},"excerpt":{"rendered":"","protected":false},"author":1,"featured_media":0,"parent":0,"menu_order":6,"comment_status":"open","ping_status":"closed","template":"100-width.php","meta":{"footnotes":""},"class_list":["post-92313","page","type-page","status-publish","hentry"],"yoast_head":"<!-- This site is optimized with the Yoast SEO plugin v21.3 - https:\/\/yoast.com\/wordpress\/plugins\/seo\/ -->\n<title>M\u00f6blierte Wohnungen in Bonn \u2013 euhabitat<\/title>\n<meta name=\"description\" content=\"Finden Sie Ihre m\u00f6blierte Wohnung in Bonn mit euhabitat. Ideal f\u00fcr Gesch\u00e4ftsleute und Jobwechsler! Jetzt verf\u00fcgbare Objekte ansehen &amp; anfragen.\" \/>\n<meta name=\"robots\" content=\"index, follow, max-snippet:-1, max-image-preview:large, max-video-preview:-1\" \/>\n<meta property=\"og:locale\" content=\"de_DE\" \/>\n<meta property=\"og:type\" content=\"article\" \/>\n<meta property=\"og:title\" content=\"M\u00f6blierte Wohnungen in Bonn \u2013 euhabitat\" \/>\n<meta property=\"og:description\" content=\"Finden Sie Ihre m\u00f6blierte Wohnung in Bonn mit euhabitat. Ideal f\u00fcr Gesch\u00e4ftsleute und Jobwechsler! Jetzt verf\u00fcgbare Objekte ansehen &amp; anfragen.\" \/>\n<meta property=\"og:url\" content=\"https:\/\/www.euhabitat.com\/de\/moeblierte-wohnungen-bonn\/\" \/>\n<meta property=\"og:site_name\" content=\"euhabitat\" \/>\n<meta property=\"article:publisher\" content=\"https:\/\/www.facebook.com\/euhabitat\" \/>\n<meta property=\"article:modified_time\" content=\"2022-11-11T18:15:06+00:00\" \/>\n<meta name=\"twitter:card\" content=\"summary_large_image\" \/>\n<meta name=\"twitter:label1\" content=\"Gesch\u00e4tzte Lesezeit\" \/>\n\t<meta name=\"twitter:data1\" content=\"9\u00a0Minuten\" \/>\n<script type=\"application\/ld+json\" class=\"yoast-schema-graph\">{\"@context\":\"https:\/\/schema.org\",\"@graph\":[{\"@type\":\"WebPage\",\"@id\":\"https:\/\/www.euhabitat.com\/de\/moeblierte-wohnungen-bonn\/\",\"url\":\"https:\/\/www.euhabitat.com\/de\/moeblierte-wohnungen-bonn\/\",\"name\":\"M\u00f6blierte Wohnungen in Bonn \u2013 euhabitat\",\"isPartOf\":{\"@id\":\"https:\/\/www.euhabitat.com\/de\/#website\"},\"datePublished\":\"2019-07-06T10:30:27+00:00\",\"dateModified\":\"2022-11-11T18:15:06+00:00\",\"description\":\"Finden Sie Ihre m\u00f6blierte Wohnung in Bonn mit euhabitat. Ideal f\u00fcr Gesch\u00e4ftsleute und Jobwechsler! Jetzt verf\u00fcgbare Objekte ansehen & anfragen.\",\"breadcrumb\":{\"@id\":\"https:\/\/www.euhabitat.com\/de\/moeblierte-wohnungen-bonn\/#breadcrumb\"},\"inLanguage\":\"de\",\"potentialAction\":[{\"@type\":\"ReadAction\",\"target\":[\"https:\/\/www.euhabitat.com\/de\/moeblierte-wohnungen-bonn\/\"]}]},{\"@type\":\"BreadcrumbList\",\"@id\":\"https:\/\/www.euhabitat.com\/de\/moeblierte-wohnungen-bonn\/#breadcrumb\",\"itemListElement\":[{\"@type\":\"ListItem\",\"position\":1,\"name\":\"Startseite\",\"item\":\"https:\/\/www.euhabitat.com\/de\/\"},{\"@type\":\"ListItem\",\"position\":2,\"name\":\"M\u00f6blierte Wohnungen Bonn\"}]},{\"@type\":\"WebSite\",\"@id\":\"https:\/\/www.euhabitat.com\/de\/#website\",\"url\":\"https:\/\/www.euhabitat.com\/de\/\",\"name\":\"euhabitat\",\"description\":\"Furnished Apartments in Cologne Bonn Essen Berlin Nuremberg\",\"publisher\":{\"@id\":\"https:\/\/www.euhabitat.com\/de\/#organization\"},\"potentialAction\":[{\"@type\":\"SearchAction\",\"target\":{\"@type\":\"EntryPoint\",\"urlTemplate\":\"https:\/\/www.euhabitat.com\/de\/?s={search_term_string}\"},\"query-input\":\"required name=search_term_string\"}],\"inLanguage\":\"de\"},{\"@type\":\"Organization\",\"@id\":\"https:\/\/www.euhabitat.com\/de\/#organization\",\"name\":\"euhabitat\",\"url\":\"https:\/\/www.euhabitat.com\/de\/\",\"logo\":{\"@type\":\"ImageObject\",\"inLanguage\":\"de\",\"@id\":\"https:\/\/www.euhabitat.com\/de\/#\/schema\/logo\/image\/\",\"url\":\"https:\/\/www.euhabitat.com\/wp-content\/uploads\/2019\/12\/euhabitat-logo_600px-1.png\",\"contentUrl\":\"https:\/\/www.euhabitat.com\/wp-content\/uploads\/2019\/12\/euhabitat-logo_600px-1.png\",\"width\":600,\"height\":182,\"caption\":\"euhabitat\"},\"image\":{\"@id\":\"https:\/\/www.euhabitat.com\/de\/#\/schema\/logo\/image\/\"},\"sameAs\":[\"https:\/\/www.facebook.com\/euhabitat\",\"https:\/\/www.linkedin.com\/company\/37749063\/\"]}]}<\/script>\n<!-- \/ Yoast SEO plugin. -->","yoast_head_json":{"title":"M\u00f6blierte Wohnungen in Bonn \u2013 euhabitat","description":"Finden Sie Ihre m\u00f6blierte Wohnung in Bonn mit euhabitat. Ideal f\u00fcr Gesch\u00e4ftsleute und Jobwechsler! Jetzt verf\u00fcgbare Objekte ansehen & anfragen.","robots":{"index":"index","follow":"follow","max-snippet":"max-snippet:-1","max-image-preview":"max-image-preview:large","max-video-preview":"max-video-preview:-1"},"og_locale":"de_DE","og_type":"article","og_title":"M\u00f6blierte Wohnungen in Bonn \u2013 euhabitat","og_description":"Finden Sie Ihre m\u00f6blierte Wohnung in Bonn mit euhabitat. Ideal f\u00fcr Gesch\u00e4ftsleute und Jobwechsler! Jetzt verf\u00fcgbare Objekte ansehen & anfragen.","og_url":"https:\/\/www.euhabitat.com\/de\/moeblierte-wohnungen-bonn\/","og_site_name":"euhabitat","article_publisher":"https:\/\/www.facebook.com\/euhabitat","article_modified_time":"2022-11-11T18:15:06+00:00","twitter_card":"summary_large_image","twitter_misc":{"Gesch\u00e4tzte Lesezeit":"9\u00a0Minuten"},"schema":{"@context":"https:\/\/schema.org","@graph":[{"@type":"WebPage","@id":"https:\/\/www.euhabitat.com\/de\/moeblierte-wohnungen-bonn\/","url":"https:\/\/www.euhabitat.com\/de\/moeblierte-wohnungen-bonn\/","name":"M\u00f6blierte Wohnungen in Bonn \u2013 euhabitat","isPartOf":{"@id":"https:\/\/www.euhabitat.com\/de\/#website"},"datePublished":"2019-07-06T10:30:27+00:00","dateModified":"2022-11-11T18:15:06+00:00","description":"Finden Sie Ihre m\u00f6blierte Wohnung in Bonn mit euhabitat. Ideal f\u00fcr Gesch\u00e4ftsleute und Jobwechsler! Jetzt verf\u00fcgbare Objekte ansehen & anfragen.","breadcrumb":{"@id":"https:\/\/www.euhabitat.com\/de\/moeblierte-wohnungen-bonn\/#breadcrumb"},"inLanguage":"de","potentialAction":[{"@type":"ReadAction","target":["https:\/\/www.euhabitat.com\/de\/moeblierte-wohnungen-bonn\/"]}]},{"@type":"BreadcrumbList","@id":"https:\/\/www.euhabitat.com\/de\/moeblierte-wohnungen-bonn\/#breadcrumb","itemListElement":[{"@type":"ListItem","position":1,"name":"Startseite","item":"https:\/\/www.euhabitat.com\/de\/"},{"@type":"ListItem","position":2,"name":"M\u00f6blierte Wohnungen Bonn"}]},{"@type":"WebSite","@id":"https:\/\/www.euhabitat.com\/de\/#website","url":"https:\/\/www.euhabitat.com\/de\/","name":"euhabitat","description":"Furnished Apartments in Cologne Bonn Essen Berlin Nuremberg","publisher":{"@id":"https:\/\/www.euhabitat.com\/de\/#organization"},"potentialAction":[{"@type":"SearchAction","target":{"@type":"EntryPoint","urlTemplate":"https:\/\/www.euhabitat.com\/de\/?s={search_term_string}"},"query-input":"required name=search_term_string"}],"inLanguage":"de"},{"@type":"Organization","@id":"https:\/\/www.euhabitat.com\/de\/#organization","name":"euhabitat","url":"https:\/\/www.euhabitat.com\/de\/","logo":{"@type":"ImageObject","inLanguage":"de","@id":"https:\/\/www.euhabitat.com\/de\/#\/schema\/logo\/image\/","url":"https:\/\/www.euhabitat.com\/wp-content\/uploads\/2019\/12\/euhabitat-logo_600px-1.png","contentUrl":"https:\/\/www.euhabitat.com\/wp-content\/uploads\/2019\/12\/euhabitat-logo_600px-1.png","width":600,"height":182,"caption":"euhabitat"},"image":{"@id":"https:\/\/www.euhabitat.com\/de\/#\/schema\/logo\/image\/"},"sameAs":["https:\/\/www.facebook.com\/euhabitat","https:\/\/www.linkedin.com\/company\/37749063\/"]}]}},"_links":{"self":[{"href":"https:\/\/www.euhabitat.com\/de\/wp-json\/wp\/v2\/pages\/92313","targetHints":{"allow":["GET"]}}],"collection":[{"href":"https:\/\/www.euhabitat.com\/de\/wp-json\/wp\/v2\/pages"}],"about":[{"href":"https:\/\/www.euhabitat.com\/de\/wp-json\/wp\/v2\/types\/page"}],"author":[{"embeddable":true,"href":"https:\/\/www.euhabitat.com\/de\/wp-json\/wp\/v2\/users\/1"}],"replies":[{"embeddable":true,"href":"https:\/\/www.euhabitat.com\/de\/wp-json\/wp\/v2\/comments?post=92313"}],"version-history":[{"count":4,"href":"https:\/\/www.euhabitat.com\/de\/wp-json\/wp\/v2\/pages\/92313\/revisions"}],"predecessor-version":[{"id":2584364,"href":"https:\/\/www.euhabitat.com\/de\/wp-json\/wp\/v2\/pages\/92313\/revisions\/2584364"}],"wp:attachment":[{"href":"https:\/\/www.euhabitat.com\/de\/wp-json\/wp\/v2\/media?parent=92313"}],"curies":[{"name":"wp","href":"https:\/\/api.w.org\/{rel}","templated":true}]}}