{"id":236414,"date":"2020-02-24T17:20:38","date_gmt":"2020-02-24T16:20:38","guid":{"rendered":"https:\/\/www.euhabitat.com\/?page_id=236414"},"modified":"2023-11-22T07:18:14","modified_gmt":"2023-11-22T06:18:14","slug":"moeblierte-wohnungen-frankfurt","status":"publish","type":"page","link":"https:\/\/www.euhabitat.com\/de\/moeblierte-wohnungen-frankfurt\/","title":{"rendered":"M\u00f6blierte Wohnungen Frankfurt"},"content":{"rendered":"<p><div class=\"fusion-fullwidth fullwidth-box fusion-builder-row-1 fusion-flex-container has-pattern-background has-mask-background immo-map hundred-percent-fullwidth non-hundred-percent-height-scrolling\" style=\"background-color: rgba(255,255,255,0);background-position: center center;background-repeat: no-repeat;border-width: 0px 0px 0px 0px;border-color:var(--awb-color3);border-style:solid;\" ><div class=\"fusion-builder-row fusion-row fusion-flex-align-items-flex-start\" style=\"width:104% !important;max-width:104% !important;margin-left: calc(-4% \/ 2 );margin-right: calc(-4% \/ 2 );\"><div class=\"fusion-layout-column fusion_builder_column fusion-builder-column-0 fusion_builder_column_1_1 1_1 fusion-flex-column\"><div class=\"fusion-column-wrapper fusion-flex-justify-content-flex-start fusion-content-layout-column\" style=\"background-position:left top;background-repeat:no-repeat;-webkit-background-size:cover;-moz-background-size:cover;-o-background-size:cover;background-size:cover;padding: 0px 0px 0px 0px;\"><div class=\"fusion-text fusion-text-1\"><div id=\"inx-property-map\" class=\"inx-property-map-container inx-container\">\n\t<inx-property-open-layers-map\n\t\t:lat=\"49.858784\"\n\t\t:lng=\"6.785441\"\n\t\t:zoom=\"12\"\n\t\t:auto-fit=\"true\"\n\t\tmarker-set-id=\"inx-property-map\"\n\t\tmarker-icon-url=\"https:\/\/www.euhabitat.com\/wp-content\/themes\/Avada-Child-Theme\/immonex-kickstart\/euhabitat\/images\/location-pin.png\"\n\t\tprivacy-note=\"Diese Website nutzt Kartendienste der OpenStreetMap Foundation, St John\u2019s Innovation Centre, Cowley Road, Cambridge, CB4 0WS, Gro\u00dfbritannien (kurz OSMF). Ihr Internetbrowser stellt eine Verbindung zu Servern her, die von der OSMF im Vereinigten K\u00f6nigreich und in anderen L\u00e4ndern betrieben werden. Der Betreiber dieser Website hat keine Kontrolle \u00fcber solche Verbindungen und die Verarbeitung Ihrer Daten durch die OSMF. Weitere Informationen zur Verarbeitung von Benutzerdaten durch die OSMF finden Sie in der &lt;a href=&quot;https:\/\/wiki.osmfoundation.org\/wiki\/Privacy_Policy&quot;&gt;OSMF-Datenschutzrichtlinie&lt;\/a&gt;.\"\n\t\tshow-map-button-text=\"Einverstanden, Karten anzeigen!\"\n\t\t:require-consent=\"false\"\n\t>\n\t<\/inx-property-open-layers-map>\n<\/div>\n\n<\/div><\/div><style type=\"text\/css\">.fusion-body .fusion-builder-column-0{width:100% !important;margin-top : 0px;margin-bottom : 0px;}.fusion-builder-column-0 > .fusion-column-wrapper {padding-top : 0 !important;padding-right : 0 !important;margin-right : 0;padding-bottom : 0 !important;padding-left : 0 !important;margin-left : 0;}@media only screen and (max-width:1024px) {.fusion-body .fusion-builder-column-0{width:100% !important;order : 0;}.fusion-builder-column-0 > .fusion-column-wrapper {margin-right : 0;margin-left : 0;}}@media only screen and (max-width:768px) {.fusion-body .fusion-builder-column-0{width:100% !important;order : 0;}.fusion-builder-column-0 > .fusion-column-wrapper {margin-right : 1.92%;margin-left : 1.92%;}}<\/style><\/div><\/div><style type=\"text\/css\">.fusion-body .fusion-flex-container.fusion-builder-row-1{ padding-top : 0px;margin-top : 0;padding-right : 0px;padding-bottom : 0px;margin-bottom : 0;padding-left : 0px;}<\/style><\/div><div class=\"fusion-fullwidth fullwidth-box fusion-builder-row-2 fusion-flex-container has-pattern-background has-mask-background nonhundred-percent-fullwidth non-hundred-percent-height-scrolling\" style=\"background-color: var(--awb-color5);background-position: center center;background-repeat: no-repeat;border-width: 0px 0px 0px 0px;border-color:var(--awb-color3);border-style:solid;\" ><div class=\"fusion-builder-row fusion-row fusion-flex-align-items-flex-start\" style=\"max-width:1248px;margin-left: calc(-4% \/ 2 );margin-right: calc(-4% \/ 2 );\"><div class=\"fusion-layout-column fusion_builder_column fusion-builder-column-1 fusion_builder_column_1_1 1_1 fusion-flex-column immo-search\"><div class=\"fusion-column-wrapper fusion-flex-justify-content-flex-start fusion-content-layout-column\" style=\"background-position:left top;background-repeat:no-repeat;-webkit-background-size:cover;-moz-background-size:cover;-o-background-size:cover;background-size:cover;padding: 0px 0px 0px 0px;\"><div class=\"fusion-text fusion-text-2\"><div\n\tid=\"inx-property-search\"\n\tclass=\"inx-property-search inx-container\"\n\t>\n\t<form id=\"inx-property-search-main-form\" action=\"https:\/\/www.euhabitat.com\/de\/suchergebnisse\/\" method=\"get\">\n\t\t\t\t<input type=\"hidden\" data-no-reset=\"1\" name=\"inx-sort\" value=\"\">\n\t\t\t\t\n\t\t<div class=\"inx-property-search__standard\">\n\t\t\t<div class=\"inx-property-search__elements\">\n\t\t\t\t\t\t\t<div class=\"inx-property-search__element\">\n\t\t\t\t\t<div class=\"inx-form-element inx-form-element--select\">\n\t\n\t<select\n\t\tid=\"inx-property-search_inx-search-marketing-type\"\n\t\tname=\"inx-search-marketing-type\"\n\t\tclass=\"inx-select uk-select\"\n\t\tdata-default=\"\"\t\t>\n\n\t\t\t\t<option value=\"\"\n\t\t\t\t\t>Alle St\u00e4dte<\/option>\n\t\t\n\t\t\t\t<option value=\"bonn\"> Bonn<\/option>\n\t\t\t\t\t\t<option value=\"cologne\"> Cologne<\/option>\n\t\t\t\t\t\t<option value=\"erlangen\"> Erlangen<\/option>\n\t\t\t\t\t\t<option value=\"essen\"> Essen<\/option>\n\t\t\t\t\t\t<option value=\"frankfurt\" selected> Frankfurt<\/option>\n\t\t\t\t\t\t<option value=\"fuerth-en\"> Fuerth<\/option>\n\t\t\t\t\t\t<option value=\"nuremberg\"> Nuremberg<\/option>\n\t\t\t\t\t<\/select>\n<\/div>\n\t\t\t\t<\/div>\n\t\t\t\t\t\t\t\t\t<div class=\"inx-property-search__element\">\n\t\t\t\t\t<div class=\"inx-form-element inx-form-element--text uk-search uk-search-default uk-width-1-1\">\n\t\n\t\t<input type=\"text\"\n\t\tid=\"inx-property-search_inx-search-available-from\"\n\t\tname=\"inx-search-available-from\"\n\t\tplaceholder=\"verf\u00fcgbar ab\"\n\t\tvalue=\"\"\n\t\tclass=\"inx-search-input inx-search-input--type--date uk-search-input\">\n<\/div>\n\t\t\t\t<\/div>\n\t\t\t\t\t\t\t\t\t<div class=\"inx-property-search__element\">\n\t\t\t\t\t<div class=\"inx-form-element inx-form-element--text uk-search uk-search-default uk-width-1-1\">\n\t\n\t\t<input type=\"text\"\n\t\tid=\"inx-property-search_inx-search-min-rooms\"\n\t\tname=\"inx-search-min-rooms\"\n\t\tplaceholder=\"Anz. Zimmer\"\n\t\tvalue=\"\"\n\t\tclass=\"inx-search-input inx-search-input--type--text uk-search-input\">\n<\/div>\n\t\t\t\t<\/div>\n\t\t\t\t\t\t\t\t\t<div class=\"inx-property-search__element\">\n\t\t\t\t\t<div class=\"inx-form-element inx-form-element--range\">\n\t<inx-range-slider\n\t\t:form-index=\"0\"\n\t\tname=\"inx-search-price-range\"\n\t\tlabel=\"Preisrahmen\"\n\t\trange=\"[490,4600,960,960,490,4600]\"\n\t\tvalue=\"[490,4600,960,960,490,4600]\"\n\t\tstep-ranges=\"\"\n\t\tunit=\"\"\n\t\tcurrency=\"EUR\"\n\t\treplace-null=\"\"\n\t\trange-unlimited-term=\"unbegrenzt\"\n\t\tlocale=\"de-DE\"\n\t\twrap-classes=\"inx-range-slider\">\n\t<\/inx-range-slider>\n<\/div>\n\t\t\t\t<\/div>\n\t\t\t\t\t\t\t\t\t<div class=\"inx-property-search__element inx-property-search__element--is-last-grid-col\">\n\t\t\t\t\t<div class=\"inx-form-element inx-form-element--submit\">\n\n\t<inx-search-submit-button\n\t\t:form-index=\"0\"\n\t\ttitle=\"Anzeigen\"\n\t\tnom-name=\"Treffer\"\n\t\tnom-one-match=\"ein Treffer\"\n\t\tnom-no-matches=\"keine Treffer\"\n\t\twrap-classes=\"inx-search-submit-button\"\n\t\tlocale=\"de-DE\"\n\t\tbutton-classes=\"inx-button inx-button--action uk-button uk-button-primary uk-width-1-1\">\n\t<\/inx-search-submit-button>\n\n<\/div>\n\t\t\t\t<\/div>\n\t\t\t\t\t\t\t\t\t<div class=\"inx-property-search__element\">\n\t\t\t\t\t\t\t\t\t<\/div>\n\t\t\t\t\t\t\t\t<\/div>\n\t\t<\/div>\n\n\t\t\t<\/form>\n<\/div>\n\n<\/div><\/div><style type=\"text\/css\">.fusion-body .fusion-builder-column-1{width:100% !important;margin-top : 0px;margin-bottom : 0px;}.fusion-builder-column-1 > .fusion-column-wrapper {padding-top : 0 !important;padding-right : 0px !important;margin-right : 1.92%;padding-bottom : 0 !important;padding-left : 0px !important;margin-left : 1.92%;}@media only screen and (max-width:1024px) {.fusion-body .fusion-builder-column-1{width:100% !important;order : 0;}.fusion-builder-column-1 > .fusion-column-wrapper {margin-right : 1.92%;margin-left : 1.92%;}}@media only screen and (max-width:768px) {.fusion-body .fusion-builder-column-1{width:100% !important;order : 0;}.fusion-builder-column-1 > .fusion-column-wrapper {margin-right : 1.92%;margin-left : 1.92%;}}<\/style><\/div><\/div><style type=\"text\/css\">.fusion-body .fusion-flex-container.fusion-builder-row-2{ padding-top : 1.5em;margin-top : 0;padding-right : 0px;padding-bottom : 0.5em;margin-bottom : 0;padding-left : 0px;}<\/style><\/div><div class=\"fusion-fullwidth fullwidth-box fusion-builder-row-3 fusion-flex-container has-pattern-background has-mask-background nonhundred-percent-fullwidth non-hundred-percent-height-scrolling\" style=\"background-color: rgba(255,255,255,0);background-position: center center;background-repeat: no-repeat;border-width: 0px 0px 0px 0px;border-color:var(--awb-color3);border-style:solid;\" ><div class=\"fusion-builder-row fusion-row fusion-flex-align-items-flex-start\" style=\"max-width:1248px;margin-left: calc(-4% \/ 2 );margin-right: calc(-4% \/ 2 );\"><div class=\"fusion-layout-column fusion_builder_column fusion-builder-column-2 fusion_builder_column_1_1 1_1 fusion-flex-column\"><div class=\"fusion-column-wrapper fusion-flex-justify-content-flex-start fusion-content-layout-column\" style=\"background-position:left top;background-repeat:no-repeat;-webkit-background-size:cover;-moz-background-size:cover;-o-background-size:cover;background-size:cover;padding: 0px 0px 0px 0px;\"><div class=\"fusion-text fusion-text-3\"><h1>M\u00f6blierte Wohnungen in Frankfurt<\/h1>\n<\/div><\/div><style type=\"text\/css\">.fusion-body .fusion-builder-column-2{width:100% !important;margin-top : 0px;margin-bottom : 0px;}.fusion-builder-column-2 > .fusion-column-wrapper {padding-top : 0px !important;padding-right : 0px !important;margin-right : 2.88%;padding-bottom : 0px !important;padding-left : 0px !important;margin-left : 1.92%;}@media only screen and (max-width:1024px) {.fusion-body .fusion-builder-column-2{width:100% !important;}.fusion-builder-column-2 > .fusion-column-wrapper {margin-right : 2.88%;margin-left : 1.92%;}}@media only screen and (max-width:768px) {.fusion-body .fusion-builder-column-2{width:100% !important;}.fusion-builder-column-2 > .fusion-column-wrapper {margin-right : 1.92%;margin-left : 1.92%;}}<\/style><\/div><\/div><style type=\"text\/css\">.fusion-body .fusion-flex-container.fusion-builder-row-3{ padding-top : 3em;margin-top : 0px;padding-right : 0px;padding-bottom : 0px;margin-bottom : 0px;padding-left : 0px;}<\/style><\/div>\n<div class=\"fusion-fullwidth fullwidth-box fusion-builder-row-4 fusion-flex-container has-pattern-background has-mask-background nonhundred-percent-fullwidth non-hundred-percent-height-scrolling\" style=\"background-color: rgba(255,255,255,0);background-position: center center;background-repeat: no-repeat;border-width: 0px 0px 0px 0px;border-color:var(--awb-color3);border-style:solid;\" ><div class=\"fusion-builder-row fusion-row fusion-flex-align-items-flex-start\" style=\"max-width:1248px;margin-left: calc(-4% \/ 2 );margin-right: calc(-4% \/ 2 );\"><div class=\"fusion-layout-column fusion_builder_column fusion-builder-column-3 fusion_builder_column_1_1 1_1 fusion-flex-column\"><div class=\"fusion-column-wrapper fusion-flex-justify-content-flex-start fusion-content-layout-column\" style=\"background-position:left top;background-repeat:no-repeat;-webkit-background-size:cover;-moz-background-size:cover;-o-background-size:cover;background-size:cover;padding: 0px 0px 0px 0px;\"><div class=\"fusion-text fusion-text-4\"><p><div id=\"inx-property-filters\" class=\"inx-property-filters inx-container uk-padding-small\">\n\t<form action=\"https:\/\/www.euhabitat.com\/de\/wp-json\/wp\/v2\/pages\/236414\/\" method=\"get\">\n\t\t\n\t\t<div class=\"uk-flex uk-flex-right@s\">\n\t\t\t<div class=\"inx-form-element uk-width-1-1 uk-width-auto@s\">\n\t\t\t\t<select name=\"inx-sort\" class=\"uk-select\">\n\t\t\t\t\t\t\t\t\t\t<option\tvalue=\"date_desc\">\n\t\t\t\t\t\tAktuellste\t\t\t\t\t<\/option>\n\t\t\t\t\t\t\t\t\t\t<option\tvalue=\"price_asc\">\n\t\t\t\t\t\tPreis (aufsteigend)\t\t\t\t\t<\/option>\n\t\t\t\t\t\t\t\t\t\t<option\tvalue=\"price_desc\" selected>\n\t\t\t\t\t\tPreis (absteigend)\t\t\t\t\t<\/option>\n\t\t\t\t\t\t\t\t\t\t<option\tvalue=\"rooms_asc\">\n\t\t\t\t\t\tZimmer\t\t\t\t\t<\/option>\n\t\t\t\t\t\t\t\t\t<\/select>\n\t\t\t<\/div>\n\t\t<\/div>\n\t<\/form>\n<\/div>\n<div class=\"inx-cq\">\n\t<div id=\"inx-property-list\" class=\"inx-container inx-property-list\">\n\n\t\t\n\t\t<div class=\"inx-property-list__item-wrap\">\n\t\t\t\t<div class=\"inx-property-list-item inx-property-list-item--card uk-card uk-card-default uk-animation-scale-up\">\n\t\t<a href=\"https:\/\/www.euhabitat.com\/de\/moeblierte-wohnungen-frankfurt\/objekt-48623\/?inx-backlink-url=https%3A%2F%2Fwww.euhabitat.com%2Fde%2Fsuchergebnisse%2F\">\n\t\t<div class=\"inx-property-list-item__media-top uk-card-media-top uk-cover-container\">\n\t\t<img decoding=\"async\" width=\"1200\" height=\"798\" src=\"https:\/\/www.euhabitat.com\/wp-content\/uploads\/2026\/09\/04862320-1804x1200.jpg\" class=\"attachment-large size-large lazyload wp-post-image\" alt=\"Wohnen\" srcset=\"data:image\/svg+xml,%3Csvg%20xmlns%3D%27http%3A%2F%2Fwww.w3.org%2F2000%2Fsvg%27%20width%3D%272048%27%20height%3D%271362%27%20viewBox%3D%270%200%202048%201362%27%3E%3Crect%20width%3D%272048%27%20height%3D%271362%27%20fill-opacity%3D%220%22%2F%3E%3C%2Fsvg%3E\" data-orig-src=\"https:\/\/www.euhabitat.com\/wp-content\/uploads\/2026\/09\/04862320-1804x1200.jpg\" data-srcset=\"https:\/\/www.euhabitat.com\/wp-content\/uploads\/2026\/09\/04862320-200x133.jpg 200w, https:\/\/www.euhabitat.com\/wp-content\/uploads\/2026\/09\/04862320-300x200.jpg 300w, https:\/\/www.euhabitat.com\/wp-content\/uploads\/2026\/09\/04862320-400x266.jpg 400w, https:\/\/www.euhabitat.com\/wp-content\/uploads\/2026\/09\/04862320-600x399.jpg 600w, https:\/\/www.euhabitat.com\/wp-content\/uploads\/2026\/09\/04862320-768x511.jpg 768w, https:\/\/www.euhabitat.com\/wp-content\/uploads\/2026\/09\/04862320-800x532.jpg 800w, https:\/\/www.euhabitat.com\/wp-content\/uploads\/2026\/09\/04862320-1200x798.jpg 1200w, https:\/\/www.euhabitat.com\/wp-content\/uploads\/2026\/09\/04862320-1536x1022.jpg 1536w, https:\/\/www.euhabitat.com\/wp-content\/uploads\/2026\/09\/04862320-1804x1200.jpg 1804w\" data-sizes=\"auto\" uk-cover>\t<\/div>\n\t\t<\/a>\n\t\t<div class=\"inx-property-list-item__body uk-card-body\">\n\t\t<div class=\"inx-property-list-item__title uk-card-title\">\n\t\t\t\t\t\t<a href=\"https:\/\/www.euhabitat.com\/de\/moeblierte-wohnungen-frankfurt\/objekt-48623\/?inx-backlink-url=https%3A%2F%2Fwww.euhabitat.com%2Fde%2Fsuchergebnisse%2F\" class=\"inx-link inx-oi--nutzungsart--waz inx-oi--vermarktungsart--miete-pacht\">\n\t\t\t\t\t\t\tCity-Residence: Sachsenhausen: saniertes, kleines Apartment in ruhiger Seitenstra\u00dfe\t\t\t\t\t\t<\/a>\n\t\t\t\t\t<\/div>\n\n\t\t<div class=\"uk-margin-bottom\">\n\t\t\t\n\t\t\t\t\t\t<div class=\"inx-property-list-item__location\" lang=\"de\">\n\t\t\t\t<i class=\"inx-core-detail-icon flaticon-placeholder\" title=\"Lage\"><\/i>\n\t\t\t\t<div>Frankfurt \n<br><span class=\"weitere-orte\">(Sachsenhausen)<\/span><\/div>\n\t\t\t<\/div>\n\t\t\t\n\t\t\t<div class=\"inx-property-list-item__available-from\" lang=\"de\">\n\t\t\t\t<div class=\"show-de\" style=\"font-weight: 600;\">Bezugsfrei ab: <\/div><div class=\"show-en\" style=\"font-weight: 600;\">Available from: <\/div> 03.09.2026\t\t\t<\/div>\n\t\t\t<div class=\"inx-property-list-item__available-from\" lang=\"de\">\n\t\t\t\t<div class=\"show-de\" style=\"margin-right:0.3em;\"><strong>Objekt-ID:<\/strong><\/div><div class=\"show-en\" style=\"margin-right:0.3em;\"><strong>Object-ID: <\/strong><\/div>48623\t\t\t<\/div>\n\t\t<!--\t<div class=\"inx-property-list-item__available-from\" lang=\"de\">\n\t\t\t\t<div class=\"show-de\" style=\"font-weight: 600;\">Frei bis: <\/div><div class=\"show-en\" style=\"font-weight: 600;\">Vacant until: <\/div> \t\t\t<\/div>-->\n\t\t<\/div>\n<!--\n\t\t\t\t<p class=\"inx-property-list-item__excerpt\">Kleines Mehrfamilienhaus , Bj. 1963, 5. Etage, kein Lift, Dachgeschoss mit Schr\u00e4gen<\/p>\n\t-->\n\t<\/div>\n\n\t<div class=\"inx-property-list-item__footer uk-card-footer\">\n\t\t\t\t<div class=\"inx-property-list-item__core-details uk-flex uk-flex-around\">\n\t\t\t\t\t\t<div>\n\t\t\t\t<i class=\"inx-core-detail-icon flaticon-size\" title=\"Wohnfl\u00e4che\"><\/i> 20&nbsp;m\u00b2\t\t\t<\/div>\n\t\t\t\n\t\t\t\n\t\t\t\t\t\t<div>\n\t\t\t\t<i class=\"inx-core-detail-icon flaticon-blueprint\" title=\"Zimmer\"><\/i> 1\t\t\t<\/div>\n\t\t\t\t\t<\/div>\n\t\t\n\t\t\t\t<a href=\"https:\/\/www.euhabitat.com\/de\/moeblierte-wohnungen-frankfurt\/objekt-48623\/?inx-backlink-url=https%3A%2F%2Fwww.euhabitat.com%2Fde%2Fsuchergebnisse%2F\" class=\"inx-property-list-item__property-price inx-property-price inx-oi--nutzungsart--waz inx-oi--vermarktungsart--miete-pacht inx-oi--inverted inx-link\">\n\t\t\t\t890&nbsp;\u20ac\t\t<\/a>\n\t\t\t\t\t<\/div>\n\n\t\t<div class=\"inx-property-list-item__labels uk-position-top-right\">\n\t\t\t\t<span class=\"inx-property-label inx-property-label--frankfurt uk-label\">Frankfurt<\/span><br>\n\t\t\t\t<\/div>\n\t<\/div>\n\t\t<\/div>\n\n\t\t\t\t\n\t\t<div class=\"inx-property-list__item-wrap\">\n\t\t\t\t<div class=\"inx-property-list-item inx-property-list-item--card uk-card uk-card-default uk-animation-scale-up\">\n\t\t<a href=\"https:\/\/www.euhabitat.com\/de\/moeblierte-wohnungen-frankfurt\/objekt-48475\/?inx-backlink-url=https%3A%2F%2Fwww.euhabitat.com%2Fde%2Fsuchergebnisse%2F\">\n\t\t<div class=\"inx-property-list-item__media-top uk-card-media-top uk-cover-container\">\n\t\t<img decoding=\"async\" width=\"1200\" height=\"800\" src=\"https:\/\/www.euhabitat.com\/wp-content\/uploads\/2026\/07\/04847520-1800x1200.jpg\" class=\"attachment-large size-large lazyload wp-post-image\" alt=\"Wohnen\" srcset=\"data:image\/svg+xml,%3Csvg%20xmlns%3D%27http%3A%2F%2Fwww.w3.org%2F2000%2Fsvg%27%20width%3D%272048%27%20height%3D%271365%27%20viewBox%3D%270%200%202048%201365%27%3E%3Crect%20width%3D%272048%27%20height%3D%271365%27%20fill-opacity%3D%220%22%2F%3E%3C%2Fsvg%3E\" data-orig-src=\"https:\/\/www.euhabitat.com\/wp-content\/uploads\/2026\/07\/04847520-1800x1200.jpg\" data-srcset=\"https:\/\/www.euhabitat.com\/wp-content\/uploads\/2026\/07\/04847520-200x133.jpg 200w, https:\/\/www.euhabitat.com\/wp-content\/uploads\/2026\/07\/04847520-300x200.jpg 300w, https:\/\/www.euhabitat.com\/wp-content\/uploads\/2026\/07\/04847520-400x267.jpg 400w, https:\/\/www.euhabitat.com\/wp-content\/uploads\/2026\/07\/04847520-600x400.jpg 600w, https:\/\/www.euhabitat.com\/wp-content\/uploads\/2026\/07\/04847520-768x512.jpg 768w, https:\/\/www.euhabitat.com\/wp-content\/uploads\/2026\/07\/04847520-800x533.jpg 800w, https:\/\/www.euhabitat.com\/wp-content\/uploads\/2026\/07\/04847520-1200x800.jpg 1200w, https:\/\/www.euhabitat.com\/wp-content\/uploads\/2026\/07\/04847520-1536x1024.jpg 1536w, https:\/\/www.euhabitat.com\/wp-content\/uploads\/2026\/07\/04847520-1800x1200.jpg 1800w\" data-sizes=\"auto\" uk-cover>\t<\/div>\n\t\t<\/a>\n\t\t<div class=\"inx-property-list-item__body uk-card-body\">\n\t\t<div class=\"inx-property-list-item__title uk-card-title\">\n\t\t\t\t\t\t<a href=\"https:\/\/www.euhabitat.com\/de\/moeblierte-wohnungen-frankfurt\/objekt-48475\/?inx-backlink-url=https%3A%2F%2Fwww.euhabitat.com%2Fde%2Fsuchergebnisse%2F\" class=\"inx-link inx-oi--nutzungsart--waz inx-oi--vermarktungsart--miete-pacht\">\n\t\t\t\t\t\t\tCity-Residence: Praktisch ausgestattete, kleine 2-Zi.-Wohnung am westlichen Stadtrand\t\t\t\t\t\t<\/a>\n\t\t\t\t\t<\/div>\n\n\t\t<div class=\"uk-margin-bottom\">\n\t\t\t\n\t\t\t\t\t\t<div class=\"inx-property-list-item__location\" lang=\"de\">\n\t\t\t\t<i class=\"inx-core-detail-icon flaticon-placeholder\" title=\"Lage\"><\/i>\n\t\t\t\t<div>Frankfurt \n<br><span class=\"weitere-orte\">(Zeilsheim)<\/span><\/div>\n\t\t\t<\/div>\n\t\t\t\n\t\t\t<div class=\"inx-property-list-item__available-from\" lang=\"de\">\n\t\t\t\t<div class=\"show-de\" style=\"font-weight: 600;\">Bezugsfrei ab: <\/div><div class=\"show-en\" style=\"font-weight: 600;\">Available from: <\/div> 03.09.2026\t\t\t<\/div>\n\t\t\t<div class=\"inx-property-list-item__available-from\" lang=\"de\">\n\t\t\t\t<div class=\"show-de\" style=\"margin-right:0.3em;\"><strong>Objekt-ID:<\/strong><\/div><div class=\"show-en\" style=\"margin-right:0.3em;\"><strong>Object-ID: <\/strong><\/div>48475\t\t\t<\/div>\n\t\t<!--\t<div class=\"inx-property-list-item__available-from\" lang=\"de\">\n\t\t\t\t<div class=\"show-de\" style=\"font-weight: 600;\">Frei bis: <\/div><div class=\"show-en\" style=\"font-weight: 600;\">Vacant until: <\/div> \t\t\t<\/div>-->\n\t\t<\/div>\n<!--\n\t\t\t\t<p class=\"inx-property-list-item__excerpt\">Mehrfamilienhaus , Bj. 1952, 1. Etage, kein Lift<\/p>\n\t-->\n\t<\/div>\n\n\t<div class=\"inx-property-list-item__footer uk-card-footer\">\n\t\t\t\t<div class=\"inx-property-list-item__core-details uk-flex uk-flex-around\">\n\t\t\t\t\t\t<div>\n\t\t\t\t<i class=\"inx-core-detail-icon flaticon-size\" title=\"Wohnfl\u00e4che\"><\/i> 35&nbsp;m\u00b2\t\t\t<\/div>\n\t\t\t\n\t\t\t\n\t\t\t\t\t\t<div>\n\t\t\t\t<i class=\"inx-core-detail-icon flaticon-blueprint\" title=\"Zimmer\"><\/i> 2\t\t\t<\/div>\n\t\t\t\t\t<\/div>\n\t\t\n\t\t\t\t<a href=\"https:\/\/www.euhabitat.com\/de\/moeblierte-wohnungen-frankfurt\/objekt-48475\/?inx-backlink-url=https%3A%2F%2Fwww.euhabitat.com%2Fde%2Fsuchergebnisse%2F\" class=\"inx-property-list-item__property-price inx-property-price inx-oi--nutzungsart--waz inx-oi--vermarktungsart--miete-pacht inx-oi--inverted inx-link\">\n\t\t\t\t890&nbsp;\u20ac\t\t<\/a>\n\t\t\t\t\t<\/div>\n\n\t\t<div class=\"inx-property-list-item__labels uk-position-top-right\">\n\t\t\t\t<span class=\"inx-property-label inx-property-label--frankfurt uk-label\">Frankfurt<\/span><br>\n\t\t\t\t<\/div>\n\t<\/div>\n\t\t<\/div>\n\n\t\t\t\t\n\t\t<div class=\"inx-property-list__item-wrap\">\n\t\t\t\t<div class=\"inx-property-list-item inx-property-list-item--card uk-card uk-card-default uk-animation-scale-up\">\n\t\t<a href=\"https:\/\/www.euhabitat.com\/de\/moeblierte-wohnungen-frankfurt\/objekt-47753\/?inx-backlink-url=https%3A%2F%2Fwww.euhabitat.com%2Fde%2Fsuchergebnisse%2F\">\n\t\t<div class=\"inx-property-list-item__media-top uk-card-media-top uk-cover-container\">\n\t\t<img decoding=\"async\" width=\"1200\" height=\"798\" src=\"https:\/\/www.euhabitat.com\/wp-content\/uploads\/2026\/09\/04775320-1804x1200.jpg\" class=\"attachment-large size-large lazyload wp-post-image\" alt=\"Wohnen\" srcset=\"data:image\/svg+xml,%3Csvg%20xmlns%3D%27http%3A%2F%2Fwww.w3.org%2F2000%2Fsvg%27%20width%3D%272048%27%20height%3D%271362%27%20viewBox%3D%270%200%202048%201362%27%3E%3Crect%20width%3D%272048%27%20height%3D%271362%27%20fill-opacity%3D%220%22%2F%3E%3C%2Fsvg%3E\" data-orig-src=\"https:\/\/www.euhabitat.com\/wp-content\/uploads\/2026\/09\/04775320-1804x1200.jpg\" data-srcset=\"https:\/\/www.euhabitat.com\/wp-content\/uploads\/2026\/09\/04775320-200x133.jpg 200w, https:\/\/www.euhabitat.com\/wp-content\/uploads\/2026\/09\/04775320-300x200.jpg 300w, https:\/\/www.euhabitat.com\/wp-content\/uploads\/2026\/09\/04775320-400x266.jpg 400w, https:\/\/www.euhabitat.com\/wp-content\/uploads\/2026\/09\/04775320-600x399.jpg 600w, https:\/\/www.euhabitat.com\/wp-content\/uploads\/2026\/09\/04775320-768x511.jpg 768w, https:\/\/www.euhabitat.com\/wp-content\/uploads\/2026\/09\/04775320-800x532.jpg 800w, https:\/\/www.euhabitat.com\/wp-content\/uploads\/2026\/09\/04775320-1200x798.jpg 1200w, https:\/\/www.euhabitat.com\/wp-content\/uploads\/2026\/09\/04775320-1536x1022.jpg 1536w, https:\/\/www.euhabitat.com\/wp-content\/uploads\/2026\/09\/04775320-1804x1200.jpg 1804w\" data-sizes=\"auto\" uk-cover>\t<\/div>\n\t\t<\/a>\n\t\t<div class=\"inx-property-list-item__body uk-card-body\">\n\t\t<div class=\"inx-property-list-item__title uk-card-title\">\n\t\t\t\t\t\t<a href=\"https:\/\/www.euhabitat.com\/de\/moeblierte-wohnungen-frankfurt\/objekt-47753\/?inx-backlink-url=https%3A%2F%2Fwww.euhabitat.com%2Fde%2Fsuchergebnisse%2F\" class=\"inx-link inx-oi--nutzungsart--waz inx-oi--vermarktungsart--miete-pacht\">\n\t\t\t\t\t\t\tCity-Residence: Modern eingerichtete 1-Zimmer-Wohnung in zentraler City-Lage\t\t\t\t\t\t<\/a>\n\t\t\t\t\t<\/div>\n\n\t\t<div class=\"uk-margin-bottom\">\n\t\t\t\n\t\t\t\t\t\t<div class=\"inx-property-list-item__location\" lang=\"de\">\n\t\t\t\t<i class=\"inx-core-detail-icon flaticon-placeholder\" title=\"Lage\"><\/i>\n\t\t\t\t<div>Frankfurt \n<br><span class=\"weitere-orte\">(Innenstadt \n<br><span class=\"weitere-orte\">(City-Ost))<\/span><\/div>\n\t\t\t<\/div>\n\t\t\t\n\t\t\t<div class=\"inx-property-list-item__available-from\" lang=\"de\">\n\t\t\t\t<div class=\"show-de\" style=\"font-weight: 600;\">Bezugsfrei ab: <\/div><div class=\"show-en\" style=\"font-weight: 600;\">Available from: <\/div> 01.11.2026\t\t\t<\/div>\n\t\t\t<div class=\"inx-property-list-item__available-from\" lang=\"de\">\n\t\t\t\t<div class=\"show-de\" style=\"margin-right:0.3em;\"><strong>Objekt-ID:<\/strong><\/div><div class=\"show-en\" style=\"margin-right:0.3em;\"><strong>Object-ID: <\/strong><\/div>47753\t\t\t<\/div>\n\t\t<!--\t<div class=\"inx-property-list-item__available-from\" lang=\"de\">\n\t\t\t\t<div class=\"show-de\" style=\"font-weight: 600;\">Frei bis: <\/div><div class=\"show-en\" style=\"font-weight: 600;\">Vacant until: <\/div> \t\t\t<\/div>-->\n\t\t<\/div>\n<!--\n\t\t\t\t<p class=\"inx-property-list-item__excerpt\">Gepflegtes Apartmenthaus Altbau , Bj. 1900, 1. Etage, Lift...<\/p>\n\t-->\n\t<\/div>\n\n\t<div class=\"inx-property-list-item__footer uk-card-footer\">\n\t\t\t\t<div class=\"inx-property-list-item__core-details uk-flex uk-flex-around\">\n\t\t\t\t\t\t<div>\n\t\t\t\t<i class=\"inx-core-detail-icon flaticon-size\" title=\"Wohnfl\u00e4che\"><\/i> 25&nbsp;m\u00b2\t\t\t<\/div>\n\t\t\t\n\t\t\t\n\t\t\t\t\t\t<div>\n\t\t\t\t<i class=\"inx-core-detail-icon flaticon-blueprint\" title=\"Zimmer\"><\/i> 1\t\t\t<\/div>\n\t\t\t\t\t<\/div>\n\t\t\n\t\t\t\t<a href=\"https:\/\/www.euhabitat.com\/de\/moeblierte-wohnungen-frankfurt\/objekt-47753\/?inx-backlink-url=https%3A%2F%2Fwww.euhabitat.com%2Fde%2Fsuchergebnisse%2F\" class=\"inx-property-list-item__property-price inx-property-price inx-oi--nutzungsart--waz inx-oi--vermarktungsart--miete-pacht inx-oi--inverted inx-link\">\n\t\t\t\t890&nbsp;\u20ac\t\t<\/a>\n\t\t\t\t\t<\/div>\n\n\t\t<div class=\"inx-property-list-item__labels uk-position-top-right\">\n\t\t\t\t<span class=\"inx-property-label inx-property-label--frankfurt uk-label\">Frankfurt<\/span><br>\n\t\t\t\t<\/div>\n\t<\/div>\n\t\t<\/div>\n\n\t\t\t\t\n\t\t<div class=\"inx-property-list__item-wrap\">\n\t\t\t\t<div class=\"inx-property-list-item inx-property-list-item--card uk-card uk-card-default uk-animation-scale-up\">\n\t\t<a href=\"https:\/\/www.euhabitat.com\/de\/moeblierte-wohnungen-frankfurt\/objekt-39722\/?inx-backlink-url=https%3A%2F%2Fwww.euhabitat.com%2Fde%2Fsuchergebnisse%2F\">\n\t\t<div class=\"inx-property-list-item__media-top uk-card-media-top uk-cover-container\">\n\t\t<img decoding=\"async\" width=\"1200\" height=\"798\" src=\"https:\/\/www.euhabitat.com\/wp-content\/uploads\/2026\/08\/03972220-1804x1200.jpg\" class=\"attachment-large size-large lazyload wp-post-image\" alt=\"Wohnen\" srcset=\"data:image\/svg+xml,%3Csvg%20xmlns%3D%27http%3A%2F%2Fwww.w3.org%2F2000%2Fsvg%27%20width%3D%272048%27%20height%3D%271362%27%20viewBox%3D%270%200%202048%201362%27%3E%3Crect%20width%3D%272048%27%20height%3D%271362%27%20fill-opacity%3D%220%22%2F%3E%3C%2Fsvg%3E\" data-orig-src=\"https:\/\/www.euhabitat.com\/wp-content\/uploads\/2026\/08\/03972220-1804x1200.jpg\" data-srcset=\"https:\/\/www.euhabitat.com\/wp-content\/uploads\/2026\/08\/03972220-200x133.jpg 200w, https:\/\/www.euhabitat.com\/wp-content\/uploads\/2026\/08\/03972220-300x200.jpg 300w, https:\/\/www.euhabitat.com\/wp-content\/uploads\/2026\/08\/03972220-400x266.jpg 400w, https:\/\/www.euhabitat.com\/wp-content\/uploads\/2026\/08\/03972220-600x399.jpg 600w, https:\/\/www.euhabitat.com\/wp-content\/uploads\/2026\/08\/03972220-768x511.jpg 768w, https:\/\/www.euhabitat.com\/wp-content\/uploads\/2026\/08\/03972220-800x532.jpg 800w, https:\/\/www.euhabitat.com\/wp-content\/uploads\/2026\/08\/03972220-1200x798.jpg 1200w, https:\/\/www.euhabitat.com\/wp-content\/uploads\/2026\/08\/03972220-1536x1022.jpg 1536w, https:\/\/www.euhabitat.com\/wp-content\/uploads\/2026\/08\/03972220-1804x1200.jpg 1804w\" data-sizes=\"auto\" uk-cover>\t<\/div>\n\t\t<\/a>\n\t\t<div class=\"inx-property-list-item__body uk-card-body\">\n\t\t<div class=\"inx-property-list-item__title uk-card-title\">\n\t\t\t\t\t\t<a href=\"https:\/\/www.euhabitat.com\/de\/moeblierte-wohnungen-frankfurt\/objekt-39722\/?inx-backlink-url=https%3A%2F%2Fwww.euhabitat.com%2Fde%2Fsuchergebnisse%2F\" class=\"inx-link inx-oi--nutzungsart--waz inx-oi--vermarktungsart--miete-pacht\">\n\t\t\t\t\t\t\tCity-Residence: Gem\u00fctliche 1-Zimmer-Wohnung in einem Jugendstil-Haus in Frankfurt H\u00f6chst\t\t\t\t\t\t<\/a>\n\t\t\t\t\t<\/div>\n\n\t\t<div class=\"uk-margin-bottom\">\n\t\t\t\n\t\t\t\t\t\t<div class=\"inx-property-list-item__location\" lang=\"de\">\n\t\t\t\t<i class=\"inx-core-detail-icon flaticon-placeholder\" title=\"Lage\"><\/i>\n\t\t\t\t<div>Frankfurt \n<br><span class=\"weitere-orte\">(H\u00f6chst)<\/span><\/div>\n\t\t\t<\/div>\n\t\t\t\n\t\t\t<div class=\"inx-property-list-item__available-from\" lang=\"de\">\n\t\t\t\t<div class=\"show-de\" style=\"font-weight: 600;\">Bezugsfrei ab: <\/div><div class=\"show-en\" style=\"font-weight: 600;\">Available from: <\/div> 03.09.2026\t\t\t<\/div>\n\t\t\t<div class=\"inx-property-list-item__available-from\" lang=\"de\">\n\t\t\t\t<div class=\"show-de\" style=\"margin-right:0.3em;\"><strong>Objekt-ID:<\/strong><\/div><div class=\"show-en\" style=\"margin-right:0.3em;\"><strong>Object-ID: <\/strong><\/div>39722\t\t\t<\/div>\n\t\t<!--\t<div class=\"inx-property-list-item__available-from\" lang=\"de\">\n\t\t\t\t<div class=\"show-de\" style=\"font-weight: 600;\">Frei bis: <\/div><div class=\"show-en\" style=\"font-weight: 600;\">Vacant until: <\/div> \t\t\t<\/div>-->\n\t\t<\/div>\n<!--\n\t\t\t\t<p class=\"inx-property-list-item__excerpt\">Saniertes kleines Mehrfamilienhaus Stilaltbau , Bj. 1907, Souterrain...<\/p>\n\t-->\n\t<\/div>\n\n\t<div class=\"inx-property-list-item__footer uk-card-footer\">\n\t\t\t\t<div class=\"inx-property-list-item__core-details uk-flex uk-flex-around\">\n\t\t\t\t\t\t<div>\n\t\t\t\t<i class=\"inx-core-detail-icon flaticon-size\" title=\"Wohnfl\u00e4che\"><\/i> 40&nbsp;m\u00b2\t\t\t<\/div>\n\t\t\t\n\t\t\t\n\t\t\t\t\t\t<div>\n\t\t\t\t<i class=\"inx-core-detail-icon flaticon-blueprint\" title=\"Zimmer\"><\/i> 1\t\t\t<\/div>\n\t\t\t\t\t<\/div>\n\t\t\n\t\t\t\t<a href=\"https:\/\/www.euhabitat.com\/de\/moeblierte-wohnungen-frankfurt\/objekt-39722\/?inx-backlink-url=https%3A%2F%2Fwww.euhabitat.com%2Fde%2Fsuchergebnisse%2F\" class=\"inx-property-list-item__property-price inx-property-price inx-oi--nutzungsart--waz inx-oi--vermarktungsart--miete-pacht inx-oi--inverted inx-link\">\n\t\t\t\t920&nbsp;\u20ac\t\t<\/a>\n\t\t\t\t\t<\/div>\n\n\t\t<div class=\"inx-property-list-item__labels uk-position-top-right\">\n\t\t\t\t<span class=\"inx-property-label inx-property-label--frankfurt uk-label\">Frankfurt<\/span><br>\n\t\t\t\t<\/div>\n\t<\/div>\n\t\t<\/div>\n\n\t\t\t\t\n\t\t<div class=\"inx-property-list__item-wrap\">\n\t\t\t\t<div class=\"inx-property-list-item inx-property-list-item--card uk-card uk-card-default uk-animation-scale-up\">\n\t\t<a href=\"https:\/\/www.euhabitat.com\/de\/moeblierte-wohnungen-frankfurt\/objekt-46832\/?inx-backlink-url=https%3A%2F%2Fwww.euhabitat.com%2Fde%2Fsuchergebnisse%2F\">\n\t\t<div class=\"inx-property-list-item__media-top uk-card-media-top uk-cover-container\">\n\t\t<img decoding=\"async\" width=\"1200\" height=\"798\" src=\"https:\/\/www.euhabitat.com\/wp-content\/uploads\/2026\/09\/04683220-1-1804x1200.jpg\" class=\"attachment-large size-large lazyload wp-post-image\" alt=\"Wohnen\" srcset=\"data:image\/svg+xml,%3Csvg%20xmlns%3D%27http%3A%2F%2Fwww.w3.org%2F2000%2Fsvg%27%20width%3D%272048%27%20height%3D%271362%27%20viewBox%3D%270%200%202048%201362%27%3E%3Crect%20width%3D%272048%27%20height%3D%271362%27%20fill-opacity%3D%220%22%2F%3E%3C%2Fsvg%3E\" data-orig-src=\"https:\/\/www.euhabitat.com\/wp-content\/uploads\/2026\/09\/04683220-1-1804x1200.jpg\" data-srcset=\"https:\/\/www.euhabitat.com\/wp-content\/uploads\/2026\/09\/04683220-1-200x133.jpg 200w, https:\/\/www.euhabitat.com\/wp-content\/uploads\/2026\/09\/04683220-1-300x200.jpg 300w, https:\/\/www.euhabitat.com\/wp-content\/uploads\/2026\/09\/04683220-1-400x266.jpg 400w, https:\/\/www.euhabitat.com\/wp-content\/uploads\/2026\/09\/04683220-1-600x399.jpg 600w, https:\/\/www.euhabitat.com\/wp-content\/uploads\/2026\/09\/04683220-1-768x511.jpg 768w, https:\/\/www.euhabitat.com\/wp-content\/uploads\/2026\/09\/04683220-1-800x532.jpg 800w, https:\/\/www.euhabitat.com\/wp-content\/uploads\/2026\/09\/04683220-1-1200x798.jpg 1200w, https:\/\/www.euhabitat.com\/wp-content\/uploads\/2026\/09\/04683220-1-1536x1022.jpg 1536w, https:\/\/www.euhabitat.com\/wp-content\/uploads\/2026\/09\/04683220-1-1804x1200.jpg 1804w\" data-sizes=\"auto\" uk-cover>\t<\/div>\n\t\t<\/a>\n\t\t<div class=\"inx-property-list-item__body uk-card-body\">\n\t\t<div class=\"inx-property-list-item__title uk-card-title\">\n\t\t\t\t\t\t<a href=\"https:\/\/www.euhabitat.com\/de\/moeblierte-wohnungen-frankfurt\/objekt-46832\/?inx-backlink-url=https%3A%2F%2Fwww.euhabitat.com%2Fde%2Fsuchergebnisse%2F\" class=\"inx-link inx-oi--nutzungsart--waz inx-oi--vermarktungsart--miete-pacht\">\n\t\t\t\t\t\t\tCity-Residence: Modern eingerichtete 1-Zimmer-Wohnung in zentraler City-Lage\t\t\t\t\t\t<\/a>\n\t\t\t\t\t<\/div>\n\n\t\t<div class=\"uk-margin-bottom\">\n\t\t\t\n\t\t\t\t\t\t<div class=\"inx-property-list-item__location\" lang=\"de\">\n\t\t\t\t<i class=\"inx-core-detail-icon flaticon-placeholder\" title=\"Lage\"><\/i>\n\t\t\t\t<div>Frankfurt \n<br><span class=\"weitere-orte\">(Innenstadt \n<br><span class=\"weitere-orte\">(City-Ost))<\/span><\/div>\n\t\t\t<\/div>\n\t\t\t\n\t\t\t<div class=\"inx-property-list-item__available-from\" lang=\"de\">\n\t\t\t\t<div class=\"show-de\" style=\"font-weight: 600;\">Bezugsfrei ab: <\/div><div class=\"show-en\" style=\"font-weight: 600;\">Available from: <\/div> 01.10.2026\t\t\t<\/div>\n\t\t\t<div class=\"inx-property-list-item__available-from\" lang=\"de\">\n\t\t\t\t<div class=\"show-de\" style=\"margin-right:0.3em;\"><strong>Objekt-ID:<\/strong><\/div><div class=\"show-en\" style=\"margin-right:0.3em;\"><strong>Object-ID: <\/strong><\/div>46832\t\t\t<\/div>\n\t\t<!--\t<div class=\"inx-property-list-item__available-from\" lang=\"de\">\n\t\t\t\t<div class=\"show-de\" style=\"font-weight: 600;\">Frei bis: <\/div><div class=\"show-en\" style=\"font-weight: 600;\">Vacant until: <\/div> \t\t\t<\/div>-->\n\t\t<\/div>\n<!--\n\t\t\t\t<p class=\"inx-property-list-item__excerpt\">Gepflegtes Apartmenthaus Altbau , Bj. 1900, 1. Etage, Lift...<\/p>\n\t-->\n\t<\/div>\n\n\t<div class=\"inx-property-list-item__footer uk-card-footer\">\n\t\t\t\t<div class=\"inx-property-list-item__core-details uk-flex uk-flex-around\">\n\t\t\t\t\t\t<div>\n\t\t\t\t<i class=\"inx-core-detail-icon flaticon-size\" title=\"Wohnfl\u00e4che\"><\/i> 28&nbsp;m\u00b2\t\t\t<\/div>\n\t\t\t\n\t\t\t\n\t\t\t\t\t\t<div>\n\t\t\t\t<i class=\"inx-core-detail-icon flaticon-blueprint\" title=\"Zimmer\"><\/i> 1\t\t\t<\/div>\n\t\t\t\t\t<\/div>\n\t\t\n\t\t\t\t<a href=\"https:\/\/www.euhabitat.com\/de\/moeblierte-wohnungen-frankfurt\/objekt-46832\/?inx-backlink-url=https%3A%2F%2Fwww.euhabitat.com%2Fde%2Fsuchergebnisse%2F\" class=\"inx-property-list-item__property-price inx-property-price inx-oi--nutzungsart--waz inx-oi--vermarktungsart--miete-pacht inx-oi--inverted inx-link\">\n\t\t\t\t940&nbsp;\u20ac\t\t<\/a>\n\t\t\t\t\t<\/div>\n\n\t\t<div class=\"inx-property-list-item__labels uk-position-top-right\">\n\t\t\t\t<span class=\"inx-property-label inx-property-label--frankfurt uk-label\">Frankfurt<\/span><br>\n\t\t\t\t<\/div>\n\t<\/div>\n\t\t<\/div>\n\n\t\t\t\t\n\t\t<div class=\"inx-property-list__item-wrap\">\n\t\t\t\t<div class=\"inx-property-list-item inx-property-list-item--card uk-card uk-card-default uk-animation-scale-up\">\n\t\t<a href=\"https:\/\/www.euhabitat.com\/de\/objekt\/?inx-backlink-url=https%3A%2F%2Fwww.euhabitat.com%2Fde%2Fsuchergebnisse%2F\">\n\t\t<div class=\"inx-property-list-item__media-top uk-card-media-top uk-cover-container\">\n\t\t<img decoding=\"async\" width=\"1200\" height=\"798\" src=\"https:\/\/www.euhabitat.com\/wp-content\/uploads\/2026\/09\/04343920-1804x1200.jpg\" class=\"attachment-large size-large lazyload wp-post-image\" alt=\"Wohnen\" srcset=\"data:image\/svg+xml,%3Csvg%20xmlns%3D%27http%3A%2F%2Fwww.w3.org%2F2000%2Fsvg%27%20width%3D%272048%27%20height%3D%271362%27%20viewBox%3D%270%200%202048%201362%27%3E%3Crect%20width%3D%272048%27%20height%3D%271362%27%20fill-opacity%3D%220%22%2F%3E%3C%2Fsvg%3E\" data-orig-src=\"https:\/\/www.euhabitat.com\/wp-content\/uploads\/2026\/09\/04343920-1804x1200.jpg\" data-srcset=\"https:\/\/www.euhabitat.com\/wp-content\/uploads\/2026\/09\/04343920-200x133.jpg 200w, https:\/\/www.euhabitat.com\/wp-content\/uploads\/2026\/09\/04343920-300x200.jpg 300w, https:\/\/www.euhabitat.com\/wp-content\/uploads\/2026\/09\/04343920-400x266.jpg 400w, https:\/\/www.euhabitat.com\/wp-content\/uploads\/2026\/09\/04343920-600x399.jpg 600w, https:\/\/www.euhabitat.com\/wp-content\/uploads\/2026\/09\/04343920-768x511.jpg 768w, https:\/\/www.euhabitat.com\/wp-content\/uploads\/2026\/09\/04343920-800x532.jpg 800w, https:\/\/www.euhabitat.com\/wp-content\/uploads\/2026\/09\/04343920-1200x798.jpg 1200w, https:\/\/www.euhabitat.com\/wp-content\/uploads\/2026\/09\/04343920-1536x1022.jpg 1536w, https:\/\/www.euhabitat.com\/wp-content\/uploads\/2026\/09\/04343920-1804x1200.jpg 1804w\" data-sizes=\"auto\" uk-cover>\t<\/div>\n\t\t<\/a>\n\t\t<div class=\"inx-property-list-item__body uk-card-body\">\n\t\t<div class=\"inx-property-list-item__title uk-card-title\">\n\t\t\t\t\t\t<a href=\"https:\/\/www.euhabitat.com\/de\/objekt\/?inx-backlink-url=https%3A%2F%2Fwww.euhabitat.com%2Fde%2Fsuchergebnisse%2F\" class=\"inx-link inx-oi--nutzungsart--waz inx-oi--vermarktungsart--miete-pacht\">\n\t\t\t\t\t\t\tCity-Residence: Modern m\u00f6blierte 1.-Zi.-Wohnung in Laufn\u00e4he zur Alten Oper\t\t\t\t\t\t<\/a>\n\t\t\t\t\t<\/div>\n\n\t\t<div class=\"uk-margin-bottom\">\n\t\t\t\n\t\t\t\t\t\t<div class=\"inx-property-list-item__location\" lang=\"de\">\n\t\t\t\t<i class=\"inx-core-detail-icon flaticon-placeholder\" title=\"Lage\"><\/i>\n\t\t\t\t<div>Frankfurt \n<br><span class=\"weitere-orte\">(Westend)<\/span><\/div>\n\t\t\t<\/div>\n\t\t\t\n\t\t\t<div class=\"inx-property-list-item__available-from\" lang=\"de\">\n\t\t\t\t<div class=\"show-de\" style=\"font-weight: 600;\">Bezugsfrei ab: <\/div><div class=\"show-en\" style=\"font-weight: 600;\">Available from: <\/div> 01.10.2026\t\t\t<\/div>\n\t\t\t<div class=\"inx-property-list-item__available-from\" lang=\"de\">\n\t\t\t\t<div class=\"show-de\" style=\"margin-right:0.3em;\"><strong>Objekt-ID:<\/strong><\/div><div class=\"show-en\" style=\"margin-right:0.3em;\"><strong>Object-ID: <\/strong><\/div>\t\t\t<\/div>\n\t\t<!--\t<div class=\"inx-property-list-item__available-from\" lang=\"de\">\n\t\t\t\t<div class=\"show-de\" style=\"font-weight: 600;\">Frei bis: <\/div><div class=\"show-en\" style=\"font-weight: 600;\">Vacant until: <\/div> \t\t\t<\/div>-->\n\t\t<\/div>\n<!--\n\t\t\t\t<p class=\"inx-property-list-item__excerpt\">Saniertes kleines Mehrfamilienhaus Stilaltbau , Bj. 1995, Hochparterre...<\/p>\n\t-->\n\t<\/div>\n\n\t<div class=\"inx-property-list-item__footer uk-card-footer\">\n\t\t\t\t<div class=\"inx-property-list-item__core-details uk-flex uk-flex-around\">\n\t\t\t\t\t\t<div>\n\t\t\t\t<i class=\"inx-core-detail-icon flaticon-size\" title=\"\"><\/i> 23&nbsp;m\u00b2\t\t\t<\/div>\n\t\t\t\n\t\t\t\n\t\t\t\t\t\t<div>\n\t\t\t\t<i class=\"inx-core-detail-icon flaticon-blueprint\" title=\"\"><\/i> 1\t\t\t<\/div>\n\t\t\t\t\t<\/div>\n\t\t\n\t\t\t\t<a href=\"https:\/\/www.euhabitat.com\/de\/objekt\/?inx-backlink-url=https%3A%2F%2Fwww.euhabitat.com%2Fde%2Fsuchergebnisse%2F\" class=\"inx-property-list-item__property-price inx-property-price inx-oi--nutzungsart--waz inx-oi--vermarktungsart--miete-pacht inx-oi--inverted inx-link\">\n\t\t\t\t960&nbsp;\u20ac\t\t<\/a>\n\t\t\t\t\t<\/div>\n\n\t\t<div class=\"inx-property-list-item__labels uk-position-top-right\">\n\t\t\t\t<span class=\"inx-property-label inx-property-label--frankfurt uk-label\">Frankfurt<\/span><br>\n\t\t\t\t<\/div>\n\t<\/div>\n\t\t<\/div>\n\n\t\t\t\t\n\t\t<div class=\"inx-property-list__item-wrap\">\n\t\t\t\t<div class=\"inx-property-list-item inx-property-list-item--card uk-card uk-card-default uk-animation-scale-up\">\n\t\t<a href=\"https:\/\/www.euhabitat.com\/de\/moeblierte-wohnungen-frankfurt\/objekt-48839\/?inx-backlink-url=https%3A%2F%2Fwww.euhabitat.com%2Fde%2Fsuchergebnisse%2F\">\n\t\t<div class=\"inx-property-list-item__media-top uk-card-media-top uk-cover-container\">\n\t\t<img decoding=\"async\" width=\"1200\" height=\"801\" src=\"https:\/\/www.euhabitat.com\/wp-content\/uploads\/2026\/06\/04883920-1798x1200.jpg\" class=\"attachment-large size-large lazyload wp-post-image\" alt=\"Wohnen\" srcset=\"data:image\/svg+xml,%3Csvg%20xmlns%3D%27http%3A%2F%2Fwww.w3.org%2F2000%2Fsvg%27%20width%3D%272048%27%20height%3D%271367%27%20viewBox%3D%270%200%202048%201367%27%3E%3Crect%20width%3D%272048%27%20height%3D%271367%27%20fill-opacity%3D%220%22%2F%3E%3C%2Fsvg%3E\" data-orig-src=\"https:\/\/www.euhabitat.com\/wp-content\/uploads\/2026\/06\/04883920-1798x1200.jpg\" data-srcset=\"https:\/\/www.euhabitat.com\/wp-content\/uploads\/2026\/06\/04883920-200x133.jpg 200w, https:\/\/www.euhabitat.com\/wp-content\/uploads\/2026\/06\/04883920-300x200.jpg 300w, https:\/\/www.euhabitat.com\/wp-content\/uploads\/2026\/06\/04883920-400x267.jpg 400w, https:\/\/www.euhabitat.com\/wp-content\/uploads\/2026\/06\/04883920-600x400.jpg 600w, https:\/\/www.euhabitat.com\/wp-content\/uploads\/2026\/06\/04883920-768x513.jpg 768w, https:\/\/www.euhabitat.com\/wp-content\/uploads\/2026\/06\/04883920-800x534.jpg 800w, https:\/\/www.euhabitat.com\/wp-content\/uploads\/2026\/06\/04883920-1200x801.jpg 1200w, https:\/\/www.euhabitat.com\/wp-content\/uploads\/2026\/06\/04883920-1536x1025.jpg 1536w, https:\/\/www.euhabitat.com\/wp-content\/uploads\/2026\/06\/04883920-1798x1200.jpg 1798w\" data-sizes=\"auto\" uk-cover>\t<\/div>\n\t\t<\/a>\n\t\t<div class=\"inx-property-list-item__body uk-card-body\">\n\t\t<div class=\"inx-property-list-item__title uk-card-title\">\n\t\t\t\t\t\t<a href=\"https:\/\/www.euhabitat.com\/de\/moeblierte-wohnungen-frankfurt\/objekt-48839\/?inx-backlink-url=https%3A%2F%2Fwww.euhabitat.com%2Fde%2Fsuchergebnisse%2F\" class=\"inx-link inx-oi--nutzungsart--waz inx-oi--vermarktungsart--miete-pacht\">\n\t\t\t\t\t\t\tCity-Residence: Moderne 1-Zimmer Wohnung in zentraler Lage\t\t\t\t\t\t<\/a>\n\t\t\t\t\t<\/div>\n\n\t\t<div class=\"uk-margin-bottom\">\n\t\t\t\n\t\t\t\t\t\t<div class=\"inx-property-list-item__location\" lang=\"de\">\n\t\t\t\t<i class=\"inx-core-detail-icon flaticon-placeholder\" title=\"Lage\"><\/i>\n\t\t\t\t<div>Frankfurt \n<br><span class=\"weitere-orte\">(Gallus \n<br><span class=\"weitere-orte\">(nahe Europaviertel))<\/span><\/div>\n\t\t\t<\/div>\n\t\t\t\n\t\t\t<div class=\"inx-property-list-item__available-from\" lang=\"de\">\n\t\t\t\t<div class=\"show-de\" style=\"font-weight: 600;\">Bezugsfrei ab: <\/div><div class=\"show-en\" style=\"font-weight: 600;\">Available from: <\/div> 03.09.2026\t\t\t<\/div>\n\t\t\t<div class=\"inx-property-list-item__available-from\" lang=\"de\">\n\t\t\t\t<div class=\"show-de\" style=\"margin-right:0.3em;\"><strong>Objekt-ID:<\/strong><\/div><div class=\"show-en\" style=\"margin-right:0.3em;\"><strong>Object-ID: <\/strong><\/div>48839\t\t\t<\/div>\n\t\t<!--\t<div class=\"inx-property-list-item__available-from\" lang=\"de\">\n\t\t\t\t<div class=\"show-de\" style=\"font-weight: 600;\">Frei bis: <\/div><div class=\"show-en\" style=\"font-weight: 600;\">Vacant until: <\/div> \t\t\t<\/div>-->\n\t\t<\/div>\n<!--\n\t\t\t\t<p class=\"inx-property-list-item__excerpt\">Gepflegtes Apartmenthaus , Bj. 1955, 3. Etage, kein Lift<\/p>\n\t-->\n\t<\/div>\n\n\t<div class=\"inx-property-list-item__footer uk-card-footer\">\n\t\t\t\t<div class=\"inx-property-list-item__core-details uk-flex uk-flex-around\">\n\t\t\t\t\t\t<div>\n\t\t\t\t<i class=\"inx-core-detail-icon flaticon-size\" title=\"Wohnfl\u00e4che\"><\/i> 19&nbsp;m\u00b2\t\t\t<\/div>\n\t\t\t\n\t\t\t\n\t\t\t\t\t\t<div>\n\t\t\t\t<i class=\"inx-core-detail-icon flaticon-blueprint\" title=\"Zimmer\"><\/i> 1\t\t\t<\/div>\n\t\t\t\t\t<\/div>\n\t\t\n\t\t\t\t<a href=\"https:\/\/www.euhabitat.com\/de\/moeblierte-wohnungen-frankfurt\/objekt-48839\/?inx-backlink-url=https%3A%2F%2Fwww.euhabitat.com%2Fde%2Fsuchergebnisse%2F\" class=\"inx-property-list-item__property-price inx-property-price inx-oi--nutzungsart--waz inx-oi--vermarktungsart--miete-pacht inx-oi--inverted inx-link\">\n\t\t\t\t990&nbsp;\u20ac\t\t<\/a>\n\t\t\t\t\t<\/div>\n\n\t\t<div class=\"inx-property-list-item__labels uk-position-top-right\">\n\t\t\t\t<span class=\"inx-property-label inx-property-label--frankfurt uk-label\">Frankfurt<\/span><br>\n\t\t\t\t<\/div>\n\t<\/div>\n\t\t<\/div>\n\n\t\t\t\t\n\t\t<div class=\"inx-property-list__item-wrap\">\n\t\t\t\t<div class=\"inx-property-list-item inx-property-list-item--card uk-card uk-card-default uk-animation-scale-up\">\n\t\t<a href=\"https:\/\/www.euhabitat.com\/de\/moeblierte-wohnungen-frankfurt\/objekt-47621\/?inx-backlink-url=https%3A%2F%2Fwww.euhabitat.com%2Fde%2Fsuchergebnisse%2F\">\n\t\t<div class=\"inx-property-list-item__media-top uk-card-media-top uk-cover-container\">\n\t\t<img decoding=\"async\" width=\"1200\" height=\"694\" src=\"https:\/\/www.euhabitat.com\/wp-content\/uploads\/2026\/08\/04762120-1920x1110.jpg\" class=\"attachment-large size-large lazyload wp-post-image\" alt=\"Wohnen\" srcset=\"data:image\/svg+xml,%3Csvg%20xmlns%3D%27http%3A%2F%2Fwww.w3.org%2F2000%2Fsvg%27%20width%3D%272048%27%20height%3D%271184%27%20viewBox%3D%270%200%202048%201184%27%3E%3Crect%20width%3D%272048%27%20height%3D%271184%27%20fill-opacity%3D%220%22%2F%3E%3C%2Fsvg%3E\" data-orig-src=\"https:\/\/www.euhabitat.com\/wp-content\/uploads\/2026\/08\/04762120-1920x1110.jpg\" data-srcset=\"https:\/\/www.euhabitat.com\/wp-content\/uploads\/2026\/08\/04762120-120x68.jpg 120w, https:\/\/www.euhabitat.com\/wp-content\/uploads\/2026\/08\/04762120-200x116.jpg 200w, https:\/\/www.euhabitat.com\/wp-content\/uploads\/2026\/08\/04762120-300x173.jpg 300w, https:\/\/www.euhabitat.com\/wp-content\/uploads\/2026\/08\/04762120-400x231.jpg 400w, https:\/\/www.euhabitat.com\/wp-content\/uploads\/2026\/08\/04762120-600x347.jpg 600w, https:\/\/www.euhabitat.com\/wp-content\/uploads\/2026\/08\/04762120-768x444.jpg 768w, https:\/\/www.euhabitat.com\/wp-content\/uploads\/2026\/08\/04762120-800x463.jpg 800w, https:\/\/www.euhabitat.com\/wp-content\/uploads\/2026\/08\/04762120-1200x694.jpg 1200w, https:\/\/www.euhabitat.com\/wp-content\/uploads\/2026\/08\/04762120-1536x888.jpg 1536w, https:\/\/www.euhabitat.com\/wp-content\/uploads\/2026\/08\/04762120-1920x1110.jpg 1920w\" data-sizes=\"auto\" uk-cover>\t<\/div>\n\t\t<\/a>\n\t\t<div class=\"inx-property-list-item__body uk-card-body\">\n\t\t<div class=\"inx-property-list-item__title uk-card-title\">\n\t\t\t\t\t\t<a href=\"https:\/\/www.euhabitat.com\/de\/moeblierte-wohnungen-frankfurt\/objekt-47621\/?inx-backlink-url=https%3A%2F%2Fwww.euhabitat.com%2Fde%2Fsuchergebnisse%2F\" class=\"inx-link inx-oi--nutzungsart--waz inx-oi--vermarktungsart--miete-pacht\">\n\t\t\t\t\t\t\tCity-Residence: Moderne und helle Einlieger-Wohnung in Villenlage von Kelkheim\t\t\t\t\t\t<\/a>\n\t\t\t\t\t<\/div>\n\n\t\t<div class=\"uk-margin-bottom\">\n\t\t\t\n\t\t\t\t\t\t<div class=\"inx-property-list-item__location\" lang=\"de\">\n\t\t\t\t<i class=\"inx-core-detail-icon flaticon-placeholder\" title=\"Lage\"><\/i>\n\t\t\t\t<div>Kelkheim<\/span><\/div>\n\t\t\t<\/div>\n\t\t\t\n\t\t\t<div class=\"inx-property-list-item__available-from\" lang=\"de\">\n\t\t\t\t<div class=\"show-de\" style=\"font-weight: 600;\">Bezugsfrei ab: <\/div><div class=\"show-en\" style=\"font-weight: 600;\">Available from: <\/div> 01.10.2026\t\t\t<\/div>\n\t\t\t<div class=\"inx-property-list-item__available-from\" lang=\"de\">\n\t\t\t\t<div class=\"show-de\" style=\"margin-right:0.3em;\"><strong>Objekt-ID:<\/strong><\/div><div class=\"show-en\" style=\"margin-right:0.3em;\"><strong>Object-ID: <\/strong><\/div>47621\t\t\t<\/div>\n\t\t<!--\t<div class=\"inx-property-list-item__available-from\" lang=\"de\">\n\t\t\t\t<div class=\"show-de\" style=\"font-weight: 600;\">Frei bis: <\/div><div class=\"show-en\" style=\"font-weight: 600;\">Vacant until: <\/div> \t\t\t<\/div>-->\n\t\t<\/div>\n<!--\n\t\t\t\t<p class=\"inx-property-list-item__excerpt\">Einfamilienhaus mit Einliegerwohnung Bungalow , Bj. 1980, Helles Halbsouterrain, kein Lift...<\/p>\n\t-->\n\t<\/div>\n\n\t<div class=\"inx-property-list-item__footer uk-card-footer\">\n\t\t\t\t<div class=\"inx-property-list-item__core-details uk-flex uk-flex-around\">\n\t\t\t\t\t\t<div>\n\t\t\t\t<i class=\"inx-core-detail-icon flaticon-size\" title=\"Wohnfl\u00e4che\"><\/i> 40&nbsp;m\u00b2\t\t\t<\/div>\n\t\t\t\n\t\t\t\n\t\t\t\t\t\t<div>\n\t\t\t\t<i class=\"inx-core-detail-icon flaticon-blueprint\" title=\"Zimmer\"><\/i> 1\t\t\t<\/div>\n\t\t\t\t\t<\/div>\n\t\t\n\t\t\t\t<a href=\"https:\/\/www.euhabitat.com\/de\/moeblierte-wohnungen-frankfurt\/objekt-47621\/?inx-backlink-url=https%3A%2F%2Fwww.euhabitat.com%2Fde%2Fsuchergebnisse%2F\" class=\"inx-property-list-item__property-price inx-property-price inx-oi--nutzungsart--waz inx-oi--vermarktungsart--miete-pacht inx-oi--inverted inx-link\">\n\t\t\t\t990&nbsp;\u20ac\t\t<\/a>\n\t\t\t\t\t<\/div>\n\n\t\t<div class=\"inx-property-list-item__labels uk-position-top-right\">\n\t\t\t\t<span class=\"inx-property-label inx-property-label--frankfurt uk-label\">Frankfurt<\/span><br>\n\t\t\t\t<\/div>\n\t<\/div>\n\t\t<\/div>\n\n\t\t\t\t\n\t\t<div class=\"inx-property-list__item-wrap\">\n\t\t\t\t<div class=\"inx-property-list-item inx-property-list-item--card uk-card uk-card-default uk-animation-scale-up\">\n\t\t<a href=\"https:\/\/www.euhabitat.com\/de\/moeblierte-wohnungen-frankfurt\/objekt-48983\/?inx-backlink-url=https%3A%2F%2Fwww.euhabitat.com%2Fde%2Fsuchergebnisse%2F\">\n\t\t<div class=\"inx-property-list-item__media-top uk-card-media-top uk-cover-container\">\n\t\t<img decoding=\"async\" width=\"1200\" height=\"798\" src=\"https:\/\/www.euhabitat.com\/wp-content\/uploads\/2026\/08\/04898320-1-1804x1200.jpg\" class=\"attachment-large size-large lazyload wp-post-image\" alt=\"Wohnen\" srcset=\"data:image\/svg+xml,%3Csvg%20xmlns%3D%27http%3A%2F%2Fwww.w3.org%2F2000%2Fsvg%27%20width%3D%272048%27%20height%3D%271362%27%20viewBox%3D%270%200%202048%201362%27%3E%3Crect%20width%3D%272048%27%20height%3D%271362%27%20fill-opacity%3D%220%22%2F%3E%3C%2Fsvg%3E\" data-orig-src=\"https:\/\/www.euhabitat.com\/wp-content\/uploads\/2026\/08\/04898320-1-1804x1200.jpg\" data-srcset=\"https:\/\/www.euhabitat.com\/wp-content\/uploads\/2026\/08\/04898320-1-200x133.jpg 200w, https:\/\/www.euhabitat.com\/wp-content\/uploads\/2026\/08\/04898320-1-300x200.jpg 300w, https:\/\/www.euhabitat.com\/wp-content\/uploads\/2026\/08\/04898320-1-400x266.jpg 400w, https:\/\/www.euhabitat.com\/wp-content\/uploads\/2026\/08\/04898320-1-600x399.jpg 600w, https:\/\/www.euhabitat.com\/wp-content\/uploads\/2026\/08\/04898320-1-768x511.jpg 768w, https:\/\/www.euhabitat.com\/wp-content\/uploads\/2026\/08\/04898320-1-800x532.jpg 800w, https:\/\/www.euhabitat.com\/wp-content\/uploads\/2026\/08\/04898320-1-1200x798.jpg 1200w, https:\/\/www.euhabitat.com\/wp-content\/uploads\/2026\/08\/04898320-1-1536x1022.jpg 1536w, https:\/\/www.euhabitat.com\/wp-content\/uploads\/2026\/08\/04898320-1-1804x1200.jpg 1804w\" data-sizes=\"auto\" uk-cover>\t<\/div>\n\t\t<\/a>\n\t\t<div class=\"inx-property-list-item__body uk-card-body\">\n\t\t<div class=\"inx-property-list-item__title uk-card-title\">\n\t\t\t\t\t\t<a href=\"https:\/\/www.euhabitat.com\/de\/moeblierte-wohnungen-frankfurt\/objekt-48983\/?inx-backlink-url=https%3A%2F%2Fwww.euhabitat.com%2Fde%2Fsuchergebnisse%2F\" class=\"inx-link inx-oi--nutzungsart--waz inx-oi--vermarktungsart--miete-pacht\">\n\t\t\t\t\t\t\tCity-Residence: City West: Gro\u00dfz\u00fcgiges Apartment mit Balkon\t\t\t\t\t\t<\/a>\n\t\t\t\t\t<\/div>\n\n\t\t<div class=\"uk-margin-bottom\">\n\t\t\t\n\t\t\t\t\t\t<div class=\"inx-property-list-item__location\" lang=\"de\">\n\t\t\t\t<i class=\"inx-core-detail-icon flaticon-placeholder\" title=\"Lage\"><\/i>\n\t\t\t\t<div>Bockenheim \n<br><span class=\"weitere-orte\">(City-West) \n<br><span class=\"weitere-orte\">(Frankfurt)<\/span><\/div>\n\t\t\t<\/div>\n\t\t\t\n\t\t\t<div class=\"inx-property-list-item__available-from\" lang=\"de\">\n\t\t\t\t<div class=\"show-de\" style=\"font-weight: 600;\">Bezugsfrei ab: <\/div><div class=\"show-en\" style=\"font-weight: 600;\">Available from: <\/div> 03.09.2026\t\t\t<\/div>\n\t\t\t<div class=\"inx-property-list-item__available-from\" lang=\"de\">\n\t\t\t\t<div class=\"show-de\" style=\"margin-right:0.3em;\"><strong>Objekt-ID:<\/strong><\/div><div class=\"show-en\" style=\"margin-right:0.3em;\"><strong>Object-ID: <\/strong><\/div>48983\t\t\t<\/div>\n\t\t<!--\t<div class=\"inx-property-list-item__available-from\" lang=\"de\">\n\t\t\t\t<div class=\"show-de\" style=\"font-weight: 600;\">Frei bis: <\/div><div class=\"show-en\" style=\"font-weight: 600;\">Vacant until: <\/div> \t\t\t<\/div>-->\n\t\t<\/div>\n<!--\n\t\t\t\t<p class=\"inx-property-list-item__excerpt\">Gepflegtes Mehrfamilienhaus , Bj. 1958 kernsaniert 2015 , 4. Etage, kein Lift<\/p>\n\t-->\n\t<\/div>\n\n\t<div class=\"inx-property-list-item__footer uk-card-footer\">\n\t\t\t\t<div class=\"inx-property-list-item__core-details uk-flex uk-flex-around\">\n\t\t\t\t\t\t<div>\n\t\t\t\t<i class=\"inx-core-detail-icon flaticon-size\" title=\"Wohnfl\u00e4che\"><\/i> 33&nbsp;m\u00b2\t\t\t<\/div>\n\t\t\t\n\t\t\t\n\t\t\t\t\t\t<div>\n\t\t\t\t<i class=\"inx-core-detail-icon flaticon-blueprint\" title=\"Zimmer\"><\/i> 1\t\t\t<\/div>\n\t\t\t\t\t<\/div>\n\t\t\n\t\t\t\t<a href=\"https:\/\/www.euhabitat.com\/de\/moeblierte-wohnungen-frankfurt\/objekt-48983\/?inx-backlink-url=https%3A%2F%2Fwww.euhabitat.com%2Fde%2Fsuchergebnisse%2F\" class=\"inx-property-list-item__property-price inx-property-price inx-oi--nutzungsart--waz inx-oi--vermarktungsart--miete-pacht inx-oi--inverted inx-link\">\n\t\t\t\t1.190&nbsp;\u20ac\t\t<\/a>\n\t\t\t\t\t<\/div>\n\n\t\t<div class=\"inx-property-list-item__labels uk-position-top-right\">\n\t\t\t\t<span class=\"inx-property-label inx-property-label--frankfurt uk-label\">Frankfurt<\/span><br>\n\t\t\t\t<\/div>\n\t<\/div>\n\t\t<\/div>\n\n\t\t\t\t\n\t\t<div class=\"inx-property-list__item-wrap\">\n\t\t\t\t<div class=\"inx-property-list-item inx-property-list-item--card uk-card uk-card-default uk-animation-scale-up\">\n\t\t<a href=\"https:\/\/www.euhabitat.com\/de\/moeblierte-wohnungen-frankfurt\/objekt-44732\/?inx-backlink-url=https%3A%2F%2Fwww.euhabitat.com%2Fde%2Fsuchergebnisse%2F\">\n\t\t<div class=\"inx-property-list-item__media-top uk-card-media-top uk-cover-container\">\n\t\t<img decoding=\"async\" width=\"1200\" height=\"801\" src=\"https:\/\/www.euhabitat.com\/wp-content\/uploads\/2026\/09\/04473220-1-1798x1200.jpg\" class=\"attachment-large size-large lazyload wp-post-image\" alt=\"Wohnen\" srcset=\"data:image\/svg+xml,%3Csvg%20xmlns%3D%27http%3A%2F%2Fwww.w3.org%2F2000%2Fsvg%27%20width%3D%272048%27%20height%3D%271367%27%20viewBox%3D%270%200%202048%201367%27%3E%3Crect%20width%3D%272048%27%20height%3D%271367%27%20fill-opacity%3D%220%22%2F%3E%3C%2Fsvg%3E\" data-orig-src=\"https:\/\/www.euhabitat.com\/wp-content\/uploads\/2026\/09\/04473220-1-1798x1200.jpg\" data-srcset=\"https:\/\/www.euhabitat.com\/wp-content\/uploads\/2026\/09\/04473220-1-200x133.jpg 200w, https:\/\/www.euhabitat.com\/wp-content\/uploads\/2026\/09\/04473220-1-300x200.jpg 300w, https:\/\/www.euhabitat.com\/wp-content\/uploads\/2026\/09\/04473220-1-400x267.jpg 400w, https:\/\/www.euhabitat.com\/wp-content\/uploads\/2026\/09\/04473220-1-600x400.jpg 600w, https:\/\/www.euhabitat.com\/wp-content\/uploads\/2026\/09\/04473220-1-768x513.jpg 768w, https:\/\/www.euhabitat.com\/wp-content\/uploads\/2026\/09\/04473220-1-800x534.jpg 800w, https:\/\/www.euhabitat.com\/wp-content\/uploads\/2026\/09\/04473220-1-1200x801.jpg 1200w, https:\/\/www.euhabitat.com\/wp-content\/uploads\/2026\/09\/04473220-1-1536x1025.jpg 1536w, https:\/\/www.euhabitat.com\/wp-content\/uploads\/2026\/09\/04473220-1-1798x1200.jpg 1798w\" data-sizes=\"auto\" uk-cover>\t<\/div>\n\t\t<\/a>\n\t\t<div class=\"inx-property-list-item__body uk-card-body\">\n\t\t<div class=\"inx-property-list-item__title uk-card-title\">\n\t\t\t\t\t\t<a href=\"https:\/\/www.euhabitat.com\/de\/moeblierte-wohnungen-frankfurt\/objekt-44732\/?inx-backlink-url=https%3A%2F%2Fwww.euhabitat.com%2Fde%2Fsuchergebnisse%2F\" class=\"inx-link inx-oi--nutzungsart--waz inx-oi--vermarktungsart--miete-pacht\">\n\t\t\t\t\t\t\tCity-Residence: Nette 2-Zimmer-Wohnung in sch\u00f6nem Altbau\t\t\t\t\t\t<\/a>\n\t\t\t\t\t<\/div>\n\n\t\t<div class=\"uk-margin-bottom\">\n\t\t\t\n\t\t\t\t\t\t<div class=\"inx-property-list-item__location\" lang=\"de\">\n\t\t\t\t<i class=\"inx-core-detail-icon flaticon-placeholder\" title=\"Lage\"><\/i>\n\t\t\t\t<div>Eschersheim \n<br><span class=\"weitere-orte\">(Frankfurt)<\/span><\/div>\n\t\t\t<\/div>\n\t\t\t\n\t\t\t<div class=\"inx-property-list-item__available-from\" lang=\"de\">\n\t\t\t\t<div class=\"show-de\" style=\"font-weight: 600;\">Bezugsfrei ab: <\/div><div class=\"show-en\" style=\"font-weight: 600;\">Available from: <\/div> 03.09.2026\t\t\t<\/div>\n\t\t\t<div class=\"inx-property-list-item__available-from\" lang=\"de\">\n\t\t\t\t<div class=\"show-de\" style=\"margin-right:0.3em;\"><strong>Objekt-ID:<\/strong><\/div><div class=\"show-en\" style=\"margin-right:0.3em;\"><strong>Object-ID: <\/strong><\/div>44732\t\t\t<\/div>\n\t\t<!--\t<div class=\"inx-property-list-item__available-from\" lang=\"de\">\n\t\t\t\t<div class=\"show-de\" style=\"font-weight: 600;\">Frei bis: <\/div><div class=\"show-en\" style=\"font-weight: 600;\">Vacant until: <\/div> \t\t\t<\/div>-->\n\t\t<\/div>\n<!--\n\t\t\t\t<p class=\"inx-property-list-item__excerpt\">Saniertes kleines Mehrfamilienhaus Altbau , Bj. 1900, 1. Etage, kein Lift...<\/p>\n\t-->\n\t<\/div>\n\n\t<div class=\"inx-property-list-item__footer uk-card-footer\">\n\t\t\t\t<div class=\"inx-property-list-item__core-details uk-flex uk-flex-around\">\n\t\t\t\t\t\t<div>\n\t\t\t\t<i class=\"inx-core-detail-icon flaticon-size\" title=\"Wohnfl\u00e4che\"><\/i> 42&nbsp;m\u00b2\t\t\t<\/div>\n\t\t\t\n\t\t\t\n\t\t\t\t\t\t<div>\n\t\t\t\t<i class=\"inx-core-detail-icon flaticon-blueprint\" title=\"Zimmer\"><\/i> 2\t\t\t<\/div>\n\t\t\t\t\t<\/div>\n\t\t\n\t\t\t\t<a href=\"https:\/\/www.euhabitat.com\/de\/moeblierte-wohnungen-frankfurt\/objekt-44732\/?inx-backlink-url=https%3A%2F%2Fwww.euhabitat.com%2Fde%2Fsuchergebnisse%2F\" class=\"inx-property-list-item__property-price inx-property-price inx-oi--nutzungsart--waz inx-oi--vermarktungsart--miete-pacht inx-oi--inverted inx-link\">\n\t\t\t\t1.250&nbsp;\u20ac\t\t<\/a>\n\t\t\t\t\t<\/div>\n\n\t\t<div class=\"inx-property-list-item__labels uk-position-top-right\">\n\t\t\t\t<span class=\"inx-property-label inx-property-label--frankfurt uk-label\">Frankfurt<\/span><br>\n\t\t\t\t<\/div>\n\t<\/div>\n\t\t<\/div>\n\n\t\t\t\t\n\t\t<div class=\"inx-property-list__item-wrap\">\n\t\t\t\t<div class=\"inx-property-list-item inx-property-list-item--card uk-card uk-card-default uk-animation-scale-up\">\n\t\t<a href=\"https:\/\/www.euhabitat.com\/de\/moeblierte-wohnungen-frankfurt\/objekt-44937\/?inx-backlink-url=https%3A%2F%2Fwww.euhabitat.com%2Fde%2Fsuchergebnisse%2F\">\n\t\t<div class=\"inx-property-list-item__media-top uk-card-media-top uk-cover-container\">\n\t\t<img decoding=\"async\" width=\"1200\" height=\"798\" src=\"https:\/\/www.euhabitat.com\/wp-content\/uploads\/2026\/06\/04493720-1804x1200.jpg\" class=\"attachment-large size-large lazyload wp-post-image\" alt=\"Wohnen\" srcset=\"data:image\/svg+xml,%3Csvg%20xmlns%3D%27http%3A%2F%2Fwww.w3.org%2F2000%2Fsvg%27%20width%3D%272048%27%20height%3D%271362%27%20viewBox%3D%270%200%202048%201362%27%3E%3Crect%20width%3D%272048%27%20height%3D%271362%27%20fill-opacity%3D%220%22%2F%3E%3C%2Fsvg%3E\" data-orig-src=\"https:\/\/www.euhabitat.com\/wp-content\/uploads\/2026\/06\/04493720-1804x1200.jpg\" data-srcset=\"https:\/\/www.euhabitat.com\/wp-content\/uploads\/2026\/06\/04493720-200x133.jpg 200w, https:\/\/www.euhabitat.com\/wp-content\/uploads\/2026\/06\/04493720-300x200.jpg 300w, https:\/\/www.euhabitat.com\/wp-content\/uploads\/2026\/06\/04493720-400x266.jpg 400w, https:\/\/www.euhabitat.com\/wp-content\/uploads\/2026\/06\/04493720-600x399.jpg 600w, https:\/\/www.euhabitat.com\/wp-content\/uploads\/2026\/06\/04493720-768x511.jpg 768w, https:\/\/www.euhabitat.com\/wp-content\/uploads\/2026\/06\/04493720-800x532.jpg 800w, https:\/\/www.euhabitat.com\/wp-content\/uploads\/2026\/06\/04493720-1200x798.jpg 1200w, https:\/\/www.euhabitat.com\/wp-content\/uploads\/2026\/06\/04493720-1536x1022.jpg 1536w, https:\/\/www.euhabitat.com\/wp-content\/uploads\/2026\/06\/04493720-1804x1200.jpg 1804w\" data-sizes=\"auto\" uk-cover>\t<\/div>\n\t\t<\/a>\n\t\t<div class=\"inx-property-list-item__body uk-card-body\">\n\t\t<div class=\"inx-property-list-item__title uk-card-title\">\n\t\t\t\t\t\t<a href=\"https:\/\/www.euhabitat.com\/de\/moeblierte-wohnungen-frankfurt\/objekt-44937\/?inx-backlink-url=https%3A%2F%2Fwww.euhabitat.com%2Fde%2Fsuchergebnisse%2F\" class=\"inx-link inx-oi--nutzungsart--waz inx-oi--vermarktungsart--miete-pacht\">\n\t\t\t\t\t\t\tCity-Residence: Elegantes und helles Apartment mit Balkon\t\t\t\t\t\t<\/a>\n\t\t\t\t\t<\/div>\n\n\t\t<div class=\"uk-margin-bottom\">\n\t\t\t\n\t\t\t\t\t\t<div class=\"inx-property-list-item__location\" lang=\"de\">\n\t\t\t\t<i class=\"inx-core-detail-icon flaticon-placeholder\" title=\"Lage\"><\/i>\n\t\t\t\t<div>Frankfurt \n<br><span class=\"weitere-orte\">(Sachsenhausen \n<br><span class=\"weitere-orte\">(S\u00fcd))<\/span><\/div>\n\t\t\t<\/div>\n\t\t\t\n\t\t\t<div class=\"inx-property-list-item__available-from\" lang=\"de\">\n\t\t\t\t<div class=\"show-de\" style=\"font-weight: 600;\">Bezugsfrei ab: <\/div><div class=\"show-en\" style=\"font-weight: 600;\">Available from: <\/div> 03.09.2026\t\t\t<\/div>\n\t\t\t<div class=\"inx-property-list-item__available-from\" lang=\"de\">\n\t\t\t\t<div class=\"show-de\" style=\"margin-right:0.3em;\"><strong>Objekt-ID:<\/strong><\/div><div class=\"show-en\" style=\"margin-right:0.3em;\"><strong>Object-ID: <\/strong><\/div>44937\t\t\t<\/div>\n\t\t<!--\t<div class=\"inx-property-list-item__available-from\" lang=\"de\">\n\t\t\t\t<div class=\"show-de\" style=\"font-weight: 600;\">Frei bis: <\/div><div class=\"show-en\" style=\"font-weight: 600;\">Vacant until: <\/div> \t\t\t<\/div>-->\n\t\t<\/div>\n<!--\n\t\t\t\t<p class=\"inx-property-list-item__excerpt\">Modernes Wohnhochhaus , Bj. 1974, 1. Etage insgesamt Stockwerke , Lift...<\/p>\n\t-->\n\t<\/div>\n\n\t<div class=\"inx-property-list-item__footer uk-card-footer\">\n\t\t\t\t<div class=\"inx-property-list-item__core-details uk-flex uk-flex-around\">\n\t\t\t\t\t\t<div>\n\t\t\t\t<i class=\"inx-core-detail-icon flaticon-size\" title=\"Wohnfl\u00e4che\"><\/i> 40&nbsp;m\u00b2\t\t\t<\/div>\n\t\t\t\n\t\t\t\n\t\t\t\t\t\t<div>\n\t\t\t\t<i class=\"inx-core-detail-icon flaticon-blueprint\" title=\"Zimmer\"><\/i> 1\t\t\t<\/div>\n\t\t\t\t\t<\/div>\n\t\t\n\t\t\t\t<a href=\"https:\/\/www.euhabitat.com\/de\/moeblierte-wohnungen-frankfurt\/objekt-44937\/?inx-backlink-url=https%3A%2F%2Fwww.euhabitat.com%2Fde%2Fsuchergebnisse%2F\" class=\"inx-property-list-item__property-price inx-property-price inx-oi--nutzungsart--waz inx-oi--vermarktungsart--miete-pacht inx-oi--inverted inx-link\">\n\t\t\t\t1.390&nbsp;\u20ac\t\t<\/a>\n\t\t\t\t\t<\/div>\n\n\t\t<div class=\"inx-property-list-item__labels uk-position-top-right\">\n\t\t\t\t<span class=\"inx-property-label inx-property-label--frankfurt uk-label\">Frankfurt<\/span><br>\n\t\t\t\t<\/div>\n\t<\/div>\n\t\t<\/div>\n\n\t\t\t\t\n\t\t<div class=\"inx-property-list__item-wrap\">\n\t\t\t\t<div class=\"inx-property-list-item inx-property-list-item--card uk-card uk-card-default uk-animation-scale-up\">\n\t\t<a href=\"https:\/\/www.euhabitat.com\/de\/moeblierte-wohnungen-frankfurt\/objekt-42445\/?inx-backlink-url=https%3A%2F%2Fwww.euhabitat.com%2Fde%2Fsuchergebnisse%2F\">\n\t\t<div class=\"inx-property-list-item__media-top uk-card-media-top uk-cover-container\">\n\t\t<img decoding=\"async\" width=\"1200\" height=\"801\" src=\"https:\/\/www.euhabitat.com\/wp-content\/uploads\/2026\/09\/04244520-1-1798x1200.jpg\" class=\"attachment-large size-large lazyload wp-post-image\" alt=\"Wohnen\" srcset=\"data:image\/svg+xml,%3Csvg%20xmlns%3D%27http%3A%2F%2Fwww.w3.org%2F2000%2Fsvg%27%20width%3D%272048%27%20height%3D%271367%27%20viewBox%3D%270%200%202048%201367%27%3E%3Crect%20width%3D%272048%27%20height%3D%271367%27%20fill-opacity%3D%220%22%2F%3E%3C%2Fsvg%3E\" data-orig-src=\"https:\/\/www.euhabitat.com\/wp-content\/uploads\/2026\/09\/04244520-1-1798x1200.jpg\" data-srcset=\"https:\/\/www.euhabitat.com\/wp-content\/uploads\/2026\/09\/04244520-1-200x133.jpg 200w, https:\/\/www.euhabitat.com\/wp-content\/uploads\/2026\/09\/04244520-1-300x200.jpg 300w, https:\/\/www.euhabitat.com\/wp-content\/uploads\/2026\/09\/04244520-1-400x267.jpg 400w, https:\/\/www.euhabitat.com\/wp-content\/uploads\/2026\/09\/04244520-1-600x400.jpg 600w, https:\/\/www.euhabitat.com\/wp-content\/uploads\/2026\/09\/04244520-1-768x513.jpg 768w, https:\/\/www.euhabitat.com\/wp-content\/uploads\/2026\/09\/04244520-1-800x534.jpg 800w, https:\/\/www.euhabitat.com\/wp-content\/uploads\/2026\/09\/04244520-1-1200x801.jpg 1200w, https:\/\/www.euhabitat.com\/wp-content\/uploads\/2026\/09\/04244520-1-1536x1025.jpg 1536w, https:\/\/www.euhabitat.com\/wp-content\/uploads\/2026\/09\/04244520-1-1798x1200.jpg 1798w\" data-sizes=\"auto\" uk-cover>\t<\/div>\n\t\t<\/a>\n\t\t<div class=\"inx-property-list-item__body uk-card-body\">\n\t\t<div class=\"inx-property-list-item__title uk-card-title\">\n\t\t\t\t\t\t<a href=\"https:\/\/www.euhabitat.com\/de\/moeblierte-wohnungen-frankfurt\/objekt-42445\/?inx-backlink-url=https%3A%2F%2Fwww.euhabitat.com%2Fde%2Fsuchergebnisse%2F\" class=\"inx-link inx-oi--nutzungsart--waz inx-oi--vermarktungsart--miete-pacht\">\n\t\t\t\t\t\t\tCity-Residence: H\u00fcbsche, kleine 2-Zi-Wohnung mit in ruhiger Lage von F-Bockenheim\t\t\t\t\t\t<\/a>\n\t\t\t\t\t<\/div>\n\n\t\t<div class=\"uk-margin-bottom\">\n\t\t\t\n\t\t\t\t\t\t<div class=\"inx-property-list-item__location\" lang=\"de\">\n\t\t\t\t<i class=\"inx-core-detail-icon flaticon-placeholder\" title=\"Lage\"><\/i>\n\t\t\t\t<div>Bockenheim \n<br><span class=\"weitere-orte\">(Frankfurt)<\/span><\/div>\n\t\t\t<\/div>\n\t\t\t\n\t\t\t<div class=\"inx-property-list-item__available-from\" lang=\"de\">\n\t\t\t\t<div class=\"show-de\" style=\"font-weight: 600;\">Bezugsfrei ab: <\/div><div class=\"show-en\" style=\"font-weight: 600;\">Available from: <\/div> 03.09.2026\t\t\t<\/div>\n\t\t\t<div class=\"inx-property-list-item__available-from\" lang=\"de\">\n\t\t\t\t<div class=\"show-de\" style=\"margin-right:0.3em;\"><strong>Objekt-ID:<\/strong><\/div><div class=\"show-en\" style=\"margin-right:0.3em;\"><strong>Object-ID: <\/strong><\/div>42445\t\t\t<\/div>\n\t\t<!--\t<div class=\"inx-property-list-item__available-from\" lang=\"de\">\n\t\t\t\t<div class=\"show-de\" style=\"font-weight: 600;\">Frei bis: <\/div><div class=\"show-en\" style=\"font-weight: 600;\">Vacant until: <\/div> \t\t\t<\/div>-->\n\t\t<\/div>\n<!--\n\t\t\t\t<p class=\"inx-property-list-item__excerpt\">Saniertes kleines Mehrfamilienhaus Altbau , Bj. 1920, EG...<\/p>\n\t-->\n\t<\/div>\n\n\t<div class=\"inx-property-list-item__footer uk-card-footer\">\n\t\t\t\t<div class=\"inx-property-list-item__core-details uk-flex uk-flex-around\">\n\t\t\t\t\t\t<div>\n\t\t\t\t<i class=\"inx-core-detail-icon flaticon-size\" title=\"Wohnfl\u00e4che\"><\/i> 35&nbsp;m\u00b2\t\t\t<\/div>\n\t\t\t\n\t\t\t\n\t\t\t\t\t\t<div>\n\t\t\t\t<i class=\"inx-core-detail-icon flaticon-blueprint\" title=\"Zimmer\"><\/i> 1\t\t\t<\/div>\n\t\t\t\t\t<\/div>\n\t\t\n\t\t\t\t<a href=\"https:\/\/www.euhabitat.com\/de\/moeblierte-wohnungen-frankfurt\/objekt-42445\/?inx-backlink-url=https%3A%2F%2Fwww.euhabitat.com%2Fde%2Fsuchergebnisse%2F\" class=\"inx-property-list-item__property-price inx-property-price inx-oi--nutzungsart--waz inx-oi--vermarktungsart--miete-pacht inx-oi--inverted inx-link\">\n\t\t\t\t1.390&nbsp;\u20ac\t\t<\/a>\n\t\t\t\t\t<\/div>\n\n\t\t<div class=\"inx-property-list-item__labels uk-position-top-right\">\n\t\t\t\t<span class=\"inx-property-label inx-property-label--frankfurt uk-label\">Frankfurt<\/span><br>\n\t\t\t\t<\/div>\n\t<\/div>\n\t\t<\/div>\n\n\t\t\t\t\n\t\t<div class=\"inx-property-list__item-wrap\">\n\t\t\t\t<div class=\"inx-property-list-item inx-property-list-item--card uk-card uk-card-default uk-animation-scale-up\">\n\t\t<a href=\"https:\/\/www.euhabitat.com\/de\/moeblierte-wohnungen-frankfurt\/objekt-47952\/?inx-backlink-url=https%3A%2F%2Fwww.euhabitat.com%2Fde%2Fsuchergebnisse%2F\">\n\t\t<div class=\"inx-property-list-item__media-top uk-card-media-top uk-cover-container\">\n\t\t<img decoding=\"async\" width=\"1200\" height=\"798\" src=\"https:\/\/www.euhabitat.com\/wp-content\/uploads\/2026\/07\/04795220-1804x1200.jpg\" class=\"attachment-large size-large lazyload wp-post-image\" alt=\"Wohnen\" srcset=\"data:image\/svg+xml,%3Csvg%20xmlns%3D%27http%3A%2F%2Fwww.w3.org%2F2000%2Fsvg%27%20width%3D%272048%27%20height%3D%271362%27%20viewBox%3D%270%200%202048%201362%27%3E%3Crect%20width%3D%272048%27%20height%3D%271362%27%20fill-opacity%3D%220%22%2F%3E%3C%2Fsvg%3E\" data-orig-src=\"https:\/\/www.euhabitat.com\/wp-content\/uploads\/2026\/07\/04795220-1804x1200.jpg\" data-srcset=\"https:\/\/www.euhabitat.com\/wp-content\/uploads\/2026\/07\/04795220-200x133.jpg 200w, https:\/\/www.euhabitat.com\/wp-content\/uploads\/2026\/07\/04795220-300x200.jpg 300w, https:\/\/www.euhabitat.com\/wp-content\/uploads\/2026\/07\/04795220-400x266.jpg 400w, https:\/\/www.euhabitat.com\/wp-content\/uploads\/2026\/07\/04795220-600x399.jpg 600w, https:\/\/www.euhabitat.com\/wp-content\/uploads\/2026\/07\/04795220-768x511.jpg 768w, https:\/\/www.euhabitat.com\/wp-content\/uploads\/2026\/07\/04795220-800x532.jpg 800w, https:\/\/www.euhabitat.com\/wp-content\/uploads\/2026\/07\/04795220-1200x798.jpg 1200w, https:\/\/www.euhabitat.com\/wp-content\/uploads\/2026\/07\/04795220-1536x1022.jpg 1536w, https:\/\/www.euhabitat.com\/wp-content\/uploads\/2026\/07\/04795220-1804x1200.jpg 1804w\" data-sizes=\"auto\" uk-cover>\t<\/div>\n\t\t<\/a>\n\t\t<div class=\"inx-property-list-item__body uk-card-body\">\n\t\t<div class=\"inx-property-list-item__title uk-card-title\">\n\t\t\t\t\t\t<a href=\"https:\/\/www.euhabitat.com\/de\/moeblierte-wohnungen-frankfurt\/objekt-47952\/?inx-backlink-url=https%3A%2F%2Fwww.euhabitat.com%2Fde%2Fsuchergebnisse%2F\" class=\"inx-link inx-oi--nutzungsart--waz inx-oi--vermarktungsart--miete-pacht\">\n\t\t\t\t\t\t\tCity-Residence: Modernes 2-Zimmer-Apartment in zentraler Lage in Bad Soden\t\t\t\t\t\t<\/a>\n\t\t\t\t\t<\/div>\n\n\t\t<div class=\"uk-margin-bottom\">\n\t\t\t\n\t\t\t\t\t\t<div class=\"inx-property-list-item__location\" lang=\"de\">\n\t\t\t\t<i class=\"inx-core-detail-icon flaticon-placeholder\" title=\"Lage\"><\/i>\n\t\t\t\t<div>Bad Soden<\/span><\/div>\n\t\t\t<\/div>\n\t\t\t\n\t\t\t<div class=\"inx-property-list-item__available-from\" lang=\"de\">\n\t\t\t\t<div class=\"show-de\" style=\"font-weight: 600;\">Bezugsfrei ab: <\/div><div class=\"show-en\" style=\"font-weight: 600;\">Available from: <\/div> 18.09.2026\t\t\t<\/div>\n\t\t\t<div class=\"inx-property-list-item__available-from\" lang=\"de\">\n\t\t\t\t<div class=\"show-de\" style=\"margin-right:0.3em;\"><strong>Objekt-ID:<\/strong><\/div><div class=\"show-en\" style=\"margin-right:0.3em;\"><strong>Object-ID: <\/strong><\/div>47952\t\t\t<\/div>\n\t\t<!--\t<div class=\"inx-property-list-item__available-from\" lang=\"de\">\n\t\t\t\t<div class=\"show-de\" style=\"font-weight: 600;\">Frei bis: <\/div><div class=\"show-en\" style=\"font-weight: 600;\">Vacant until: <\/div> \t\t\t<\/div>-->\n\t\t<\/div>\n<!--\n\t\t\t\t<p class=\"inx-property-list-item__excerpt\">Modernes Mehrfamilienhaus , Bj. 1998, Hochparterre<\/p>\n\t-->\n\t<\/div>\n\n\t<div class=\"inx-property-list-item__footer uk-card-footer\">\n\t\t\t\t<div class=\"inx-property-list-item__core-details uk-flex uk-flex-around\">\n\t\t\t\t\t\t<div>\n\t\t\t\t<i class=\"inx-core-detail-icon flaticon-size\" title=\"Wohnfl\u00e4che\"><\/i> 45&nbsp;m\u00b2\t\t\t<\/div>\n\t\t\t\n\t\t\t\n\t\t\t\t\t\t<div>\n\t\t\t\t<i class=\"inx-core-detail-icon flaticon-blueprint\" title=\"Zimmer\"><\/i> 2\t\t\t<\/div>\n\t\t\t\t\t<\/div>\n\t\t\n\t\t\t\t<a href=\"https:\/\/www.euhabitat.com\/de\/moeblierte-wohnungen-frankfurt\/objekt-47952\/?inx-backlink-url=https%3A%2F%2Fwww.euhabitat.com%2Fde%2Fsuchergebnisse%2F\" class=\"inx-property-list-item__property-price inx-property-price inx-oi--nutzungsart--waz inx-oi--vermarktungsart--miete-pacht inx-oi--inverted inx-link\">\n\t\t\t\t1.490&nbsp;\u20ac\t\t<\/a>\n\t\t\t\t\t<\/div>\n\n\t\t<div class=\"inx-property-list-item__labels uk-position-top-right\">\n\t\t\t\t<span class=\"inx-property-label inx-property-label--frankfurt uk-label\">Frankfurt<\/span><br>\n\t\t\t\t<\/div>\n\t<\/div>\n\t\t<\/div>\n\n\t\t\t\t\n\t\t<div class=\"inx-property-list__item-wrap\">\n\t\t\t\t<div class=\"inx-property-list-item inx-property-list-item--card uk-card uk-card-default uk-animation-scale-up\">\n\t\t<a href=\"https:\/\/www.euhabitat.com\/de\/moeblierte-wohnungen-frankfurt\/objekt-46411\/?inx-backlink-url=https%3A%2F%2Fwww.euhabitat.com%2Fde%2Fsuchergebnisse%2F\">\n\t\t<div class=\"inx-property-list-item__media-top uk-card-media-top uk-cover-container\">\n\t\t<img decoding=\"async\" width=\"1200\" height=\"800\" src=\"https:\/\/www.euhabitat.com\/wp-content\/uploads\/2026\/07\/04641120-1800x1200.jpg\" class=\"attachment-large size-large lazyload wp-post-image\" alt=\"Wohnen\" srcset=\"data:image\/svg+xml,%3Csvg%20xmlns%3D%27http%3A%2F%2Fwww.w3.org%2F2000%2Fsvg%27%20width%3D%272048%27%20height%3D%271365%27%20viewBox%3D%270%200%202048%201365%27%3E%3Crect%20width%3D%272048%27%20height%3D%271365%27%20fill-opacity%3D%220%22%2F%3E%3C%2Fsvg%3E\" data-orig-src=\"https:\/\/www.euhabitat.com\/wp-content\/uploads\/2026\/07\/04641120-1800x1200.jpg\" data-srcset=\"https:\/\/www.euhabitat.com\/wp-content\/uploads\/2026\/07\/04641120-200x133.jpg 200w, https:\/\/www.euhabitat.com\/wp-content\/uploads\/2026\/07\/04641120-300x200.jpg 300w, https:\/\/www.euhabitat.com\/wp-content\/uploads\/2026\/07\/04641120-400x267.jpg 400w, https:\/\/www.euhabitat.com\/wp-content\/uploads\/2026\/07\/04641120-600x400.jpg 600w, https:\/\/www.euhabitat.com\/wp-content\/uploads\/2026\/07\/04641120-768x512.jpg 768w, https:\/\/www.euhabitat.com\/wp-content\/uploads\/2026\/07\/04641120-800x533.jpg 800w, https:\/\/www.euhabitat.com\/wp-content\/uploads\/2026\/07\/04641120-1200x800.jpg 1200w, https:\/\/www.euhabitat.com\/wp-content\/uploads\/2026\/07\/04641120-1536x1024.jpg 1536w, https:\/\/www.euhabitat.com\/wp-content\/uploads\/2026\/07\/04641120-1800x1200.jpg 1800w\" data-sizes=\"auto\" uk-cover>\t<\/div>\n\t\t<\/a>\n\t\t<div class=\"inx-property-list-item__body uk-card-body\">\n\t\t<div class=\"inx-property-list-item__title uk-card-title\">\n\t\t\t\t\t\t<a href=\"https:\/\/www.euhabitat.com\/de\/moeblierte-wohnungen-frankfurt\/objekt-46411\/?inx-backlink-url=https%3A%2F%2Fwww.euhabitat.com%2Fde%2Fsuchergebnisse%2F\" class=\"inx-link inx-oi--nutzungsart--waz inx-oi--vermarktungsart--miete-pacht\">\n\t\t\t\t\t\t\tCity-Residence: Moderne 2-Zi.-Wohnung mit Dachterrasse und PKW-Stellplatz\t\t\t\t\t\t<\/a>\n\t\t\t\t\t<\/div>\n\n\t\t<div class=\"uk-margin-bottom\">\n\t\t\t\n\t\t\t\t\t\t<div class=\"inx-property-list-item__location\" lang=\"de\">\n\t\t\t\t<i class=\"inx-core-detail-icon flaticon-placeholder\" title=\"Lage\"><\/i>\n\t\t\t\t<div>Sulzbach<\/span><\/div>\n\t\t\t<\/div>\n\t\t\t\n\t\t\t<div class=\"inx-property-list-item__available-from\" lang=\"de\">\n\t\t\t\t<div class=\"show-de\" style=\"font-weight: 600;\">Bezugsfrei ab: <\/div><div class=\"show-en\" style=\"font-weight: 600;\">Available from: <\/div> 03.09.2026\t\t\t<\/div>\n\t\t\t<div class=\"inx-property-list-item__available-from\" lang=\"de\">\n\t\t\t\t<div class=\"show-de\" style=\"margin-right:0.3em;\"><strong>Objekt-ID:<\/strong><\/div><div class=\"show-en\" style=\"margin-right:0.3em;\"><strong>Object-ID: <\/strong><\/div>46411\t\t\t<\/div>\n\t\t<!--\t<div class=\"inx-property-list-item__available-from\" lang=\"de\">\n\t\t\t\t<div class=\"show-de\" style=\"font-weight: 600;\">Frei bis: <\/div><div class=\"show-en\" style=\"font-weight: 600;\">Vacant until: <\/div> \t\t\t<\/div>-->\n\t\t<\/div>\n<!--\n\t\t\t\t<p class=\"inx-property-list-item__excerpt\">Gepflegtes Mehrfamilienhaus , Bj. 1990, 2. Etage, kein Lift<\/p>\n\t-->\n\t<\/div>\n\n\t<div class=\"inx-property-list-item__footer uk-card-footer\">\n\t\t\t\t<div class=\"inx-property-list-item__core-details uk-flex uk-flex-around\">\n\t\t\t\t\t\t<div>\n\t\t\t\t<i class=\"inx-core-detail-icon flaticon-size\" title=\"Wohnfl\u00e4che\"><\/i> 59&nbsp;m\u00b2\t\t\t<\/div>\n\t\t\t\n\t\t\t\n\t\t\t\t\t\t<div>\n\t\t\t\t<i class=\"inx-core-detail-icon flaticon-blueprint\" title=\"Zimmer\"><\/i> 2\t\t\t<\/div>\n\t\t\t\t\t<\/div>\n\t\t\n\t\t\t\t<a href=\"https:\/\/www.euhabitat.com\/de\/moeblierte-wohnungen-frankfurt\/objekt-46411\/?inx-backlink-url=https%3A%2F%2Fwww.euhabitat.com%2Fde%2Fsuchergebnisse%2F\" class=\"inx-property-list-item__property-price inx-property-price inx-oi--nutzungsart--waz inx-oi--vermarktungsart--miete-pacht inx-oi--inverted inx-link\">\n\t\t\t\t1.490&nbsp;\u20ac\t\t<\/a>\n\t\t\t\t\t<\/div>\n\n\t\t<div class=\"inx-property-list-item__labels uk-position-top-right\">\n\t\t\t\t<span class=\"inx-property-label inx-property-label--frankfurt uk-label\">Frankfurt<\/span><br>\n\t\t\t\t<\/div>\n\t<\/div>\n\t\t<\/div>\n\n\t\t\t\t\n\t\t<div class=\"inx-property-list__item-wrap\">\n\t\t\t\t<div class=\"inx-property-list-item inx-property-list-item--card uk-card uk-card-default uk-animation-scale-up\">\n\t\t<a href=\"https:\/\/www.euhabitat.com\/de\/moeblierte-wohnungen-frankfurt\/objekt-44027\/?inx-backlink-url=https%3A%2F%2Fwww.euhabitat.com%2Fde%2Fsuchergebnisse%2F\">\n\t\t<div class=\"inx-property-list-item__media-top uk-card-media-top uk-cover-container\">\n\t\t<img decoding=\"async\" width=\"1200\" height=\"738\" src=\"https:\/\/www.euhabitat.com\/wp-content\/uploads\/2026\/09\/04402720-2-1920x1181.jpg\" class=\"attachment-large size-large lazyload wp-post-image\" alt=\"Wohnen\" srcset=\"data:image\/svg+xml,%3Csvg%20xmlns%3D%27http%3A%2F%2Fwww.w3.org%2F2000%2Fsvg%27%20width%3D%272048%27%20height%3D%271260%27%20viewBox%3D%270%200%202048%201260%27%3E%3Crect%20width%3D%272048%27%20height%3D%271260%27%20fill-opacity%3D%220%22%2F%3E%3C%2Fsvg%3E\" data-orig-src=\"https:\/\/www.euhabitat.com\/wp-content\/uploads\/2026\/09\/04402720-2-1920x1181.jpg\" data-srcset=\"https:\/\/www.euhabitat.com\/wp-content\/uploads\/2026\/09\/04402720-2-200x123.jpg 200w, https:\/\/www.euhabitat.com\/wp-content\/uploads\/2026\/09\/04402720-2-300x185.jpg 300w, https:\/\/www.euhabitat.com\/wp-content\/uploads\/2026\/09\/04402720-2-400x246.jpg 400w, https:\/\/www.euhabitat.com\/wp-content\/uploads\/2026\/09\/04402720-2-600x369.jpg 600w, https:\/\/www.euhabitat.com\/wp-content\/uploads\/2026\/09\/04402720-2-768x473.jpg 768w, https:\/\/www.euhabitat.com\/wp-content\/uploads\/2026\/09\/04402720-2-800x492.jpg 800w, https:\/\/www.euhabitat.com\/wp-content\/uploads\/2026\/09\/04402720-2-1200x738.jpg 1200w, https:\/\/www.euhabitat.com\/wp-content\/uploads\/2026\/09\/04402720-2-1536x945.jpg 1536w, https:\/\/www.euhabitat.com\/wp-content\/uploads\/2026\/09\/04402720-2-1920x1181.jpg 1920w\" data-sizes=\"auto\" uk-cover>\t<\/div>\n\t\t<\/a>\n\t\t<div class=\"inx-property-list-item__body uk-card-body\">\n\t\t<div class=\"inx-property-list-item__title uk-card-title\">\n\t\t\t\t\t\t<a href=\"https:\/\/www.euhabitat.com\/de\/moeblierte-wohnungen-frankfurt\/objekt-44027\/?inx-backlink-url=https%3A%2F%2Fwww.euhabitat.com%2Fde%2Fsuchergebnisse%2F\" class=\"inx-link inx-oi--nutzungsart--waz inx-oi--vermarktungsart--miete-pacht\">\n\t\t\t\t\t\t\tCity-Residence: Voll ausgestattete Wohnung in ruhiger Lage\t\t\t\t\t\t<\/a>\n\t\t\t\t\t<\/div>\n\n\t\t<div class=\"uk-margin-bottom\">\n\t\t\t\n\t\t\t\t\t\t<div class=\"inx-property-list-item__location\" lang=\"de\">\n\t\t\t\t<i class=\"inx-core-detail-icon flaticon-placeholder\" title=\"Lage\"><\/i>\n\t\t\t\t<div>Frankfurt \n<br><span class=\"weitere-orte\">(R\u00f6delheim)<\/span><\/div>\n\t\t\t<\/div>\n\t\t\t\n\t\t\t<div class=\"inx-property-list-item__available-from\" lang=\"de\">\n\t\t\t\t<div class=\"show-de\" style=\"font-weight: 600;\">Bezugsfrei ab: <\/div><div class=\"show-en\" style=\"font-weight: 600;\">Available from: <\/div> 03.09.2026\t\t\t<\/div>\n\t\t\t<div class=\"inx-property-list-item__available-from\" lang=\"de\">\n\t\t\t\t<div class=\"show-de\" style=\"margin-right:0.3em;\"><strong>Objekt-ID:<\/strong><\/div><div class=\"show-en\" style=\"margin-right:0.3em;\"><strong>Object-ID: <\/strong><\/div>44027\t\t\t<\/div>\n\t\t<!--\t<div class=\"inx-property-list-item__available-from\" lang=\"de\">\n\t\t\t\t<div class=\"show-de\" style=\"font-weight: 600;\">Frei bis: <\/div><div class=\"show-en\" style=\"font-weight: 600;\">Vacant until: <\/div> \t\t\t<\/div>-->\n\t\t<\/div>\n<!--\n\t\t\t\t<p class=\"inx-property-list-item__excerpt\">Sch\u00f6nes Dreifamilienhaus , Bj. 1954, 2. Etage, kein Lift, Dachgeschoss mit leichten Schr\u00e4gen<\/p>\n\t-->\n\t<\/div>\n\n\t<div class=\"inx-property-list-item__footer uk-card-footer\">\n\t\t\t\t<div class=\"inx-property-list-item__core-details uk-flex uk-flex-around\">\n\t\t\t\t\t\t<div>\n\t\t\t\t<i class=\"inx-core-detail-icon flaticon-size\" title=\"Wohnfl\u00e4che\"><\/i> 55&nbsp;m\u00b2\t\t\t<\/div>\n\t\t\t\n\t\t\t\n\t\t\t\t\t\t<div>\n\t\t\t\t<i class=\"inx-core-detail-icon flaticon-blueprint\" title=\"Zimmer\"><\/i> 2\t\t\t<\/div>\n\t\t\t\t\t<\/div>\n\t\t\n\t\t\t\t<a href=\"https:\/\/www.euhabitat.com\/de\/moeblierte-wohnungen-frankfurt\/objekt-44027\/?inx-backlink-url=https%3A%2F%2Fwww.euhabitat.com%2Fde%2Fsuchergebnisse%2F\" class=\"inx-property-list-item__property-price inx-property-price inx-oi--nutzungsart--waz inx-oi--vermarktungsart--miete-pacht inx-oi--inverted inx-link\">\n\t\t\t\t1.570&nbsp;\u20ac\t\t<\/a>\n\t\t\t\t\t<\/div>\n\n\t\t<div class=\"inx-property-list-item__labels uk-position-top-right\">\n\t\t\t\t<span class=\"inx-property-label inx-property-label--frankfurt uk-label\">Frankfurt<\/span><br>\n\t\t\t\t<\/div>\n\t<\/div>\n\t\t<\/div>\n\n\t\t\t\t\n\t\t<div class=\"inx-property-list__item-wrap\">\n\t\t\t\t<div class=\"inx-property-list-item inx-property-list-item--card uk-card uk-card-default uk-animation-scale-up\">\n\t\t<a href=\"https:\/\/www.euhabitat.com\/de\/moeblierte-wohnungen-frankfurt\/objekt-43078\/?inx-backlink-url=https%3A%2F%2Fwww.euhabitat.com%2Fde%2Fsuchergebnisse%2F\">\n\t\t<div class=\"inx-property-list-item__media-top uk-card-media-top uk-cover-container\">\n\t\t<img decoding=\"async\" width=\"1200\" height=\"801\" src=\"https:\/\/www.euhabitat.com\/wp-content\/uploads\/2026\/09\/04307820-1798x1200.jpg\" class=\"attachment-large size-large lazyload wp-post-image\" alt=\"Wohnen\" srcset=\"data:image\/svg+xml,%3Csvg%20xmlns%3D%27http%3A%2F%2Fwww.w3.org%2F2000%2Fsvg%27%20width%3D%272048%27%20height%3D%271367%27%20viewBox%3D%270%200%202048%201367%27%3E%3Crect%20width%3D%272048%27%20height%3D%271367%27%20fill-opacity%3D%220%22%2F%3E%3C%2Fsvg%3E\" data-orig-src=\"https:\/\/www.euhabitat.com\/wp-content\/uploads\/2026\/09\/04307820-1798x1200.jpg\" data-srcset=\"https:\/\/www.euhabitat.com\/wp-content\/uploads\/2026\/09\/04307820-200x133.jpg 200w, https:\/\/www.euhabitat.com\/wp-content\/uploads\/2026\/09\/04307820-300x200.jpg 300w, https:\/\/www.euhabitat.com\/wp-content\/uploads\/2026\/09\/04307820-400x267.jpg 400w, https:\/\/www.euhabitat.com\/wp-content\/uploads\/2026\/09\/04307820-600x400.jpg 600w, https:\/\/www.euhabitat.com\/wp-content\/uploads\/2026\/09\/04307820-768x513.jpg 768w, https:\/\/www.euhabitat.com\/wp-content\/uploads\/2026\/09\/04307820-800x534.jpg 800w, https:\/\/www.euhabitat.com\/wp-content\/uploads\/2026\/09\/04307820-1200x801.jpg 1200w, https:\/\/www.euhabitat.com\/wp-content\/uploads\/2026\/09\/04307820-1536x1025.jpg 1536w, https:\/\/www.euhabitat.com\/wp-content\/uploads\/2026\/09\/04307820-1798x1200.jpg 1798w\" data-sizes=\"auto\" uk-cover>\t<\/div>\n\t\t<\/a>\n\t\t<div class=\"inx-property-list-item__body uk-card-body\">\n\t\t<div class=\"inx-property-list-item__title uk-card-title\">\n\t\t\t\t\t\t<a href=\"https:\/\/www.euhabitat.com\/de\/moeblierte-wohnungen-frankfurt\/objekt-43078\/?inx-backlink-url=https%3A%2F%2Fwww.euhabitat.com%2Fde%2Fsuchergebnisse%2F\" class=\"inx-link inx-oi--nutzungsart--waz inx-oi--vermarktungsart--miete-pacht\">\n\t\t\t\t\t\t\tCity-Residence: Modern m\u00f6blierte 2-Zimmer Wohnung im beliebten Nordend\t\t\t\t\t\t<\/a>\n\t\t\t\t\t<\/div>\n\n\t\t<div class=\"uk-margin-bottom\">\n\t\t\t\n\t\t\t\t\t\t<div class=\"inx-property-list-item__location\" lang=\"de\">\n\t\t\t\t<i class=\"inx-core-detail-icon flaticon-placeholder\" title=\"Lage\"><\/i>\n\t\t\t\t<div>Frankfurt \n<br><span class=\"weitere-orte\">(Nordend \n<br><span class=\"weitere-orte\">(Ost))<\/span><\/div>\n\t\t\t<\/div>\n\t\t\t\n\t\t\t<div class=\"inx-property-list-item__available-from\" lang=\"de\">\n\t\t\t\t<div class=\"show-de\" style=\"font-weight: 600;\">Bezugsfrei ab: <\/div><div class=\"show-en\" style=\"font-weight: 600;\">Available from: <\/div> 01.10.2026\t\t\t<\/div>\n\t\t\t<div class=\"inx-property-list-item__available-from\" lang=\"de\">\n\t\t\t\t<div class=\"show-de\" style=\"margin-right:0.3em;\"><strong>Objekt-ID:<\/strong><\/div><div class=\"show-en\" style=\"margin-right:0.3em;\"><strong>Object-ID: <\/strong><\/div>43078\t\t\t<\/div>\n\t\t<!--\t<div class=\"inx-property-list-item__available-from\" lang=\"de\">\n\t\t\t\t<div class=\"show-de\" style=\"font-weight: 600;\">Frei bis: <\/div><div class=\"show-en\" style=\"font-weight: 600;\">Vacant until: <\/div> \t\t\t<\/div>-->\n\t\t<\/div>\n<!--\n\t\t\t\t<p class=\"inx-property-list-item__excerpt\">Kleines Hinterhaus Altbau , Bj. 1900, 1. Etage, kein Lift...<\/p>\n\t-->\n\t<\/div>\n\n\t<div class=\"inx-property-list-item__footer uk-card-footer\">\n\t\t\t\t<div class=\"inx-property-list-item__core-details uk-flex uk-flex-around\">\n\t\t\t\t\t\t<div>\n\t\t\t\t<i class=\"inx-core-detail-icon flaticon-size\" title=\"Wohnfl\u00e4che\"><\/i> 60&nbsp;m\u00b2\t\t\t<\/div>\n\t\t\t\n\t\t\t\n\t\t\t\t\t\t<div>\n\t\t\t\t<i class=\"inx-core-detail-icon flaticon-blueprint\" title=\"Zimmer\"><\/i> 2\t\t\t<\/div>\n\t\t\t\t\t<\/div>\n\t\t\n\t\t\t\t<a href=\"https:\/\/www.euhabitat.com\/de\/moeblierte-wohnungen-frankfurt\/objekt-43078\/?inx-backlink-url=https%3A%2F%2Fwww.euhabitat.com%2Fde%2Fsuchergebnisse%2F\" class=\"inx-property-list-item__property-price inx-property-price inx-oi--nutzungsart--waz inx-oi--vermarktungsart--miete-pacht inx-oi--inverted inx-link\">\n\t\t\t\t1.580&nbsp;\u20ac\t\t<\/a>\n\t\t\t\t\t<\/div>\n\n\t\t<div class=\"inx-property-list-item__labels uk-position-top-right\">\n\t\t\t\t<span class=\"inx-property-label inx-property-label--frankfurt uk-label\">Frankfurt<\/span><br>\n\t\t\t\t<\/div>\n\t<\/div>\n\t\t<\/div>\n\n\t\t\t\t\n\t\t<div class=\"inx-property-list__item-wrap\">\n\t\t\t\t<div class=\"inx-property-list-item inx-property-list-item--card uk-card uk-card-default uk-animation-scale-up\">\n\t\t<a href=\"https:\/\/www.euhabitat.com\/de\/moeblierte-wohnungen-frankfurt\/objekt-48957\/?inx-backlink-url=https%3A%2F%2Fwww.euhabitat.com%2Fde%2Fsuchergebnisse%2F\">\n\t\t<div class=\"inx-property-list-item__media-top uk-card-media-top uk-cover-container\">\n\t\t<img decoding=\"async\" width=\"1200\" height=\"801\" src=\"https:\/\/www.euhabitat.com\/wp-content\/uploads\/2025\/10\/04895720-1798x1200.jpg\" class=\"attachment-large size-large lazyload wp-post-image\" alt=\"Wohnen\" srcset=\"data:image\/svg+xml,%3Csvg%20xmlns%3D%27http%3A%2F%2Fwww.w3.org%2F2000%2Fsvg%27%20width%3D%272048%27%20height%3D%271367%27%20viewBox%3D%270%200%202048%201367%27%3E%3Crect%20width%3D%272048%27%20height%3D%271367%27%20fill-opacity%3D%220%22%2F%3E%3C%2Fsvg%3E\" data-orig-src=\"https:\/\/www.euhabitat.com\/wp-content\/uploads\/2025\/10\/04895720-1798x1200.jpg\" data-srcset=\"https:\/\/www.euhabitat.com\/wp-content\/uploads\/2025\/10\/04895720-200x133.jpg 200w, https:\/\/www.euhabitat.com\/wp-content\/uploads\/2025\/10\/04895720-300x200.jpg 300w, https:\/\/www.euhabitat.com\/wp-content\/uploads\/2025\/10\/04895720-400x267.jpg 400w, https:\/\/www.euhabitat.com\/wp-content\/uploads\/2025\/10\/04895720-600x400.jpg 600w, https:\/\/www.euhabitat.com\/wp-content\/uploads\/2025\/10\/04895720-768x513.jpg 768w, https:\/\/www.euhabitat.com\/wp-content\/uploads\/2025\/10\/04895720-800x534.jpg 800w, https:\/\/www.euhabitat.com\/wp-content\/uploads\/2025\/10\/04895720-1200x801.jpg 1200w, https:\/\/www.euhabitat.com\/wp-content\/uploads\/2025\/10\/04895720-1536x1025.jpg 1536w, https:\/\/www.euhabitat.com\/wp-content\/uploads\/2025\/10\/04895720-1798x1200.jpg 1798w\" data-sizes=\"auto\" uk-cover>\t<\/div>\n\t\t<\/a>\n\t\t<div class=\"inx-property-list-item__body uk-card-body\">\n\t\t<div class=\"inx-property-list-item__title uk-card-title\">\n\t\t\t\t\t\t<a href=\"https:\/\/www.euhabitat.com\/de\/moeblierte-wohnungen-frankfurt\/objekt-48957\/?inx-backlink-url=https%3A%2F%2Fwww.euhabitat.com%2Fde%2Fsuchergebnisse%2F\" class=\"inx-link inx-oi--nutzungsart--waz inx-oi--vermarktungsart--miete-pacht\">\n\t\t\t\t\t\t\tCity-Residence: 1-Zimmer-Wohnung in einem Apartmenthaus am Merianplatz\t\t\t\t\t\t<\/a>\n\t\t\t\t\t<\/div>\n\n\t\t<div class=\"uk-margin-bottom\">\n\t\t\t\n\t\t\t\t\t\t<div class=\"inx-property-list-item__location\" lang=\"de\">\n\t\t\t\t<i class=\"inx-core-detail-icon flaticon-placeholder\" title=\"Lage\"><\/i>\n\t\t\t\t<div>Frankfurt \n<br><span class=\"weitere-orte\">(Nordend \n<br><span class=\"weitere-orte\">(Ost))<\/span><\/div>\n\t\t\t<\/div>\n\t\t\t\n\t\t\t<div class=\"inx-property-list-item__available-from\" lang=\"de\">\n\t\t\t\t<div class=\"show-de\" style=\"font-weight: 600;\">Bezugsfrei ab: <\/div><div class=\"show-en\" style=\"font-weight: 600;\">Available from: <\/div> 03.09.2026\t\t\t<\/div>\n\t\t\t<div class=\"inx-property-list-item__available-from\" lang=\"de\">\n\t\t\t\t<div class=\"show-de\" style=\"margin-right:0.3em;\"><strong>Objekt-ID:<\/strong><\/div><div class=\"show-en\" style=\"margin-right:0.3em;\"><strong>Object-ID: <\/strong><\/div>48957\t\t\t<\/div>\n\t\t<!--\t<div class=\"inx-property-list-item__available-from\" lang=\"de\">\n\t\t\t\t<div class=\"show-de\" style=\"font-weight: 600;\">Frei bis: <\/div><div class=\"show-en\" style=\"font-weight: 600;\">Vacant until: <\/div> \t\t\t<\/div>-->\n\t\t<\/div>\n<!--\n\t\t\t\t<p class=\"inx-property-list-item__excerpt\">Kernsaniertes Apartmenthaus , Bj. 1980, 3. Etage, Lift, Blick in den gr\u00fcnen Innenhof<\/p>\n\t-->\n\t<\/div>\n\n\t<div class=\"inx-property-list-item__footer uk-card-footer\">\n\t\t\t\t<div class=\"inx-property-list-item__core-details uk-flex uk-flex-around\">\n\t\t\t\t\t\t<div>\n\t\t\t\t<i class=\"inx-core-detail-icon flaticon-size\" title=\"Wohnfl\u00e4che\"><\/i> 28&nbsp;m\u00b2\t\t\t<\/div>\n\t\t\t\n\t\t\t\n\t\t\t\t\t\t<div>\n\t\t\t\t<i class=\"inx-core-detail-icon flaticon-blueprint\" title=\"Zimmer\"><\/i> 1\t\t\t<\/div>\n\t\t\t\t\t<\/div>\n\t\t\n\t\t\t\t<a href=\"https:\/\/www.euhabitat.com\/de\/moeblierte-wohnungen-frankfurt\/objekt-48957\/?inx-backlink-url=https%3A%2F%2Fwww.euhabitat.com%2Fde%2Fsuchergebnisse%2F\" class=\"inx-property-list-item__property-price inx-property-price inx-oi--nutzungsart--waz inx-oi--vermarktungsart--miete-pacht inx-oi--inverted inx-link\">\n\t\t\t\t1.585&nbsp;\u20ac\t\t<\/a>\n\t\t\t\t\t<\/div>\n\n\t\t<div class=\"inx-property-list-item__labels uk-position-top-right\">\n\t\t\t\t<span class=\"inx-property-label inx-property-label--frankfurt uk-label\">Frankfurt<\/span><br>\n\t\t\t\t<\/div>\n\t<\/div>\n\t\t<\/div>\n\n\t\t\t\t\n\t\t<div class=\"inx-property-list__item-wrap\">\n\t\t\t\t<div class=\"inx-property-list-item inx-property-list-item--card uk-card uk-card-default uk-animation-scale-up\">\n\t\t<a href=\"https:\/\/www.euhabitat.com\/de\/moeblierte-wohnungen-frankfurt\/objekt-45266\/?inx-backlink-url=https%3A%2F%2Fwww.euhabitat.com%2Fde%2Fsuchergebnisse%2F\">\n\t\t<div class=\"inx-property-list-item__media-top uk-card-media-top uk-cover-container\">\n\t\t<img decoding=\"async\" width=\"1200\" height=\"800\" src=\"https:\/\/www.euhabitat.com\/wp-content\/uploads\/2026\/07\/04526620-1800x1200.jpg\" class=\"attachment-large size-large lazyload wp-post-image\" alt=\"Wohnen\" srcset=\"data:image\/svg+xml,%3Csvg%20xmlns%3D%27http%3A%2F%2Fwww.w3.org%2F2000%2Fsvg%27%20width%3D%272048%27%20height%3D%271365%27%20viewBox%3D%270%200%202048%201365%27%3E%3Crect%20width%3D%272048%27%20height%3D%271365%27%20fill-opacity%3D%220%22%2F%3E%3C%2Fsvg%3E\" data-orig-src=\"https:\/\/www.euhabitat.com\/wp-content\/uploads\/2026\/07\/04526620-1800x1200.jpg\" data-srcset=\"https:\/\/www.euhabitat.com\/wp-content\/uploads\/2026\/07\/04526620-200x133.jpg 200w, https:\/\/www.euhabitat.com\/wp-content\/uploads\/2026\/07\/04526620-300x200.jpg 300w, https:\/\/www.euhabitat.com\/wp-content\/uploads\/2026\/07\/04526620-400x267.jpg 400w, https:\/\/www.euhabitat.com\/wp-content\/uploads\/2026\/07\/04526620-600x400.jpg 600w, https:\/\/www.euhabitat.com\/wp-content\/uploads\/2026\/07\/04526620-768x512.jpg 768w, https:\/\/www.euhabitat.com\/wp-content\/uploads\/2026\/07\/04526620-800x533.jpg 800w, https:\/\/www.euhabitat.com\/wp-content\/uploads\/2026\/07\/04526620-1200x800.jpg 1200w, https:\/\/www.euhabitat.com\/wp-content\/uploads\/2026\/07\/04526620-1536x1024.jpg 1536w, https:\/\/www.euhabitat.com\/wp-content\/uploads\/2026\/07\/04526620-1800x1200.jpg 1800w\" data-sizes=\"auto\" uk-cover>\t<\/div>\n\t\t<\/a>\n\t\t<div class=\"inx-property-list-item__body uk-card-body\">\n\t\t<div class=\"inx-property-list-item__title uk-card-title\">\n\t\t\t\t\t\t<a href=\"https:\/\/www.euhabitat.com\/de\/moeblierte-wohnungen-frankfurt\/objekt-45266\/?inx-backlink-url=https%3A%2F%2Fwww.euhabitat.com%2Fde%2Fsuchergebnisse%2F\" class=\"inx-link inx-oi--nutzungsart--waz inx-oi--vermarktungsart--miete-pacht\">\n\t\t\t\t\t\t\tCity-Residence: Sch\u00f6ne, m\u00f6blierte 1,5 Zimmer-Wohnung in Sachsenhausen\t\t\t\t\t\t<\/a>\n\t\t\t\t\t<\/div>\n\n\t\t<div class=\"uk-margin-bottom\">\n\t\t\t\n\t\t\t\t\t\t<div class=\"inx-property-list-item__location\" lang=\"de\">\n\t\t\t\t<i class=\"inx-core-detail-icon flaticon-placeholder\" title=\"Lage\"><\/i>\n\t\t\t\t<div>Frankfurt \n<br><span class=\"weitere-orte\">(Sachsenhausen \n<br><span class=\"weitere-orte\">(S\u00fcd))<\/span><\/div>\n\t\t\t<\/div>\n\t\t\t\n\t\t\t<div class=\"inx-property-list-item__available-from\" lang=\"de\">\n\t\t\t\t<div class=\"show-de\" style=\"font-weight: 600;\">Bezugsfrei ab: <\/div><div class=\"show-en\" style=\"font-weight: 600;\">Available from: <\/div> 03.09.2026\t\t\t<\/div>\n\t\t\t<div class=\"inx-property-list-item__available-from\" lang=\"de\">\n\t\t\t\t<div class=\"show-de\" style=\"margin-right:0.3em;\"><strong>Objekt-ID:<\/strong><\/div><div class=\"show-en\" style=\"margin-right:0.3em;\"><strong>Object-ID: <\/strong><\/div>45266\t\t\t<\/div>\n\t\t<!--\t<div class=\"inx-property-list-item__available-from\" lang=\"de\">\n\t\t\t\t<div class=\"show-de\" style=\"font-weight: 600;\">Frei bis: <\/div><div class=\"show-en\" style=\"font-weight: 600;\">Vacant until: <\/div> \t\t\t<\/div>-->\n\t\t<\/div>\n<!--\n\t\t\t\t<p class=\"inx-property-list-item__excerpt\">Gepflegtes Wohnhochhaus moderne Wohnanlage , Bj. 1975, Hochparterre...<\/p>\n\t-->\n\t<\/div>\n\n\t<div class=\"inx-property-list-item__footer uk-card-footer\">\n\t\t\t\t<div class=\"inx-property-list-item__core-details uk-flex uk-flex-around\">\n\t\t\t\t\t\t<div>\n\t\t\t\t<i class=\"inx-core-detail-icon flaticon-size\" title=\"Wohnfl\u00e4che\"><\/i> 50&nbsp;m\u00b2\t\t\t<\/div>\n\t\t\t\n\t\t\t\n\t\t\t\t\t\t<div>\n\t\t\t\t<i class=\"inx-core-detail-icon flaticon-blueprint\" title=\"Zimmer\"><\/i> 1\t\t\t<\/div>\n\t\t\t\t\t<\/div>\n\t\t\n\t\t\t\t<a href=\"https:\/\/www.euhabitat.com\/de\/moeblierte-wohnungen-frankfurt\/objekt-45266\/?inx-backlink-url=https%3A%2F%2Fwww.euhabitat.com%2Fde%2Fsuchergebnisse%2F\" class=\"inx-property-list-item__property-price inx-property-price inx-oi--nutzungsart--waz inx-oi--vermarktungsart--miete-pacht inx-oi--inverted inx-link\">\n\t\t\t\t1.590&nbsp;\u20ac\t\t<\/a>\n\t\t\t\t\t<\/div>\n\n\t\t<div class=\"inx-property-list-item__labels uk-position-top-right\">\n\t\t\t\t<span class=\"inx-property-label inx-property-label--frankfurt uk-label\">Frankfurt<\/span><br>\n\t\t\t\t<\/div>\n\t<\/div>\n\t\t<\/div>\n\n\t\t\t\t\n\t\t<div class=\"inx-property-list__item-wrap\">\n\t\t\t\t<div class=\"inx-property-list-item inx-property-list-item--card uk-card uk-card-default uk-animation-scale-up\">\n\t\t<a href=\"https:\/\/www.euhabitat.com\/de\/moeblierte-wohnungen-frankfurt\/objekt-48977\/?inx-backlink-url=https%3A%2F%2Fwww.euhabitat.com%2Fde%2Fsuchergebnisse%2F\">\n\t\t<div class=\"inx-property-list-item__media-top uk-card-media-top uk-cover-container\">\n\t\t<img decoding=\"async\" width=\"1200\" height=\"798\" src=\"https:\/\/www.euhabitat.com\/wp-content\/uploads\/2026\/09\/04897720-1804x1200.jpg\" class=\"attachment-large size-large lazyload wp-post-image\" alt=\"Wohnen\" srcset=\"data:image\/svg+xml,%3Csvg%20xmlns%3D%27http%3A%2F%2Fwww.w3.org%2F2000%2Fsvg%27%20width%3D%272048%27%20height%3D%271362%27%20viewBox%3D%270%200%202048%201362%27%3E%3Crect%20width%3D%272048%27%20height%3D%271362%27%20fill-opacity%3D%220%22%2F%3E%3C%2Fsvg%3E\" data-orig-src=\"https:\/\/www.euhabitat.com\/wp-content\/uploads\/2026\/09\/04897720-1804x1200.jpg\" data-srcset=\"https:\/\/www.euhabitat.com\/wp-content\/uploads\/2026\/09\/04897720-200x133.jpg 200w, https:\/\/www.euhabitat.com\/wp-content\/uploads\/2026\/09\/04897720-300x200.jpg 300w, https:\/\/www.euhabitat.com\/wp-content\/uploads\/2026\/09\/04897720-400x266.jpg 400w, https:\/\/www.euhabitat.com\/wp-content\/uploads\/2026\/09\/04897720-600x399.jpg 600w, https:\/\/www.euhabitat.com\/wp-content\/uploads\/2026\/09\/04897720-768x511.jpg 768w, https:\/\/www.euhabitat.com\/wp-content\/uploads\/2026\/09\/04897720-800x532.jpg 800w, https:\/\/www.euhabitat.com\/wp-content\/uploads\/2026\/09\/04897720-1200x798.jpg 1200w, https:\/\/www.euhabitat.com\/wp-content\/uploads\/2026\/09\/04897720-1536x1022.jpg 1536w, https:\/\/www.euhabitat.com\/wp-content\/uploads\/2026\/09\/04897720-1804x1200.jpg 1804w\" data-sizes=\"auto\" uk-cover>\t<\/div>\n\t\t<\/a>\n\t\t<div class=\"inx-property-list-item__body uk-card-body\">\n\t\t<div class=\"inx-property-list-item__title uk-card-title\">\n\t\t\t\t\t\t<a href=\"https:\/\/www.euhabitat.com\/de\/moeblierte-wohnungen-frankfurt\/objekt-48977\/?inx-backlink-url=https%3A%2F%2Fwww.euhabitat.com%2Fde%2Fsuchergebnisse%2F\" class=\"inx-link inx-oi--nutzungsart--waz inx-oi--vermarktungsart--miete-pacht\">\n\t\t\t\t\t\t\tCity-Residence: Neu m\u00f6blierte 2-Zimmer-Wohnung mit Balkon in ruhiger, sch\u00f6ner Wohnlage\t\t\t\t\t\t<\/a>\n\t\t\t\t\t<\/div>\n\n\t\t<div class=\"uk-margin-bottom\">\n\t\t\t\n\t\t\t\t\t\t<div class=\"inx-property-list-item__location\" lang=\"de\">\n\t\t\t\t<i class=\"inx-core-detail-icon flaticon-placeholder\" title=\"Lage\"><\/i>\n\t\t\t\t<div>Frankfurt \n<br><span class=\"weitere-orte\">(Ostend \n<br><span class=\"weitere-orte\">(Parlamentsplatz-Viertel))<\/span><\/div>\n\t\t\t<\/div>\n\t\t\t\n\t\t\t<div class=\"inx-property-list-item__available-from\" lang=\"de\">\n\t\t\t\t<div class=\"show-de\" style=\"font-weight: 600;\">Bezugsfrei ab: <\/div><div class=\"show-en\" style=\"font-weight: 600;\">Available from: <\/div> 01.10.2026\t\t\t<\/div>\n\t\t\t<div class=\"inx-property-list-item__available-from\" lang=\"de\">\n\t\t\t\t<div class=\"show-de\" style=\"margin-right:0.3em;\"><strong>Objekt-ID:<\/strong><\/div><div class=\"show-en\" style=\"margin-right:0.3em;\"><strong>Object-ID: <\/strong><\/div>48977\t\t\t<\/div>\n\t\t<!--\t<div class=\"inx-property-list-item__available-from\" lang=\"de\">\n\t\t\t\t<div class=\"show-de\" style=\"font-weight: 600;\">Frei bis: <\/div><div class=\"show-en\" style=\"font-weight: 600;\">Vacant until: <\/div> \t\t\t<\/div>-->\n\t\t<\/div>\n<!--\n\t\t\t\t<p class=\"inx-property-list-item__excerpt\">Gepflegtes Mehrfamilienhaus , Bj. 1956, 3. Etage, kein Lift, sch\u00f6ner Blick in die Landschaft<\/p>\n\t-->\n\t<\/div>\n\n\t<div class=\"inx-property-list-item__footer uk-card-footer\">\n\t\t\t\t<div class=\"inx-property-list-item__core-details uk-flex uk-flex-around\">\n\t\t\t\t\t\t<div>\n\t\t\t\t<i class=\"inx-core-detail-icon flaticon-size\" title=\"Wohnfl\u00e4che\"><\/i> 44&nbsp;m\u00b2\t\t\t<\/div>\n\t\t\t\n\t\t\t\n\t\t\t\t\t\t<div>\n\t\t\t\t<i class=\"inx-core-detail-icon flaticon-blueprint\" title=\"Zimmer\"><\/i> 2\t\t\t<\/div>\n\t\t\t\t\t<\/div>\n\t\t\n\t\t\t\t<a href=\"https:\/\/www.euhabitat.com\/de\/moeblierte-wohnungen-frankfurt\/objekt-48977\/?inx-backlink-url=https%3A%2F%2Fwww.euhabitat.com%2Fde%2Fsuchergebnisse%2F\" class=\"inx-property-list-item__property-price inx-property-price inx-oi--nutzungsart--waz inx-oi--vermarktungsart--miete-pacht inx-oi--inverted inx-link\">\n\t\t\t\t1.650&nbsp;\u20ac\t\t<\/a>\n\t\t\t\t\t<\/div>\n\n\t\t<div class=\"inx-property-list-item__labels uk-position-top-right\">\n\t\t\t\t<span class=\"inx-property-label inx-property-label--frankfurt uk-label\">Frankfurt<\/span><br>\n\t\t\t\t<\/div>\n\t<\/div>\n\t\t<\/div>\n\n\t\t\t\t\n\t\t<div class=\"inx-property-list__item-wrap\">\n\t\t\t\t<div class=\"inx-property-list-item inx-property-list-item--card uk-card uk-card-default uk-animation-scale-up\">\n\t\t<a href=\"https:\/\/www.euhabitat.com\/de\/moeblierte-wohnungen-frankfurt\/objekt-33038\/?inx-backlink-url=https%3A%2F%2Fwww.euhabitat.com%2Fde%2Fsuchergebnisse%2F\">\n\t\t<div class=\"inx-property-list-item__media-top uk-card-media-top uk-cover-container\">\n\t\t<img decoding=\"async\" width=\"1200\" height=\"780\" src=\"https:\/\/www.euhabitat.com\/wp-content\/uploads\/2026\/08\/03303820-1845x1200.jpg\" class=\"attachment-large size-large lazyload wp-post-image\" alt=\"Wohnen\" srcset=\"data:image\/svg+xml,%3Csvg%20xmlns%3D%27http%3A%2F%2Fwww.w3.org%2F2000%2Fsvg%27%20width%3D%272048%27%20height%3D%271332%27%20viewBox%3D%270%200%202048%201332%27%3E%3Crect%20width%3D%272048%27%20height%3D%271332%27%20fill-opacity%3D%220%22%2F%3E%3C%2Fsvg%3E\" data-orig-src=\"https:\/\/www.euhabitat.com\/wp-content\/uploads\/2026\/08\/03303820-1845x1200.jpg\" data-srcset=\"https:\/\/www.euhabitat.com\/wp-content\/uploads\/2026\/08\/03303820-200x130.jpg 200w, https:\/\/www.euhabitat.com\/wp-content\/uploads\/2026\/08\/03303820-300x195.jpg 300w, https:\/\/www.euhabitat.com\/wp-content\/uploads\/2026\/08\/03303820-400x260.jpg 400w, https:\/\/www.euhabitat.com\/wp-content\/uploads\/2026\/08\/03303820-600x390.jpg 600w, https:\/\/www.euhabitat.com\/wp-content\/uploads\/2026\/08\/03303820-768x500.jpg 768w, https:\/\/www.euhabitat.com\/wp-content\/uploads\/2026\/08\/03303820-800x520.jpg 800w, https:\/\/www.euhabitat.com\/wp-content\/uploads\/2026\/08\/03303820-1200x780.jpg 1200w, https:\/\/www.euhabitat.com\/wp-content\/uploads\/2026\/08\/03303820-1536x999.jpg 1536w, https:\/\/www.euhabitat.com\/wp-content\/uploads\/2026\/08\/03303820-1845x1200.jpg 1845w\" data-sizes=\"auto\" uk-cover>\t<\/div>\n\t\t<\/a>\n\t\t<div class=\"inx-property-list-item__body uk-card-body\">\n\t\t<div class=\"inx-property-list-item__title uk-card-title\">\n\t\t\t\t\t\t<a href=\"https:\/\/www.euhabitat.com\/de\/moeblierte-wohnungen-frankfurt\/objekt-33038\/?inx-backlink-url=https%3A%2F%2Fwww.euhabitat.com%2Fde%2Fsuchergebnisse%2F\" class=\"inx-link inx-oi--nutzungsart--waz inx-oi--vermarktungsart--miete-pacht\">\n\t\t\t\t\t\t\tCity-Residence: Moderne und helle 2-Zimmer-Wohnung direkt am Merianplatz\t\t\t\t\t\t<\/a>\n\t\t\t\t\t<\/div>\n\n\t\t<div class=\"uk-margin-bottom\">\n\t\t\t\n\t\t\t\t\t\t<div class=\"inx-property-list-item__location\" lang=\"de\">\n\t\t\t\t<i class=\"inx-core-detail-icon flaticon-placeholder\" title=\"Lage\"><\/i>\n\t\t\t\t<div>Frankfurt \n<br><span class=\"weitere-orte\">(Nordend)<\/span><\/div>\n\t\t\t<\/div>\n\t\t\t\n\t\t\t<div class=\"inx-property-list-item__available-from\" lang=\"de\">\n\t\t\t\t<div class=\"show-de\" style=\"font-weight: 600;\">Bezugsfrei ab: <\/div><div class=\"show-en\" style=\"font-weight: 600;\">Available from: <\/div> 03.09.2026\t\t\t<\/div>\n\t\t\t<div class=\"inx-property-list-item__available-from\" lang=\"de\">\n\t\t\t\t<div class=\"show-de\" style=\"margin-right:0.3em;\"><strong>Objekt-ID:<\/strong><\/div><div class=\"show-en\" style=\"margin-right:0.3em;\"><strong>Object-ID: <\/strong><\/div>33038\t\t\t<\/div>\n\t\t<!--\t<div class=\"inx-property-list-item__available-from\" lang=\"de\">\n\t\t\t\t<div class=\"show-de\" style=\"font-weight: 600;\">Frei bis: <\/div><div class=\"show-en\" style=\"font-weight: 600;\">Vacant until: <\/div> \t\t\t<\/div>-->\n\t\t<\/div>\n<!--\n\t\t\t\t<p class=\"inx-property-list-item__excerpt\">Modernes Apartmenthaus , Bj. 1952, 3. Etage, kein Lift<\/p>\n\t-->\n\t<\/div>\n\n\t<div class=\"inx-property-list-item__footer uk-card-footer\">\n\t\t\t\t<div class=\"inx-property-list-item__core-details uk-flex uk-flex-around\">\n\t\t\t\t\t\t<div>\n\t\t\t\t<i class=\"inx-core-detail-icon flaticon-size\" title=\"Wohnfl\u00e4che\"><\/i> 53&nbsp;m\u00b2\t\t\t<\/div>\n\t\t\t\n\t\t\t\n\t\t\t\t\t\t<div>\n\t\t\t\t<i class=\"inx-core-detail-icon flaticon-blueprint\" title=\"Zimmer\"><\/i> 2\t\t\t<\/div>\n\t\t\t\t\t<\/div>\n\t\t\n\t\t\t\t<a href=\"https:\/\/www.euhabitat.com\/de\/moeblierte-wohnungen-frankfurt\/objekt-33038\/?inx-backlink-url=https%3A%2F%2Fwww.euhabitat.com%2Fde%2Fsuchergebnisse%2F\" class=\"inx-property-list-item__property-price inx-property-price inx-oi--nutzungsart--waz inx-oi--vermarktungsart--miete-pacht inx-oi--inverted inx-link\">\n\t\t\t\t1.650&nbsp;\u20ac\t\t<\/a>\n\t\t\t\t\t<\/div>\n\n\t\t<div class=\"inx-property-list-item__labels uk-position-top-right\">\n\t\t\t\t<span class=\"inx-property-label inx-property-label--frankfurt uk-label\">Frankfurt<\/span><br>\n\t\t\t\t<\/div>\n\t<\/div>\n\t\t<\/div>\n\n\t\t\t\t\t<\/div>\n<\/div>\n<\/p>\n<\/div><div class=\"fusion-text fusion-text-5\"><div class=\"inx-pagination uk-margin-top\">\n\t\n\t<nav class=\"navigation pagination\" aria-label=\"Seitennummerierung der Beitr\u00e4ge\">\n\t\t<h2 class=\"screen-reader-text\">Seitennummerierung der Beitr\u00e4ge<\/h2>\n\t\t<div class=\"nav-links\"><span aria-current=\"page\" class=\"page-numbers current\">1<\/span>\n<a class=\"page-numbers\" href=\"https:\/\/www.euhabitat.com\/de\/wp-json\/wp\/v2\/pages\/236414\/page\/2\/\">2<\/a>\n<a class=\"page-numbers\" href=\"https:\/\/www.euhabitat.com\/de\/wp-json\/wp\/v2\/pages\/236414\/page\/3\/\">3<\/a>\n<a class=\"next page-numbers\" href=\"https:\/\/www.euhabitat.com\/de\/wp-json\/wp\/v2\/pages\/236414\/page\/2\/\">N\u00e4chste Seite<\/a><\/div>\n\t<\/nav><\/div>\n\n<\/div><\/div><style type=\"text\/css\">.fusion-body .fusion-builder-column-3{width:100% !important;margin-top : 0px;margin-bottom : 20px;}.fusion-builder-column-3 > .fusion-column-wrapper {padding-top : 0px !important;padding-right : 0px !important;margin-right : 1.92%;padding-bottom : 0px !important;padding-left : 0px !important;margin-left : 1.92%;}@media only screen and (max-width:1024px) {.fusion-body .fusion-builder-column-3{width:100% !important;order : 0;}.fusion-builder-column-3 > .fusion-column-wrapper {margin-right : 1.92%;margin-left : 1.92%;}}@media only screen and (max-width:768px) {.fusion-body .fusion-builder-column-3{width:100% !important;order : 0;}.fusion-builder-column-3 > .fusion-column-wrapper {margin-right : 1.92%;margin-left : 1.92%;}}<\/style><\/div><\/div><style type=\"text\/css\">.fusion-body .fusion-flex-container.fusion-builder-row-4{ padding-top : 0px;margin-top : 0px;padding-right : 0px;padding-bottom : 0px;margin-bottom : 0px;padding-left : 0px;}<\/style><\/div><div class=\"fusion-fullwidth fullwidth-box fusion-builder-row-5 fusion-flex-container has-pattern-background has-mask-background nonhundred-percent-fullwidth non-hundred-percent-height-scrolling\" style=\"background-color: rgba(255,255,255,0);background-position: center center;background-repeat: no-repeat;border-width: 0px 0px 0px 0px;border-color:var(--awb-color3);border-style:solid;\" ><div class=\"fusion-builder-row fusion-row fusion-flex-align-items-flex-start\" style=\"max-width:1248px;margin-left: calc(-4% \/ 2 );margin-right: calc(-4% \/ 2 );\"><div class=\"fusion-layout-column fusion_builder_column fusion-builder-column-4 fusion_builder_column_1_1 1_1 fusion-flex-column\"><div class=\"fusion-column-wrapper fusion-flex-justify-content-flex-start fusion-content-layout-column\" style=\"background-position:left top;background-repeat:no-repeat;-webkit-background-size:cover;-moz-background-size:cover;-o-background-size:cover;background-size:cover;padding: 0px 0px 0px 0px;\"><div class=\"fusion-text fusion-text-6\"><h5>Haben Sie Ihren Favoriten in Frankfurt gefunden?<\/h5>\n<p>So funktioniert\u2019s:<\/p>\n<p>&#8211; das favorisierte Objekt aussuchen und anfragen<br \/>\n&#8211; besichtigen oder direkt buchen<br \/>\n&#8211; ab 1 Monat bis zu mehreren Jahren<\/p>\n<p>Nichts gefunden? <a href=\"https:\/\/www.euhabitat.com\/de\/individuelle-anfrage\/individuelle-anfrage-frankfurt\/\"><strong>Bitte hier klicken<\/strong><\/a><\/p>\n<\/div><\/div><style type=\"text\/css\">.fusion-body .fusion-builder-column-4{width:100% !important;margin-top : 0px;margin-bottom : 20px;}.fusion-builder-column-4 > .fusion-column-wrapper {padding-top : 0px !important;padding-right : 0px !important;margin-right : 1.92%;padding-bottom : 0px !important;padding-left : 0px !important;margin-left : 1.92%;}@media only screen and (max-width:1024px) {.fusion-body .fusion-builder-column-4{width:100% !important;order : 0;}.fusion-builder-column-4 > .fusion-column-wrapper {margin-right : 1.92%;margin-left : 1.92%;}}@media only screen and (max-width:768px) {.fusion-body .fusion-builder-column-4{width:100% !important;order : 0;}.fusion-builder-column-4 > .fusion-column-wrapper {margin-right : 1.92%;margin-left : 1.92%;}}<\/style><\/div><\/div><style type=\"text\/css\">.fusion-body .fusion-flex-container.fusion-builder-row-5{ padding-top : 2em;margin-top : 0px;padding-right : 0px;padding-bottom : 3em;margin-bottom : 0px;padding-left : 0px;}<\/style><\/div><\/p>\n","protected":false},"excerpt":{"rendered":"","protected":false},"author":1,"featured_media":0,"parent":0,"menu_order":8,"comment_status":"closed","ping_status":"closed","template":"100-width.php","meta":{"footnotes":""},"class_list":["post-236414","page","type-page","status-publish","hentry"],"yoast_head":"<!-- This site is optimized with the Yoast SEO plugin v21.3 - https:\/\/yoast.com\/wordpress\/plugins\/seo\/ -->\n<title>M\u00f6blierte Wohnungen in Frankfurt \u2013 euhabitat<\/title>\n<meta name=\"description\" content=\"Finden Sie Ihre m\u00f6blierte Wohnung in Frankfurt mit euhabitat. Ideal f\u00fcr Gesch\u00e4ftsleute und Jobwechsler! Jetzt verf\u00fcgbare Objekte ansehen &amp; anfragen.\" \/>\n<meta name=\"robots\" content=\"index, follow, max-snippet:-1, max-image-preview:large, max-video-preview:-1\" \/>\n<meta property=\"og:locale\" content=\"de_DE\" \/>\n<meta property=\"og:type\" content=\"article\" \/>\n<meta property=\"og:title\" content=\"M\u00f6blierte Wohnungen in Frankfurt \u2013 euhabitat\" \/>\n<meta property=\"og:description\" content=\"Finden Sie Ihre m\u00f6blierte Wohnung in Frankfurt mit euhabitat. Ideal f\u00fcr Gesch\u00e4ftsleute und Jobwechsler! Jetzt verf\u00fcgbare Objekte ansehen &amp; anfragen.\" \/>\n<meta property=\"og:url\" content=\"https:\/\/www.euhabitat.com\/de\/moeblierte-wohnungen-frankfurt\/\" \/>\n<meta property=\"og:site_name\" content=\"euhabitat\" \/>\n<meta property=\"article:publisher\" content=\"https:\/\/www.facebook.com\/euhabitat\" \/>\n<meta property=\"article:modified_time\" content=\"2023-11-22T06:18:14+00:00\" \/>\n<meta name=\"twitter:card\" content=\"summary_large_image\" \/>\n<meta name=\"twitter:label1\" content=\"Gesch\u00e4tzte Lesezeit\" \/>\n\t<meta name=\"twitter:data1\" content=\"12\u00a0Minuten\" \/>\n<script type=\"application\/ld+json\" class=\"yoast-schema-graph\">{\"@context\":\"https:\/\/schema.org\",\"@graph\":[{\"@type\":\"WebPage\",\"@id\":\"https:\/\/www.euhabitat.com\/de\/moeblierte-wohnungen-frankfurt\/\",\"url\":\"https:\/\/www.euhabitat.com\/de\/moeblierte-wohnungen-frankfurt\/\",\"name\":\"M\u00f6blierte Wohnungen in Frankfurt \u2013 euhabitat\",\"isPartOf\":{\"@id\":\"https:\/\/www.euhabitat.com\/de\/#website\"},\"datePublished\":\"2020-02-24T16:20:38+00:00\",\"dateModified\":\"2023-11-22T06:18:14+00:00\",\"description\":\"Finden Sie Ihre m\u00f6blierte Wohnung in Frankfurt mit euhabitat. Ideal f\u00fcr Gesch\u00e4ftsleute und Jobwechsler! Jetzt verf\u00fcgbare Objekte ansehen & anfragen.\",\"breadcrumb\":{\"@id\":\"https:\/\/www.euhabitat.com\/de\/moeblierte-wohnungen-frankfurt\/#breadcrumb\"},\"inLanguage\":\"de\",\"potentialAction\":[{\"@type\":\"ReadAction\",\"target\":[\"https:\/\/www.euhabitat.com\/de\/moeblierte-wohnungen-frankfurt\/\"]}]},{\"@type\":\"BreadcrumbList\",\"@id\":\"https:\/\/www.euhabitat.com\/de\/moeblierte-wohnungen-frankfurt\/#breadcrumb\",\"itemListElement\":[{\"@type\":\"ListItem\",\"position\":1,\"name\":\"Startseite\",\"item\":\"https:\/\/www.euhabitat.com\/de\/\"},{\"@type\":\"ListItem\",\"position\":2,\"name\":\"M\u00f6blierte Wohnungen Frankfurt\"}]},{\"@type\":\"WebSite\",\"@id\":\"https:\/\/www.euhabitat.com\/de\/#website\",\"url\":\"https:\/\/www.euhabitat.com\/de\/\",\"name\":\"euhabitat\",\"description\":\"Furnished Apartments in Cologne Bonn Essen Berlin Nuremberg\",\"publisher\":{\"@id\":\"https:\/\/www.euhabitat.com\/de\/#organization\"},\"potentialAction\":[{\"@type\":\"SearchAction\",\"target\":{\"@type\":\"EntryPoint\",\"urlTemplate\":\"https:\/\/www.euhabitat.com\/de\/?s={search_term_string}\"},\"query-input\":\"required name=search_term_string\"}],\"inLanguage\":\"de\"},{\"@type\":\"Organization\",\"@id\":\"https:\/\/www.euhabitat.com\/de\/#organization\",\"name\":\"euhabitat\",\"url\":\"https:\/\/www.euhabitat.com\/de\/\",\"logo\":{\"@type\":\"ImageObject\",\"inLanguage\":\"de\",\"@id\":\"https:\/\/www.euhabitat.com\/de\/#\/schema\/logo\/image\/\",\"url\":\"https:\/\/www.euhabitat.com\/wp-content\/uploads\/2019\/12\/euhabitat-logo_600px-1.png\",\"contentUrl\":\"https:\/\/www.euhabitat.com\/wp-content\/uploads\/2019\/12\/euhabitat-logo_600px-1.png\",\"width\":600,\"height\":182,\"caption\":\"euhabitat\"},\"image\":{\"@id\":\"https:\/\/www.euhabitat.com\/de\/#\/schema\/logo\/image\/\"},\"sameAs\":[\"https:\/\/www.facebook.com\/euhabitat\",\"https:\/\/www.linkedin.com\/company\/37749063\/\"]}]}<\/script>\n<!-- \/ Yoast SEO plugin. -->","yoast_head_json":{"title":"M\u00f6blierte Wohnungen in Frankfurt \u2013 euhabitat","description":"Finden Sie Ihre m\u00f6blierte Wohnung in Frankfurt mit euhabitat. Ideal f\u00fcr Gesch\u00e4ftsleute und Jobwechsler! Jetzt verf\u00fcgbare Objekte ansehen & anfragen.","robots":{"index":"index","follow":"follow","max-snippet":"max-snippet:-1","max-image-preview":"max-image-preview:large","max-video-preview":"max-video-preview:-1"},"og_locale":"de_DE","og_type":"article","og_title":"M\u00f6blierte Wohnungen in Frankfurt \u2013 euhabitat","og_description":"Finden Sie Ihre m\u00f6blierte Wohnung in Frankfurt mit euhabitat. Ideal f\u00fcr Gesch\u00e4ftsleute und Jobwechsler! Jetzt verf\u00fcgbare Objekte ansehen & anfragen.","og_url":"https:\/\/www.euhabitat.com\/de\/moeblierte-wohnungen-frankfurt\/","og_site_name":"euhabitat","article_publisher":"https:\/\/www.facebook.com\/euhabitat","article_modified_time":"2023-11-22T06:18:14+00:00","twitter_card":"summary_large_image","twitter_misc":{"Gesch\u00e4tzte Lesezeit":"12\u00a0Minuten"},"schema":{"@context":"https:\/\/schema.org","@graph":[{"@type":"WebPage","@id":"https:\/\/www.euhabitat.com\/de\/moeblierte-wohnungen-frankfurt\/","url":"https:\/\/www.euhabitat.com\/de\/moeblierte-wohnungen-frankfurt\/","name":"M\u00f6blierte Wohnungen in Frankfurt \u2013 euhabitat","isPartOf":{"@id":"https:\/\/www.euhabitat.com\/de\/#website"},"datePublished":"2020-02-24T16:20:38+00:00","dateModified":"2023-11-22T06:18:14+00:00","description":"Finden Sie Ihre m\u00f6blierte Wohnung in Frankfurt mit euhabitat. Ideal f\u00fcr Gesch\u00e4ftsleute und Jobwechsler! Jetzt verf\u00fcgbare Objekte ansehen & anfragen.","breadcrumb":{"@id":"https:\/\/www.euhabitat.com\/de\/moeblierte-wohnungen-frankfurt\/#breadcrumb"},"inLanguage":"de","potentialAction":[{"@type":"ReadAction","target":["https:\/\/www.euhabitat.com\/de\/moeblierte-wohnungen-frankfurt\/"]}]},{"@type":"BreadcrumbList","@id":"https:\/\/www.euhabitat.com\/de\/moeblierte-wohnungen-frankfurt\/#breadcrumb","itemListElement":[{"@type":"ListItem","position":1,"name":"Startseite","item":"https:\/\/www.euhabitat.com\/de\/"},{"@type":"ListItem","position":2,"name":"M\u00f6blierte Wohnungen Frankfurt"}]},{"@type":"WebSite","@id":"https:\/\/www.euhabitat.com\/de\/#website","url":"https:\/\/www.euhabitat.com\/de\/","name":"euhabitat","description":"Furnished Apartments in Cologne Bonn Essen Berlin Nuremberg","publisher":{"@id":"https:\/\/www.euhabitat.com\/de\/#organization"},"potentialAction":[{"@type":"SearchAction","target":{"@type":"EntryPoint","urlTemplate":"https:\/\/www.euhabitat.com\/de\/?s={search_term_string}"},"query-input":"required name=search_term_string"}],"inLanguage":"de"},{"@type":"Organization","@id":"https:\/\/www.euhabitat.com\/de\/#organization","name":"euhabitat","url":"https:\/\/www.euhabitat.com\/de\/","logo":{"@type":"ImageObject","inLanguage":"de","@id":"https:\/\/www.euhabitat.com\/de\/#\/schema\/logo\/image\/","url":"https:\/\/www.euhabitat.com\/wp-content\/uploads\/2019\/12\/euhabitat-logo_600px-1.png","contentUrl":"https:\/\/www.euhabitat.com\/wp-content\/uploads\/2019\/12\/euhabitat-logo_600px-1.png","width":600,"height":182,"caption":"euhabitat"},"image":{"@id":"https:\/\/www.euhabitat.com\/de\/#\/schema\/logo\/image\/"},"sameAs":["https:\/\/www.facebook.com\/euhabitat","https:\/\/www.linkedin.com\/company\/37749063\/"]}]}},"_links":{"self":[{"href":"https:\/\/www.euhabitat.com\/de\/wp-json\/wp\/v2\/pages\/236414","targetHints":{"allow":["GET"]}}],"collection":[{"href":"https:\/\/www.euhabitat.com\/de\/wp-json\/wp\/v2\/pages"}],"about":[{"href":"https:\/\/www.euhabitat.com\/de\/wp-json\/wp\/v2\/types\/page"}],"author":[{"embeddable":true,"href":"https:\/\/www.euhabitat.com\/de\/wp-json\/wp\/v2\/users\/1"}],"replies":[{"embeddable":true,"href":"https:\/\/www.euhabitat.com\/de\/wp-json\/wp\/v2\/comments?post=236414"}],"version-history":[{"count":5,"href":"https:\/\/www.euhabitat.com\/de\/wp-json\/wp\/v2\/pages\/236414\/revisions"}],"predecessor-version":[{"id":2941162,"href":"https:\/\/www.euhabitat.com\/de\/wp-json\/wp\/v2\/pages\/236414\/revisions\/2941162"}],"wp:attachment":[{"href":"https:\/\/www.euhabitat.com\/de\/wp-json\/wp\/v2\/media?parent=236414"}],"curies":[{"name":"wp","href":"https:\/\/api.w.org\/{rel}","templated":true}]}}