{"id":236414,"date":"2020-02-24T17:20:38","date_gmt":"2020-02-24T16:20:38","guid":{"rendered":"https:\/\/www.euhabitat.com\/?page_id=236414"},"modified":"2023-11-22T07:18:14","modified_gmt":"2023-11-22T06:18:14","slug":"moeblierte-wohnungen-frankfurt","status":"publish","type":"page","link":"https:\/\/www.euhabitat.com\/de\/moeblierte-wohnungen-frankfurt\/","title":{"rendered":"M\u00f6blierte Wohnungen Frankfurt"},"content":{"rendered":"<p><div class=\"fusion-fullwidth fullwidth-box fusion-builder-row-1 fusion-flex-container has-pattern-background has-mask-background immo-map hundred-percent-fullwidth non-hundred-percent-height-scrolling\" style=\"background-color: rgba(255,255,255,0);background-position: center center;background-repeat: no-repeat;border-width: 0px 0px 0px 0px;border-color:var(--awb-color3);border-style:solid;\" ><div class=\"fusion-builder-row fusion-row fusion-flex-align-items-flex-start\" style=\"width:104% !important;max-width:104% !important;margin-left: calc(-4% \/ 2 );margin-right: calc(-4% \/ 2 );\"><div class=\"fusion-layout-column fusion_builder_column fusion-builder-column-0 fusion_builder_column_1_1 1_1 fusion-flex-column\"><div class=\"fusion-column-wrapper fusion-flex-justify-content-flex-start fusion-content-layout-column\" style=\"background-position:left top;background-repeat:no-repeat;-webkit-background-size:cover;-moz-background-size:cover;-o-background-size:cover;background-size:cover;padding: 0px 0px 0px 0px;\"><div class=\"fusion-text fusion-text-1\"><div id=\"inx-property-map\" class=\"inx-property-map-container inx-container\">\n\t<inx-property-open-layers-map\n\t\t:lat=\"49.858784\"\n\t\t:lng=\"6.785441\"\n\t\t:zoom=\"12\"\n\t\t:auto-fit=\"true\"\n\t\tmarker-set-id=\"inx-property-map\"\n\t\tmarker-icon-url=\"https:\/\/www.euhabitat.com\/wp-content\/themes\/Avada-Child-Theme\/immonex-kickstart\/euhabitat\/images\/location-pin.png\"\n\t\tprivacy-note=\"Diese Website nutzt Kartendienste der OpenStreetMap Foundation, St John\u2019s Innovation Centre, Cowley Road, Cambridge, CB4 0WS, Gro\u00dfbritannien (kurz OSMF). Ihr Internetbrowser stellt eine Verbindung zu Servern her, die von der OSMF im Vereinigten K\u00f6nigreich und in anderen L\u00e4ndern betrieben werden. Der Betreiber dieser Website hat keine Kontrolle \u00fcber solche Verbindungen und die Verarbeitung Ihrer Daten durch die OSMF. Weitere Informationen zur Verarbeitung von Benutzerdaten durch die OSMF finden Sie in der &lt;a href=&quot;https:\/\/wiki.osmfoundation.org\/wiki\/Privacy_Policy&quot;&gt;OSMF-Datenschutzrichtlinie&lt;\/a&gt;.\"\n\t\tshow-map-button-text=\"Einverstanden, Karten anzeigen!\"\n\t\t:require-consent=\"false\"\n\t>\n\t<\/inx-property-open-layers-map>\n<\/div>\n\n<\/div><\/div><style type=\"text\/css\">.fusion-body .fusion-builder-column-0{width:100% !important;margin-top : 0px;margin-bottom : 0px;}.fusion-builder-column-0 > .fusion-column-wrapper {padding-top : 0 !important;padding-right : 0 !important;margin-right : 0;padding-bottom : 0 !important;padding-left : 0 !important;margin-left : 0;}@media only screen and (max-width:1024px) {.fusion-body .fusion-builder-column-0{width:100% !important;order : 0;}.fusion-builder-column-0 > .fusion-column-wrapper {margin-right : 0;margin-left : 0;}}@media only screen and (max-width:768px) {.fusion-body .fusion-builder-column-0{width:100% !important;order : 0;}.fusion-builder-column-0 > .fusion-column-wrapper {margin-right : 1.92%;margin-left : 1.92%;}}<\/style><\/div><\/div><style type=\"text\/css\">.fusion-body .fusion-flex-container.fusion-builder-row-1{ padding-top : 0px;margin-top : 0;padding-right : 0px;padding-bottom : 0px;margin-bottom : 0;padding-left : 0px;}<\/style><\/div><div class=\"fusion-fullwidth fullwidth-box fusion-builder-row-2 fusion-flex-container has-pattern-background has-mask-background nonhundred-percent-fullwidth non-hundred-percent-height-scrolling\" style=\"background-color: var(--awb-color5);background-position: center center;background-repeat: no-repeat;border-width: 0px 0px 0px 0px;border-color:var(--awb-color3);border-style:solid;\" ><div class=\"fusion-builder-row fusion-row fusion-flex-align-items-flex-start\" style=\"max-width:1248px;margin-left: calc(-4% \/ 2 );margin-right: calc(-4% \/ 2 );\"><div class=\"fusion-layout-column fusion_builder_column fusion-builder-column-1 fusion_builder_column_1_1 1_1 fusion-flex-column immo-search\"><div class=\"fusion-column-wrapper fusion-flex-justify-content-flex-start fusion-content-layout-column\" style=\"background-position:left top;background-repeat:no-repeat;-webkit-background-size:cover;-moz-background-size:cover;-o-background-size:cover;background-size:cover;padding: 0px 0px 0px 0px;\"><div class=\"fusion-text fusion-text-2\"><div\n\tid=\"inx-property-search\"\n\tclass=\"inx-property-search inx-container\"\n\t>\n\t<form id=\"inx-property-search-main-form\" action=\"https:\/\/www.euhabitat.com\/de\/suchergebnisse\/\" method=\"get\">\n\t\t\t\t<input type=\"hidden\" data-no-reset=\"1\" name=\"inx-sort\" value=\"\">\n\t\t\t\t\n\t\t<div class=\"inx-property-search__standard\">\n\t\t\t<div class=\"inx-property-search__elements\">\n\t\t\t\t\t\t\t<div class=\"inx-property-search__element\">\n\t\t\t\t\t<div class=\"inx-form-element inx-form-element--select\">\n\t\n\t<select\n\t\tid=\"inx-property-search_inx-search-marketing-type\"\n\t\tname=\"inx-search-marketing-type\"\n\t\tclass=\"inx-select uk-select\"\n\t\tdata-default=\"\"\t\t>\n\n\t\t\t\t<option value=\"\"\n\t\t\t\t\t>Alle St\u00e4dte<\/option>\n\t\t\n\t\t\t\t<option value=\"bonn\"> Bonn<\/option>\n\t\t\t\t\t\t<option value=\"cologne\"> Cologne<\/option>\n\t\t\t\t\t\t<option value=\"essen\"> Essen<\/option>\n\t\t\t\t\t\t<option value=\"frankfurt\" selected> Frankfurt<\/option>\n\t\t\t\t\t\t<option value=\"fuerth-en\"> Fuerth<\/option>\n\t\t\t\t\t\t<option value=\"fuerth\"> F\u00fcrth<\/option>\n\t\t\t\t\t\t<option value=\"koeln\"> K\u00f6ln<\/option>\n\t\t\t\t\t\t<option value=\"nuremberg\"> Nuremberg<\/option>\n\t\t\t\t\t\t<option value=\"nuernberg\"> N\u00fcrnberg<\/option>\n\t\t\t\t\t<\/select>\n<\/div>\n\t\t\t\t<\/div>\n\t\t\t\t\t\t\t\t\t<div class=\"inx-property-search__element\">\n\t\t\t\t\t<div class=\"inx-form-element inx-form-element--text uk-search uk-search-default uk-width-1-1\">\n\t\n\t\t<input type=\"text\"\n\t\tid=\"inx-property-search_inx-search-available-from\"\n\t\tname=\"inx-search-available-from\"\n\t\tplaceholder=\"verf\u00fcgbar ab\"\n\t\tvalue=\"\"\n\t\tclass=\"inx-search-input inx-search-input--type--date uk-search-input\">\n<\/div>\n\t\t\t\t<\/div>\n\t\t\t\t\t\t\t\t\t<div class=\"inx-property-search__element\">\n\t\t\t\t\t<div class=\"inx-form-element inx-form-element--text uk-search uk-search-default uk-width-1-1\">\n\t\n\t\t<input type=\"text\"\n\t\tid=\"inx-property-search_inx-search-min-rooms\"\n\t\tname=\"inx-search-min-rooms\"\n\t\tplaceholder=\"Anz. Zimmer\"\n\t\tvalue=\"\"\n\t\tclass=\"inx-search-input inx-search-input--type--text uk-search-input\">\n<\/div>\n\t\t\t\t<\/div>\n\t\t\t\t\t\t\t\t\t<div class=\"inx-property-search__element\">\n\t\t\t\t\t<div class=\"inx-form-element inx-form-element--range\">\n\t<inx-range-slider\n\t\t:form-index=\"0\"\n\t\tname=\"inx-search-price-range\"\n\t\tlabel=\"Preisrahmen\"\n\t\trange=\"[350,4600,350,4600,350,4600]\"\n\t\tvalue=\"[350,4600,350,4600,350,4600]\"\n\t\tstep-ranges=\"\"\n\t\tunit=\"\"\n\t\tcurrency=\"EUR\"\n\t\treplace-null=\"\"\n\t\trange-unlimited-term=\"unbegrenzt\"\n\t\tlocale=\"de-DE\"\n\t\twrap-classes=\"inx-range-slider\">\n\t<\/inx-range-slider>\n<\/div>\n\t\t\t\t<\/div>\n\t\t\t\t\t\t\t\t\t<div class=\"inx-property-search__element inx-property-search__element--is-last-grid-col\">\n\t\t\t\t\t<div class=\"inx-form-element inx-form-element--submit\">\n\n\t<inx-search-submit-button\n\t\t:form-index=\"0\"\n\t\ttitle=\"Anzeigen\"\n\t\tnom-name=\"Treffer\"\n\t\tnom-one-match=\"ein Treffer\"\n\t\tnom-no-matches=\"keine Treffer\"\n\t\twrap-classes=\"inx-search-submit-button\"\n\t\tlocale=\"de-DE\"\n\t\tbutton-classes=\"inx-button inx-button--action uk-button uk-button-primary uk-width-1-1\">\n\t<\/inx-search-submit-button>\n\n<\/div>\n\t\t\t\t<\/div>\n\t\t\t\t\t\t\t\t\t<div class=\"inx-property-search__element\">\n\t\t\t\t\t\t\t\t\t<\/div>\n\t\t\t\t\t\t\t\t<\/div>\n\t\t<\/div>\n\n\t\t\t<\/form>\n<\/div>\n\n<\/div><\/div><style type=\"text\/css\">.fusion-body .fusion-builder-column-1{width:100% !important;margin-top : 0px;margin-bottom : 0px;}.fusion-builder-column-1 > .fusion-column-wrapper {padding-top : 0 !important;padding-right : 0px !important;margin-right : 1.92%;padding-bottom : 0 !important;padding-left : 0px !important;margin-left : 1.92%;}@media only screen and (max-width:1024px) {.fusion-body .fusion-builder-column-1{width:100% !important;order : 0;}.fusion-builder-column-1 > .fusion-column-wrapper {margin-right : 1.92%;margin-left : 1.92%;}}@media only screen and (max-width:768px) {.fusion-body .fusion-builder-column-1{width:100% !important;order : 0;}.fusion-builder-column-1 > .fusion-column-wrapper {margin-right : 1.92%;margin-left : 1.92%;}}<\/style><\/div><\/div><style type=\"text\/css\">.fusion-body .fusion-flex-container.fusion-builder-row-2{ padding-top : 1.5em;margin-top : 0;padding-right : 0px;padding-bottom : 0.5em;margin-bottom : 0;padding-left : 0px;}<\/style><\/div><div class=\"fusion-fullwidth fullwidth-box fusion-builder-row-3 fusion-flex-container has-pattern-background has-mask-background nonhundred-percent-fullwidth non-hundred-percent-height-scrolling\" style=\"background-color: rgba(255,255,255,0);background-position: center center;background-repeat: no-repeat;border-width: 0px 0px 0px 0px;border-color:var(--awb-color3);border-style:solid;\" ><div class=\"fusion-builder-row fusion-row fusion-flex-align-items-flex-start\" style=\"max-width:1248px;margin-left: calc(-4% \/ 2 );margin-right: calc(-4% \/ 2 );\"><div class=\"fusion-layout-column fusion_builder_column fusion-builder-column-2 fusion_builder_column_1_1 1_1 fusion-flex-column\"><div class=\"fusion-column-wrapper fusion-flex-justify-content-flex-start fusion-content-layout-column\" style=\"background-position:left top;background-repeat:no-repeat;-webkit-background-size:cover;-moz-background-size:cover;-o-background-size:cover;background-size:cover;padding: 0px 0px 0px 0px;\"><div class=\"fusion-text fusion-text-3\"><h1>M\u00f6blierte Wohnungen in Frankfurt<\/h1>\n<\/div><\/div><style type=\"text\/css\">.fusion-body .fusion-builder-column-2{width:100% !important;margin-top : 0px;margin-bottom : 0px;}.fusion-builder-column-2 > .fusion-column-wrapper {padding-top : 0px !important;padding-right : 0px !important;margin-right : 2.88%;padding-bottom : 0px !important;padding-left : 0px !important;margin-left : 1.92%;}@media only screen and (max-width:1024px) {.fusion-body .fusion-builder-column-2{width:100% !important;}.fusion-builder-column-2 > .fusion-column-wrapper {margin-right : 2.88%;margin-left : 1.92%;}}@media only screen and (max-width:768px) {.fusion-body .fusion-builder-column-2{width:100% !important;}.fusion-builder-column-2 > .fusion-column-wrapper {margin-right : 1.92%;margin-left : 1.92%;}}<\/style><\/div><\/div><style type=\"text\/css\">.fusion-body .fusion-flex-container.fusion-builder-row-3{ padding-top : 3em;margin-top : 0px;padding-right : 0px;padding-bottom : 0px;margin-bottom : 0px;padding-left : 0px;}<\/style><\/div>\n<div class=\"fusion-fullwidth fullwidth-box fusion-builder-row-4 fusion-flex-container has-pattern-background has-mask-background nonhundred-percent-fullwidth non-hundred-percent-height-scrolling\" style=\"background-color: rgba(255,255,255,0);background-position: center center;background-repeat: no-repeat;border-width: 0px 0px 0px 0px;border-color:var(--awb-color3);border-style:solid;\" ><div class=\"fusion-builder-row fusion-row fusion-flex-align-items-flex-start\" style=\"max-width:1248px;margin-left: calc(-4% \/ 2 );margin-right: calc(-4% \/ 2 );\"><div class=\"fusion-layout-column fusion_builder_column fusion-builder-column-3 fusion_builder_column_1_1 1_1 fusion-flex-column\"><div class=\"fusion-column-wrapper fusion-flex-justify-content-flex-start fusion-content-layout-column\" style=\"background-position:left top;background-repeat:no-repeat;-webkit-background-size:cover;-moz-background-size:cover;-o-background-size:cover;background-size:cover;padding: 0px 0px 0px 0px;\"><div class=\"fusion-text fusion-text-4\"><p><div id=\"inx-property-filters\" class=\"inx-property-filters inx-container uk-padding-small\">\n\t<form action=\"https:\/\/www.euhabitat.com\/de\/wp-json\/wp\/v2\/pages\/236414\/\" method=\"get\">\n\t\t\n\t\t<div class=\"uk-flex uk-flex-right@s\">\n\t\t\t<div class=\"inx-form-element uk-width-1-1 uk-width-auto@s\">\n\t\t\t\t<select name=\"inx-sort\" class=\"uk-select\">\n\t\t\t\t\t\t\t\t\t\t<option\tvalue=\"date_desc\">\n\t\t\t\t\t\tAktuellste\t\t\t\t\t<\/option>\n\t\t\t\t\t\t\t\t\t\t<option\tvalue=\"price_asc\">\n\t\t\t\t\t\tPreis (aufsteigend)\t\t\t\t\t<\/option>\n\t\t\t\t\t\t\t\t\t\t<option\tvalue=\"price_desc\" selected>\n\t\t\t\t\t\tPreis (absteigend)\t\t\t\t\t<\/option>\n\t\t\t\t\t\t\t\t\t\t<option\tvalue=\"rooms_asc\">\n\t\t\t\t\t\tZimmer\t\t\t\t\t<\/option>\n\t\t\t\t\t\t\t\t\t<\/select>\n\t\t\t<\/div>\n\t\t<\/div>\n\t<\/form>\n<\/div>\n<div class=\"inx-cq\">\n\t<div id=\"inx-property-list\" class=\"inx-container inx-property-list\">\n\n\t\t\n\t\t<div class=\"inx-property-list__item-wrap\">\n\t\t\t\t<div class=\"inx-property-list-item inx-property-list-item--card uk-card uk-card-default uk-animation-scale-up\">\n\t\t<a href=\"https:\/\/www.euhabitat.com\/de\/moeblierte-wohnungen-frankfurt\/objekt-46279\/?inx-backlink-url=https%3A%2F%2Fwww.euhabitat.com%2Fde%2Fsuchergebnisse%2F\">\n\t\t<div class=\"inx-property-list-item__media-top uk-card-media-top uk-cover-container\">\n\t\t<img decoding=\"async\" width=\"1200\" height=\"775\" src=\"https:\/\/www.euhabitat.com\/wp-content\/uploads\/2026\/04\/04627920-1859x1200.jpg\" class=\"attachment-large size-large lazyload wp-post-image\" alt=\"Wohnen\" srcset=\"data:image\/svg+xml,%3Csvg%20xmlns%3D%27http%3A%2F%2Fwww.w3.org%2F2000%2Fsvg%27%20width%3D%272048%27%20height%3D%271322%27%20viewBox%3D%270%200%202048%201322%27%3E%3Crect%20width%3D%272048%27%20height%3D%271322%27%20fill-opacity%3D%220%22%2F%3E%3C%2Fsvg%3E\" data-orig-src=\"https:\/\/www.euhabitat.com\/wp-content\/uploads\/2026\/04\/04627920-1859x1200.jpg\" data-srcset=\"https:\/\/www.euhabitat.com\/wp-content\/uploads\/2026\/04\/04627920-200x129.jpg 200w, https:\/\/www.euhabitat.com\/wp-content\/uploads\/2026\/04\/04627920-300x194.jpg 300w, https:\/\/www.euhabitat.com\/wp-content\/uploads\/2026\/04\/04627920-400x258.jpg 400w, https:\/\/www.euhabitat.com\/wp-content\/uploads\/2026\/04\/04627920-600x387.jpg 600w, https:\/\/www.euhabitat.com\/wp-content\/uploads\/2026\/04\/04627920-768x496.jpg 768w, https:\/\/www.euhabitat.com\/wp-content\/uploads\/2026\/04\/04627920-800x516.jpg 800w, https:\/\/www.euhabitat.com\/wp-content\/uploads\/2026\/04\/04627920-1200x775.jpg 1200w, https:\/\/www.euhabitat.com\/wp-content\/uploads\/2026\/04\/04627920-1536x992.jpg 1536w, https:\/\/www.euhabitat.com\/wp-content\/uploads\/2026\/04\/04627920-1859x1200.jpg 1859w\" data-sizes=\"auto\" uk-cover>\t<\/div>\n\t\t<\/a>\n\t\t<div class=\"inx-property-list-item__body uk-card-body\">\n\t\t<div class=\"inx-property-list-item__title uk-card-title\">\n\t\t\t\t\t\t<a href=\"https:\/\/www.euhabitat.com\/de\/moeblierte-wohnungen-frankfurt\/objekt-46279\/?inx-backlink-url=https%3A%2F%2Fwww.euhabitat.com%2Fde%2Fsuchergebnisse%2F\" class=\"inx-link inx-oi--nutzungsart--waz inx-oi--vermarktungsart--miete-pacht\">\n\t\t\t\t\t\t\tCity-Residence: M\u00f6blierte 1-Zimmer-Wohnung in Frankfurt-R\u00f6delheim\t\t\t\t\t\t<\/a>\n\t\t\t\t\t<\/div>\n\n\t\t<div class=\"uk-margin-bottom\">\n\t\t\t\n\t\t\t\t\t\t<div class=\"inx-property-list-item__location\" lang=\"de\">\n\t\t\t\t<i class=\"inx-core-detail-icon flaticon-placeholder\" title=\"Lage\"><\/i>\n\t\t\t\t<div>Frankfurt \n<br><span class=\"weitere-orte\">(R\u00f6delheim)<\/span><\/div>\n\t\t\t<\/div>\n\t\t\t\n\t\t\t<div class=\"inx-property-list-item__available-from\" lang=\"de\">\n\t\t\t\t<div class=\"show-de\" style=\"font-weight: 600;\">Bezugsfrei ab: <\/div><div class=\"show-en\" style=\"font-weight: 600;\">Available from: <\/div> 30.04.2026\t\t\t<\/div>\n\t\t\t<div class=\"inx-property-list-item__available-from\" lang=\"de\">\n\t\t\t\t<div class=\"show-de\" style=\"margin-right:0.3em;\"><strong>Objekt-ID:<\/strong><\/div><div class=\"show-en\" style=\"margin-right:0.3em;\"><strong>Object-ID: <\/strong><\/div>46279\t\t\t<\/div>\n\t\t<!--\t<div class=\"inx-property-list-item__available-from\" lang=\"de\">\n\t\t\t\t<div class=\"show-de\" style=\"font-weight: 600;\">Frei bis: <\/div><div class=\"show-en\" style=\"font-weight: 600;\">Vacant until: <\/div> \t\t\t<\/div>-->\n\t\t<\/div>\n<!--\n\t\t\t\t<p class=\"inx-property-list-item__excerpt\">Gepflegtes Mehrfamilienhaus , Bj. 1952, 1. Etage, kein Lift<\/p>\n\t-->\n\t<\/div>\n\n\t<div class=\"inx-property-list-item__footer uk-card-footer\">\n\t\t\t\t<div class=\"inx-property-list-item__core-details uk-flex uk-flex-around\">\n\t\t\t\t\t\t<div>\n\t\t\t\t<i class=\"inx-core-detail-icon flaticon-size\" title=\"Wohnfl\u00e4che\"><\/i> 25&nbsp;m\u00b2\t\t\t<\/div>\n\t\t\t\n\t\t\t\n\t\t\t\t\t\t<div>\n\t\t\t\t<i class=\"inx-core-detail-icon flaticon-blueprint\" title=\"Zimmer\"><\/i> 1\t\t\t<\/div>\n\t\t\t\t\t<\/div>\n\t\t\n\t\t\t\t<a href=\"https:\/\/www.euhabitat.com\/de\/moeblierte-wohnungen-frankfurt\/objekt-46279\/?inx-backlink-url=https%3A%2F%2Fwww.euhabitat.com%2Fde%2Fsuchergebnisse%2F\" class=\"inx-property-list-item__property-price inx-property-price inx-oi--nutzungsart--waz inx-oi--vermarktungsart--miete-pacht inx-oi--inverted inx-link\">\n\t\t\t\t870&nbsp;\u20ac\t\t<\/a>\n\t\t\t\t\t<\/div>\n\n\t\t<div class=\"inx-property-list-item__labels uk-position-top-right\">\n\t\t\t\t<span class=\"inx-property-label inx-property-label--frankfurt uk-label\">Frankfurt<\/span><br>\n\t\t\t\t<\/div>\n\t<\/div>\n\t\t<\/div>\n\n\t\t\t\t\n\t\t<div class=\"inx-property-list__item-wrap\">\n\t\t\t\t<div class=\"inx-property-list-item inx-property-list-item--card uk-card uk-card-default uk-animation-scale-up\">\n\t\t<a href=\"https:\/\/www.euhabitat.com\/de\/moeblierte-wohnungen-frankfurt\/objekt-45171\/?inx-backlink-url=https%3A%2F%2Fwww.euhabitat.com%2Fde%2Fsuchergebnisse%2F\">\n\t\t<div class=\"inx-property-list-item__media-top uk-card-media-top uk-cover-container\">\n\t\t<img decoding=\"async\" width=\"1200\" height=\"801\" src=\"https:\/\/www.euhabitat.com\/wp-content\/uploads\/2026\/04\/04517120-1798x1200.jpg\" class=\"attachment-large size-large lazyload wp-post-image\" alt=\"Wohnen\" srcset=\"data:image\/svg+xml,%3Csvg%20xmlns%3D%27http%3A%2F%2Fwww.w3.org%2F2000%2Fsvg%27%20width%3D%272048%27%20height%3D%271367%27%20viewBox%3D%270%200%202048%201367%27%3E%3Crect%20width%3D%272048%27%20height%3D%271367%27%20fill-opacity%3D%220%22%2F%3E%3C%2Fsvg%3E\" data-orig-src=\"https:\/\/www.euhabitat.com\/wp-content\/uploads\/2026\/04\/04517120-1798x1200.jpg\" data-srcset=\"https:\/\/www.euhabitat.com\/wp-content\/uploads\/2026\/04\/04517120-200x133.jpg 200w, https:\/\/www.euhabitat.com\/wp-content\/uploads\/2026\/04\/04517120-300x200.jpg 300w, https:\/\/www.euhabitat.com\/wp-content\/uploads\/2026\/04\/04517120-400x267.jpg 400w, https:\/\/www.euhabitat.com\/wp-content\/uploads\/2026\/04\/04517120-600x400.jpg 600w, https:\/\/www.euhabitat.com\/wp-content\/uploads\/2026\/04\/04517120-768x513.jpg 768w, https:\/\/www.euhabitat.com\/wp-content\/uploads\/2026\/04\/04517120-800x534.jpg 800w, https:\/\/www.euhabitat.com\/wp-content\/uploads\/2026\/04\/04517120-1200x801.jpg 1200w, https:\/\/www.euhabitat.com\/wp-content\/uploads\/2026\/04\/04517120-1536x1025.jpg 1536w, https:\/\/www.euhabitat.com\/wp-content\/uploads\/2026\/04\/04517120-1798x1200.jpg 1798w\" data-sizes=\"auto\" uk-cover>\t<\/div>\n\t\t<\/a>\n\t\t<div class=\"inx-property-list-item__body uk-card-body\">\n\t\t<div class=\"inx-property-list-item__title uk-card-title\">\n\t\t\t\t\t\t<a href=\"https:\/\/www.euhabitat.com\/de\/moeblierte-wohnungen-frankfurt\/objekt-45171\/?inx-backlink-url=https%3A%2F%2Fwww.euhabitat.com%2Fde%2Fsuchergebnisse%2F\" class=\"inx-link inx-oi--nutzungsart--waz inx-oi--vermarktungsart--miete-pacht\">\n\t\t\t\t\t\t\tCity-Residence: Modernes Apartment in Laufn\u00e4he zur Leipziger Stra\u00dfe\t\t\t\t\t\t<\/a>\n\t\t\t\t\t<\/div>\n\n\t\t<div class=\"uk-margin-bottom\">\n\t\t\t\n\t\t\t\t\t\t<div class=\"inx-property-list-item__location\" lang=\"de\">\n\t\t\t\t<i class=\"inx-core-detail-icon flaticon-placeholder\" title=\"Lage\"><\/i>\n\t\t\t\t<div>Bockenheim \n<br><span class=\"weitere-orte\">(Frankfurt)<\/span><\/div>\n\t\t\t<\/div>\n\t\t\t\n\t\t\t<div class=\"inx-property-list-item__available-from\" lang=\"de\">\n\t\t\t\t<div class=\"show-de\" style=\"font-weight: 600;\">Bezugsfrei ab: <\/div><div class=\"show-en\" style=\"font-weight: 600;\">Available from: <\/div> 01.06.2026\t\t\t<\/div>\n\t\t\t<div class=\"inx-property-list-item__available-from\" lang=\"de\">\n\t\t\t\t<div class=\"show-de\" style=\"margin-right:0.3em;\"><strong>Objekt-ID:<\/strong><\/div><div class=\"show-en\" style=\"margin-right:0.3em;\"><strong>Object-ID: <\/strong><\/div>45171\t\t\t<\/div>\n\t\t<!--\t<div class=\"inx-property-list-item__available-from\" lang=\"de\">\n\t\t\t\t<div class=\"show-de\" style=\"font-weight: 600;\">Frei bis: <\/div><div class=\"show-en\" style=\"font-weight: 600;\">Vacant until: <\/div> \t\t\t<\/div>-->\n\t\t<\/div>\n<!--\n\t\t\t\t<p class=\"inx-property-list-item__excerpt\">Gepflegtes Apartmenthaus , Bj. 1984, EG<\/p>\n\t-->\n\t<\/div>\n\n\t<div class=\"inx-property-list-item__footer uk-card-footer\">\n\t\t\t\t<div class=\"inx-property-list-item__core-details uk-flex uk-flex-around\">\n\t\t\t\t\t\t<div>\n\t\t\t\t<i class=\"inx-core-detail-icon flaticon-size\" title=\"Wohnfl\u00e4che\"><\/i> 20&nbsp;m\u00b2\t\t\t<\/div>\n\t\t\t\n\t\t\t\n\t\t\t\t\t\t<div>\n\t\t\t\t<i class=\"inx-core-detail-icon flaticon-blueprint\" title=\"Zimmer\"><\/i> 1\t\t\t<\/div>\n\t\t\t\t\t<\/div>\n\t\t\n\t\t\t\t<a href=\"https:\/\/www.euhabitat.com\/de\/moeblierte-wohnungen-frankfurt\/objekt-45171\/?inx-backlink-url=https%3A%2F%2Fwww.euhabitat.com%2Fde%2Fsuchergebnisse%2F\" class=\"inx-property-list-item__property-price inx-property-price inx-oi--nutzungsart--waz inx-oi--vermarktungsart--miete-pacht inx-oi--inverted inx-link\">\n\t\t\t\t1.100&nbsp;\u20ac\t\t<\/a>\n\t\t\t\t\t<\/div>\n\n\t\t<div class=\"inx-property-list-item__labels uk-position-top-right\">\n\t\t\t\t<span class=\"inx-property-label inx-property-label--frankfurt uk-label\">Frankfurt<\/span><br>\n\t\t\t\t<\/div>\n\t<\/div>\n\t\t<\/div>\n\n\t\t\t\t\n\t\t<div class=\"inx-property-list__item-wrap\">\n\t\t\t\t<div class=\"inx-property-list-item inx-property-list-item--card uk-card uk-card-default uk-animation-scale-up\">\n\t\t<a href=\"https:\/\/www.euhabitat.com\/de\/moeblierte-wohnungen-frankfurt\/objekt-48648\/?inx-backlink-url=https%3A%2F%2Fwww.euhabitat.com%2Fde%2Fsuchergebnisse%2F\">\n\t\t<div class=\"inx-property-list-item__media-top uk-card-media-top uk-cover-container\">\n\t\t<img decoding=\"async\" width=\"1200\" height=\"801\" src=\"https:\/\/www.euhabitat.com\/wp-content\/uploads\/2026\/04\/04864820-1798x1200.jpg\" class=\"attachment-large size-large lazyload wp-post-image\" alt=\"Wohnen\" srcset=\"data:image\/svg+xml,%3Csvg%20xmlns%3D%27http%3A%2F%2Fwww.w3.org%2F2000%2Fsvg%27%20width%3D%272048%27%20height%3D%271367%27%20viewBox%3D%270%200%202048%201367%27%3E%3Crect%20width%3D%272048%27%20height%3D%271367%27%20fill-opacity%3D%220%22%2F%3E%3C%2Fsvg%3E\" data-orig-src=\"https:\/\/www.euhabitat.com\/wp-content\/uploads\/2026\/04\/04864820-1798x1200.jpg\" data-srcset=\"https:\/\/www.euhabitat.com\/wp-content\/uploads\/2026\/04\/04864820-200x133.jpg 200w, https:\/\/www.euhabitat.com\/wp-content\/uploads\/2026\/04\/04864820-300x200.jpg 300w, https:\/\/www.euhabitat.com\/wp-content\/uploads\/2026\/04\/04864820-400x267.jpg 400w, https:\/\/www.euhabitat.com\/wp-content\/uploads\/2026\/04\/04864820-600x400.jpg 600w, https:\/\/www.euhabitat.com\/wp-content\/uploads\/2026\/04\/04864820-768x513.jpg 768w, https:\/\/www.euhabitat.com\/wp-content\/uploads\/2026\/04\/04864820-800x534.jpg 800w, https:\/\/www.euhabitat.com\/wp-content\/uploads\/2026\/04\/04864820-1200x801.jpg 1200w, https:\/\/www.euhabitat.com\/wp-content\/uploads\/2026\/04\/04864820-1536x1025.jpg 1536w, https:\/\/www.euhabitat.com\/wp-content\/uploads\/2026\/04\/04864820-1798x1200.jpg 1798w\" data-sizes=\"auto\" uk-cover>\t<\/div>\n\t\t<\/a>\n\t\t<div class=\"inx-property-list-item__body uk-card-body\">\n\t\t<div class=\"inx-property-list-item__title uk-card-title\">\n\t\t\t\t\t\t<a href=\"https:\/\/www.euhabitat.com\/de\/moeblierte-wohnungen-frankfurt\/objekt-48648\/?inx-backlink-url=https%3A%2F%2Fwww.euhabitat.com%2Fde%2Fsuchergebnisse%2F\" class=\"inx-link inx-oi--nutzungsart--waz inx-oi--vermarktungsart--miete-pacht\">\n\t\t\t\t\t\t\tCity-Residence: Sanierte 1-Zimmer-Wohnung mit Balkon und Stellplatz\t\t\t\t\t\t<\/a>\n\t\t\t\t\t<\/div>\n\n\t\t<div class=\"uk-margin-bottom\">\n\t\t\t\n\t\t\t\t\t\t<div class=\"inx-property-list-item__location\" lang=\"de\">\n\t\t\t\t<i class=\"inx-core-detail-icon flaticon-placeholder\" title=\"Lage\"><\/i>\n\t\t\t\t<div>Frankfurt \n<br><span class=\"weitere-orte\">(Sachsenhausen \n<br><span class=\"weitere-orte\">(S\u00fcd))<\/span><\/div>\n\t\t\t<\/div>\n\t\t\t\n\t\t\t<div class=\"inx-property-list-item__available-from\" lang=\"de\">\n\t\t\t\t<div class=\"show-de\" style=\"font-weight: 600;\">Bezugsfrei ab: <\/div><div class=\"show-en\" style=\"font-weight: 600;\">Available from: <\/div> 01.06.2026\t\t\t<\/div>\n\t\t\t<div class=\"inx-property-list-item__available-from\" lang=\"de\">\n\t\t\t\t<div class=\"show-de\" style=\"margin-right:0.3em;\"><strong>Objekt-ID:<\/strong><\/div><div class=\"show-en\" style=\"margin-right:0.3em;\"><strong>Object-ID: <\/strong><\/div>48648\t\t\t<\/div>\n\t\t<!--\t<div class=\"inx-property-list-item__available-from\" lang=\"de\">\n\t\t\t\t<div class=\"show-de\" style=\"font-weight: 600;\">Frei bis: <\/div><div class=\"show-en\" style=\"font-weight: 600;\">Vacant until: <\/div> \t\t\t<\/div>-->\n\t\t<\/div>\n<!--\n\t\t\t\t<p class=\"inx-property-list-item__excerpt\">Wohnhochhaus , Bj. 1973, 6. Etage, Lift...<\/p>\n\t-->\n\t<\/div>\n\n\t<div class=\"inx-property-list-item__footer uk-card-footer\">\n\t\t\t\t<div class=\"inx-property-list-item__core-details uk-flex uk-flex-around\">\n\t\t\t\t\t\t<div>\n\t\t\t\t<i class=\"inx-core-detail-icon flaticon-size\" title=\"Wohnfl\u00e4che\"><\/i> 34&nbsp;m\u00b2\t\t\t<\/div>\n\t\t\t\n\t\t\t\n\t\t\t\t\t\t<div>\n\t\t\t\t<i class=\"inx-core-detail-icon flaticon-blueprint\" title=\"Zimmer\"><\/i> 1\t\t\t<\/div>\n\t\t\t\t\t<\/div>\n\t\t\n\t\t\t\t<a href=\"https:\/\/www.euhabitat.com\/de\/moeblierte-wohnungen-frankfurt\/objekt-48648\/?inx-backlink-url=https%3A%2F%2Fwww.euhabitat.com%2Fde%2Fsuchergebnisse%2F\" class=\"inx-property-list-item__property-price inx-property-price inx-oi--nutzungsart--waz inx-oi--vermarktungsart--miete-pacht inx-oi--inverted inx-link\">\n\t\t\t\t1.190&nbsp;\u20ac\t\t<\/a>\n\t\t\t\t\t<\/div>\n\n\t\t<div class=\"inx-property-list-item__labels uk-position-top-right\">\n\t\t\t\t<span class=\"inx-property-label inx-property-label--frankfurt uk-label\">Frankfurt<\/span><br>\n\t\t\t\t<\/div>\n\t<\/div>\n\t\t<\/div>\n\n\t\t\t\t\n\t\t<div class=\"inx-property-list__item-wrap\">\n\t\t\t\t<div class=\"inx-property-list-item inx-property-list-item--card uk-card uk-card-default uk-animation-scale-up\">\n\t\t<a href=\"https:\/\/www.euhabitat.com\/de\/moeblierte-wohnungen-frankfurt\/objekt-45755\/?inx-backlink-url=https%3A%2F%2Fwww.euhabitat.com%2Fde%2Fsuchergebnisse%2F\">\n\t\t<div class=\"inx-property-list-item__media-top uk-card-media-top uk-cover-container\">\n\t\t<img decoding=\"async\" width=\"1200\" height=\"798\" src=\"https:\/\/www.euhabitat.com\/wp-content\/uploads\/2026\/04\/04575520-2-1804x1200.jpg\" class=\"attachment-large size-large lazyload wp-post-image\" alt=\"Wohnen\" srcset=\"data:image\/svg+xml,%3Csvg%20xmlns%3D%27http%3A%2F%2Fwww.w3.org%2F2000%2Fsvg%27%20width%3D%272048%27%20height%3D%271362%27%20viewBox%3D%270%200%202048%201362%27%3E%3Crect%20width%3D%272048%27%20height%3D%271362%27%20fill-opacity%3D%220%22%2F%3E%3C%2Fsvg%3E\" data-orig-src=\"https:\/\/www.euhabitat.com\/wp-content\/uploads\/2026\/04\/04575520-2-1804x1200.jpg\" data-srcset=\"https:\/\/www.euhabitat.com\/wp-content\/uploads\/2026\/04\/04575520-2-200x133.jpg 200w, https:\/\/www.euhabitat.com\/wp-content\/uploads\/2026\/04\/04575520-2-300x200.jpg 300w, https:\/\/www.euhabitat.com\/wp-content\/uploads\/2026\/04\/04575520-2-400x266.jpg 400w, https:\/\/www.euhabitat.com\/wp-content\/uploads\/2026\/04\/04575520-2-600x399.jpg 600w, https:\/\/www.euhabitat.com\/wp-content\/uploads\/2026\/04\/04575520-2-768x511.jpg 768w, https:\/\/www.euhabitat.com\/wp-content\/uploads\/2026\/04\/04575520-2-800x532.jpg 800w, https:\/\/www.euhabitat.com\/wp-content\/uploads\/2026\/04\/04575520-2-1200x798.jpg 1200w, https:\/\/www.euhabitat.com\/wp-content\/uploads\/2026\/04\/04575520-2-1536x1022.jpg 1536w, https:\/\/www.euhabitat.com\/wp-content\/uploads\/2026\/04\/04575520-2-1804x1200.jpg 1804w\" data-sizes=\"auto\" uk-cover>\t<\/div>\n\t\t<\/a>\n\t\t<div class=\"inx-property-list-item__body uk-card-body\">\n\t\t<div class=\"inx-property-list-item__title uk-card-title\">\n\t\t\t\t\t\t<a href=\"https:\/\/www.euhabitat.com\/de\/moeblierte-wohnungen-frankfurt\/objekt-45755\/?inx-backlink-url=https%3A%2F%2Fwww.euhabitat.com%2Fde%2Fsuchergebnisse%2F\" class=\"inx-link inx-oi--nutzungsart--waz inx-oi--vermarktungsart--miete-pacht\">\n\t\t\t\t\t\t\tCity-Residence: Modernes City-Apartment in Bockenheim \/ Ecke Leipziger Stra\u00dfe\t\t\t\t\t\t<\/a>\n\t\t\t\t\t<\/div>\n\n\t\t<div class=\"uk-margin-bottom\">\n\t\t\t\n\t\t\t\t\t\t<div class=\"inx-property-list-item__location\" lang=\"de\">\n\t\t\t\t<i class=\"inx-core-detail-icon flaticon-placeholder\" title=\"Lage\"><\/i>\n\t\t\t\t<div>Bockenheim \n<br><span class=\"weitere-orte\">(Frankfurt)<\/span><\/div>\n\t\t\t<\/div>\n\t\t\t\n\t\t\t<div class=\"inx-property-list-item__available-from\" lang=\"de\">\n\t\t\t\t<div class=\"show-de\" style=\"font-weight: 600;\">Bezugsfrei ab: <\/div><div class=\"show-en\" style=\"font-weight: 600;\">Available from: <\/div> 01.05.2026\t\t\t<\/div>\n\t\t\t<div class=\"inx-property-list-item__available-from\" lang=\"de\">\n\t\t\t\t<div class=\"show-de\" style=\"margin-right:0.3em;\"><strong>Objekt-ID:<\/strong><\/div><div class=\"show-en\" style=\"margin-right:0.3em;\"><strong>Object-ID: <\/strong><\/div>45755\t\t\t<\/div>\n\t\t<!--\t<div class=\"inx-property-list-item__available-from\" lang=\"de\">\n\t\t\t\t<div class=\"show-de\" style=\"font-weight: 600;\">Frei bis: <\/div><div class=\"show-en\" style=\"font-weight: 600;\">Vacant until: <\/div> \t\t\t<\/div>-->\n\t\t<\/div>\n<!--\n\t\t\t\t<p class=\"inx-property-list-item__excerpt\">Gepflegtes Apartmenthaus , Bj. 1984, 4. Etage, kein Lift, Dachgeschoss mit Schr\u00e4gen<\/p>\n\t-->\n\t<\/div>\n\n\t<div class=\"inx-property-list-item__footer uk-card-footer\">\n\t\t\t\t<div class=\"inx-property-list-item__core-details uk-flex uk-flex-around\">\n\t\t\t\t\t\t<div>\n\t\t\t\t<i class=\"inx-core-detail-icon flaticon-size\" title=\"Wohnfl\u00e4che\"><\/i> 48&nbsp;m\u00b2\t\t\t<\/div>\n\t\t\t\n\t\t\t\n\t\t\t\t\t\t<div>\n\t\t\t\t<i class=\"inx-core-detail-icon flaticon-blueprint\" title=\"Zimmer\"><\/i> 1\t\t\t<\/div>\n\t\t\t\t\t<\/div>\n\t\t\n\t\t\t\t<a href=\"https:\/\/www.euhabitat.com\/de\/moeblierte-wohnungen-frankfurt\/objekt-45755\/?inx-backlink-url=https%3A%2F%2Fwww.euhabitat.com%2Fde%2Fsuchergebnisse%2F\" class=\"inx-property-list-item__property-price inx-property-price inx-oi--nutzungsart--waz inx-oi--vermarktungsart--miete-pacht inx-oi--inverted inx-link\">\n\t\t\t\t1.190&nbsp;\u20ac\t\t<\/a>\n\t\t\t\t\t<\/div>\n\n\t\t<div class=\"inx-property-list-item__labels uk-position-top-right\">\n\t\t\t\t<span class=\"inx-property-label inx-property-label--frankfurt uk-label\">Frankfurt<\/span><br>\n\t\t\t\t<\/div>\n\t<\/div>\n\t\t<\/div>\n\n\t\t\t\t\n\t\t<div class=\"inx-property-list__item-wrap\">\n\t\t\t\t<div class=\"inx-property-list-item inx-property-list-item--card uk-card uk-card-default uk-animation-scale-up\">\n\t\t<a href=\"https:\/\/www.euhabitat.com\/de\/moeblierte-wohnungen-frankfurt\/objekt-47694\/?inx-backlink-url=https%3A%2F%2Fwww.euhabitat.com%2Fde%2Fsuchergebnisse%2F\">\n\t\t<div class=\"inx-property-list-item__media-top uk-card-media-top uk-cover-container\">\n\t\t<img decoding=\"async\" width=\"1200\" height=\"801\" src=\"https:\/\/www.euhabitat.com\/wp-content\/uploads\/2026\/04\/04769420-1798x1200.jpg\" class=\"attachment-large size-large lazyload wp-post-image\" alt=\"Wohnen\" srcset=\"data:image\/svg+xml,%3Csvg%20xmlns%3D%27http%3A%2F%2Fwww.w3.org%2F2000%2Fsvg%27%20width%3D%272048%27%20height%3D%271367%27%20viewBox%3D%270%200%202048%201367%27%3E%3Crect%20width%3D%272048%27%20height%3D%271367%27%20fill-opacity%3D%220%22%2F%3E%3C%2Fsvg%3E\" data-orig-src=\"https:\/\/www.euhabitat.com\/wp-content\/uploads\/2026\/04\/04769420-1798x1200.jpg\" data-srcset=\"https:\/\/www.euhabitat.com\/wp-content\/uploads\/2026\/04\/04769420-200x133.jpg 200w, https:\/\/www.euhabitat.com\/wp-content\/uploads\/2026\/04\/04769420-300x200.jpg 300w, https:\/\/www.euhabitat.com\/wp-content\/uploads\/2026\/04\/04769420-400x267.jpg 400w, https:\/\/www.euhabitat.com\/wp-content\/uploads\/2026\/04\/04769420-600x400.jpg 600w, https:\/\/www.euhabitat.com\/wp-content\/uploads\/2026\/04\/04769420-768x513.jpg 768w, https:\/\/www.euhabitat.com\/wp-content\/uploads\/2026\/04\/04769420-800x534.jpg 800w, https:\/\/www.euhabitat.com\/wp-content\/uploads\/2026\/04\/04769420-1200x801.jpg 1200w, https:\/\/www.euhabitat.com\/wp-content\/uploads\/2026\/04\/04769420-1536x1025.jpg 1536w, https:\/\/www.euhabitat.com\/wp-content\/uploads\/2026\/04\/04769420-1798x1200.jpg 1798w\" data-sizes=\"auto\" uk-cover>\t<\/div>\n\t\t<\/a>\n\t\t<div class=\"inx-property-list-item__body uk-card-body\">\n\t\t<div class=\"inx-property-list-item__title uk-card-title\">\n\t\t\t\t\t\t<a href=\"https:\/\/www.euhabitat.com\/de\/moeblierte-wohnungen-frankfurt\/objekt-47694\/?inx-backlink-url=https%3A%2F%2Fwww.euhabitat.com%2Fde%2Fsuchergebnisse%2F\" class=\"inx-link inx-oi--nutzungsart--waz inx-oi--vermarktungsart--miete-pacht\">\n\t\t\t\t\t\t\tCity-Residence: Moderne 1,5-Zi.-Wohnung mit Wohnk\u00fcche und separatem Schlafzimmer\t\t\t\t\t\t<\/a>\n\t\t\t\t\t<\/div>\n\n\t\t<div class=\"uk-margin-bottom\">\n\t\t\t\n\t\t\t\t\t\t<div class=\"inx-property-list-item__location\" lang=\"de\">\n\t\t\t\t<i class=\"inx-core-detail-icon flaticon-placeholder\" title=\"Lage\"><\/i>\n\t\t\t\t<div>Frankfurt \n<br><span class=\"weitere-orte\">(Ostend)<\/span><\/div>\n\t\t\t<\/div>\n\t\t\t\n\t\t\t<div class=\"inx-property-list-item__available-from\" lang=\"de\">\n\t\t\t\t<div class=\"show-de\" style=\"font-weight: 600;\">Bezugsfrei ab: <\/div><div class=\"show-en\" style=\"font-weight: 600;\">Available from: <\/div> 01.06.2026\t\t\t<\/div>\n\t\t\t<div class=\"inx-property-list-item__available-from\" lang=\"de\">\n\t\t\t\t<div class=\"show-de\" style=\"margin-right:0.3em;\"><strong>Objekt-ID:<\/strong><\/div><div class=\"show-en\" style=\"margin-right:0.3em;\"><strong>Object-ID: <\/strong><\/div>47694\t\t\t<\/div>\n\t\t<!--\t<div class=\"inx-property-list-item__available-from\" lang=\"de\">\n\t\t\t\t<div class=\"show-de\" style=\"font-weight: 600;\">Frei bis: <\/div><div class=\"show-en\" style=\"font-weight: 600;\">Vacant until: <\/div> \t\t\t<\/div>-->\n\t\t<\/div>\n<!--\n\t\t\t\t<p class=\"inx-property-list-item__excerpt\">Gepflegtes Mehrfamilienhaus , Bj. 1955, 3. Etage, kein Lift<\/p>\n\t-->\n\t<\/div>\n\n\t<div class=\"inx-property-list-item__footer uk-card-footer\">\n\t\t\t\t<div class=\"inx-property-list-item__core-details uk-flex uk-flex-around\">\n\t\t\t\t\t\t<div>\n\t\t\t\t<i class=\"inx-core-detail-icon flaticon-size\" title=\"Wohnfl\u00e4che\"><\/i> 32&nbsp;m\u00b2\t\t\t<\/div>\n\t\t\t\n\t\t\t\n\t\t\t\t\t\t<div>\n\t\t\t\t<i class=\"inx-core-detail-icon flaticon-blueprint\" title=\"Zimmer\"><\/i> 1\t\t\t<\/div>\n\t\t\t\t\t<\/div>\n\t\t\n\t\t\t\t<a href=\"https:\/\/www.euhabitat.com\/de\/moeblierte-wohnungen-frankfurt\/objekt-47694\/?inx-backlink-url=https%3A%2F%2Fwww.euhabitat.com%2Fde%2Fsuchergebnisse%2F\" class=\"inx-property-list-item__property-price inx-property-price inx-oi--nutzungsart--waz inx-oi--vermarktungsart--miete-pacht inx-oi--inverted inx-link\">\n\t\t\t\t1.230&nbsp;\u20ac\t\t<\/a>\n\t\t\t\t\t<\/div>\n\n\t\t<div class=\"inx-property-list-item__labels uk-position-top-right\">\n\t\t\t\t<span class=\"inx-property-label inx-property-label--frankfurt uk-label\">Frankfurt<\/span><br>\n\t\t\t\t<\/div>\n\t<\/div>\n\t\t<\/div>\n\n\t\t\t\t\n\t\t<div class=\"inx-property-list__item-wrap\">\n\t\t\t\t<div class=\"inx-property-list-item inx-property-list-item--card uk-card uk-card-default uk-animation-scale-up\">\n\t\t<a href=\"https:\/\/www.euhabitat.com\/de\/moeblierte-wohnungen-frankfurt\/objekt-43460\/?inx-backlink-url=https%3A%2F%2Fwww.euhabitat.com%2Fde%2Fsuchergebnisse%2F\">\n\t\t<div class=\"inx-property-list-item__media-top uk-card-media-top uk-cover-container\">\n\t\t<img decoding=\"async\" width=\"1200\" height=\"798\" src=\"https:\/\/www.euhabitat.com\/wp-content\/uploads\/2026\/04\/04346020-1804x1200.jpg\" class=\"attachment-large size-large lazyload wp-post-image\" alt=\"Wohnen\" srcset=\"data:image\/svg+xml,%3Csvg%20xmlns%3D%27http%3A%2F%2Fwww.w3.org%2F2000%2Fsvg%27%20width%3D%272048%27%20height%3D%271362%27%20viewBox%3D%270%200%202048%201362%27%3E%3Crect%20width%3D%272048%27%20height%3D%271362%27%20fill-opacity%3D%220%22%2F%3E%3C%2Fsvg%3E\" data-orig-src=\"https:\/\/www.euhabitat.com\/wp-content\/uploads\/2026\/04\/04346020-1804x1200.jpg\" data-srcset=\"https:\/\/www.euhabitat.com\/wp-content\/uploads\/2026\/04\/04346020-200x133.jpg 200w, https:\/\/www.euhabitat.com\/wp-content\/uploads\/2026\/04\/04346020-300x200.jpg 300w, https:\/\/www.euhabitat.com\/wp-content\/uploads\/2026\/04\/04346020-400x266.jpg 400w, https:\/\/www.euhabitat.com\/wp-content\/uploads\/2026\/04\/04346020-600x399.jpg 600w, https:\/\/www.euhabitat.com\/wp-content\/uploads\/2026\/04\/04346020-768x511.jpg 768w, https:\/\/www.euhabitat.com\/wp-content\/uploads\/2026\/04\/04346020-800x532.jpg 800w, https:\/\/www.euhabitat.com\/wp-content\/uploads\/2026\/04\/04346020-1200x798.jpg 1200w, https:\/\/www.euhabitat.com\/wp-content\/uploads\/2026\/04\/04346020-1536x1022.jpg 1536w, https:\/\/www.euhabitat.com\/wp-content\/uploads\/2026\/04\/04346020-1804x1200.jpg 1804w\" data-sizes=\"auto\" uk-cover>\t<\/div>\n\t\t<\/a>\n\t\t<div class=\"inx-property-list-item__body uk-card-body\">\n\t\t<div class=\"inx-property-list-item__title uk-card-title\">\n\t\t\t\t\t\t<a href=\"https:\/\/www.euhabitat.com\/de\/moeblierte-wohnungen-frankfurt\/objekt-43460\/?inx-backlink-url=https%3A%2F%2Fwww.euhabitat.com%2Fde%2Fsuchergebnisse%2F\" class=\"inx-link inx-oi--nutzungsart--waz inx-oi--vermarktungsart--miete-pacht\">\n\t\t\t\t\t\t\tCity-Residence: Sch\u00f6nes Apartment mit Balkon in Bockenheim\t\t\t\t\t\t<\/a>\n\t\t\t\t\t<\/div>\n\n\t\t<div class=\"uk-margin-bottom\">\n\t\t\t\n\t\t\t\t\t\t<div class=\"inx-property-list-item__location\" lang=\"de\">\n\t\t\t\t<i class=\"inx-core-detail-icon flaticon-placeholder\" title=\"Lage\"><\/i>\n\t\t\t\t<div>Bockenheim \n<br><span class=\"weitere-orte\">(Frankfurt)<\/span><\/div>\n\t\t\t<\/div>\n\t\t\t\n\t\t\t<div class=\"inx-property-list-item__available-from\" lang=\"de\">\n\t\t\t\t<div class=\"show-de\" style=\"font-weight: 600;\">Bezugsfrei ab: <\/div><div class=\"show-en\" style=\"font-weight: 600;\">Available from: <\/div> 01.06.2026\t\t\t<\/div>\n\t\t\t<div class=\"inx-property-list-item__available-from\" lang=\"de\">\n\t\t\t\t<div class=\"show-de\" style=\"margin-right:0.3em;\"><strong>Objekt-ID:<\/strong><\/div><div class=\"show-en\" style=\"margin-right:0.3em;\"><strong>Object-ID: <\/strong><\/div>43460\t\t\t<\/div>\n\t\t<!--\t<div class=\"inx-property-list-item__available-from\" lang=\"de\">\n\t\t\t\t<div class=\"show-de\" style=\"font-weight: 600;\">Frei bis: <\/div><div class=\"show-en\" style=\"font-weight: 600;\">Vacant until: <\/div> \t\t\t<\/div>-->\n\t\t<\/div>\n<!--\n\t\t\t\t<p class=\"inx-property-list-item__excerpt\">Saniertes Mehrfamilienhaus Stilaltbau , Bj. 1909, 1. Etage, kein Lift...<\/p>\n\t-->\n\t<\/div>\n\n\t<div class=\"inx-property-list-item__footer uk-card-footer\">\n\t\t\t\t<div class=\"inx-property-list-item__core-details uk-flex uk-flex-around\">\n\t\t\t\t\t\t<div>\n\t\t\t\t<i class=\"inx-core-detail-icon flaticon-size\" title=\"Wohnfl\u00e4che\"><\/i> 30&nbsp;m\u00b2\t\t\t<\/div>\n\t\t\t\n\t\t\t\n\t\t\t\t\t\t<div>\n\t\t\t\t<i class=\"inx-core-detail-icon flaticon-blueprint\" title=\"Zimmer\"><\/i> 1\t\t\t<\/div>\n\t\t\t\t\t<\/div>\n\t\t\n\t\t\t\t<a href=\"https:\/\/www.euhabitat.com\/de\/moeblierte-wohnungen-frankfurt\/objekt-43460\/?inx-backlink-url=https%3A%2F%2Fwww.euhabitat.com%2Fde%2Fsuchergebnisse%2F\" class=\"inx-property-list-item__property-price inx-property-price inx-oi--nutzungsart--waz inx-oi--vermarktungsart--miete-pacht inx-oi--inverted inx-link\">\n\t\t\t\t1.230&nbsp;\u20ac\t\t<\/a>\n\t\t\t\t\t<\/div>\n\n\t\t<div class=\"inx-property-list-item__labels uk-position-top-right\">\n\t\t\t\t<span class=\"inx-property-label inx-property-label--frankfurt uk-label\">Frankfurt<\/span><br>\n\t\t\t\t<\/div>\n\t<\/div>\n\t\t<\/div>\n\n\t\t\t\t\n\t\t<div class=\"inx-property-list__item-wrap\">\n\t\t\t\t<div class=\"inx-property-list-item inx-property-list-item--card uk-card uk-card-default uk-animation-scale-up\">\n\t\t<a href=\"https:\/\/www.euhabitat.com\/de\/moeblierte-wohnungen-frankfurt\/objekt-49086\/?inx-backlink-url=https%3A%2F%2Fwww.euhabitat.com%2Fde%2Fsuchergebnisse%2F\">\n\t\t<div class=\"inx-property-list-item__media-top uk-card-media-top uk-cover-container\">\n\t\t<img decoding=\"async\" width=\"1200\" height=\"798\" src=\"https:\/\/www.euhabitat.com\/wp-content\/uploads\/2026\/04\/04908620-1-1804x1200.jpg\" class=\"attachment-large size-large lazyload wp-post-image\" alt=\"Wohnen\" srcset=\"data:image\/svg+xml,%3Csvg%20xmlns%3D%27http%3A%2F%2Fwww.w3.org%2F2000%2Fsvg%27%20width%3D%272048%27%20height%3D%271362%27%20viewBox%3D%270%200%202048%201362%27%3E%3Crect%20width%3D%272048%27%20height%3D%271362%27%20fill-opacity%3D%220%22%2F%3E%3C%2Fsvg%3E\" data-orig-src=\"https:\/\/www.euhabitat.com\/wp-content\/uploads\/2026\/04\/04908620-1-1804x1200.jpg\" data-srcset=\"https:\/\/www.euhabitat.com\/wp-content\/uploads\/2026\/04\/04908620-1-200x133.jpg 200w, https:\/\/www.euhabitat.com\/wp-content\/uploads\/2026\/04\/04908620-1-300x200.jpg 300w, https:\/\/www.euhabitat.com\/wp-content\/uploads\/2026\/04\/04908620-1-400x266.jpg 400w, https:\/\/www.euhabitat.com\/wp-content\/uploads\/2026\/04\/04908620-1-600x399.jpg 600w, https:\/\/www.euhabitat.com\/wp-content\/uploads\/2026\/04\/04908620-1-768x511.jpg 768w, https:\/\/www.euhabitat.com\/wp-content\/uploads\/2026\/04\/04908620-1-800x532.jpg 800w, https:\/\/www.euhabitat.com\/wp-content\/uploads\/2026\/04\/04908620-1-1200x798.jpg 1200w, https:\/\/www.euhabitat.com\/wp-content\/uploads\/2026\/04\/04908620-1-1536x1022.jpg 1536w, https:\/\/www.euhabitat.com\/wp-content\/uploads\/2026\/04\/04908620-1-1804x1200.jpg 1804w\" data-sizes=\"auto\" uk-cover>\t<\/div>\n\t\t<\/a>\n\t\t<div class=\"inx-property-list-item__body uk-card-body\">\n\t\t<div class=\"inx-property-list-item__title uk-card-title\">\n\t\t\t\t\t\t<a href=\"https:\/\/www.euhabitat.com\/de\/moeblierte-wohnungen-frankfurt\/objekt-49086\/?inx-backlink-url=https%3A%2F%2Fwww.euhabitat.com%2Fde%2Fsuchergebnisse%2F\" class=\"inx-link inx-oi--nutzungsart--waz inx-oi--vermarktungsart--miete-pacht\">\n\t\t\t\t\t\t\tCity-Residence: Sch\u00f6ne 2-Zimmer-Wohnung direkt am Nidda Park\t\t\t\t\t\t<\/a>\n\t\t\t\t\t<\/div>\n\n\t\t<div class=\"uk-margin-bottom\">\n\t\t\t\n\t\t\t\t\t\t<div class=\"inx-property-list-item__location\" lang=\"de\">\n\t\t\t\t<i class=\"inx-core-detail-icon flaticon-placeholder\" title=\"Lage\"><\/i>\n\t\t\t\t<div>Frankfurt \n<br><span class=\"weitere-orte\">(Hausen)<\/span><\/div>\n\t\t\t<\/div>\n\t\t\t\n\t\t\t<div class=\"inx-property-list-item__available-from\" lang=\"de\">\n\t\t\t\t<div class=\"show-de\" style=\"font-weight: 600;\">Bezugsfrei ab: <\/div><div class=\"show-en\" style=\"font-weight: 600;\">Available from: <\/div> 30.04.2026\t\t\t<\/div>\n\t\t\t<div class=\"inx-property-list-item__available-from\" lang=\"de\">\n\t\t\t\t<div class=\"show-de\" style=\"margin-right:0.3em;\"><strong>Objekt-ID:<\/strong><\/div><div class=\"show-en\" style=\"margin-right:0.3em;\"><strong>Object-ID: <\/strong><\/div>49086\t\t\t<\/div>\n\t\t<!--\t<div class=\"inx-property-list-item__available-from\" lang=\"de\">\n\t\t\t\t<div class=\"show-de\" style=\"font-weight: 600;\">Frei bis: <\/div><div class=\"show-en\" style=\"font-weight: 600;\">Vacant until: <\/div> \t\t\t<\/div>-->\n\t\t<\/div>\n<!--\n\t\t\t\t<p class=\"inx-property-list-item__excerpt\">Saniertes Drei-Parteien-Haus , Bj. 1972, 2. Etage, kein Lift, Dachgeschoss mit Schr\u00e4gen, Blick ins Gr\u00fcne sch\u00f6nes...<\/p>\n\t-->\n\t<\/div>\n\n\t<div class=\"inx-property-list-item__footer uk-card-footer\">\n\t\t\t\t<div class=\"inx-property-list-item__core-details uk-flex uk-flex-around\">\n\t\t\t\t\t\t<div>\n\t\t\t\t<i class=\"inx-core-detail-icon flaticon-size\" title=\"Wohnfl\u00e4che\"><\/i> 45&nbsp;m\u00b2\t\t\t<\/div>\n\t\t\t\n\t\t\t\n\t\t\t\t\t\t<div>\n\t\t\t\t<i class=\"inx-core-detail-icon flaticon-blueprint\" title=\"Zimmer\"><\/i> 2\t\t\t<\/div>\n\t\t\t\t\t<\/div>\n\t\t\n\t\t\t\t<a href=\"https:\/\/www.euhabitat.com\/de\/moeblierte-wohnungen-frankfurt\/objekt-49086\/?inx-backlink-url=https%3A%2F%2Fwww.euhabitat.com%2Fde%2Fsuchergebnisse%2F\" class=\"inx-property-list-item__property-price inx-property-price inx-oi--nutzungsart--waz inx-oi--vermarktungsart--miete-pacht inx-oi--inverted inx-link\">\n\t\t\t\t1.250&nbsp;\u20ac\t\t<\/a>\n\t\t\t\t\t<\/div>\n\n\t\t<div class=\"inx-property-list-item__labels uk-position-top-right\">\n\t\t\t\t<span class=\"inx-property-label inx-property-label--frankfurt uk-label\">Frankfurt<\/span><br>\n\t\t\t\t<\/div>\n\t<\/div>\n\t\t<\/div>\n\n\t\t\t\t\n\t\t<div class=\"inx-property-list__item-wrap\">\n\t\t\t\t<div class=\"inx-property-list-item inx-property-list-item--card uk-card uk-card-default uk-animation-scale-up\">\n\t\t<a href=\"https:\/\/www.euhabitat.com\/de\/moeblierte-wohnungen-frankfurt\/objekt-48803\/?inx-backlink-url=https%3A%2F%2Fwww.euhabitat.com%2Fde%2Fsuchergebnisse%2F\">\n\t\t<div class=\"inx-property-list-item__media-top uk-card-media-top uk-cover-container\">\n\t\t<img decoding=\"async\" width=\"1200\" height=\"801\" src=\"https:\/\/www.euhabitat.com\/wp-content\/uploads\/2026\/03\/04880320-1798x1200.jpg\" class=\"attachment-large size-large lazyload wp-post-image\" alt=\"Wohnen\" srcset=\"data:image\/svg+xml,%3Csvg%20xmlns%3D%27http%3A%2F%2Fwww.w3.org%2F2000%2Fsvg%27%20width%3D%272048%27%20height%3D%271367%27%20viewBox%3D%270%200%202048%201367%27%3E%3Crect%20width%3D%272048%27%20height%3D%271367%27%20fill-opacity%3D%220%22%2F%3E%3C%2Fsvg%3E\" data-orig-src=\"https:\/\/www.euhabitat.com\/wp-content\/uploads\/2026\/03\/04880320-1798x1200.jpg\" data-srcset=\"https:\/\/www.euhabitat.com\/wp-content\/uploads\/2026\/03\/04880320-200x133.jpg 200w, https:\/\/www.euhabitat.com\/wp-content\/uploads\/2026\/03\/04880320-300x200.jpg 300w, https:\/\/www.euhabitat.com\/wp-content\/uploads\/2026\/03\/04880320-400x267.jpg 400w, https:\/\/www.euhabitat.com\/wp-content\/uploads\/2026\/03\/04880320-600x400.jpg 600w, https:\/\/www.euhabitat.com\/wp-content\/uploads\/2026\/03\/04880320-768x513.jpg 768w, https:\/\/www.euhabitat.com\/wp-content\/uploads\/2026\/03\/04880320-800x534.jpg 800w, https:\/\/www.euhabitat.com\/wp-content\/uploads\/2026\/03\/04880320-1200x801.jpg 1200w, https:\/\/www.euhabitat.com\/wp-content\/uploads\/2026\/03\/04880320-1536x1025.jpg 1536w, https:\/\/www.euhabitat.com\/wp-content\/uploads\/2026\/03\/04880320-1798x1200.jpg 1798w\" data-sizes=\"auto\" uk-cover>\t<\/div>\n\t\t<\/a>\n\t\t<div class=\"inx-property-list-item__body uk-card-body\">\n\t\t<div class=\"inx-property-list-item__title uk-card-title\">\n\t\t\t\t\t\t<a href=\"https:\/\/www.euhabitat.com\/de\/moeblierte-wohnungen-frankfurt\/objekt-48803\/?inx-backlink-url=https%3A%2F%2Fwww.euhabitat.com%2Fde%2Fsuchergebnisse%2F\" class=\"inx-link inx-oi--nutzungsart--waz inx-oi--vermarktungsart--miete-pacht\">\n\t\t\t\t\t\t\tCity-Residence: Gut geschnittenes Apartment mit gro\u00dfer eigener Terrasse nahe Berger Stra\u00dfe\t\t\t\t\t\t<\/a>\n\t\t\t\t\t<\/div>\n\n\t\t<div class=\"uk-margin-bottom\">\n\t\t\t\n\t\t\t\t\t\t<div class=\"inx-property-list-item__location\" lang=\"de\">\n\t\t\t\t<i class=\"inx-core-detail-icon flaticon-placeholder\" title=\"Lage\"><\/i>\n\t\t\t\t<div>Bornheim \n<br><span class=\"weitere-orte\">(Frankfurt)<\/span><\/div>\n\t\t\t<\/div>\n\t\t\t\n\t\t\t<div class=\"inx-property-list-item__available-from\" lang=\"de\">\n\t\t\t\t<div class=\"show-de\" style=\"font-weight: 600;\">Bezugsfrei ab: <\/div><div class=\"show-en\" style=\"font-weight: 600;\">Available from: <\/div> 30.04.2026\t\t\t<\/div>\n\t\t\t<div class=\"inx-property-list-item__available-from\" lang=\"de\">\n\t\t\t\t<div class=\"show-de\" style=\"margin-right:0.3em;\"><strong>Objekt-ID:<\/strong><\/div><div class=\"show-en\" style=\"margin-right:0.3em;\"><strong>Object-ID: <\/strong><\/div>48803\t\t\t<\/div>\n\t\t<!--\t<div class=\"inx-property-list-item__available-from\" lang=\"de\">\n\t\t\t\t<div class=\"show-de\" style=\"font-weight: 600;\">Frei bis: <\/div><div class=\"show-en\" style=\"font-weight: 600;\">Vacant until: <\/div> \t\t\t<\/div>-->\n\t\t<\/div>\n<!--\n\t\t\t\t<p class=\"inx-property-list-item__excerpt\">Saniertes Mehrfamilienhaus Stilaltbau , Bj. 1910, EG...<\/p>\n\t-->\n\t<\/div>\n\n\t<div class=\"inx-property-list-item__footer uk-card-footer\">\n\t\t\t\t<div class=\"inx-property-list-item__core-details uk-flex uk-flex-around\">\n\t\t\t\t\t\t<div>\n\t\t\t\t<i class=\"inx-core-detail-icon flaticon-size\" title=\"Wohnfl\u00e4che\"><\/i> 40&nbsp;m\u00b2\t\t\t<\/div>\n\t\t\t\n\t\t\t\n\t\t\t\t\t\t<div>\n\t\t\t\t<i class=\"inx-core-detail-icon flaticon-blueprint\" title=\"Zimmer\"><\/i> 1\t\t\t<\/div>\n\t\t\t\t\t<\/div>\n\t\t\n\t\t\t\t<a href=\"https:\/\/www.euhabitat.com\/de\/moeblierte-wohnungen-frankfurt\/objekt-48803\/?inx-backlink-url=https%3A%2F%2Fwww.euhabitat.com%2Fde%2Fsuchergebnisse%2F\" class=\"inx-property-list-item__property-price inx-property-price inx-oi--nutzungsart--waz inx-oi--vermarktungsart--miete-pacht inx-oi--inverted inx-link\">\n\t\t\t\t1.300&nbsp;\u20ac\t\t<\/a>\n\t\t\t\t\t<\/div>\n\n\t\t<div class=\"inx-property-list-item__labels uk-position-top-right\">\n\t\t\t\t<span class=\"inx-property-label inx-property-label--frankfurt uk-label\">Frankfurt<\/span><br>\n\t\t\t\t<\/div>\n\t<\/div>\n\t\t<\/div>\n\n\t\t\t\t\n\t\t<div class=\"inx-property-list__item-wrap\">\n\t\t\t\t<div class=\"inx-property-list-item inx-property-list-item--card uk-card uk-card-default uk-animation-scale-up\">\n\t\t<a href=\"https:\/\/www.euhabitat.com\/de\/moeblierte-wohnungen-frankfurt\/objekt-46172\/?inx-backlink-url=https%3A%2F%2Fwww.euhabitat.com%2Fde%2Fsuchergebnisse%2F\">\n\t\t<div class=\"inx-property-list-item__media-top uk-card-media-top uk-cover-container\">\n\t\t<img decoding=\"async\" width=\"1200\" height=\"801\" src=\"https:\/\/www.euhabitat.com\/wp-content\/uploads\/2026\/04\/04617220-1798x1200.jpg\" class=\"attachment-large size-large lazyload wp-post-image\" alt=\"Wohnen\" srcset=\"data:image\/svg+xml,%3Csvg%20xmlns%3D%27http%3A%2F%2Fwww.w3.org%2F2000%2Fsvg%27%20width%3D%272048%27%20height%3D%271367%27%20viewBox%3D%270%200%202048%201367%27%3E%3Crect%20width%3D%272048%27%20height%3D%271367%27%20fill-opacity%3D%220%22%2F%3E%3C%2Fsvg%3E\" data-orig-src=\"https:\/\/www.euhabitat.com\/wp-content\/uploads\/2026\/04\/04617220-1798x1200.jpg\" data-srcset=\"https:\/\/www.euhabitat.com\/wp-content\/uploads\/2026\/04\/04617220-200x133.jpg 200w, https:\/\/www.euhabitat.com\/wp-content\/uploads\/2026\/04\/04617220-300x200.jpg 300w, https:\/\/www.euhabitat.com\/wp-content\/uploads\/2026\/04\/04617220-400x267.jpg 400w, https:\/\/www.euhabitat.com\/wp-content\/uploads\/2026\/04\/04617220-600x400.jpg 600w, https:\/\/www.euhabitat.com\/wp-content\/uploads\/2026\/04\/04617220-768x513.jpg 768w, https:\/\/www.euhabitat.com\/wp-content\/uploads\/2026\/04\/04617220-800x534.jpg 800w, https:\/\/www.euhabitat.com\/wp-content\/uploads\/2026\/04\/04617220-1200x801.jpg 1200w, https:\/\/www.euhabitat.com\/wp-content\/uploads\/2026\/04\/04617220-1536x1025.jpg 1536w, https:\/\/www.euhabitat.com\/wp-content\/uploads\/2026\/04\/04617220-1798x1200.jpg 1798w\" data-sizes=\"auto\" uk-cover>\t<\/div>\n\t\t<\/a>\n\t\t<div class=\"inx-property-list-item__body uk-card-body\">\n\t\t<div class=\"inx-property-list-item__title uk-card-title\">\n\t\t\t\t\t\t<a href=\"https:\/\/www.euhabitat.com\/de\/moeblierte-wohnungen-frankfurt\/objekt-46172\/?inx-backlink-url=https%3A%2F%2Fwww.euhabitat.com%2Fde%2Fsuchergebnisse%2F\" class=\"inx-link inx-oi--nutzungsart--waz inx-oi--vermarktungsart--miete-pacht\">\n\t\t\t\t\t\t\tCity-Residence: Nordend: Gro\u00dfz\u00fcgige und sch\u00f6ne 1.-Zimmer-Wohnung\t\t\t\t\t\t<\/a>\n\t\t\t\t\t<\/div>\n\n\t\t<div class=\"uk-margin-bottom\">\n\t\t\t\n\t\t\t\t\t\t<div class=\"inx-property-list-item__location\" lang=\"de\">\n\t\t\t\t<i class=\"inx-core-detail-icon flaticon-placeholder\" title=\"Lage\"><\/i>\n\t\t\t\t<div>Frankfurt \n<br><span class=\"weitere-orte\">(Nordend \n<br><span class=\"weitere-orte\">(Ost))<\/span><\/div>\n\t\t\t<\/div>\n\t\t\t\n\t\t\t<div class=\"inx-property-list-item__available-from\" lang=\"de\">\n\t\t\t\t<div class=\"show-de\" style=\"font-weight: 600;\">Bezugsfrei ab: <\/div><div class=\"show-en\" style=\"font-weight: 600;\">Available from: <\/div> 01.06.2026\t\t\t<\/div>\n\t\t\t<div class=\"inx-property-list-item__available-from\" lang=\"de\">\n\t\t\t\t<div class=\"show-de\" style=\"margin-right:0.3em;\"><strong>Objekt-ID:<\/strong><\/div><div class=\"show-en\" style=\"margin-right:0.3em;\"><strong>Object-ID: <\/strong><\/div>46172\t\t\t<\/div>\n\t\t<!--\t<div class=\"inx-property-list-item__available-from\" lang=\"de\">\n\t\t\t\t<div class=\"show-de\" style=\"font-weight: 600;\">Frei bis: <\/div><div class=\"show-en\" style=\"font-weight: 600;\">Vacant until: <\/div> \t\t\t<\/div>-->\n\t\t<\/div>\n<!--\n\t\t\t\t<p class=\"inx-property-list-item__excerpt\">Apartmenthaus Hinterhaus , Bj. 1953, 1. Etage, kein Lift...<\/p>\n\t-->\n\t<\/div>\n\n\t<div class=\"inx-property-list-item__footer uk-card-footer\">\n\t\t\t\t<div class=\"inx-property-list-item__core-details uk-flex uk-flex-around\">\n\t\t\t\t\t\t<div>\n\t\t\t\t<i class=\"inx-core-detail-icon flaticon-size\" title=\"Wohnfl\u00e4che\"><\/i> 40&nbsp;m\u00b2\t\t\t<\/div>\n\t\t\t\n\t\t\t\n\t\t\t\t\t\t<div>\n\t\t\t\t<i class=\"inx-core-detail-icon flaticon-blueprint\" title=\"Zimmer\"><\/i> 1\t\t\t<\/div>\n\t\t\t\t\t<\/div>\n\t\t\n\t\t\t\t<a href=\"https:\/\/www.euhabitat.com\/de\/moeblierte-wohnungen-frankfurt\/objekt-46172\/?inx-backlink-url=https%3A%2F%2Fwww.euhabitat.com%2Fde%2Fsuchergebnisse%2F\" class=\"inx-property-list-item__property-price inx-property-price inx-oi--nutzungsart--waz inx-oi--vermarktungsart--miete-pacht inx-oi--inverted inx-link\">\n\t\t\t\t1.310&nbsp;\u20ac\t\t<\/a>\n\t\t\t\t\t<\/div>\n\n\t\t<div class=\"inx-property-list-item__labels uk-position-top-right\">\n\t\t\t\t<span class=\"inx-property-label inx-property-label--frankfurt uk-label\">Frankfurt<\/span><br>\n\t\t\t\t<\/div>\n\t<\/div>\n\t\t<\/div>\n\n\t\t\t\t\n\t\t<div class=\"inx-property-list__item-wrap\">\n\t\t\t\t<div class=\"inx-property-list-item inx-property-list-item--card uk-card uk-card-default uk-animation-scale-up\">\n\t\t<a href=\"https:\/\/www.euhabitat.com\/de\/moeblierte-wohnungen-frankfurt\/objekt-43577\/?inx-backlink-url=https%3A%2F%2Fwww.euhabitat.com%2Fde%2Fsuchergebnisse%2F\">\n\t\t<div class=\"inx-property-list-item__media-top uk-card-media-top uk-cover-container\">\n\t\t<img decoding=\"async\" width=\"1200\" height=\"798\" src=\"https:\/\/www.euhabitat.com\/wp-content\/uploads\/2026\/04\/04357720-1804x1200.jpg\" class=\"attachment-large size-large lazyload wp-post-image\" alt=\"Wohnen\" srcset=\"data:image\/svg+xml,%3Csvg%20xmlns%3D%27http%3A%2F%2Fwww.w3.org%2F2000%2Fsvg%27%20width%3D%272048%27%20height%3D%271362%27%20viewBox%3D%270%200%202048%201362%27%3E%3Crect%20width%3D%272048%27%20height%3D%271362%27%20fill-opacity%3D%220%22%2F%3E%3C%2Fsvg%3E\" data-orig-src=\"https:\/\/www.euhabitat.com\/wp-content\/uploads\/2026\/04\/04357720-1804x1200.jpg\" data-srcset=\"https:\/\/www.euhabitat.com\/wp-content\/uploads\/2026\/04\/04357720-200x133.jpg 200w, https:\/\/www.euhabitat.com\/wp-content\/uploads\/2026\/04\/04357720-300x200.jpg 300w, https:\/\/www.euhabitat.com\/wp-content\/uploads\/2026\/04\/04357720-400x266.jpg 400w, https:\/\/www.euhabitat.com\/wp-content\/uploads\/2026\/04\/04357720-600x399.jpg 600w, https:\/\/www.euhabitat.com\/wp-content\/uploads\/2026\/04\/04357720-768x511.jpg 768w, https:\/\/www.euhabitat.com\/wp-content\/uploads\/2026\/04\/04357720-800x532.jpg 800w, https:\/\/www.euhabitat.com\/wp-content\/uploads\/2026\/04\/04357720-1200x798.jpg 1200w, https:\/\/www.euhabitat.com\/wp-content\/uploads\/2026\/04\/04357720-1536x1022.jpg 1536w, https:\/\/www.euhabitat.com\/wp-content\/uploads\/2026\/04\/04357720-1804x1200.jpg 1804w\" data-sizes=\"auto\" uk-cover>\t<\/div>\n\t\t<\/a>\n\t\t<div class=\"inx-property-list-item__body uk-card-body\">\n\t\t<div class=\"inx-property-list-item__title uk-card-title\">\n\t\t\t\t\t\t<a href=\"https:\/\/www.euhabitat.com\/de\/moeblierte-wohnungen-frankfurt\/objekt-43577\/?inx-backlink-url=https%3A%2F%2Fwww.euhabitat.com%2Fde%2Fsuchergebnisse%2F\" class=\"inx-link inx-oi--nutzungsart--waz inx-oi--vermarktungsart--miete-pacht\">\n\t\t\t\t\t\t\tCity-Residence: Sch\u00f6n m\u00f6blierte 2-Zimmer-Wohnung mit Balkon\t\t\t\t\t\t<\/a>\n\t\t\t\t\t<\/div>\n\n\t\t<div class=\"uk-margin-bottom\">\n\t\t\t\n\t\t\t\t\t\t<div class=\"inx-property-list-item__location\" lang=\"de\">\n\t\t\t\t<i class=\"inx-core-detail-icon flaticon-placeholder\" title=\"Lage\"><\/i>\n\t\t\t\t<div>Offenbach<\/span><\/div>\n\t\t\t<\/div>\n\t\t\t\n\t\t\t<div class=\"inx-property-list-item__available-from\" lang=\"de\">\n\t\t\t\t<div class=\"show-de\" style=\"font-weight: 600;\">Bezugsfrei ab: <\/div><div class=\"show-en\" style=\"font-weight: 600;\">Available from: <\/div> 08.06.2026\t\t\t<\/div>\n\t\t\t<div class=\"inx-property-list-item__available-from\" lang=\"de\">\n\t\t\t\t<div class=\"show-de\" style=\"margin-right:0.3em;\"><strong>Objekt-ID:<\/strong><\/div><div class=\"show-en\" style=\"margin-right:0.3em;\"><strong>Object-ID: <\/strong><\/div>43577\t\t\t<\/div>\n\t\t<!--\t<div class=\"inx-property-list-item__available-from\" lang=\"de\">\n\t\t\t\t<div class=\"show-de\" style=\"font-weight: 600;\">Frei bis: <\/div><div class=\"show-en\" style=\"font-weight: 600;\">Vacant until: <\/div> \t\t\t<\/div>-->\n\t\t<\/div>\n<!--\n\t\t\t\t<p class=\"inx-property-list-item__excerpt\">Saniertes Apartmenthaus , Bj. 1965, 1. Etage, Lift<\/p>\n\t-->\n\t<\/div>\n\n\t<div class=\"inx-property-list-item__footer uk-card-footer\">\n\t\t\t\t<div class=\"inx-property-list-item__core-details uk-flex uk-flex-around\">\n\t\t\t\t\t\t<div>\n\t\t\t\t<i class=\"inx-core-detail-icon flaticon-size\" title=\"Wohnfl\u00e4che\"><\/i> 55&nbsp;m\u00b2\t\t\t<\/div>\n\t\t\t\n\t\t\t\n\t\t\t\t\t\t<div>\n\t\t\t\t<i class=\"inx-core-detail-icon flaticon-blueprint\" title=\"Zimmer\"><\/i> 2\t\t\t<\/div>\n\t\t\t\t\t<\/div>\n\t\t\n\t\t\t\t<a href=\"https:\/\/www.euhabitat.com\/de\/moeblierte-wohnungen-frankfurt\/objekt-43577\/?inx-backlink-url=https%3A%2F%2Fwww.euhabitat.com%2Fde%2Fsuchergebnisse%2F\" class=\"inx-property-list-item__property-price inx-property-price inx-oi--nutzungsart--waz inx-oi--vermarktungsart--miete-pacht inx-oi--inverted inx-link\">\n\t\t\t\t1.320&nbsp;\u20ac\t\t<\/a>\n\t\t\t\t\t<\/div>\n\n\t\t<div class=\"inx-property-list-item__labels uk-position-top-right\">\n\t\t\t\t<span class=\"inx-property-label inx-property-label--frankfurt uk-label\">Frankfurt<\/span><br>\n\t\t\t\t<\/div>\n\t<\/div>\n\t\t<\/div>\n\n\t\t\t\t\n\t\t<div class=\"inx-property-list__item-wrap\">\n\t\t\t\t<div class=\"inx-property-list-item inx-property-list-item--card uk-card uk-card-default uk-animation-scale-up\">\n\t\t<a href=\"https:\/\/www.euhabitat.com\/de\/moeblierte-wohnungen-frankfurt\/objekt-48901\/?inx-backlink-url=https%3A%2F%2Fwww.euhabitat.com%2Fde%2Fsuchergebnisse%2F\">\n\t\t<div class=\"inx-property-list-item__media-top uk-card-media-top uk-cover-container\">\n\t\t<img decoding=\"async\" width=\"1200\" height=\"798\" src=\"https:\/\/www.euhabitat.com\/wp-content\/uploads\/2026\/04\/04890120-1804x1200.jpg\" class=\"attachment-large size-large lazyload wp-post-image\" alt=\"Wohnen\" srcset=\"data:image\/svg+xml,%3Csvg%20xmlns%3D%27http%3A%2F%2Fwww.w3.org%2F2000%2Fsvg%27%20width%3D%272048%27%20height%3D%271362%27%20viewBox%3D%270%200%202048%201362%27%3E%3Crect%20width%3D%272048%27%20height%3D%271362%27%20fill-opacity%3D%220%22%2F%3E%3C%2Fsvg%3E\" data-orig-src=\"https:\/\/www.euhabitat.com\/wp-content\/uploads\/2026\/04\/04890120-1804x1200.jpg\" data-srcset=\"https:\/\/www.euhabitat.com\/wp-content\/uploads\/2026\/04\/04890120-200x133.jpg 200w, https:\/\/www.euhabitat.com\/wp-content\/uploads\/2026\/04\/04890120-300x200.jpg 300w, https:\/\/www.euhabitat.com\/wp-content\/uploads\/2026\/04\/04890120-400x266.jpg 400w, https:\/\/www.euhabitat.com\/wp-content\/uploads\/2026\/04\/04890120-600x399.jpg 600w, https:\/\/www.euhabitat.com\/wp-content\/uploads\/2026\/04\/04890120-768x511.jpg 768w, https:\/\/www.euhabitat.com\/wp-content\/uploads\/2026\/04\/04890120-800x532.jpg 800w, https:\/\/www.euhabitat.com\/wp-content\/uploads\/2026\/04\/04890120-1200x798.jpg 1200w, https:\/\/www.euhabitat.com\/wp-content\/uploads\/2026\/04\/04890120-1536x1022.jpg 1536w, https:\/\/www.euhabitat.com\/wp-content\/uploads\/2026\/04\/04890120-1804x1200.jpg 1804w\" data-sizes=\"auto\" uk-cover>\t<\/div>\n\t\t<\/a>\n\t\t<div class=\"inx-property-list-item__body uk-card-body\">\n\t\t<div class=\"inx-property-list-item__title uk-card-title\">\n\t\t\t\t\t\t<a href=\"https:\/\/www.euhabitat.com\/de\/moeblierte-wohnungen-frankfurt\/objekt-48901\/?inx-backlink-url=https%3A%2F%2Fwww.euhabitat.com%2Fde%2Fsuchergebnisse%2F\" class=\"inx-link inx-oi--nutzungsart--waz inx-oi--vermarktungsart--miete-pacht\">\n\t\t\t\t\t\t\tCity-Residence: Sch\u00f6nes 1-Zimmer Maisonette Apartment\t\t\t\t\t\t<\/a>\n\t\t\t\t\t<\/div>\n\n\t\t<div class=\"uk-margin-bottom\">\n\t\t\t\n\t\t\t\t\t\t<div class=\"inx-property-list-item__location\" lang=\"de\">\n\t\t\t\t<i class=\"inx-core-detail-icon flaticon-placeholder\" title=\"Lage\"><\/i>\n\t\t\t\t<div>Frankfurt \n<br><span class=\"weitere-orte\">(R\u00f6delheim)<\/span><\/div>\n\t\t\t<\/div>\n\t\t\t\n\t\t\t<div class=\"inx-property-list-item__available-from\" lang=\"de\">\n\t\t\t\t<div class=\"show-de\" style=\"font-weight: 600;\">Bezugsfrei ab: <\/div><div class=\"show-en\" style=\"font-weight: 600;\">Available from: <\/div> 01.06.2026\t\t\t<\/div>\n\t\t\t<div class=\"inx-property-list-item__available-from\" lang=\"de\">\n\t\t\t\t<div class=\"show-de\" style=\"margin-right:0.3em;\"><strong>Objekt-ID:<\/strong><\/div><div class=\"show-en\" style=\"margin-right:0.3em;\"><strong>Object-ID: <\/strong><\/div>48901\t\t\t<\/div>\n\t\t<!--\t<div class=\"inx-property-list-item__available-from\" lang=\"de\">\n\t\t\t\t<div class=\"show-de\" style=\"font-weight: 600;\">Frei bis: <\/div><div class=\"show-en\" style=\"font-weight: 600;\">Vacant until: <\/div> \t\t\t<\/div>-->\n\t\t<\/div>\n<!--\n\t\t\t\t<p class=\"inx-property-list-item__excerpt\">Modernes kleines Mehrfamilienhaus Neubau , Bj. 2023, 1. Etage, kein Lift, Dachgeschoss mit Schr\u00e4gen...<\/p>\n\t-->\n\t<\/div>\n\n\t<div class=\"inx-property-list-item__footer uk-card-footer\">\n\t\t\t\t<div class=\"inx-property-list-item__core-details uk-flex uk-flex-around\">\n\t\t\t\t\t\t<div>\n\t\t\t\t<i class=\"inx-core-detail-icon flaticon-size\" title=\"Wohnfl\u00e4che\"><\/i> 25&nbsp;m\u00b2\t\t\t<\/div>\n\t\t\t\n\t\t\t\n\t\t\t\t\t\t<div>\n\t\t\t\t<i class=\"inx-core-detail-icon flaticon-blueprint\" title=\"Zimmer\"><\/i> 1\t\t\t<\/div>\n\t\t\t\t\t<\/div>\n\t\t\n\t\t\t\t<a href=\"https:\/\/www.euhabitat.com\/de\/moeblierte-wohnungen-frankfurt\/objekt-48901\/?inx-backlink-url=https%3A%2F%2Fwww.euhabitat.com%2Fde%2Fsuchergebnisse%2F\" class=\"inx-property-list-item__property-price inx-property-price inx-oi--nutzungsart--waz inx-oi--vermarktungsart--miete-pacht inx-oi--inverted inx-link\">\n\t\t\t\t1.350&nbsp;\u20ac\t\t<\/a>\n\t\t\t\t\t<\/div>\n\n\t\t<div class=\"inx-property-list-item__labels uk-position-top-right\">\n\t\t\t\t<span class=\"inx-property-label inx-property-label--frankfurt uk-label\">Frankfurt<\/span><br>\n\t\t\t\t<\/div>\n\t<\/div>\n\t\t<\/div>\n\n\t\t\t\t\n\t\t<div class=\"inx-property-list__item-wrap\">\n\t\t\t\t<div class=\"inx-property-list-item inx-property-list-item--card uk-card uk-card-default uk-animation-scale-up\">\n\t\t<a href=\"https:\/\/www.euhabitat.com\/de\/moeblierte-wohnungen-frankfurt\/objekt-45903\/?inx-backlink-url=https%3A%2F%2Fwww.euhabitat.com%2Fde%2Fsuchergebnisse%2F\">\n\t\t<div class=\"inx-property-list-item__media-top uk-card-media-top uk-cover-container\">\n\t\t<img decoding=\"async\" width=\"1200\" height=\"801\" src=\"https:\/\/www.euhabitat.com\/wp-content\/uploads\/2026\/04\/04590320-1798x1200.jpg\" class=\"attachment-large size-large lazyload wp-post-image\" alt=\"Wohnen\" srcset=\"data:image\/svg+xml,%3Csvg%20xmlns%3D%27http%3A%2F%2Fwww.w3.org%2F2000%2Fsvg%27%20width%3D%272048%27%20height%3D%271367%27%20viewBox%3D%270%200%202048%201367%27%3E%3Crect%20width%3D%272048%27%20height%3D%271367%27%20fill-opacity%3D%220%22%2F%3E%3C%2Fsvg%3E\" data-orig-src=\"https:\/\/www.euhabitat.com\/wp-content\/uploads\/2026\/04\/04590320-1798x1200.jpg\" data-srcset=\"https:\/\/www.euhabitat.com\/wp-content\/uploads\/2026\/04\/04590320-200x133.jpg 200w, https:\/\/www.euhabitat.com\/wp-content\/uploads\/2026\/04\/04590320-300x200.jpg 300w, https:\/\/www.euhabitat.com\/wp-content\/uploads\/2026\/04\/04590320-400x267.jpg 400w, https:\/\/www.euhabitat.com\/wp-content\/uploads\/2026\/04\/04590320-600x400.jpg 600w, https:\/\/www.euhabitat.com\/wp-content\/uploads\/2026\/04\/04590320-768x513.jpg 768w, https:\/\/www.euhabitat.com\/wp-content\/uploads\/2026\/04\/04590320-800x534.jpg 800w, https:\/\/www.euhabitat.com\/wp-content\/uploads\/2026\/04\/04590320-1200x801.jpg 1200w, https:\/\/www.euhabitat.com\/wp-content\/uploads\/2026\/04\/04590320-1536x1025.jpg 1536w, https:\/\/www.euhabitat.com\/wp-content\/uploads\/2026\/04\/04590320-1798x1200.jpg 1798w\" data-sizes=\"auto\" uk-cover>\t<\/div>\n\t\t<\/a>\n\t\t<div class=\"inx-property-list-item__body uk-card-body\">\n\t\t<div class=\"inx-property-list-item__title uk-card-title\">\n\t\t\t\t\t\t<a href=\"https:\/\/www.euhabitat.com\/de\/moeblierte-wohnungen-frankfurt\/objekt-45903\/?inx-backlink-url=https%3A%2F%2Fwww.euhabitat.com%2Fde%2Fsuchergebnisse%2F\" class=\"inx-link inx-oi--nutzungsart--waz inx-oi--vermarktungsart--miete-pacht\">\n\t\t\t\t\t\t\tCity-Residence: Sch\u00f6n m\u00f6blierte Wohnung mit Terrasse nahe Niddawiesen\t\t\t\t\t\t<\/a>\n\t\t\t\t\t<\/div>\n\n\t\t<div class=\"uk-margin-bottom\">\n\t\t\t\n\t\t\t\t\t\t<div class=\"inx-property-list-item__location\" lang=\"de\">\n\t\t\t\t<i class=\"inx-core-detail-icon flaticon-placeholder\" title=\"Lage\"><\/i>\n\t\t\t\t<div>Frankfurt \n<br><span class=\"weitere-orte\">(Ginnheim)<\/span><\/div>\n\t\t\t<\/div>\n\t\t\t\n\t\t\t<div class=\"inx-property-list-item__available-from\" lang=\"de\">\n\t\t\t\t<div class=\"show-de\" style=\"font-weight: 600;\">Bezugsfrei ab: <\/div><div class=\"show-en\" style=\"font-weight: 600;\">Available from: <\/div> 01.06.2026\t\t\t<\/div>\n\t\t\t<div class=\"inx-property-list-item__available-from\" lang=\"de\">\n\t\t\t\t<div class=\"show-de\" style=\"margin-right:0.3em;\"><strong>Objekt-ID:<\/strong><\/div><div class=\"show-en\" style=\"margin-right:0.3em;\"><strong>Object-ID: <\/strong><\/div>45903\t\t\t<\/div>\n\t\t<!--\t<div class=\"inx-property-list-item__available-from\" lang=\"de\">\n\t\t\t\t<div class=\"show-de\" style=\"font-weight: 600;\">Frei bis: <\/div><div class=\"show-en\" style=\"font-weight: 600;\">Vacant until: <\/div> \t\t\t<\/div>-->\n\t\t<\/div>\n<!--\n\t\t\t\t<p class=\"inx-property-list-item__excerpt\">Modernes Einfamilienhaus mit Einliegerwohnung , Bj. 2006, Helles Halbsouterrain, kein Lift<\/p>\n\t-->\n\t<\/div>\n\n\t<div class=\"inx-property-list-item__footer uk-card-footer\">\n\t\t\t\t<div class=\"inx-property-list-item__core-details uk-flex uk-flex-around\">\n\t\t\t\t\t\t<div>\n\t\t\t\t<i class=\"inx-core-detail-icon flaticon-size\" title=\"Wohnfl\u00e4che\"><\/i> 50&nbsp;m\u00b2\t\t\t<\/div>\n\t\t\t\n\t\t\t\n\t\t\t\t\t\t<div>\n\t\t\t\t<i class=\"inx-core-detail-icon flaticon-blueprint\" title=\"Zimmer\"><\/i> 1\t\t\t<\/div>\n\t\t\t\t\t<\/div>\n\t\t\n\t\t\t\t<a href=\"https:\/\/www.euhabitat.com\/de\/moeblierte-wohnungen-frankfurt\/objekt-45903\/?inx-backlink-url=https%3A%2F%2Fwww.euhabitat.com%2Fde%2Fsuchergebnisse%2F\" class=\"inx-property-list-item__property-price inx-property-price inx-oi--nutzungsart--waz inx-oi--vermarktungsart--miete-pacht inx-oi--inverted inx-link\">\n\t\t\t\t1.350&nbsp;\u20ac\t\t<\/a>\n\t\t\t\t\t<\/div>\n\n\t\t<div class=\"inx-property-list-item__labels uk-position-top-right\">\n\t\t\t\t<span class=\"inx-property-label inx-property-label--frankfurt uk-label\">Frankfurt<\/span><br>\n\t\t\t\t<\/div>\n\t<\/div>\n\t\t<\/div>\n\n\t\t\t\t\n\t\t<div class=\"inx-property-list__item-wrap\">\n\t\t\t\t<div class=\"inx-property-list-item inx-property-list-item--card uk-card uk-card-default uk-animation-scale-up\">\n\t\t<a href=\"https:\/\/www.euhabitat.com\/de\/moeblierte-wohnungen-frankfurt\/objekt-47898\/?inx-backlink-url=https%3A%2F%2Fwww.euhabitat.com%2Fde%2Fsuchergebnisse%2F\">\n\t\t<div class=\"inx-property-list-item__media-top uk-card-media-top uk-cover-container\">\n\t\t<img decoding=\"async\" width=\"1200\" height=\"801\" src=\"https:\/\/www.euhabitat.com\/wp-content\/uploads\/2026\/03\/04789820-1798x1200.jpg\" class=\"attachment-large size-large lazyload wp-post-image\" alt=\"Wohnen\" srcset=\"data:image\/svg+xml,%3Csvg%20xmlns%3D%27http%3A%2F%2Fwww.w3.org%2F2000%2Fsvg%27%20width%3D%272048%27%20height%3D%271367%27%20viewBox%3D%270%200%202048%201367%27%3E%3Crect%20width%3D%272048%27%20height%3D%271367%27%20fill-opacity%3D%220%22%2F%3E%3C%2Fsvg%3E\" data-orig-src=\"https:\/\/www.euhabitat.com\/wp-content\/uploads\/2026\/03\/04789820-1798x1200.jpg\" data-srcset=\"https:\/\/www.euhabitat.com\/wp-content\/uploads\/2026\/03\/04789820-200x133.jpg 200w, https:\/\/www.euhabitat.com\/wp-content\/uploads\/2026\/03\/04789820-300x200.jpg 300w, https:\/\/www.euhabitat.com\/wp-content\/uploads\/2026\/03\/04789820-400x267.jpg 400w, https:\/\/www.euhabitat.com\/wp-content\/uploads\/2026\/03\/04789820-600x400.jpg 600w, https:\/\/www.euhabitat.com\/wp-content\/uploads\/2026\/03\/04789820-768x513.jpg 768w, https:\/\/www.euhabitat.com\/wp-content\/uploads\/2026\/03\/04789820-800x534.jpg 800w, https:\/\/www.euhabitat.com\/wp-content\/uploads\/2026\/03\/04789820-1200x801.jpg 1200w, https:\/\/www.euhabitat.com\/wp-content\/uploads\/2026\/03\/04789820-1536x1025.jpg 1536w, https:\/\/www.euhabitat.com\/wp-content\/uploads\/2026\/03\/04789820-1798x1200.jpg 1798w\" data-sizes=\"auto\" uk-cover>\t<\/div>\n\t\t<\/a>\n\t\t<div class=\"inx-property-list-item__body uk-card-body\">\n\t\t<div class=\"inx-property-list-item__title uk-card-title\">\n\t\t\t\t\t\t<a href=\"https:\/\/www.euhabitat.com\/de\/moeblierte-wohnungen-frankfurt\/objekt-47898\/?inx-backlink-url=https%3A%2F%2Fwww.euhabitat.com%2Fde%2Fsuchergebnisse%2F\" class=\"inx-link inx-oi--nutzungsart--waz inx-oi--vermarktungsart--miete-pacht\">\n\t\t\t\t\t\t\tCity-Residence: Moderne 2-Zimmer-Wohnung mit Balkon in Bad Homburg\t\t\t\t\t\t<\/a>\n\t\t\t\t\t<\/div>\n\n\t\t<div class=\"uk-margin-bottom\">\n\t\t\t\n\t\t\t\t\t\t<div class=\"inx-property-list-item__location\" lang=\"de\">\n\t\t\t\t<i class=\"inx-core-detail-icon flaticon-placeholder\" title=\"Lage\"><\/i>\n\t\t\t\t<div>Bad Homburg \n<br><span class=\"weitere-orte\">(Gonzenheim)<\/span><\/div>\n\t\t\t<\/div>\n\t\t\t\n\t\t\t<div class=\"inx-property-list-item__available-from\" lang=\"de\">\n\t\t\t\t<div class=\"show-de\" style=\"font-weight: 600;\">Bezugsfrei ab: <\/div><div class=\"show-en\" style=\"font-weight: 600;\">Available from: <\/div> 30.04.2026\t\t\t<\/div>\n\t\t\t<div class=\"inx-property-list-item__available-from\" lang=\"de\">\n\t\t\t\t<div class=\"show-de\" style=\"margin-right:0.3em;\"><strong>Objekt-ID:<\/strong><\/div><div class=\"show-en\" style=\"margin-right:0.3em;\"><strong>Object-ID: <\/strong><\/div>47898\t\t\t<\/div>\n\t\t<!--\t<div class=\"inx-property-list-item__available-from\" lang=\"de\">\n\t\t\t\t<div class=\"show-de\" style=\"font-weight: 600;\">Frei bis: <\/div><div class=\"show-en\" style=\"font-weight: 600;\">Vacant until: <\/div> \t\t\t<\/div>-->\n\t\t<\/div>\n<!--\n\t\t\t\t<p class=\"inx-property-list-item__excerpt\">Modernes Mehrfamilienhaus , Bj. 1994, 1. Etage, kein Lift<\/p>\n\t-->\n\t<\/div>\n\n\t<div class=\"inx-property-list-item__footer uk-card-footer\">\n\t\t\t\t<div class=\"inx-property-list-item__core-details uk-flex uk-flex-around\">\n\t\t\t\t\t\t<div>\n\t\t\t\t<i class=\"inx-core-detail-icon flaticon-size\" title=\"Wohnfl\u00e4che\"><\/i> 50&nbsp;m\u00b2\t\t\t<\/div>\n\t\t\t\n\t\t\t\n\t\t\t\t\t\t<div>\n\t\t\t\t<i class=\"inx-core-detail-icon flaticon-blueprint\" title=\"Zimmer\"><\/i> 2\t\t\t<\/div>\n\t\t\t\t\t<\/div>\n\t\t\n\t\t\t\t<a href=\"https:\/\/www.euhabitat.com\/de\/moeblierte-wohnungen-frankfurt\/objekt-47898\/?inx-backlink-url=https%3A%2F%2Fwww.euhabitat.com%2Fde%2Fsuchergebnisse%2F\" class=\"inx-property-list-item__property-price inx-property-price inx-oi--nutzungsart--waz inx-oi--vermarktungsart--miete-pacht inx-oi--inverted inx-link\">\n\t\t\t\t1.390&nbsp;\u20ac\t\t<\/a>\n\t\t\t\t\t<\/div>\n\n\t\t<div class=\"inx-property-list-item__labels uk-position-top-right\">\n\t\t\t\t<span class=\"inx-property-label inx-property-label--frankfurt uk-label\">Frankfurt<\/span><br>\n\t\t\t\t<\/div>\n\t<\/div>\n\t\t<\/div>\n\n\t\t\t\t\n\t\t<div class=\"inx-property-list__item-wrap\">\n\t\t\t\t<div class=\"inx-property-list-item inx-property-list-item--card uk-card uk-card-default uk-animation-scale-up\">\n\t\t<a href=\"https:\/\/www.euhabitat.com\/de\/moeblierte-wohnungen-frankfurt\/objekt-48332\/?inx-backlink-url=https%3A%2F%2Fwww.euhabitat.com%2Fde%2Fsuchergebnisse%2F\">\n\t\t<div class=\"inx-property-list-item__media-top uk-card-media-top uk-cover-container\">\n\t\t<img decoding=\"async\" width=\"1200\" height=\"798\" src=\"https:\/\/www.euhabitat.com\/wp-content\/uploads\/2026\/04\/04833220-1804x1200.jpg\" class=\"attachment-large size-large lazyload wp-post-image\" alt=\"Wohnen\" srcset=\"data:image\/svg+xml,%3Csvg%20xmlns%3D%27http%3A%2F%2Fwww.w3.org%2F2000%2Fsvg%27%20width%3D%272048%27%20height%3D%271362%27%20viewBox%3D%270%200%202048%201362%27%3E%3Crect%20width%3D%272048%27%20height%3D%271362%27%20fill-opacity%3D%220%22%2F%3E%3C%2Fsvg%3E\" data-orig-src=\"https:\/\/www.euhabitat.com\/wp-content\/uploads\/2026\/04\/04833220-1804x1200.jpg\" data-srcset=\"https:\/\/www.euhabitat.com\/wp-content\/uploads\/2026\/04\/04833220-200x133.jpg 200w, https:\/\/www.euhabitat.com\/wp-content\/uploads\/2026\/04\/04833220-300x200.jpg 300w, https:\/\/www.euhabitat.com\/wp-content\/uploads\/2026\/04\/04833220-400x266.jpg 400w, https:\/\/www.euhabitat.com\/wp-content\/uploads\/2026\/04\/04833220-600x399.jpg 600w, https:\/\/www.euhabitat.com\/wp-content\/uploads\/2026\/04\/04833220-768x511.jpg 768w, https:\/\/www.euhabitat.com\/wp-content\/uploads\/2026\/04\/04833220-800x532.jpg 800w, https:\/\/www.euhabitat.com\/wp-content\/uploads\/2026\/04\/04833220-1200x798.jpg 1200w, https:\/\/www.euhabitat.com\/wp-content\/uploads\/2026\/04\/04833220-1536x1022.jpg 1536w, https:\/\/www.euhabitat.com\/wp-content\/uploads\/2026\/04\/04833220-1804x1200.jpg 1804w\" data-sizes=\"auto\" uk-cover>\t<\/div>\n\t\t<\/a>\n\t\t<div class=\"inx-property-list-item__body uk-card-body\">\n\t\t<div class=\"inx-property-list-item__title uk-card-title\">\n\t\t\t\t\t\t<a href=\"https:\/\/www.euhabitat.com\/de\/moeblierte-wohnungen-frankfurt\/objekt-48332\/?inx-backlink-url=https%3A%2F%2Fwww.euhabitat.com%2Fde%2Fsuchergebnisse%2F\" class=\"inx-link inx-oi--nutzungsart--waz inx-oi--vermarktungsart--miete-pacht\">\n\t\t\t\t\t\t\tCity-Residence: Schickes Apartment mit Balkon in toller Lage\t\t\t\t\t\t<\/a>\n\t\t\t\t\t<\/div>\n\n\t\t<div class=\"uk-margin-bottom\">\n\t\t\t\n\t\t\t\t\t\t<div class=\"inx-property-list-item__location\" lang=\"de\">\n\t\t\t\t<i class=\"inx-core-detail-icon flaticon-placeholder\" title=\"Lage\"><\/i>\n\t\t\t\t<div>Frankfurt \n<br><span class=\"weitere-orte\">(Nordend)<\/span><\/div>\n\t\t\t<\/div>\n\t\t\t\n\t\t\t<div class=\"inx-property-list-item__available-from\" lang=\"de\">\n\t\t\t\t<div class=\"show-de\" style=\"font-weight: 600;\">Bezugsfrei ab: <\/div><div class=\"show-en\" style=\"font-weight: 600;\">Available from: <\/div> 01.06.2026\t\t\t<\/div>\n\t\t\t<div class=\"inx-property-list-item__available-from\" lang=\"de\">\n\t\t\t\t<div class=\"show-de\" style=\"margin-right:0.3em;\"><strong>Objekt-ID:<\/strong><\/div><div class=\"show-en\" style=\"margin-right:0.3em;\"><strong>Object-ID: <\/strong><\/div>48332\t\t\t<\/div>\n\t\t<!--\t<div class=\"inx-property-list-item__available-from\" lang=\"de\">\n\t\t\t\t<div class=\"show-de\" style=\"font-weight: 600;\">Frei bis: <\/div><div class=\"show-en\" style=\"font-weight: 600;\">Vacant until: <\/div> \t\t\t<\/div>-->\n\t\t<\/div>\n<!--\n\t\t\t\t<p class=\"inx-property-list-item__excerpt\">Gepflegtes Mehrfamilienhaus , Bj. 1970, 2. Etage, kein Lift<\/p>\n\t-->\n\t<\/div>\n\n\t<div class=\"inx-property-list-item__footer uk-card-footer\">\n\t\t\t\t<div class=\"inx-property-list-item__core-details uk-flex uk-flex-around\">\n\t\t\t\t\t\t<div>\n\t\t\t\t<i class=\"inx-core-detail-icon flaticon-size\" title=\"Wohnfl\u00e4che\"><\/i> 30&nbsp;m\u00b2\t\t\t<\/div>\n\t\t\t\n\t\t\t\n\t\t\t\t\t\t<div>\n\t\t\t\t<i class=\"inx-core-detail-icon flaticon-blueprint\" title=\"Zimmer\"><\/i> 1\t\t\t<\/div>\n\t\t\t\t\t<\/div>\n\t\t\n\t\t\t\t<a href=\"https:\/\/www.euhabitat.com\/de\/moeblierte-wohnungen-frankfurt\/objekt-48332\/?inx-backlink-url=https%3A%2F%2Fwww.euhabitat.com%2Fde%2Fsuchergebnisse%2F\" class=\"inx-property-list-item__property-price inx-property-price inx-oi--nutzungsart--waz inx-oi--vermarktungsart--miete-pacht inx-oi--inverted inx-link\">\n\t\t\t\t1.420&nbsp;\u20ac\t\t<\/a>\n\t\t\t\t\t<\/div>\n\n\t\t<div class=\"inx-property-list-item__labels uk-position-top-right\">\n\t\t\t\t<span class=\"inx-property-label inx-property-label--frankfurt uk-label\">Frankfurt<\/span><br>\n\t\t\t\t<\/div>\n\t<\/div>\n\t\t<\/div>\n\n\t\t\t\t\n\t\t<div class=\"inx-property-list__item-wrap\">\n\t\t\t\t<div class=\"inx-property-list-item inx-property-list-item--card uk-card uk-card-default uk-animation-scale-up\">\n\t\t<a href=\"https:\/\/www.euhabitat.com\/de\/moeblierte-wohnungen-frankfurt\/objekt-48145\/?inx-backlink-url=https%3A%2F%2Fwww.euhabitat.com%2Fde%2Fsuchergebnisse%2F\">\n\t\t<div class=\"inx-property-list-item__media-top uk-card-media-top uk-cover-container\">\n\t\t<img decoding=\"async\" width=\"1200\" height=\"722\" src=\"https:\/\/www.euhabitat.com\/wp-content\/uploads\/2026\/01\/04814520-1-1920x1155.jpg\" class=\"attachment-large size-large lazyload wp-post-image\" alt=\"Wohnen\" srcset=\"data:image\/svg+xml,%3Csvg%20xmlns%3D%27http%3A%2F%2Fwww.w3.org%2F2000%2Fsvg%27%20width%3D%272048%27%20height%3D%271232%27%20viewBox%3D%270%200%202048%201232%27%3E%3Crect%20width%3D%272048%27%20height%3D%271232%27%20fill-opacity%3D%220%22%2F%3E%3C%2Fsvg%3E\" data-orig-src=\"https:\/\/www.euhabitat.com\/wp-content\/uploads\/2026\/01\/04814520-1-1920x1155.jpg\" data-srcset=\"https:\/\/www.euhabitat.com\/wp-content\/uploads\/2026\/01\/04814520-1-200x120.jpg 200w, https:\/\/www.euhabitat.com\/wp-content\/uploads\/2026\/01\/04814520-1-300x180.jpg 300w, https:\/\/www.euhabitat.com\/wp-content\/uploads\/2026\/01\/04814520-1-400x241.jpg 400w, https:\/\/www.euhabitat.com\/wp-content\/uploads\/2026\/01\/04814520-1-600x361.jpg 600w, https:\/\/www.euhabitat.com\/wp-content\/uploads\/2026\/01\/04814520-1-768x462.jpg 768w, https:\/\/www.euhabitat.com\/wp-content\/uploads\/2026\/01\/04814520-1-800x481.jpg 800w, https:\/\/www.euhabitat.com\/wp-content\/uploads\/2026\/01\/04814520-1-1200x722.jpg 1200w, https:\/\/www.euhabitat.com\/wp-content\/uploads\/2026\/01\/04814520-1-1536x924.jpg 1536w, https:\/\/www.euhabitat.com\/wp-content\/uploads\/2026\/01\/04814520-1-1920x1155.jpg 1920w\" data-sizes=\"auto\" uk-cover>\t<\/div>\n\t\t<\/a>\n\t\t<div class=\"inx-property-list-item__body uk-card-body\">\n\t\t<div class=\"inx-property-list-item__title uk-card-title\">\n\t\t\t\t\t\t<a href=\"https:\/\/www.euhabitat.com\/de\/moeblierte-wohnungen-frankfurt\/objekt-48145\/?inx-backlink-url=https%3A%2F%2Fwww.euhabitat.com%2Fde%2Fsuchergebnisse%2F\" class=\"inx-link inx-oi--nutzungsart--waz inx-oi--vermarktungsart--miete-pacht\">\n\t\t\t\t\t\t\tCity-Residence: Modernes Apartment am beliebten Merianplatz\t\t\t\t\t\t<\/a>\n\t\t\t\t\t<\/div>\n\n\t\t<div class=\"uk-margin-bottom\">\n\t\t\t\n\t\t\t\t\t\t<div class=\"inx-property-list-item__location\" lang=\"de\">\n\t\t\t\t<i class=\"inx-core-detail-icon flaticon-placeholder\" title=\"Lage\"><\/i>\n\t\t\t\t<div>Frankfurt \n<br><span class=\"weitere-orte\">(Nordend)<\/span><\/div>\n\t\t\t<\/div>\n\t\t\t\n\t\t\t<div class=\"inx-property-list-item__available-from\" lang=\"de\">\n\t\t\t\t<div class=\"show-de\" style=\"font-weight: 600;\">Bezugsfrei ab: <\/div><div class=\"show-en\" style=\"font-weight: 600;\">Available from: <\/div> 30.04.2026\t\t\t<\/div>\n\t\t\t<div class=\"inx-property-list-item__available-from\" lang=\"de\">\n\t\t\t\t<div class=\"show-de\" style=\"margin-right:0.3em;\"><strong>Objekt-ID:<\/strong><\/div><div class=\"show-en\" style=\"margin-right:0.3em;\"><strong>Object-ID: <\/strong><\/div>48145\t\t\t<\/div>\n\t\t<!--\t<div class=\"inx-property-list-item__available-from\" lang=\"de\">\n\t\t\t\t<div class=\"show-de\" style=\"font-weight: 600;\">Frei bis: <\/div><div class=\"show-en\" style=\"font-weight: 600;\">Vacant until: <\/div> \t\t\t<\/div>-->\n\t\t<\/div>\n<!--\n\t\t\t\t<p class=\"inx-property-list-item__excerpt\">Modernes Apartmenthaus , Bj. 1952, 5. Etage, kein Lift, Dachgeschoss keine Schr\u00e4gen , Skylineblick<\/p>\n\t-->\n\t<\/div>\n\n\t<div class=\"inx-property-list-item__footer uk-card-footer\">\n\t\t\t\t<div class=\"inx-property-list-item__core-details uk-flex uk-flex-around\">\n\t\t\t\t\t\t<div>\n\t\t\t\t<i class=\"inx-core-detail-icon flaticon-size\" title=\"Wohnfl\u00e4che\"><\/i> 30&nbsp;m\u00b2\t\t\t<\/div>\n\t\t\t\n\t\t\t\n\t\t\t\t\t\t<div>\n\t\t\t\t<i class=\"inx-core-detail-icon flaticon-blueprint\" title=\"Zimmer\"><\/i> 1\t\t\t<\/div>\n\t\t\t\t\t<\/div>\n\t\t\n\t\t\t\t<a href=\"https:\/\/www.euhabitat.com\/de\/moeblierte-wohnungen-frankfurt\/objekt-48145\/?inx-backlink-url=https%3A%2F%2Fwww.euhabitat.com%2Fde%2Fsuchergebnisse%2F\" class=\"inx-property-list-item__property-price inx-property-price inx-oi--nutzungsart--waz inx-oi--vermarktungsart--miete-pacht inx-oi--inverted inx-link\">\n\t\t\t\t1.420&nbsp;\u20ac\t\t<\/a>\n\t\t\t\t\t<\/div>\n\n\t\t<div class=\"inx-property-list-item__labels uk-position-top-right\">\n\t\t\t\t<span class=\"inx-property-label inx-property-label--frankfurt uk-label\">Frankfurt<\/span><br>\n\t\t\t\t<\/div>\n\t<\/div>\n\t\t<\/div>\n\n\t\t\t\t\n\t\t<div class=\"inx-property-list__item-wrap\">\n\t\t\t\t<div class=\"inx-property-list-item inx-property-list-item--card uk-card uk-card-default uk-animation-scale-up\">\n\t\t<a href=\"https:\/\/www.euhabitat.com\/de\/moeblierte-wohnungen-frankfurt\/objekt-48709\/?inx-backlink-url=https%3A%2F%2Fwww.euhabitat.com%2Fde%2Fsuchergebnisse%2F\">\n\t\t<div class=\"inx-property-list-item__media-top uk-card-media-top uk-cover-container\">\n\t\t<img decoding=\"async\" width=\"1200\" height=\"801\" src=\"https:\/\/www.euhabitat.com\/wp-content\/uploads\/2026\/03\/04870920-1798x1200.jpg\" class=\"attachment-large size-large lazyload wp-post-image\" alt=\"Wohnen\" srcset=\"data:image\/svg+xml,%3Csvg%20xmlns%3D%27http%3A%2F%2Fwww.w3.org%2F2000%2Fsvg%27%20width%3D%272048%27%20height%3D%271367%27%20viewBox%3D%270%200%202048%201367%27%3E%3Crect%20width%3D%272048%27%20height%3D%271367%27%20fill-opacity%3D%220%22%2F%3E%3C%2Fsvg%3E\" data-orig-src=\"https:\/\/www.euhabitat.com\/wp-content\/uploads\/2026\/03\/04870920-1798x1200.jpg\" data-srcset=\"https:\/\/www.euhabitat.com\/wp-content\/uploads\/2026\/03\/04870920-200x133.jpg 200w, https:\/\/www.euhabitat.com\/wp-content\/uploads\/2026\/03\/04870920-300x200.jpg 300w, https:\/\/www.euhabitat.com\/wp-content\/uploads\/2026\/03\/04870920-400x267.jpg 400w, https:\/\/www.euhabitat.com\/wp-content\/uploads\/2026\/03\/04870920-600x400.jpg 600w, https:\/\/www.euhabitat.com\/wp-content\/uploads\/2026\/03\/04870920-768x513.jpg 768w, https:\/\/www.euhabitat.com\/wp-content\/uploads\/2026\/03\/04870920-800x534.jpg 800w, https:\/\/www.euhabitat.com\/wp-content\/uploads\/2026\/03\/04870920-1200x801.jpg 1200w, https:\/\/www.euhabitat.com\/wp-content\/uploads\/2026\/03\/04870920-1536x1025.jpg 1536w, https:\/\/www.euhabitat.com\/wp-content\/uploads\/2026\/03\/04870920-1798x1200.jpg 1798w\" data-sizes=\"auto\" uk-cover>\t<\/div>\n\t\t<\/a>\n\t\t<div class=\"inx-property-list-item__body uk-card-body\">\n\t\t<div class=\"inx-property-list-item__title uk-card-title\">\n\t\t\t\t\t\t<a href=\"https:\/\/www.euhabitat.com\/de\/moeblierte-wohnungen-frankfurt\/objekt-48709\/?inx-backlink-url=https%3A%2F%2Fwww.euhabitat.com%2Fde%2Fsuchergebnisse%2F\" class=\"inx-link inx-oi--nutzungsart--waz inx-oi--vermarktungsart--miete-pacht\">\n\t\t\t\t\t\t\tCity-Residence: Gut m\u00f6bliertes, gro\u00dfes 1-Zi.-Apartment zwischen Bankenviertel und Main\t\t\t\t\t\t<\/a>\n\t\t\t\t\t<\/div>\n\n\t\t<div class=\"uk-margin-bottom\">\n\t\t\t\n\t\t\t\t\t\t<div class=\"inx-property-list-item__location\" lang=\"de\">\n\t\t\t\t<i class=\"inx-core-detail-icon flaticon-placeholder\" title=\"Lage\"><\/i>\n\t\t\t\t<div>Frankfurt \n<br><span class=\"weitere-orte\">(Innenstadt \n<br><span class=\"weitere-orte\">(Bahnhofsviertel))<\/span><\/div>\n\t\t\t<\/div>\n\t\t\t\n\t\t\t<div class=\"inx-property-list-item__available-from\" lang=\"de\">\n\t\t\t\t<div class=\"show-de\" style=\"font-weight: 600;\">Bezugsfrei ab: <\/div><div class=\"show-en\" style=\"font-weight: 600;\">Available from: <\/div> 30.04.2026\t\t\t<\/div>\n\t\t\t<div class=\"inx-property-list-item__available-from\" lang=\"de\">\n\t\t\t\t<div class=\"show-de\" style=\"margin-right:0.3em;\"><strong>Objekt-ID:<\/strong><\/div><div class=\"show-en\" style=\"margin-right:0.3em;\"><strong>Object-ID: <\/strong><\/div>48709\t\t\t<\/div>\n\t\t<!--\t<div class=\"inx-property-list-item__available-from\" lang=\"de\">\n\t\t\t\t<div class=\"show-de\" style=\"font-weight: 600;\">Frei bis: <\/div><div class=\"show-en\" style=\"font-weight: 600;\">Vacant until: <\/div> \t\t\t<\/div>-->\n\t\t<\/div>\n<!--\n\t\t\t\t<p class=\"inx-property-list-item__excerpt\">Saniertes Apartmenthaus , Bj. 1957, 3. Etage, Lift<\/p>\n\t-->\n\t<\/div>\n\n\t<div class=\"inx-property-list-item__footer uk-card-footer\">\n\t\t\t\t<div class=\"inx-property-list-item__core-details uk-flex uk-flex-around\">\n\t\t\t\t\t\t<div>\n\t\t\t\t<i class=\"inx-core-detail-icon flaticon-size\" title=\"Wohnfl\u00e4che\"><\/i> 35&nbsp;m\u00b2\t\t\t<\/div>\n\t\t\t\n\t\t\t\n\t\t\t\t\t\t<div>\n\t\t\t\t<i class=\"inx-core-detail-icon flaticon-blueprint\" title=\"Zimmer\"><\/i> 1\t\t\t<\/div>\n\t\t\t\t\t<\/div>\n\t\t\n\t\t\t\t<a href=\"https:\/\/www.euhabitat.com\/de\/moeblierte-wohnungen-frankfurt\/objekt-48709\/?inx-backlink-url=https%3A%2F%2Fwww.euhabitat.com%2Fde%2Fsuchergebnisse%2F\" class=\"inx-property-list-item__property-price inx-property-price inx-oi--nutzungsart--waz inx-oi--vermarktungsart--miete-pacht inx-oi--inverted inx-link\">\n\t\t\t\t1.470&nbsp;\u20ac\t\t<\/a>\n\t\t\t\t\t<\/div>\n\n\t\t<div class=\"inx-property-list-item__labels uk-position-top-right\">\n\t\t\t\t<span class=\"inx-property-label inx-property-label--frankfurt uk-label\">Frankfurt<\/span><br>\n\t\t\t\t<\/div>\n\t<\/div>\n\t\t<\/div>\n\n\t\t\t\t\n\t\t<div class=\"inx-property-list__item-wrap\">\n\t\t\t\t<div class=\"inx-property-list-item inx-property-list-item--card uk-card uk-card-default uk-animation-scale-up\">\n\t\t<a href=\"https:\/\/www.euhabitat.com\/de\/moeblierte-wohnungen-frankfurt\/objekt-49092\/?inx-backlink-url=https%3A%2F%2Fwww.euhabitat.com%2Fde%2Fsuchergebnisse%2F\">\n\t\t<div class=\"inx-property-list-item__media-top uk-card-media-top uk-cover-container\">\n\t\t<img decoding=\"async\" width=\"1200\" height=\"801\" src=\"https:\/\/www.euhabitat.com\/wp-content\/uploads\/2026\/04\/04909220-1798x1200.jpg\" class=\"attachment-large size-large lazyload wp-post-image\" alt=\"Wohnen\" srcset=\"data:image\/svg+xml,%3Csvg%20xmlns%3D%27http%3A%2F%2Fwww.w3.org%2F2000%2Fsvg%27%20width%3D%272048%27%20height%3D%271367%27%20viewBox%3D%270%200%202048%201367%27%3E%3Crect%20width%3D%272048%27%20height%3D%271367%27%20fill-opacity%3D%220%22%2F%3E%3C%2Fsvg%3E\" data-orig-src=\"https:\/\/www.euhabitat.com\/wp-content\/uploads\/2026\/04\/04909220-1798x1200.jpg\" data-srcset=\"https:\/\/www.euhabitat.com\/wp-content\/uploads\/2026\/04\/04909220-200x133.jpg 200w, https:\/\/www.euhabitat.com\/wp-content\/uploads\/2026\/04\/04909220-300x200.jpg 300w, https:\/\/www.euhabitat.com\/wp-content\/uploads\/2026\/04\/04909220-400x267.jpg 400w, https:\/\/www.euhabitat.com\/wp-content\/uploads\/2026\/04\/04909220-600x400.jpg 600w, https:\/\/www.euhabitat.com\/wp-content\/uploads\/2026\/04\/04909220-768x513.jpg 768w, https:\/\/www.euhabitat.com\/wp-content\/uploads\/2026\/04\/04909220-800x534.jpg 800w, https:\/\/www.euhabitat.com\/wp-content\/uploads\/2026\/04\/04909220-1200x801.jpg 1200w, https:\/\/www.euhabitat.com\/wp-content\/uploads\/2026\/04\/04909220-1536x1025.jpg 1536w, https:\/\/www.euhabitat.com\/wp-content\/uploads\/2026\/04\/04909220-1798x1200.jpg 1798w\" data-sizes=\"auto\" uk-cover>\t<\/div>\n\t\t<\/a>\n\t\t<div class=\"inx-property-list-item__body uk-card-body\">\n\t\t<div class=\"inx-property-list-item__title uk-card-title\">\n\t\t\t\t\t\t<a href=\"https:\/\/www.euhabitat.com\/de\/moeblierte-wohnungen-frankfurt\/objekt-49092\/?inx-backlink-url=https%3A%2F%2Fwww.euhabitat.com%2Fde%2Fsuchergebnisse%2F\" class=\"inx-link inx-oi--nutzungsart--waz inx-oi--vermarktungsart--miete-pacht\">\n\t\t\t\t\t\t\tCity-Residence: Hochwertig m\u00f6bliertes Business-Apartmemt in ruhiger Westendlage\t\t\t\t\t\t<\/a>\n\t\t\t\t\t<\/div>\n\n\t\t<div class=\"uk-margin-bottom\">\n\t\t\t\n\t\t\t\t\t\t<div class=\"inx-property-list-item__location\" lang=\"de\">\n\t\t\t\t<i class=\"inx-core-detail-icon flaticon-placeholder\" title=\"Lage\"><\/i>\n\t\t\t\t<div>Frankfurt \n<br><span class=\"weitere-orte\">(Westend)<\/span><\/div>\n\t\t\t<\/div>\n\t\t\t\n\t\t\t<div class=\"inx-property-list-item__available-from\" lang=\"de\">\n\t\t\t\t<div class=\"show-de\" style=\"font-weight: 600;\">Bezugsfrei ab: <\/div><div class=\"show-en\" style=\"font-weight: 600;\">Available from: <\/div> 01.05.2026\t\t\t<\/div>\n\t\t\t<div class=\"inx-property-list-item__available-from\" lang=\"de\">\n\t\t\t\t<div class=\"show-de\" style=\"margin-right:0.3em;\"><strong>Objekt-ID:<\/strong><\/div><div class=\"show-en\" style=\"margin-right:0.3em;\"><strong>Object-ID: <\/strong><\/div>49092\t\t\t<\/div>\n\t\t<!--\t<div class=\"inx-property-list-item__available-from\" lang=\"de\">\n\t\t\t\t<div class=\"show-de\" style=\"font-weight: 600;\">Frei bis: <\/div><div class=\"show-en\" style=\"font-weight: 600;\">Vacant until: <\/div> \t\t\t<\/div>-->\n\t\t<\/div>\n<!--\n\t\t\t\t<p class=\"inx-property-list-item__excerpt\">Kernsaniertes Apartmenthaus moderne Wohnanlage , Bj. 1957 kernsaniert 2019 , 1. Etage, Lift sch\u00f6nes Treppenhaus...\u2026<\/p>\n\t-->\n\t<\/div>\n\n\t<div class=\"inx-property-list-item__footer uk-card-footer\">\n\t\t\t\t<div class=\"inx-property-list-item__core-details uk-flex uk-flex-around\">\n\t\t\t\t\t\t<div>\n\t\t\t\t<i class=\"inx-core-detail-icon flaticon-size\" title=\"Wohnfl\u00e4che\"><\/i> 30&nbsp;m\u00b2\t\t\t<\/div>\n\t\t\t\n\t\t\t\n\t\t\t\t\t\t<div>\n\t\t\t\t<i class=\"inx-core-detail-icon flaticon-blueprint\" title=\"Zimmer\"><\/i> 1\t\t\t<\/div>\n\t\t\t\t\t<\/div>\n\t\t\n\t\t\t\t<a href=\"https:\/\/www.euhabitat.com\/de\/moeblierte-wohnungen-frankfurt\/objekt-49092\/?inx-backlink-url=https%3A%2F%2Fwww.euhabitat.com%2Fde%2Fsuchergebnisse%2F\" class=\"inx-property-list-item__property-price inx-property-price inx-oi--nutzungsart--waz inx-oi--vermarktungsart--miete-pacht inx-oi--inverted inx-link\">\n\t\t\t\t1.490&nbsp;\u20ac\t\t<\/a>\n\t\t\t\t\t<\/div>\n\n\t\t<div class=\"inx-property-list-item__labels uk-position-top-right\">\n\t\t\t\t<span class=\"inx-property-label inx-property-label--frankfurt uk-label\">Frankfurt<\/span><br>\n\t\t\t\t<\/div>\n\t<\/div>\n\t\t<\/div>\n\n\t\t\t\t\n\t\t<div class=\"inx-property-list__item-wrap\">\n\t\t\t\t<div class=\"inx-property-list-item inx-property-list-item--card uk-card uk-card-default uk-animation-scale-up\">\n\t\t<a href=\"https:\/\/www.euhabitat.com\/de\/moeblierte-wohnungen-frankfurt\/objekt-47736\/?inx-backlink-url=https%3A%2F%2Fwww.euhabitat.com%2Fde%2Fsuchergebnisse%2F\">\n\t\t<div class=\"inx-property-list-item__media-top uk-card-media-top uk-cover-container\">\n\t\t<img decoding=\"async\" width=\"1024\" height=\"681\" src=\"https:\/\/www.euhabitat.com\/wp-content\/uploads\/2026\/02\/04773620.jpg\" class=\"attachment-large size-large lazyload wp-post-image\" alt=\"Wohnen\" srcset=\"data:image\/svg+xml,%3Csvg%20xmlns%3D%27http%3A%2F%2Fwww.w3.org%2F2000%2Fsvg%27%20width%3D%271024%27%20height%3D%27681%27%20viewBox%3D%270%200%201024%20681%27%3E%3Crect%20width%3D%271024%27%20height%3D%27681%27%20fill-opacity%3D%220%22%2F%3E%3C%2Fsvg%3E\" data-orig-src=\"https:\/\/www.euhabitat.com\/wp-content\/uploads\/2026\/02\/04773620.jpg\" data-srcset=\"https:\/\/www.euhabitat.com\/wp-content\/uploads\/2026\/02\/04773620-200x133.jpg 200w, https:\/\/www.euhabitat.com\/wp-content\/uploads\/2026\/02\/04773620-300x200.jpg 300w, https:\/\/www.euhabitat.com\/wp-content\/uploads\/2026\/02\/04773620-400x266.jpg 400w, https:\/\/www.euhabitat.com\/wp-content\/uploads\/2026\/02\/04773620-600x399.jpg 600w, https:\/\/www.euhabitat.com\/wp-content\/uploads\/2026\/02\/04773620-768x511.jpg 768w, https:\/\/www.euhabitat.com\/wp-content\/uploads\/2026\/02\/04773620-800x532.jpg 800w, https:\/\/www.euhabitat.com\/wp-content\/uploads\/2026\/02\/04773620.jpg 1024w\" data-sizes=\"auto\" uk-cover>\t<\/div>\n\t\t<\/a>\n\t\t<div class=\"inx-property-list-item__body uk-card-body\">\n\t\t<div class=\"inx-property-list-item__title uk-card-title\">\n\t\t\t\t\t\t<a href=\"https:\/\/www.euhabitat.com\/de\/moeblierte-wohnungen-frankfurt\/objekt-47736\/?inx-backlink-url=https%3A%2F%2Fwww.euhabitat.com%2Fde%2Fsuchergebnisse%2F\" class=\"inx-link inx-oi--nutzungsart--waz inx-oi--vermarktungsart--miete-pacht\">\n\t\t\t\t\t\t\tCity-Residence: Modern m\u00f6blierte 2-Zimmer-Wohnung in Niederrad\t\t\t\t\t\t<\/a>\n\t\t\t\t\t<\/div>\n\n\t\t<div class=\"uk-margin-bottom\">\n\t\t\t\n\t\t\t\t\t\t<div class=\"inx-property-list-item__location\" lang=\"de\">\n\t\t\t\t<i class=\"inx-core-detail-icon flaticon-placeholder\" title=\"Lage\"><\/i>\n\t\t\t\t<div>Frankfurt \n<br><span class=\"weitere-orte\">(Niederrad)<\/span><\/div>\n\t\t\t<\/div>\n\t\t\t\n\t\t\t<div class=\"inx-property-list-item__available-from\" lang=\"de\">\n\t\t\t\t<div class=\"show-de\" style=\"font-weight: 600;\">Bezugsfrei ab: <\/div><div class=\"show-en\" style=\"font-weight: 600;\">Available from: <\/div> 18.05.2026\t\t\t<\/div>\n\t\t\t<div class=\"inx-property-list-item__available-from\" lang=\"de\">\n\t\t\t\t<div class=\"show-de\" style=\"margin-right:0.3em;\"><strong>Objekt-ID:<\/strong><\/div><div class=\"show-en\" style=\"margin-right:0.3em;\"><strong>Object-ID: <\/strong><\/div>47736\t\t\t<\/div>\n\t\t<!--\t<div class=\"inx-property-list-item__available-from\" lang=\"de\">\n\t\t\t\t<div class=\"show-de\" style=\"font-weight: 600;\">Frei bis: <\/div><div class=\"show-en\" style=\"font-weight: 600;\">Vacant until: <\/div> \t\t\t<\/div>-->\n\t\t<\/div>\n<!--\n\t\t\t\t<p class=\"inx-property-list-item__excerpt\">Gepflegtes Mehrfamilienhaus , Bj. 1900, 3. Etage, kein Lift, Dachgeschoss mit Schr\u00e4gen<\/p>\n\t-->\n\t<\/div>\n\n\t<div class=\"inx-property-list-item__footer uk-card-footer\">\n\t\t\t\t<div class=\"inx-property-list-item__core-details uk-flex uk-flex-around\">\n\t\t\t\t\t\t<div>\n\t\t\t\t<i class=\"inx-core-detail-icon flaticon-size\" title=\"Wohnfl\u00e4che\"><\/i> 50&nbsp;m\u00b2\t\t\t<\/div>\n\t\t\t\n\t\t\t\n\t\t\t\t\t\t<div>\n\t\t\t\t<i class=\"inx-core-detail-icon flaticon-blueprint\" title=\"Zimmer\"><\/i> 2\t\t\t<\/div>\n\t\t\t\t\t<\/div>\n\t\t\n\t\t\t\t<a href=\"https:\/\/www.euhabitat.com\/de\/moeblierte-wohnungen-frankfurt\/objekt-47736\/?inx-backlink-url=https%3A%2F%2Fwww.euhabitat.com%2Fde%2Fsuchergebnisse%2F\" class=\"inx-property-list-item__property-price inx-property-price inx-oi--nutzungsart--waz inx-oi--vermarktungsart--miete-pacht inx-oi--inverted inx-link\">\n\t\t\t\t1.490&nbsp;\u20ac\t\t<\/a>\n\t\t\t\t\t<\/div>\n\n\t\t<div class=\"inx-property-list-item__labels uk-position-top-right\">\n\t\t\t\t<span class=\"inx-property-label inx-property-label--frankfurt uk-label\">Frankfurt<\/span><br>\n\t\t\t\t<\/div>\n\t<\/div>\n\t\t<\/div>\n\n\t\t\t\t\n\t\t<div class=\"inx-property-list__item-wrap\">\n\t\t\t\t<div class=\"inx-property-list-item inx-property-list-item--card uk-card uk-card-default uk-animation-scale-up\">\n\t\t<a href=\"https:\/\/www.euhabitat.com\/de\/moeblierte-wohnungen-frankfurt\/objekt-47063\/?inx-backlink-url=https%3A%2F%2Fwww.euhabitat.com%2Fde%2Fsuchergebnisse%2F\">\n\t\t<div class=\"inx-property-list-item__media-top uk-card-media-top uk-cover-container\">\n\t\t<img decoding=\"async\" width=\"1200\" height=\"798\" src=\"https:\/\/www.euhabitat.com\/wp-content\/uploads\/2026\/04\/04706320-1804x1200.jpg\" class=\"attachment-large size-large lazyload wp-post-image\" alt=\"Wohnen\" srcset=\"data:image\/svg+xml,%3Csvg%20xmlns%3D%27http%3A%2F%2Fwww.w3.org%2F2000%2Fsvg%27%20width%3D%272048%27%20height%3D%271362%27%20viewBox%3D%270%200%202048%201362%27%3E%3Crect%20width%3D%272048%27%20height%3D%271362%27%20fill-opacity%3D%220%22%2F%3E%3C%2Fsvg%3E\" data-orig-src=\"https:\/\/www.euhabitat.com\/wp-content\/uploads\/2026\/04\/04706320-1804x1200.jpg\" data-srcset=\"https:\/\/www.euhabitat.com\/wp-content\/uploads\/2026\/04\/04706320-200x133.jpg 200w, https:\/\/www.euhabitat.com\/wp-content\/uploads\/2026\/04\/04706320-300x200.jpg 300w, https:\/\/www.euhabitat.com\/wp-content\/uploads\/2026\/04\/04706320-400x266.jpg 400w, https:\/\/www.euhabitat.com\/wp-content\/uploads\/2026\/04\/04706320-600x399.jpg 600w, https:\/\/www.euhabitat.com\/wp-content\/uploads\/2026\/04\/04706320-768x511.jpg 768w, https:\/\/www.euhabitat.com\/wp-content\/uploads\/2026\/04\/04706320-800x532.jpg 800w, https:\/\/www.euhabitat.com\/wp-content\/uploads\/2026\/04\/04706320-1200x798.jpg 1200w, https:\/\/www.euhabitat.com\/wp-content\/uploads\/2026\/04\/04706320-1536x1022.jpg 1536w, https:\/\/www.euhabitat.com\/wp-content\/uploads\/2026\/04\/04706320-1804x1200.jpg 1804w\" data-sizes=\"auto\" uk-cover>\t<\/div>\n\t\t<\/a>\n\t\t<div class=\"inx-property-list-item__body uk-card-body\">\n\t\t<div class=\"inx-property-list-item__title uk-card-title\">\n\t\t\t\t\t\t<a href=\"https:\/\/www.euhabitat.com\/de\/moeblierte-wohnungen-frankfurt\/objekt-47063\/?inx-backlink-url=https%3A%2F%2Fwww.euhabitat.com%2Fde%2Fsuchergebnisse%2F\" class=\"inx-link inx-oi--nutzungsart--waz inx-oi--vermarktungsart--miete-pacht\">\n\t\t\t\t\t\t\tCity-Residence: Sch\u00f6n eingerichtete Wohnung in guter Nordendlage\t\t\t\t\t\t<\/a>\n\t\t\t\t\t<\/div>\n\n\t\t<div class=\"uk-margin-bottom\">\n\t\t\t\n\t\t\t\t\t\t<div class=\"inx-property-list-item__location\" lang=\"de\">\n\t\t\t\t<i class=\"inx-core-detail-icon flaticon-placeholder\" title=\"Lage\"><\/i>\n\t\t\t\t<div>Frankfurt \n<br><span class=\"weitere-orte\">(Nordend)<\/span><\/div>\n\t\t\t<\/div>\n\t\t\t\n\t\t\t<div class=\"inx-property-list-item__available-from\" lang=\"de\">\n\t\t\t\t<div class=\"show-de\" style=\"font-weight: 600;\">Bezugsfrei ab: <\/div><div class=\"show-en\" style=\"font-weight: 600;\">Available from: <\/div> 30.04.2026\t\t\t<\/div>\n\t\t\t<div class=\"inx-property-list-item__available-from\" lang=\"de\">\n\t\t\t\t<div class=\"show-de\" style=\"margin-right:0.3em;\"><strong>Objekt-ID:<\/strong><\/div><div class=\"show-en\" style=\"margin-right:0.3em;\"><strong>Object-ID: <\/strong><\/div>47063\t\t\t<\/div>\n\t\t<!--\t<div class=\"inx-property-list-item__available-from\" lang=\"de\">\n\t\t\t\t<div class=\"show-de\" style=\"font-weight: 600;\">Frei bis: <\/div><div class=\"show-en\" style=\"font-weight: 600;\">Vacant until: <\/div> \t\t\t<\/div>-->\n\t\t<\/div>\n<!--\n\t\t\t\t<p class=\"inx-property-list-item__excerpt\">Saniertes Mehrfamilienhaus , Bj. 1964, EG<\/p>\n\t-->\n\t<\/div>\n\n\t<div class=\"inx-property-list-item__footer uk-card-footer\">\n\t\t\t\t<div class=\"inx-property-list-item__core-details uk-flex uk-flex-around\">\n\t\t\t\t\t\t<div>\n\t\t\t\t<i class=\"inx-core-detail-icon flaticon-size\" title=\"Wohnfl\u00e4che\"><\/i> 47&nbsp;m\u00b2\t\t\t<\/div>\n\t\t\t\n\t\t\t\n\t\t\t\t\t\t<div>\n\t\t\t\t<i class=\"inx-core-detail-icon flaticon-blueprint\" title=\"Zimmer\"><\/i> 2\t\t\t<\/div>\n\t\t\t\t\t<\/div>\n\t\t\n\t\t\t\t<a href=\"https:\/\/www.euhabitat.com\/de\/moeblierte-wohnungen-frankfurt\/objekt-47063\/?inx-backlink-url=https%3A%2F%2Fwww.euhabitat.com%2Fde%2Fsuchergebnisse%2F\" class=\"inx-property-list-item__property-price inx-property-price inx-oi--nutzungsart--waz inx-oi--vermarktungsart--miete-pacht inx-oi--inverted inx-link\">\n\t\t\t\t1.500&nbsp;\u20ac\t\t<\/a>\n\t\t\t\t\t<\/div>\n\n\t\t<div class=\"inx-property-list-item__labels uk-position-top-right\">\n\t\t\t\t<span class=\"inx-property-label inx-property-label--frankfurt uk-label\">Frankfurt<\/span><br>\n\t\t\t\t<\/div>\n\t<\/div>\n\t\t<\/div>\n\n\t\t\t\t\n\t\t<div class=\"inx-property-list__item-wrap\">\n\t\t\t\t<div class=\"inx-property-list-item inx-property-list-item--card uk-card uk-card-default uk-animation-scale-up\">\n\t\t<a href=\"https:\/\/www.euhabitat.com\/de\/moeblierte-wohnungen-frankfurt\/objekt-48139\/?inx-backlink-url=https%3A%2F%2Fwww.euhabitat.com%2Fde%2Fsuchergebnisse%2F\">\n\t\t<div class=\"inx-property-list-item__media-top uk-card-media-top uk-cover-container\">\n\t\t<img decoding=\"async\" width=\"1200\" height=\"801\" src=\"https:\/\/www.euhabitat.com\/wp-content\/uploads\/2026\/04\/04813920-1798x1200.jpg\" class=\"attachment-large size-large lazyload wp-post-image\" alt=\"Wohnen\" srcset=\"data:image\/svg+xml,%3Csvg%20xmlns%3D%27http%3A%2F%2Fwww.w3.org%2F2000%2Fsvg%27%20width%3D%272048%27%20height%3D%271367%27%20viewBox%3D%270%200%202048%201367%27%3E%3Crect%20width%3D%272048%27%20height%3D%271367%27%20fill-opacity%3D%220%22%2F%3E%3C%2Fsvg%3E\" data-orig-src=\"https:\/\/www.euhabitat.com\/wp-content\/uploads\/2026\/04\/04813920-1798x1200.jpg\" data-srcset=\"https:\/\/www.euhabitat.com\/wp-content\/uploads\/2026\/04\/04813920-200x133.jpg 200w, https:\/\/www.euhabitat.com\/wp-content\/uploads\/2026\/04\/04813920-300x200.jpg 300w, https:\/\/www.euhabitat.com\/wp-content\/uploads\/2026\/04\/04813920-400x267.jpg 400w, https:\/\/www.euhabitat.com\/wp-content\/uploads\/2026\/04\/04813920-600x400.jpg 600w, https:\/\/www.euhabitat.com\/wp-content\/uploads\/2026\/04\/04813920-768x513.jpg 768w, https:\/\/www.euhabitat.com\/wp-content\/uploads\/2026\/04\/04813920-800x534.jpg 800w, https:\/\/www.euhabitat.com\/wp-content\/uploads\/2026\/04\/04813920-1200x801.jpg 1200w, https:\/\/www.euhabitat.com\/wp-content\/uploads\/2026\/04\/04813920-1536x1025.jpg 1536w, https:\/\/www.euhabitat.com\/wp-content\/uploads\/2026\/04\/04813920-1798x1200.jpg 1798w\" data-sizes=\"auto\" uk-cover>\t<\/div>\n\t\t<\/a>\n\t\t<div class=\"inx-property-list-item__body uk-card-body\">\n\t\t<div class=\"inx-property-list-item__title uk-card-title\">\n\t\t\t\t\t\t<a href=\"https:\/\/www.euhabitat.com\/de\/moeblierte-wohnungen-frankfurt\/objekt-48139\/?inx-backlink-url=https%3A%2F%2Fwww.euhabitat.com%2Fde%2Fsuchergebnisse%2F\" class=\"inx-link inx-oi--nutzungsart--waz inx-oi--vermarktungsart--miete-pacht\">\n\t\t\t\t\t\t\tCity-Residence: Gro\u00dfz\u00fcgiges und neu m\u00f6bliertes Apartment in begehrter Stadtteillage\t\t\t\t\t\t<\/a>\n\t\t\t\t\t<\/div>\n\n\t\t<div class=\"uk-margin-bottom\">\n\t\t\t\n\t\t\t\t\t\t<div class=\"inx-property-list-item__location\" lang=\"de\">\n\t\t\t\t<i class=\"inx-core-detail-icon flaticon-placeholder\" title=\"Lage\"><\/i>\n\t\t\t\t<div>Frankfurt \n<br><span class=\"weitere-orte\">(Nordend)<\/span><\/div>\n\t\t\t<\/div>\n\t\t\t\n\t\t\t<div class=\"inx-property-list-item__available-from\" lang=\"de\">\n\t\t\t\t<div class=\"show-de\" style=\"font-weight: 600;\">Bezugsfrei ab: <\/div><div class=\"show-en\" style=\"font-weight: 600;\">Available from: <\/div> 01.05.2026\t\t\t<\/div>\n\t\t\t<div class=\"inx-property-list-item__available-from\" lang=\"de\">\n\t\t\t\t<div class=\"show-de\" style=\"margin-right:0.3em;\"><strong>Objekt-ID:<\/strong><\/div><div class=\"show-en\" style=\"margin-right:0.3em;\"><strong>Object-ID: <\/strong><\/div>48139\t\t\t<\/div>\n\t\t<!--\t<div class=\"inx-property-list-item__available-from\" lang=\"de\">\n\t\t\t\t<div class=\"show-de\" style=\"font-weight: 600;\">Frei bis: <\/div><div class=\"show-en\" style=\"font-weight: 600;\">Vacant until: <\/div> \t\t\t<\/div>-->\n\t\t<\/div>\n<!--\n\t\t\t\t<p class=\"inx-property-list-item__excerpt\">Modernes Apartmenthaus , Bj. 1952, 2. Etage, kein Lift<\/p>\n\t-->\n\t<\/div>\n\n\t<div class=\"inx-property-list-item__footer uk-card-footer\">\n\t\t\t\t<div class=\"inx-property-list-item__core-details uk-flex uk-flex-around\">\n\t\t\t\t\t\t<div>\n\t\t\t\t<i class=\"inx-core-detail-icon flaticon-size\" title=\"Wohnfl\u00e4che\"><\/i> 42&nbsp;m\u00b2\t\t\t<\/div>\n\t\t\t\n\t\t\t\n\t\t\t\t\t\t<div>\n\t\t\t\t<i class=\"inx-core-detail-icon flaticon-blueprint\" title=\"Zimmer\"><\/i> 1\t\t\t<\/div>\n\t\t\t\t\t<\/div>\n\t\t\n\t\t\t\t<a href=\"https:\/\/www.euhabitat.com\/de\/moeblierte-wohnungen-frankfurt\/objekt-48139\/?inx-backlink-url=https%3A%2F%2Fwww.euhabitat.com%2Fde%2Fsuchergebnisse%2F\" class=\"inx-property-list-item__property-price inx-property-price inx-oi--nutzungsart--waz inx-oi--vermarktungsart--miete-pacht inx-oi--inverted inx-link\">\n\t\t\t\t1.580&nbsp;\u20ac\t\t<\/a>\n\t\t\t\t\t<\/div>\n\n\t\t<div class=\"inx-property-list-item__labels uk-position-top-right\">\n\t\t\t\t<span class=\"inx-property-label inx-property-label--frankfurt uk-label\">Frankfurt<\/span><br>\n\t\t\t\t<\/div>\n\t<\/div>\n\t\t<\/div>\n\n\t\t\t\t\t<\/div>\n<\/div>\n<\/p>\n<\/div><div class=\"fusion-text fusion-text-5\"><div class=\"inx-pagination uk-margin-top\">\n\t\n\t<nav class=\"navigation pagination\" aria-label=\"Seitennummerierung der Beitr\u00e4ge\">\n\t\t<h2 class=\"screen-reader-text\">Seitennummerierung der Beitr\u00e4ge<\/h2>\n\t\t<div class=\"nav-links\"><span aria-current=\"page\" class=\"page-numbers current\">1<\/span>\n<a class=\"page-numbers\" href=\"https:\/\/www.euhabitat.com\/de\/wp-json\/wp\/v2\/pages\/236414\/page\/2\/\">2<\/a>\n<a class=\"page-numbers\" href=\"https:\/\/www.euhabitat.com\/de\/wp-json\/wp\/v2\/pages\/236414\/page\/3\/\">3<\/a>\n<a class=\"page-numbers\" href=\"https:\/\/www.euhabitat.com\/de\/wp-json\/wp\/v2\/pages\/236414\/page\/4\/\">4<\/a>\n<a class=\"next page-numbers\" href=\"https:\/\/www.euhabitat.com\/de\/wp-json\/wp\/v2\/pages\/236414\/page\/2\/\">N\u00e4chste Seite<\/a><\/div>\n\t<\/nav><\/div>\n\n<\/div><\/div><style type=\"text\/css\">.fusion-body .fusion-builder-column-3{width:100% !important;margin-top : 0px;margin-bottom : 20px;}.fusion-builder-column-3 > .fusion-column-wrapper {padding-top : 0px !important;padding-right : 0px !important;margin-right : 1.92%;padding-bottom : 0px !important;padding-left : 0px !important;margin-left : 1.92%;}@media only screen and (max-width:1024px) {.fusion-body .fusion-builder-column-3{width:100% !important;order : 0;}.fusion-builder-column-3 > .fusion-column-wrapper {margin-right : 1.92%;margin-left : 1.92%;}}@media only screen and (max-width:768px) {.fusion-body .fusion-builder-column-3{width:100% !important;order : 0;}.fusion-builder-column-3 > .fusion-column-wrapper {margin-right : 1.92%;margin-left : 1.92%;}}<\/style><\/div><\/div><style type=\"text\/css\">.fusion-body .fusion-flex-container.fusion-builder-row-4{ padding-top : 0px;margin-top : 0px;padding-right : 0px;padding-bottom : 0px;margin-bottom : 0px;padding-left : 0px;}<\/style><\/div><div class=\"fusion-fullwidth fullwidth-box fusion-builder-row-5 fusion-flex-container has-pattern-background has-mask-background nonhundred-percent-fullwidth non-hundred-percent-height-scrolling\" style=\"background-color: rgba(255,255,255,0);background-position: center center;background-repeat: no-repeat;border-width: 0px 0px 0px 0px;border-color:var(--awb-color3);border-style:solid;\" ><div class=\"fusion-builder-row fusion-row fusion-flex-align-items-flex-start\" style=\"max-width:1248px;margin-left: calc(-4% \/ 2 );margin-right: calc(-4% \/ 2 );\"><div class=\"fusion-layout-column fusion_builder_column fusion-builder-column-4 fusion_builder_column_1_1 1_1 fusion-flex-column\"><div class=\"fusion-column-wrapper fusion-flex-justify-content-flex-start fusion-content-layout-column\" style=\"background-position:left top;background-repeat:no-repeat;-webkit-background-size:cover;-moz-background-size:cover;-o-background-size:cover;background-size:cover;padding: 0px 0px 0px 0px;\"><div class=\"fusion-text fusion-text-6\"><h5>Haben Sie Ihren Favoriten in Frankfurt gefunden?<\/h5>\n<p>So funktioniert\u2019s:<\/p>\n<p>&#8211; das favorisierte Objekt aussuchen und anfragen<br \/>\n&#8211; besichtigen oder direkt buchen<br \/>\n&#8211; ab 1 Monat bis zu mehreren Jahren<\/p>\n<p>Nichts gefunden? <a href=\"https:\/\/www.euhabitat.com\/de\/individuelle-anfrage\/individuelle-anfrage-frankfurt\/\"><strong>Bitte hier klicken<\/strong><\/a><\/p>\n<\/div><\/div><style type=\"text\/css\">.fusion-body .fusion-builder-column-4{width:100% !important;margin-top : 0px;margin-bottom : 20px;}.fusion-builder-column-4 > .fusion-column-wrapper {padding-top : 0px !important;padding-right : 0px !important;margin-right : 1.92%;padding-bottom : 0px !important;padding-left : 0px !important;margin-left : 1.92%;}@media only screen and (max-width:1024px) {.fusion-body .fusion-builder-column-4{width:100% !important;order : 0;}.fusion-builder-column-4 > .fusion-column-wrapper {margin-right : 1.92%;margin-left : 1.92%;}}@media only screen and (max-width:768px) {.fusion-body .fusion-builder-column-4{width:100% !important;order : 0;}.fusion-builder-column-4 > .fusion-column-wrapper {margin-right : 1.92%;margin-left : 1.92%;}}<\/style><\/div><\/div><style type=\"text\/css\">.fusion-body .fusion-flex-container.fusion-builder-row-5{ padding-top : 2em;margin-top : 0px;padding-right : 0px;padding-bottom : 3em;margin-bottom : 0px;padding-left : 0px;}<\/style><\/div><\/p>\n","protected":false},"excerpt":{"rendered":"","protected":false},"author":1,"featured_media":0,"parent":0,"menu_order":8,"comment_status":"closed","ping_status":"closed","template":"100-width.php","meta":{"footnotes":""},"class_list":["post-236414","page","type-page","status-publish","hentry"],"yoast_head":"<!-- This site is optimized with the Yoast SEO plugin v21.3 - https:\/\/yoast.com\/wordpress\/plugins\/seo\/ -->\n<title>M\u00f6blierte Wohnungen in Frankfurt \u2013 euhabitat<\/title>\n<meta name=\"description\" content=\"Finden Sie Ihre m\u00f6blierte Wohnung in Frankfurt mit euhabitat. Ideal f\u00fcr Gesch\u00e4ftsleute und Jobwechsler! Jetzt verf\u00fcgbare Objekte ansehen &amp; anfragen.\" \/>\n<meta name=\"robots\" content=\"index, follow, max-snippet:-1, max-image-preview:large, max-video-preview:-1\" \/>\n<meta property=\"og:locale\" content=\"de_DE\" \/>\n<meta property=\"og:type\" content=\"article\" \/>\n<meta property=\"og:title\" content=\"M\u00f6blierte Wohnungen in Frankfurt \u2013 euhabitat\" \/>\n<meta property=\"og:description\" content=\"Finden Sie Ihre m\u00f6blierte Wohnung in Frankfurt mit euhabitat. Ideal f\u00fcr Gesch\u00e4ftsleute und Jobwechsler! Jetzt verf\u00fcgbare Objekte ansehen &amp; anfragen.\" \/>\n<meta property=\"og:url\" content=\"https:\/\/www.euhabitat.com\/de\/moeblierte-wohnungen-frankfurt\/\" \/>\n<meta property=\"og:site_name\" content=\"euhabitat\" \/>\n<meta property=\"article:publisher\" content=\"https:\/\/www.facebook.com\/euhabitat\" \/>\n<meta property=\"article:modified_time\" content=\"2023-11-22T06:18:14+00:00\" \/>\n<meta name=\"twitter:card\" content=\"summary_large_image\" \/>\n<meta name=\"twitter:label1\" content=\"Gesch\u00e4tzte Lesezeit\" \/>\n\t<meta name=\"twitter:data1\" content=\"12\u00a0Minuten\" \/>\n<script type=\"application\/ld+json\" class=\"yoast-schema-graph\">{\"@context\":\"https:\/\/schema.org\",\"@graph\":[{\"@type\":\"WebPage\",\"@id\":\"https:\/\/www.euhabitat.com\/de\/moeblierte-wohnungen-frankfurt\/\",\"url\":\"https:\/\/www.euhabitat.com\/de\/moeblierte-wohnungen-frankfurt\/\",\"name\":\"M\u00f6blierte Wohnungen in Frankfurt \u2013 euhabitat\",\"isPartOf\":{\"@id\":\"https:\/\/www.euhabitat.com\/de\/#website\"},\"datePublished\":\"2020-02-24T16:20:38+00:00\",\"dateModified\":\"2023-11-22T06:18:14+00:00\",\"description\":\"Finden Sie Ihre m\u00f6blierte Wohnung in Frankfurt mit euhabitat. Ideal f\u00fcr Gesch\u00e4ftsleute und Jobwechsler! Jetzt verf\u00fcgbare Objekte ansehen & anfragen.\",\"breadcrumb\":{\"@id\":\"https:\/\/www.euhabitat.com\/de\/moeblierte-wohnungen-frankfurt\/#breadcrumb\"},\"inLanguage\":\"de\",\"potentialAction\":[{\"@type\":\"ReadAction\",\"target\":[\"https:\/\/www.euhabitat.com\/de\/moeblierte-wohnungen-frankfurt\/\"]}]},{\"@type\":\"BreadcrumbList\",\"@id\":\"https:\/\/www.euhabitat.com\/de\/moeblierte-wohnungen-frankfurt\/#breadcrumb\",\"itemListElement\":[{\"@type\":\"ListItem\",\"position\":1,\"name\":\"Startseite\",\"item\":\"https:\/\/www.euhabitat.com\/de\/\"},{\"@type\":\"ListItem\",\"position\":2,\"name\":\"M\u00f6blierte Wohnungen Frankfurt\"}]},{\"@type\":\"WebSite\",\"@id\":\"https:\/\/www.euhabitat.com\/de\/#website\",\"url\":\"https:\/\/www.euhabitat.com\/de\/\",\"name\":\"euhabitat\",\"description\":\"Furnished Apartments in Cologne Bonn Essen Berlin Nuremberg\",\"publisher\":{\"@id\":\"https:\/\/www.euhabitat.com\/de\/#organization\"},\"potentialAction\":[{\"@type\":\"SearchAction\",\"target\":{\"@type\":\"EntryPoint\",\"urlTemplate\":\"https:\/\/www.euhabitat.com\/de\/?s={search_term_string}\"},\"query-input\":\"required name=search_term_string\"}],\"inLanguage\":\"de\"},{\"@type\":\"Organization\",\"@id\":\"https:\/\/www.euhabitat.com\/de\/#organization\",\"name\":\"euhabitat\",\"url\":\"https:\/\/www.euhabitat.com\/de\/\",\"logo\":{\"@type\":\"ImageObject\",\"inLanguage\":\"de\",\"@id\":\"https:\/\/www.euhabitat.com\/de\/#\/schema\/logo\/image\/\",\"url\":\"https:\/\/www.euhabitat.com\/wp-content\/uploads\/2019\/12\/euhabitat-logo_600px-1.png\",\"contentUrl\":\"https:\/\/www.euhabitat.com\/wp-content\/uploads\/2019\/12\/euhabitat-logo_600px-1.png\",\"width\":600,\"height\":182,\"caption\":\"euhabitat\"},\"image\":{\"@id\":\"https:\/\/www.euhabitat.com\/de\/#\/schema\/logo\/image\/\"},\"sameAs\":[\"https:\/\/www.facebook.com\/euhabitat\",\"https:\/\/www.linkedin.com\/company\/37749063\/\"]}]}<\/script>\n<!-- \/ Yoast SEO plugin. -->","yoast_head_json":{"title":"M\u00f6blierte Wohnungen in Frankfurt \u2013 euhabitat","description":"Finden Sie Ihre m\u00f6blierte Wohnung in Frankfurt mit euhabitat. Ideal f\u00fcr Gesch\u00e4ftsleute und Jobwechsler! Jetzt verf\u00fcgbare Objekte ansehen & anfragen.","robots":{"index":"index","follow":"follow","max-snippet":"max-snippet:-1","max-image-preview":"max-image-preview:large","max-video-preview":"max-video-preview:-1"},"og_locale":"de_DE","og_type":"article","og_title":"M\u00f6blierte Wohnungen in Frankfurt \u2013 euhabitat","og_description":"Finden Sie Ihre m\u00f6blierte Wohnung in Frankfurt mit euhabitat. Ideal f\u00fcr Gesch\u00e4ftsleute und Jobwechsler! Jetzt verf\u00fcgbare Objekte ansehen & anfragen.","og_url":"https:\/\/www.euhabitat.com\/de\/moeblierte-wohnungen-frankfurt\/","og_site_name":"euhabitat","article_publisher":"https:\/\/www.facebook.com\/euhabitat","article_modified_time":"2023-11-22T06:18:14+00:00","twitter_card":"summary_large_image","twitter_misc":{"Gesch\u00e4tzte Lesezeit":"12\u00a0Minuten"},"schema":{"@context":"https:\/\/schema.org","@graph":[{"@type":"WebPage","@id":"https:\/\/www.euhabitat.com\/de\/moeblierte-wohnungen-frankfurt\/","url":"https:\/\/www.euhabitat.com\/de\/moeblierte-wohnungen-frankfurt\/","name":"M\u00f6blierte Wohnungen in Frankfurt \u2013 euhabitat","isPartOf":{"@id":"https:\/\/www.euhabitat.com\/de\/#website"},"datePublished":"2020-02-24T16:20:38+00:00","dateModified":"2023-11-22T06:18:14+00:00","description":"Finden Sie Ihre m\u00f6blierte Wohnung in Frankfurt mit euhabitat. Ideal f\u00fcr Gesch\u00e4ftsleute und Jobwechsler! Jetzt verf\u00fcgbare Objekte ansehen & anfragen.","breadcrumb":{"@id":"https:\/\/www.euhabitat.com\/de\/moeblierte-wohnungen-frankfurt\/#breadcrumb"},"inLanguage":"de","potentialAction":[{"@type":"ReadAction","target":["https:\/\/www.euhabitat.com\/de\/moeblierte-wohnungen-frankfurt\/"]}]},{"@type":"BreadcrumbList","@id":"https:\/\/www.euhabitat.com\/de\/moeblierte-wohnungen-frankfurt\/#breadcrumb","itemListElement":[{"@type":"ListItem","position":1,"name":"Startseite","item":"https:\/\/www.euhabitat.com\/de\/"},{"@type":"ListItem","position":2,"name":"M\u00f6blierte Wohnungen Frankfurt"}]},{"@type":"WebSite","@id":"https:\/\/www.euhabitat.com\/de\/#website","url":"https:\/\/www.euhabitat.com\/de\/","name":"euhabitat","description":"Furnished Apartments in Cologne Bonn Essen Berlin Nuremberg","publisher":{"@id":"https:\/\/www.euhabitat.com\/de\/#organization"},"potentialAction":[{"@type":"SearchAction","target":{"@type":"EntryPoint","urlTemplate":"https:\/\/www.euhabitat.com\/de\/?s={search_term_string}"},"query-input":"required name=search_term_string"}],"inLanguage":"de"},{"@type":"Organization","@id":"https:\/\/www.euhabitat.com\/de\/#organization","name":"euhabitat","url":"https:\/\/www.euhabitat.com\/de\/","logo":{"@type":"ImageObject","inLanguage":"de","@id":"https:\/\/www.euhabitat.com\/de\/#\/schema\/logo\/image\/","url":"https:\/\/www.euhabitat.com\/wp-content\/uploads\/2019\/12\/euhabitat-logo_600px-1.png","contentUrl":"https:\/\/www.euhabitat.com\/wp-content\/uploads\/2019\/12\/euhabitat-logo_600px-1.png","width":600,"height":182,"caption":"euhabitat"},"image":{"@id":"https:\/\/www.euhabitat.com\/de\/#\/schema\/logo\/image\/"},"sameAs":["https:\/\/www.facebook.com\/euhabitat","https:\/\/www.linkedin.com\/company\/37749063\/"]}]}},"_links":{"self":[{"href":"https:\/\/www.euhabitat.com\/de\/wp-json\/wp\/v2\/pages\/236414","targetHints":{"allow":["GET"]}}],"collection":[{"href":"https:\/\/www.euhabitat.com\/de\/wp-json\/wp\/v2\/pages"}],"about":[{"href":"https:\/\/www.euhabitat.com\/de\/wp-json\/wp\/v2\/types\/page"}],"author":[{"embeddable":true,"href":"https:\/\/www.euhabitat.com\/de\/wp-json\/wp\/v2\/users\/1"}],"replies":[{"embeddable":true,"href":"https:\/\/www.euhabitat.com\/de\/wp-json\/wp\/v2\/comments?post=236414"}],"version-history":[{"count":5,"href":"https:\/\/www.euhabitat.com\/de\/wp-json\/wp\/v2\/pages\/236414\/revisions"}],"predecessor-version":[{"id":2941162,"href":"https:\/\/www.euhabitat.com\/de\/wp-json\/wp\/v2\/pages\/236414\/revisions\/2941162"}],"wp:attachment":[{"href":"https:\/\/www.euhabitat.com\/de\/wp-json\/wp\/v2\/media?parent=236414"}],"curies":[{"name":"wp","href":"https:\/\/api.w.org\/{rel}","templated":true}]}}