{"id":3870383,"date":"2026-04-28T01:50:08","date_gmt":"2026-04-27T23:50:08","guid":{"rendered":"https:\/\/www.euhabitat.com\/immobilien\/gepflegte-wohnung-in-zentraler-lage-2\/"},"modified":"2026-04-29T02:08:08","modified_gmt":"2026-04-29T00:08:08","slug":"gepflegte-wohnung-in-zentraler-lage-2","status":"publish","type":"inx_property","link":"https:\/\/www.euhabitat.com\/de\/moeblierte-wohnungen-fuerth\/objekt-ag8018752\/","title":{"rendered":"Gepflegte Wohnung in zentraler Lage"},"content":{"rendered":"<p>Miete 590,00 \u20ac inklusive Nebenkosten. Strom muss extra bezahlt werden. Bei zwei Personen erh\u00f6ht sich die Miete auf 650,00 \u20ac. Bei Firmenanmietung Miete zzgl. 19%.<\/p>\n<p>Die Wohnung \u00fcberzeugt durch eine vollst\u00e4ndige und geschmackvolle M\u00f6blierung im beliebten IKEA-Stil. Ein gem\u00fctliches franz\u00f6sisches Bett, ein ger\u00e4umiger Kleiderschrank sowie eine praktische Kommode sorgen f\u00fcr eine behagliche Wohnatmosph\u00e4re mit viel Stauraum. Erg\u00e4nzt wird die Ausstattung durch einen einladenden Sessel, einen modernen Esstisch und ein TV-Ger\u00e4t. In der offen gestalteten K\u00fcche ist das Geschirr bereits vorhanden, sodass Sie sofort starten k\u00f6nnen. Ein besonderes Extra bietet der gepflegte Kellerbereich: Hier steht Ihnen ein Waschraum mit Waschmaschine zur kostenfreien Nutzung zur Verf\u00fcgung.<\/p>\n","protected":false},"author":162,"featured_media":3870384,"template":"","inx_location":[2610],"inx_type_of_use":[2476],"inx_property_type":[2575],"inx_marketing_type":[2577],"inx_project":[2576],"inx_feature":[2486],"inx_label":[],"class_list":["post-3870383","inx_property","type-inx_property","status-publish","has-post-thumbnail","hentry","inx_location-fuerth","inx_type_of_use-wohnen-auf-zeit","inx_property_type-wohnung","inx_marketing_type-fuerth","inx_project-moeblierte-wohnungen-fuerth","inx_feature-vollmoebliert"],"yoast_head":"<!-- This site is optimized with the Yoast SEO plugin v21.3 - https:\/\/yoast.com\/wordpress\/plugins\/seo\/ -->\n<title>Gepflegte Wohnung in zentraler Lage &#8211; euhabitat<\/title>\n<meta name=\"robots\" content=\"index, follow, max-snippet:-1, max-image-preview:large, max-video-preview:-1\" \/>\n<meta property=\"og:locale\" content=\"de_DE\" \/>\n<meta property=\"og:type\" content=\"article\" \/>\n<meta property=\"og:title\" content=\"Gepflegte Wohnung in zentraler Lage &#8211; euhabitat\" \/>\n<meta property=\"og:description\" content=\"Miete 590,00 \u20ac inklusive Nebenkosten. Strom muss extra bezahlt werden. Bei zwei Personen erh\u00f6ht sich die Miete auf...\" \/>\n<meta property=\"og:url\" content=\"https:\/\/www.euhabitat.com\/de\/moeblierte-wohnungen-fuerth\/objekt-ag8018752\/\" \/>\n<meta property=\"og:site_name\" content=\"euhabitat\" \/>\n<meta property=\"article:publisher\" content=\"https:\/\/www.facebook.com\/euhabitat\" \/>\n<meta property=\"article:modified_time\" content=\"2026-04-29T00:08:08+00:00\" \/>\n<meta property=\"og:image\" content=\"https:\/\/www.euhabitat.com\/wp-content\/uploads\/2026\/04\/801875201.jpg\" \/>\n\t<meta property=\"og:image:width\" content=\"713\" \/>\n\t<meta property=\"og:image:height\" content=\"535\" \/>\n\t<meta property=\"og:image:type\" content=\"image\/jpeg\" \/>\n<meta name=\"twitter:card\" content=\"summary_large_image\" \/>\n<meta name=\"twitter:label1\" content=\"Gesch\u00e4tzte Lesezeit\" \/>\n\t<meta name=\"twitter:data1\" content=\"1\u00a0Minute\" \/>\n<script type=\"application\/ld+json\" class=\"yoast-schema-graph\">{\"@context\":\"https:\/\/schema.org\",\"@graph\":[{\"@type\":\"WebPage\",\"@id\":\"https:\/\/www.euhabitat.com\/de\/moeblierte-wohnungen-fuerth\/objekt-ag8018752\/\",\"url\":\"https:\/\/www.euhabitat.com\/de\/moeblierte-wohnungen-fuerth\/objekt-ag8018752\/\",\"name\":\"Gepflegte Wohnung in zentraler Lage &#8211; euhabitat\",\"isPartOf\":{\"@id\":\"https:\/\/www.euhabitat.com\/de\/#website\"},\"datePublished\":\"2026-04-27T23:50:08+00:00\",\"dateModified\":\"2026-04-29T00:08:08+00:00\",\"breadcrumb\":{\"@id\":\"https:\/\/www.euhabitat.com\/de\/moeblierte-wohnungen-fuerth\/objekt-ag8018752\/#breadcrumb\"},\"inLanguage\":\"de\",\"potentialAction\":[{\"@type\":\"ReadAction\",\"target\":[\"https:\/\/www.euhabitat.com\/de\/moeblierte-wohnungen-fuerth\/objekt-ag8018752\/\"]}]},{\"@type\":\"BreadcrumbList\",\"@id\":\"https:\/\/www.euhabitat.com\/de\/moeblierte-wohnungen-fuerth\/objekt-ag8018752\/#breadcrumb\",\"itemListElement\":[{\"@type\":\"ListItem\",\"position\":1,\"name\":\"Startseite\",\"item\":\"https:\/\/www.euhabitat.com\/de\/\"},{\"@type\":\"ListItem\",\"position\":2,\"name\":\"Immobilien\",\"item\":\"https:\/\/www.euhabitat.com\/de\/immobilien\/\"},{\"@type\":\"ListItem\",\"position\":3,\"name\":\"Gepflegte Wohnung in zentraler Lage\"}]},{\"@type\":\"WebSite\",\"@id\":\"https:\/\/www.euhabitat.com\/de\/#website\",\"url\":\"https:\/\/www.euhabitat.com\/de\/\",\"name\":\"euhabitat\",\"description\":\"Furnished Apartments in Cologne Bonn Essen Berlin Nuremberg\",\"publisher\":{\"@id\":\"https:\/\/www.euhabitat.com\/de\/#organization\"},\"potentialAction\":[{\"@type\":\"SearchAction\",\"target\":{\"@type\":\"EntryPoint\",\"urlTemplate\":\"https:\/\/www.euhabitat.com\/de\/?s={search_term_string}\"},\"query-input\":\"required name=search_term_string\"}],\"inLanguage\":\"de\"},{\"@type\":\"Organization\",\"@id\":\"https:\/\/www.euhabitat.com\/de\/#organization\",\"name\":\"euhabitat\",\"url\":\"https:\/\/www.euhabitat.com\/de\/\",\"logo\":{\"@type\":\"ImageObject\",\"inLanguage\":\"de\",\"@id\":\"https:\/\/www.euhabitat.com\/de\/#\/schema\/logo\/image\/\",\"url\":\"https:\/\/www.euhabitat.com\/wp-content\/uploads\/2019\/12\/euhabitat-logo_600px-1.png\",\"contentUrl\":\"https:\/\/www.euhabitat.com\/wp-content\/uploads\/2019\/12\/euhabitat-logo_600px-1.png\",\"width\":600,\"height\":182,\"caption\":\"euhabitat\"},\"image\":{\"@id\":\"https:\/\/www.euhabitat.com\/de\/#\/schema\/logo\/image\/\"},\"sameAs\":[\"https:\/\/www.facebook.com\/euhabitat\",\"https:\/\/www.linkedin.com\/company\/37749063\/\"]}]}<\/script>\n<!-- \/ Yoast SEO plugin. -->","yoast_head_json":{"title":"Gepflegte Wohnung in zentraler Lage &#8211; euhabitat","robots":{"index":"index","follow":"follow","max-snippet":"max-snippet:-1","max-image-preview":"max-image-preview:large","max-video-preview":"max-video-preview:-1"},"og_locale":"de_DE","og_type":"article","og_title":"Gepflegte Wohnung in zentraler Lage &#8211; euhabitat","og_description":"Miete 590,00 \u20ac inklusive Nebenkosten. Strom muss extra bezahlt werden. Bei zwei Personen erh\u00f6ht sich die Miete auf...","og_url":"https:\/\/www.euhabitat.com\/de\/moeblierte-wohnungen-fuerth\/objekt-ag8018752\/","og_site_name":"euhabitat","article_publisher":"https:\/\/www.facebook.com\/euhabitat","article_modified_time":"2026-04-29T00:08:08+00:00","og_image":[{"width":713,"height":535,"url":"https:\/\/www.euhabitat.com\/wp-content\/uploads\/2026\/04\/801875201.jpg","type":"image\/jpeg"}],"twitter_card":"summary_large_image","twitter_misc":{"Gesch\u00e4tzte Lesezeit":"1\u00a0Minute"},"schema":{"@context":"https:\/\/schema.org","@graph":[{"@type":"WebPage","@id":"https:\/\/www.euhabitat.com\/de\/moeblierte-wohnungen-fuerth\/objekt-ag8018752\/","url":"https:\/\/www.euhabitat.com\/de\/moeblierte-wohnungen-fuerth\/objekt-ag8018752\/","name":"Gepflegte Wohnung in zentraler Lage &#8211; euhabitat","isPartOf":{"@id":"https:\/\/www.euhabitat.com\/de\/#website"},"datePublished":"2026-04-27T23:50:08+00:00","dateModified":"2026-04-29T00:08:08+00:00","breadcrumb":{"@id":"https:\/\/www.euhabitat.com\/de\/moeblierte-wohnungen-fuerth\/objekt-ag8018752\/#breadcrumb"},"inLanguage":"de","potentialAction":[{"@type":"ReadAction","target":["https:\/\/www.euhabitat.com\/de\/moeblierte-wohnungen-fuerth\/objekt-ag8018752\/"]}]},{"@type":"BreadcrumbList","@id":"https:\/\/www.euhabitat.com\/de\/moeblierte-wohnungen-fuerth\/objekt-ag8018752\/#breadcrumb","itemListElement":[{"@type":"ListItem","position":1,"name":"Startseite","item":"https:\/\/www.euhabitat.com\/de\/"},{"@type":"ListItem","position":2,"name":"Immobilien","item":"https:\/\/www.euhabitat.com\/de\/immobilien\/"},{"@type":"ListItem","position":3,"name":"Gepflegte Wohnung in zentraler Lage"}]},{"@type":"WebSite","@id":"https:\/\/www.euhabitat.com\/de\/#website","url":"https:\/\/www.euhabitat.com\/de\/","name":"euhabitat","description":"Furnished Apartments in Cologne Bonn Essen Berlin Nuremberg","publisher":{"@id":"https:\/\/www.euhabitat.com\/de\/#organization"},"potentialAction":[{"@type":"SearchAction","target":{"@type":"EntryPoint","urlTemplate":"https:\/\/www.euhabitat.com\/de\/?s={search_term_string}"},"query-input":"required name=search_term_string"}],"inLanguage":"de"},{"@type":"Organization","@id":"https:\/\/www.euhabitat.com\/de\/#organization","name":"euhabitat","url":"https:\/\/www.euhabitat.com\/de\/","logo":{"@type":"ImageObject","inLanguage":"de","@id":"https:\/\/www.euhabitat.com\/de\/#\/schema\/logo\/image\/","url":"https:\/\/www.euhabitat.com\/wp-content\/uploads\/2019\/12\/euhabitat-logo_600px-1.png","contentUrl":"https:\/\/www.euhabitat.com\/wp-content\/uploads\/2019\/12\/euhabitat-logo_600px-1.png","width":600,"height":182,"caption":"euhabitat"},"image":{"@id":"https:\/\/www.euhabitat.com\/de\/#\/schema\/logo\/image\/"},"sameAs":["https:\/\/www.facebook.com\/euhabitat","https:\/\/www.linkedin.com\/company\/37749063\/"]}]}},"_links":{"self":[{"href":"https:\/\/www.euhabitat.com\/de\/wp-json\/wp\/v2\/inx_property\/3870383","targetHints":{"allow":["GET"]}}],"collection":[{"href":"https:\/\/www.euhabitat.com\/de\/wp-json\/wp\/v2\/inx_property"}],"about":[{"href":"https:\/\/www.euhabitat.com\/de\/wp-json\/wp\/v2\/types\/inx_property"}],"author":[{"embeddable":true,"href":"https:\/\/www.euhabitat.com\/de\/wp-json\/wp\/v2\/users\/162"}],"wp:featuredmedia":[{"embeddable":true,"href":"https:\/\/www.euhabitat.com\/de\/wp-json\/wp\/v2\/media\/3870384"}],"wp:attachment":[{"href":"https:\/\/www.euhabitat.com\/de\/wp-json\/wp\/v2\/media?parent=3870383"}],"wp:term":[{"taxonomy":"inx_location","embeddable":true,"href":"https:\/\/www.euhabitat.com\/de\/wp-json\/wp\/v2\/inx_location?post=3870383"},{"taxonomy":"inx_type_of_use","embeddable":true,"href":"https:\/\/www.euhabitat.com\/de\/wp-json\/wp\/v2\/inx_type_of_use?post=3870383"},{"taxonomy":"inx_property_type","embeddable":true,"href":"https:\/\/www.euhabitat.com\/de\/wp-json\/wp\/v2\/inx_property_type?post=3870383"},{"taxonomy":"inx_marketing_type","embeddable":true,"href":"https:\/\/www.euhabitat.com\/de\/wp-json\/wp\/v2\/inx_marketing_type?post=3870383"},{"taxonomy":"inx_project","embeddable":true,"href":"https:\/\/www.euhabitat.com\/de\/wp-json\/wp\/v2\/inx_project?post=3870383"},{"taxonomy":"inx_feature","embeddable":true,"href":"https:\/\/www.euhabitat.com\/de\/wp-json\/wp\/v2\/inx_feature?post=3870383"},{"taxonomy":"inx_label","embeddable":true,"href":"https:\/\/www.euhabitat.com\/de\/wp-json\/wp\/v2\/inx_label?post=3870383"}],"curies":[{"name":"wp","href":"https:\/\/api.w.org\/{rel}","templated":true}]}}