{"id":3870313,"date":"2026-04-28T01:43:56","date_gmt":"2026-04-27T23:43:56","guid":{"rendered":"https:\/\/www.euhabitat.com\/immobilien\/neu-moeblierte-wohnung-in-guter-lage-3\/"},"modified":"2026-04-29T02:07:56","modified_gmt":"2026-04-29T00:07:56","slug":"neu-moeblierte-wohnung-in-guter-lage-3","status":"publish","type":"inx_property","link":"https:\/\/www.euhabitat.com\/de\/moeblierte-wohnungen-nuernberg\/objekt-ag8036692\/","title":{"rendered":"Neu m\u00f6blierte Wohnung in guter Lage"},"content":{"rendered":"<p>Inkl. Nebenkosten, inkl. 30,00 \u20ac f\u00fcr 250 Mbit Internet, inkl. 45,00 \u20ac Pauschale f\u00fcr W\u00e4rme, inkl. 10,00 \u20ac Pauschale f\u00fcr Wasser, zzgl. Strom nach Verbrauch. Die Wohnung hat eine offene K\u00fcche zum Wohnzimmer. Ein sch\u00f6ner franz\u00f6sischer Balkon geh\u00f6rt ebenfalls zur Wohnung. Das Schlafzimmer ist mit einem franz\u00f6sischen Bett ausgestattet und das moderne Duschbad hat ein Fenster. Im Nachbarhaus befindet sich ein Waschraum der benutzt werden kann. Bei Firmenanmietung  Miete zzgl. 19% MwSt; PKW Stellpl. gegen Mehrpreis m\u00f6glich<\/p>\n","protected":false},"author":162,"featured_media":3870314,"template":"","inx_location":[2612],"inx_type_of_use":[2476],"inx_property_type":[2575],"inx_marketing_type":[2583],"inx_project":[2582],"inx_feature":[2486],"inx_label":[],"class_list":["post-3870313","inx_property","type-inx_property","status-publish","has-post-thumbnail","hentry","inx_location-nuernberg","inx_type_of_use-wohnen-auf-zeit","inx_property_type-wohnung","inx_marketing_type-nuernberg","inx_project-moeblierte-wohnungen-nuernberg","inx_feature-vollmoebliert"],"yoast_head":"<!-- This site is optimized with the Yoast SEO plugin v21.3 - https:\/\/yoast.com\/wordpress\/plugins\/seo\/ -->\n<title>Neu m\u00f6blierte Wohnung in guter Lage &#8211; euhabitat<\/title>\n<meta name=\"robots\" content=\"index, follow, max-snippet:-1, max-image-preview:large, max-video-preview:-1\" \/>\n<meta property=\"og:locale\" content=\"de_DE\" \/>\n<meta property=\"og:type\" content=\"article\" \/>\n<meta property=\"og:title\" content=\"Neu m\u00f6blierte Wohnung in guter Lage &#8211; euhabitat\" \/>\n<meta property=\"og:description\" content=\"Inkl. Nebenkosten, inkl. 30,00 \u20ac f\u00fcr 250 Mbit Internet, inkl. 45,00 \u20ac Pauschale f\u00fcr W\u00e4rme, inkl. 10,00 \u20ac...\" \/>\n<meta property=\"og:url\" content=\"https:\/\/www.euhabitat.com\/de\/moeblierte-wohnungen-nuernberg\/objekt-ag8036692\/\" \/>\n<meta property=\"og:site_name\" content=\"euhabitat\" \/>\n<meta property=\"article:publisher\" content=\"https:\/\/www.facebook.com\/euhabitat\" \/>\n<meta property=\"article:modified_time\" content=\"2026-04-29T00:07:56+00:00\" \/>\n<meta property=\"og:image\" content=\"https:\/\/www.euhabitat.com\/wp-content\/uploads\/2026\/04\/803669220.jpg\" \/>\n\t<meta property=\"og:image:width\" content=\"800\" \/>\n\t<meta property=\"og:image:height\" content=\"533\" \/>\n\t<meta property=\"og:image:type\" content=\"image\/jpeg\" \/>\n<meta name=\"twitter:card\" content=\"summary_large_image\" \/>\n<script type=\"application\/ld+json\" class=\"yoast-schema-graph\">{\"@context\":\"https:\/\/schema.org\",\"@graph\":[{\"@type\":\"WebPage\",\"@id\":\"https:\/\/www.euhabitat.com\/de\/moeblierte-wohnungen-nuernberg\/objekt-ag8036692\/\",\"url\":\"https:\/\/www.euhabitat.com\/de\/moeblierte-wohnungen-nuernberg\/objekt-ag8036692\/\",\"name\":\"Neu m\u00f6blierte Wohnung in guter Lage &#8211; euhabitat\",\"isPartOf\":{\"@id\":\"https:\/\/www.euhabitat.com\/de\/#website\"},\"datePublished\":\"2026-04-27T23:43:56+00:00\",\"dateModified\":\"2026-04-29T00:07:56+00:00\",\"breadcrumb\":{\"@id\":\"https:\/\/www.euhabitat.com\/de\/moeblierte-wohnungen-nuernberg\/objekt-ag8036692\/#breadcrumb\"},\"inLanguage\":\"de\",\"potentialAction\":[{\"@type\":\"ReadAction\",\"target\":[\"https:\/\/www.euhabitat.com\/de\/moeblierte-wohnungen-nuernberg\/objekt-ag8036692\/\"]}]},{\"@type\":\"BreadcrumbList\",\"@id\":\"https:\/\/www.euhabitat.com\/de\/moeblierte-wohnungen-nuernberg\/objekt-ag8036692\/#breadcrumb\",\"itemListElement\":[{\"@type\":\"ListItem\",\"position\":1,\"name\":\"Startseite\",\"item\":\"https:\/\/www.euhabitat.com\/de\/\"},{\"@type\":\"ListItem\",\"position\":2,\"name\":\"Immobilien\",\"item\":\"https:\/\/www.euhabitat.com\/de\/immobilien\/\"},{\"@type\":\"ListItem\",\"position\":3,\"name\":\"Neu m\u00f6blierte Wohnung in guter Lage\"}]},{\"@type\":\"WebSite\",\"@id\":\"https:\/\/www.euhabitat.com\/de\/#website\",\"url\":\"https:\/\/www.euhabitat.com\/de\/\",\"name\":\"euhabitat\",\"description\":\"Furnished Apartments in Cologne Bonn Essen Berlin Nuremberg\",\"publisher\":{\"@id\":\"https:\/\/www.euhabitat.com\/de\/#organization\"},\"potentialAction\":[{\"@type\":\"SearchAction\",\"target\":{\"@type\":\"EntryPoint\",\"urlTemplate\":\"https:\/\/www.euhabitat.com\/de\/?s={search_term_string}\"},\"query-input\":\"required name=search_term_string\"}],\"inLanguage\":\"de\"},{\"@type\":\"Organization\",\"@id\":\"https:\/\/www.euhabitat.com\/de\/#organization\",\"name\":\"euhabitat\",\"url\":\"https:\/\/www.euhabitat.com\/de\/\",\"logo\":{\"@type\":\"ImageObject\",\"inLanguage\":\"de\",\"@id\":\"https:\/\/www.euhabitat.com\/de\/#\/schema\/logo\/image\/\",\"url\":\"https:\/\/www.euhabitat.com\/wp-content\/uploads\/2019\/12\/euhabitat-logo_600px-1.png\",\"contentUrl\":\"https:\/\/www.euhabitat.com\/wp-content\/uploads\/2019\/12\/euhabitat-logo_600px-1.png\",\"width\":600,\"height\":182,\"caption\":\"euhabitat\"},\"image\":{\"@id\":\"https:\/\/www.euhabitat.com\/de\/#\/schema\/logo\/image\/\"},\"sameAs\":[\"https:\/\/www.facebook.com\/euhabitat\",\"https:\/\/www.linkedin.com\/company\/37749063\/\"]}]}<\/script>\n<!-- \/ Yoast SEO plugin. -->","yoast_head_json":{"title":"Neu m\u00f6blierte Wohnung in guter Lage &#8211; euhabitat","robots":{"index":"index","follow":"follow","max-snippet":"max-snippet:-1","max-image-preview":"max-image-preview:large","max-video-preview":"max-video-preview:-1"},"og_locale":"de_DE","og_type":"article","og_title":"Neu m\u00f6blierte Wohnung in guter Lage &#8211; euhabitat","og_description":"Inkl. Nebenkosten, inkl. 30,00 \u20ac f\u00fcr 250 Mbit Internet, inkl. 45,00 \u20ac Pauschale f\u00fcr W\u00e4rme, inkl. 10,00 \u20ac...","og_url":"https:\/\/www.euhabitat.com\/de\/moeblierte-wohnungen-nuernberg\/objekt-ag8036692\/","og_site_name":"euhabitat","article_publisher":"https:\/\/www.facebook.com\/euhabitat","article_modified_time":"2026-04-29T00:07:56+00:00","og_image":[{"width":800,"height":533,"url":"https:\/\/www.euhabitat.com\/wp-content\/uploads\/2026\/04\/803669220.jpg","type":"image\/jpeg"}],"twitter_card":"summary_large_image","schema":{"@context":"https:\/\/schema.org","@graph":[{"@type":"WebPage","@id":"https:\/\/www.euhabitat.com\/de\/moeblierte-wohnungen-nuernberg\/objekt-ag8036692\/","url":"https:\/\/www.euhabitat.com\/de\/moeblierte-wohnungen-nuernberg\/objekt-ag8036692\/","name":"Neu m\u00f6blierte Wohnung in guter Lage &#8211; euhabitat","isPartOf":{"@id":"https:\/\/www.euhabitat.com\/de\/#website"},"datePublished":"2026-04-27T23:43:56+00:00","dateModified":"2026-04-29T00:07:56+00:00","breadcrumb":{"@id":"https:\/\/www.euhabitat.com\/de\/moeblierte-wohnungen-nuernberg\/objekt-ag8036692\/#breadcrumb"},"inLanguage":"de","potentialAction":[{"@type":"ReadAction","target":["https:\/\/www.euhabitat.com\/de\/moeblierte-wohnungen-nuernberg\/objekt-ag8036692\/"]}]},{"@type":"BreadcrumbList","@id":"https:\/\/www.euhabitat.com\/de\/moeblierte-wohnungen-nuernberg\/objekt-ag8036692\/#breadcrumb","itemListElement":[{"@type":"ListItem","position":1,"name":"Startseite","item":"https:\/\/www.euhabitat.com\/de\/"},{"@type":"ListItem","position":2,"name":"Immobilien","item":"https:\/\/www.euhabitat.com\/de\/immobilien\/"},{"@type":"ListItem","position":3,"name":"Neu m\u00f6blierte Wohnung in guter Lage"}]},{"@type":"WebSite","@id":"https:\/\/www.euhabitat.com\/de\/#website","url":"https:\/\/www.euhabitat.com\/de\/","name":"euhabitat","description":"Furnished Apartments in Cologne Bonn Essen Berlin Nuremberg","publisher":{"@id":"https:\/\/www.euhabitat.com\/de\/#organization"},"potentialAction":[{"@type":"SearchAction","target":{"@type":"EntryPoint","urlTemplate":"https:\/\/www.euhabitat.com\/de\/?s={search_term_string}"},"query-input":"required name=search_term_string"}],"inLanguage":"de"},{"@type":"Organization","@id":"https:\/\/www.euhabitat.com\/de\/#organization","name":"euhabitat","url":"https:\/\/www.euhabitat.com\/de\/","logo":{"@type":"ImageObject","inLanguage":"de","@id":"https:\/\/www.euhabitat.com\/de\/#\/schema\/logo\/image\/","url":"https:\/\/www.euhabitat.com\/wp-content\/uploads\/2019\/12\/euhabitat-logo_600px-1.png","contentUrl":"https:\/\/www.euhabitat.com\/wp-content\/uploads\/2019\/12\/euhabitat-logo_600px-1.png","width":600,"height":182,"caption":"euhabitat"},"image":{"@id":"https:\/\/www.euhabitat.com\/de\/#\/schema\/logo\/image\/"},"sameAs":["https:\/\/www.facebook.com\/euhabitat","https:\/\/www.linkedin.com\/company\/37749063\/"]}]}},"_links":{"self":[{"href":"https:\/\/www.euhabitat.com\/de\/wp-json\/wp\/v2\/inx_property\/3870313","targetHints":{"allow":["GET"]}}],"collection":[{"href":"https:\/\/www.euhabitat.com\/de\/wp-json\/wp\/v2\/inx_property"}],"about":[{"href":"https:\/\/www.euhabitat.com\/de\/wp-json\/wp\/v2\/types\/inx_property"}],"author":[{"embeddable":true,"href":"https:\/\/www.euhabitat.com\/de\/wp-json\/wp\/v2\/users\/162"}],"wp:featuredmedia":[{"embeddable":true,"href":"https:\/\/www.euhabitat.com\/de\/wp-json\/wp\/v2\/media\/3870314"}],"wp:attachment":[{"href":"https:\/\/www.euhabitat.com\/de\/wp-json\/wp\/v2\/media?parent=3870313"}],"wp:term":[{"taxonomy":"inx_location","embeddable":true,"href":"https:\/\/www.euhabitat.com\/de\/wp-json\/wp\/v2\/inx_location?post=3870313"},{"taxonomy":"inx_type_of_use","embeddable":true,"href":"https:\/\/www.euhabitat.com\/de\/wp-json\/wp\/v2\/inx_type_of_use?post=3870313"},{"taxonomy":"inx_property_type","embeddable":true,"href":"https:\/\/www.euhabitat.com\/de\/wp-json\/wp\/v2\/inx_property_type?post=3870313"},{"taxonomy":"inx_marketing_type","embeddable":true,"href":"https:\/\/www.euhabitat.com\/de\/wp-json\/wp\/v2\/inx_marketing_type?post=3870313"},{"taxonomy":"inx_project","embeddable":true,"href":"https:\/\/www.euhabitat.com\/de\/wp-json\/wp\/v2\/inx_project?post=3870313"},{"taxonomy":"inx_feature","embeddable":true,"href":"https:\/\/www.euhabitat.com\/de\/wp-json\/wp\/v2\/inx_feature?post=3870313"},{"taxonomy":"inx_label","embeddable":true,"href":"https:\/\/www.euhabitat.com\/de\/wp-json\/wp\/v2\/inx_label?post=3870313"}],"curies":[{"name":"wp","href":"https:\/\/api.w.org\/{rel}","templated":true}]}}